{"id":2466,"date":"2018-03-26T11:10:38","date_gmt":"2018-03-26T09:10:38","guid":{"rendered":"https:\/\/filharmonie-brno.cz\/news\/"},"modified":"2025-03-19T09:52:52","modified_gmt":"2025-03-19T08:52:52","slug":"news","status":"publish","type":"page","link":"https:\/\/brno-filharmonie.cz\/en\/news\/","title":{"rendered":"News archive"},"content":{"rendered":"<p>[vc_row][vc_column]<style type=\"text\/css\" data-type=\"the7_shortcodes-inline-css\">.blog-shortcode.blog-masonry-shortcode-id-d246287be4a15c70a2376921b1326546.content-bg-on.classic-layout-list article {\n  background: #f7f7f7;\n  box-shadow: none;\n}\n.blog-shortcode.blog-masonry-shortcode-id-d246287be4a15c70a2376921b1326546.dividers-on.classic-layout-list article {\n  padding-top: 0;\n}\n.blog-shortcode.blog-masonry-shortcode-id-d246287be4a15c70a2376921b1326546.dividers-on.classic-layout-list article:first-of-type {\n  margin-top: 0;\n  padding-top: 0;\n}\n.blog-shortcode.blog-masonry-shortcode-id-d246287be4a15c70a2376921b1326546.classic-layout-list.mode-list .post-entry-content {\n  width: calc(100% - );\n}\n.blog-shortcode.blog-masonry-shortcode-id-d246287be4a15c70a2376921b1326546.classic-layout-list.mode-list .no-img .post-entry-content {\n  width: 100%;\n}\n.blog-shortcode.blog-masonry-shortcode-id-d246287be4a15c70a2376921b1326546 .filter {\n  margin-bottom: 20px;\n}\n.blog-shortcode.blog-masonry-shortcode-id-d246287be4a15c70a2376921b1326546 .filter-bg-decoration .filter-categories a.act {\n  color: #fff;\n}\n.blog-shortcode.blog-masonry-shortcode-id-d246287be4a15c70a2376921b1326546:not(.mode-masonry) article:first-of-type,\n.blog-shortcode.blog-masonry-shortcode-id-d246287be4a15c70a2376921b1326546:not(.mode-masonry) article.visible.first:not(.product) {\n  margin-top: 0;\n}\n.blog-shortcode.blog-masonry-shortcode-id-d246287be4a15c70a2376921b1326546.dividers-on:not(.mode-masonry) article {\n  margin-top: 0;\n}\n.blog-shortcode.blog-masonry-shortcode-id-d246287be4a15c70a2376921b1326546.dividers-on:not(.mode-masonry) article:first-of-type,\n.blog-shortcode.blog-masonry-shortcode-id-d246287be4a15c70a2376921b1326546.dividers-on:not(.mode-masonry) article.visible.first:not(.product) {\n  margin-top: 0;\n  padding-top: 0;\n}\n.blog-shortcode.blog-masonry-shortcode-id-d246287be4a15c70a2376921b1326546 .post-thumbnail-wrap {\n  padding: 0px 0px 0px 0px;\n}\n.blog-shortcode.blog-masonry-shortcode-id-d246287be4a15c70a2376921b1326546.enable-bg-rollover .post-thumbnail-rollover:after {\n  background: -webkit-linear-gradient();\n  background: linear-gradient();\n}\n.blog-shortcode.blog-masonry-shortcode-id-d246287be4a15c70a2376921b1326546 .gallery-zoom-ico {\n  width: 44px;\n  height: 44px;\n  line-height: 44px;\n  border-radius: 100px;\n  margin: -22px 0 0 -22px;\n  border-width: 0px;\n  color: #ffffff;\n}\n.bottom-overlap-layout-list.blog-shortcode.blog-masonry-shortcode-id-d246287be4a15c70a2376921b1326546 .gallery-zoom-ico {\n  margin-top: -72px;\n}\n.gradient-overlay-layout-list.blog-shortcode.blog-masonry-shortcode-id-d246287be4a15c70a2376921b1326546 .gallery-zoom-ico,\n.content-rollover-layout-list.blog-shortcode.blog-masonry-shortcode-id-d246287be4a15c70a2376921b1326546 .gallery-zoom-ico {\n  margin: 0 0 10px;\n}\n.content-align-center.gradient-overlay-layout-list.blog-shortcode.blog-masonry-shortcode-id-d246287be4a15c70a2376921b1326546 .gallery-zoom-ico,\n.content-align-center.content-rollover-layout-list.blog-shortcode.blog-masonry-shortcode-id-d246287be4a15c70a2376921b1326546 .gallery-zoom-ico {\n  margin: 0 auto 10px;\n}\n.dt-icon-bg-on.blog-shortcode.blog-masonry-shortcode-id-d246287be4a15c70a2376921b1326546 .gallery-zoom-ico {\n  background: rgba(255,255,255,0.3);\n  box-shadow: none;\n}\n.blog-shortcode.blog-masonry-shortcode-id-d246287be4a15c70a2376921b1326546 .gallery-zoom-ico > span,\n.blog-shortcode.blog-masonry-shortcode-id-d246287be4a15c70a2376921b1326546 .gallery-zoom-ico:before {\n  font-size: 32px;\n  line-height: 44px;\n}\n.blog-shortcode.blog-masonry-shortcode-id-d246287be4a15c70a2376921b1326546 .gallery-zoom-ico > span,\n.blog-shortcode.blog-masonry-shortcode-id-d246287be4a15c70a2376921b1326546 .gallery-zoom-ico:before {\n  color: #ffffff;\n}\n.blog-shortcode.blog-masonry-shortcode-id-d246287be4a15c70a2376921b1326546 .fancy-date a {\n  background: #b49d5b;\n  box-shadow: none;\n}\n.blog-shortcode.blog-masonry-shortcode-id-d246287be4a15c70a2376921b1326546 .fancy-date a * {\n  color: #ffffff;\n}\n.blog-shortcode.blog-masonry-shortcode-id-d246287be4a15c70a2376921b1326546 .fancy-date a .entry-month:after,\n.blog-shortcode.blog-masonry-shortcode-id-d246287be4a15c70a2376921b1326546 .fancy-date a .entry-date:after {\n  background: #ffffff;\n  box-shadow: none;\n}\n.blog-shortcode.blog-masonry-shortcode-id-d246287be4a15c70a2376921b1326546 .entry-title,\n.blog-shortcode.blog-masonry-shortcode-id-d246287be4a15c70a2376921b1326546.owl-carousel .entry-title {\n  margin-bottom: 5px;\n  font-weight: bold;\n}\n.blog-shortcode.blog-masonry-shortcode-id-d246287be4a15c70a2376921b1326546 .entry-meta {\n  margin-bottom: 10px;\n}\n.blog-shortcode.blog-masonry-shortcode-id-d246287be4a15c70a2376921b1326546 .portfolio-categories {\n  margin-bottom: 10px;\n}\n.blog-shortcode.blog-masonry-shortcode-id-d246287be4a15c70a2376921b1326546 .entry-excerpt {\n  margin-bottom: 5px;\n}\n.blog-shortcode.blog-masonry-shortcode-id-d246287be4a15c70a2376921b1326546:not(.centered-layout-list) .post-entry-content {\n  padding: 10px 10px 10px 10px;\n}\n.blog-shortcode.blog-masonry-shortcode-id-d246287be4a15c70a2376921b1326546:not(.centered-layout-list):not(.content-bg-on):not(.mode-list) .no-img .post-entry-content {\n  padding: 0;\n}\n.blog-shortcode.blog-masonry-shortcode-id-d246287be4a15c70a2376921b1326546.content-bg-on:not(.classic-layout-list):not(.centered-layout-list) .post-entry-content {\n  background: #f7f7f7;\n  box-shadow: none;\n}\n@media screen and (max-width: ) {\n  .blog-shortcode.blog-masonry-shortcode-id-d246287be4a15c70a2376921b1326546 article {\n    -ms-flex-flow: column nowrap;\n    flex-flow: column nowrap;\n    margin-top: 20px;\n  }\n  .blog-shortcode.blog-masonry-shortcode-id-d246287be4a15c70a2376921b1326546.dividers-on article {\n    border: none;\n  }\n  .blog-shortcode.blog-masonry-shortcode-id-d246287be4a15c70a2376921b1326546.content-bg-on.centered-layout-list article {\n    padding: 0;\n  }\n  .blog-shortcode.blog-masonry-shortcode-id-d246287be4a15c70a2376921b1326546.blog-shortcode.dividers-on article,\n  .blog-shortcode.blog-masonry-shortcode-id-d246287be4a15c70a2376921b1326546.dividers-on.classic-layout-list article {\n    margin-top: 20px;\n    padding: 0;\n  }\n  .blog-shortcode.blog-masonry-shortcode-id-d246287be4a15c70a2376921b1326546.blog-shortcode.dividers-on article:first-of-type,\n  .blog-shortcode.blog-masonry-shortcode-id-d246287be4a15c70a2376921b1326546.dividers-on.classic-layout-list article:first-of-type {\n    padding: 0;\n  }\n  #page .blog-shortcode.blog-masonry-shortcode-id-d246287be4a15c70a2376921b1326546 .post-thumbnail-wrap,\n  #page .blog-shortcode.blog-masonry-shortcode-id-d246287be4a15c70a2376921b1326546 .post-entry-content {\n    width: 100%;\n    margin: 0;\n    top: 0;\n  }\n  #page .blog-shortcode.blog-masonry-shortcode-id-d246287be4a15c70a2376921b1326546 .post-thumbnail-wrap {\n    padding: 0;\n  }\n  #page .blog-shortcode.blog-masonry-shortcode-id-d246287be4a15c70a2376921b1326546 .post-entry-content:after {\n    display: none;\n  }\n  #page .blog-shortcode.blog-masonry-shortcode-id-d246287be4a15c70a2376921b1326546 .project-even .post-thumbnail-wrap,\n  #page .blog-shortcode.blog-masonry-shortcode-id-d246287be4a15c70a2376921b1326546.centered-layout-list .post-thumbnail-wrap {\n    -ms-flex-order: 0;\n    order: 0;\n  }\n  #page .blog-shortcode.blog-masonry-shortcode-id-d246287be4a15c70a2376921b1326546.centered-layout-list .post-entry-title-content {\n    -ms-flex-order: 1;\n    order: 1;\n    width: 100%;\n    padding: 20px 20px 0;\n  }\n  #page .blog-shortcode.blog-masonry-shortcode-id-d246287be4a15c70a2376921b1326546.centered-layout-list .post-entry-content {\n    -ms-flex-order: 2;\n    order: 2;\n    padding-top: 0;\n  }\n  #page .blog-shortcode.blog-masonry-shortcode-id-d246287be4a15c70a2376921b1326546 .fancy-categories {\n    top: 10px;\n    left: 10px;\n    bottom: auto;\n    right: auto;\n  }\n  #page .blog-shortcode.blog-masonry-shortcode-id-d246287be4a15c70a2376921b1326546 .fancy-date a {\n    top: 10px;\n    right: 10px;\n    left: auto;\n    bottom: auto;\n  }\n  #page .blog-shortcode.blog-masonry-shortcode-id-d246287be4a15c70a2376921b1326546 .post-entry-content {\n    padding: 20px;\n  }\n  #page .blog-shortcode.blog-masonry-shortcode-id-d246287be4a15c70a2376921b1326546 .entry-title {\n    margin: 3px 0 5px;\n    font-size: 20px;\n    line-height: 26px;\n  }\n  #page .blog-shortcode.blog-masonry-shortcode-id-d246287be4a15c70a2376921b1326546 .entry-meta {\n    margin: 5px 0 5px;\n  }\n  #page .blog-shortcode.blog-masonry-shortcode-id-d246287be4a15c70a2376921b1326546 .entry-excerpt {\n    margin: 15px 0 0;\n  }\n  #page .blog-shortcode.blog-masonry-shortcode-id-d246287be4a15c70a2376921b1326546 .post-details {\n    margin: 5px 0 10px;\n  }\n  #page .blog-shortcode.blog-masonry-shortcode-id-d246287be4a15c70a2376921b1326546 .post-details.details-type-link {\n    margin-bottom: 2px;\n  }\n}\n.blog-shortcode.blog-masonry-shortcode-id-d246287be4a15c70a2376921b1326546:not(.resize-by-browser-width) .dt-css-grid {\n  grid-row-gap: 20px;\n  grid-column-gap: 20px;\n  grid-template-columns: repeat(auto-fill,minmax(,1fr));\n}\n.blog-shortcode.blog-masonry-shortcode-id-d246287be4a15c70a2376921b1326546:not(.resize-by-browser-width) .dt-css-grid .double-width {\n  grid-column: span 2;\n}\n.cssgridlegacy.no-cssgrid .blog-shortcode.blog-masonry-shortcode-id-d246287be4a15c70a2376921b1326546:not(.resize-by-browser-width) .dt-css-grid,\n.no-cssgridlegacy.no-cssgrid .blog-shortcode.blog-masonry-shortcode-id-d246287be4a15c70a2376921b1326546:not(.resize-by-browser-width) .dt-css-grid {\n  display: flex;\n  flex-flow: row wrap;\n  margin: -10px;\n}\n.cssgridlegacy.no-cssgrid .blog-shortcode.blog-masonry-shortcode-id-d246287be4a15c70a2376921b1326546:not(.resize-by-browser-width) .dt-css-grid .wf-cell,\n.no-cssgridlegacy.no-cssgrid .blog-shortcode.blog-masonry-shortcode-id-d246287be4a15c70a2376921b1326546:not(.resize-by-browser-width) .dt-css-grid .wf-cell {\n  flex: 1 0 ;\n  max-width: 100%;\n  padding: 10px;\n  box-sizing: border-box;\n}\n.blog-shortcode.blog-masonry-shortcode-id-d246287be4a15c70a2376921b1326546.resize-by-browser-width .dt-css-grid {\n  grid-template-columns: repeat(3,1fr);\n  grid-template-rows: auto;\n  grid-column-gap: 20px;\n  grid-row-gap: 20px;\n}\n.blog-shortcode.blog-masonry-shortcode-id-d246287be4a15c70a2376921b1326546.resize-by-browser-width .dt-css-grid .double-width {\n  grid-column: span 2;\n}\n.cssgridlegacy.no-cssgrid .blog-shortcode.blog-masonry-shortcode-id-d246287be4a15c70a2376921b1326546.resize-by-browser-width .dt-css-grid {\n  margin: -10px;\n}\n.cssgridlegacy.no-cssgrid .blog-shortcode.blog-masonry-shortcode-id-d246287be4a15c70a2376921b1326546.resize-by-browser-width .dt-css-grid .wf-cell {\n  width: 33.333333333333%;\n  padding: 10px;\n}\n.cssgridlegacy.no-cssgrid .blog-shortcode.blog-masonry-shortcode-id-d246287be4a15c70a2376921b1326546.resize-by-browser-width .dt-css-grid .wf-cell.double-width {\n  width: calc(33.333333333333%) * 2;\n}\n.blog-shortcode.blog-masonry-shortcode-id-d246287be4a15c70a2376921b1326546.resize-by-browser-width:not(.centered-layout-list):not(.content-bg-on) .dt-css-grid {\n  grid-row-gap: 10px;\n}\n@media screen and (max-width: 1199px) {\n  .blog-shortcode.blog-masonry-shortcode-id-d246287be4a15c70a2376921b1326546.resize-by-browser-width .dt-css-grid {\n    grid-template-columns: repeat(3,1fr);\n  }\n  .cssgridlegacy.no-cssgrid .blog-shortcode.blog-masonry-shortcode-id-d246287be4a15c70a2376921b1326546.resize-by-browser-width .dt-css-grid .wf-cell,\n  .no-cssgridlegacy.no-cssgrid .blog-shortcode.blog-masonry-shortcode-id-d246287be4a15c70a2376921b1326546.resize-by-browser-width .dt-css-grid .wf-cell {\n    width: 33.333333333333%;\n  }\n  .cssgridlegacy.no-cssgrid .blog-shortcode.blog-masonry-shortcode-id-d246287be4a15c70a2376921b1326546.resize-by-browser-width .dt-css-grid .wf-cell.double-width,\n  .no-cssgridlegacy.no-cssgrid .blog-shortcode.blog-masonry-shortcode-id-d246287be4a15c70a2376921b1326546.resize-by-browser-width .dt-css-grid .wf-cell.double-width {\n    width: calc(33.333333333333%)*2;\n  }\n}\n@media screen and (max-width: 991px) {\n  .blog-shortcode.blog-masonry-shortcode-id-d246287be4a15c70a2376921b1326546.resize-by-browser-width .dt-css-grid {\n    grid-template-columns: repeat(2,1fr);\n  }\n  .cssgridlegacy.no-cssgrid .blog-shortcode.blog-masonry-shortcode-id-d246287be4a15c70a2376921b1326546.resize-by-browser-width .dt-css-grid .wf-cell,\n  .no-cssgridlegacy.no-cssgrid .blog-shortcode.blog-masonry-shortcode-id-d246287be4a15c70a2376921b1326546.resize-by-browser-width .dt-css-grid .wf-cell {\n    width: 50%;\n  }\n  .cssgridlegacy.no-cssgrid .blog-shortcode.blog-masonry-shortcode-id-d246287be4a15c70a2376921b1326546.resize-by-browser-width .dt-css-grid .wf-cell.double-width,\n  .no-cssgridlegacy.no-cssgrid .blog-shortcode.blog-masonry-shortcode-id-d246287be4a15c70a2376921b1326546.resize-by-browser-width .dt-css-grid .wf-cell.double-width {\n    width: calc(50%)*2;\n  }\n}\n@media screen and (max-width: 767px) {\n  .blog-shortcode.blog-masonry-shortcode-id-d246287be4a15c70a2376921b1326546.resize-by-browser-width .dt-css-grid {\n    grid-template-columns: repeat(1,1fr);\n  }\n  .blog-shortcode.blog-masonry-shortcode-id-d246287be4a15c70a2376921b1326546.resize-by-browser-width .dt-css-grid .double-width {\n    grid-column: span 1;\n  }\n  .cssgridlegacy.no-cssgrid .blog-shortcode.blog-masonry-shortcode-id-d246287be4a15c70a2376921b1326546.resize-by-browser-width .dt-css-grid .wf-cell,\n  .no-cssgridlegacy.no-cssgrid .blog-shortcode.blog-masonry-shortcode-id-d246287be4a15c70a2376921b1326546.resize-by-browser-width .dt-css-grid .wf-cell {\n    width: 100%;\n  }\n  .cssgridlegacy.no-cssgrid .blog-shortcode.blog-masonry-shortcode-id-d246287be4a15c70a2376921b1326546.resize-by-browser-width .dt-css-grid .wf-cell.double-width,\n  .no-cssgridlegacy.no-cssgrid .blog-shortcode.blog-masonry-shortcode-id-d246287be4a15c70a2376921b1326546.resize-by-browser-width .dt-css-grid .wf-cell.double-width {\n    width: calc(100%)*2;\n  }\n}\n<\/style><div class=\"blog-shortcode blog-masonry-shortcode-id-d246287be4a15c70a2376921b1326546 mode-grid classic-layout-list content-bg-on jquery-filter vertical-fancy-style scale-img dt-css-grid-wrap dt-icon-bg-off resize-by-browser-width loading-effect-none description-under-image \" data-padding=\"10px\" data-cur-page=\"1\" data-post-limit=\"12\" data-pagination-mode=\"pages\" data-desktop-columns-num=\"3\" data-v-tablet-columns-num=\"2\" data-h-tablet-columns-num=\"3\" data-phone-columns-num=\"1\" data-width=\"0px\" data-columns=\"0\"><div class=\"iso-filter css-grid-filter extras-off filter\"><div class=\"filter-categories\" data-default-order=\"desc\" data-default-orderby=\"date\"><a href=\"https:\/\/brno-filharmonie.cz\/en\/news\/\" class=\"show-all act\" data-filter=\"*\">View all<\/a><a href=\"https:\/\/brno-filharmonie.cz\/en\/news\/?term=69\" class=\"uncategorized\" data-filter=\".category-69\">News<\/a><a href=\"https:\/\/brno-filharmonie.cz\/en\/news\/?term=73\" class=\"press-releases\" data-filter=\".category-73\">Press releases<\/a><a href=\"https:\/\/brno-filharmonie.cz\/en\/news\/?term=101\" class=\"concerts-and-tickets\" data-filter=\".category-101\">Concerts and tickets<\/a><a href=\"https:\/\/brno-filharmonie.cz\/en\/news\/?term=104\" class=\"press-reviews\" data-filter=\".category-104\">Press reviews<\/a><\/div><\/div><div class=\"dt-css-grid\" ><div class=\"visible wf-cell category-69 category-101\" data-post-id=\"27468\" data-date=\"2025-03-11T09:48:55+01:00\" data-name=\"Soprano Lada Bo\u010dkov\u00e1 will be replaced by Jana Sibera\"><article class=\"post project-odd visible post-27468 type-post status-publish format-standard has-post-thumbnail hentry category-uncategorized category-concerts-and-tickets category-69 category-101\" data-name=\"Soprano Lada Bo\u010dkov\u00e1 will be replaced by Jana Sibera\" data-date=\"2025-03-11T09:48:55+01:00\">\n\n<div class=\"post-thumbnail-wrap\">\n\t<div class=\"post-thumbnail\">\n\t\t\n\t\t\n\t\t<a href=\"https:\/\/brno-filharmonie.cz\/en\/soprano-lada-bockova-will-be-replaced-by-jana-sibera\/\" class=\"post-thumbnail-rollover layzr-bg layzr-bg\" ><img loading=\"lazy\" decoding=\"async\" class=\"iso-lazy-load preload-me iso-lazy-load\" src=\"data:image\/svg+xml,%3Csvg%20xmlns%3D&#39;http%3A%2F%2Fwww.w3.org%2F2000%2Fsvg&#39;%20viewBox%3D&#39;0%200%20768%20512&#39;%2F%3E\" data-src=\"https:\/\/brno-filharmonie.cz\/wp-content\/uploads\/2025\/03\/Jana-Sibera-768x512.jpg\" data-srcset=\"https:\/\/brno-filharmonie.cz\/wp-content\/uploads\/2025\/03\/Jana-Sibera-768x512.jpg 768w, https:\/\/brno-filharmonie.cz\/wp-content\/uploads\/2025\/03\/Jana-Sibera-1152x768.jpg 1152w\" alt=\"\" title=\"Jana Sibera\" width=\"768\" height=\"512\"  \/><\/a>\t<\/div>\n<\/div>\n\n\n<div class=\"post-entry-content\">\n\n\t<h3 class=\"entry-title\">\n\t\t<a href=\"https:\/\/brno-filharmonie.cz\/en\/soprano-lada-bockova-will-be-replaced-by-jana-sibera\/\" title=\"Soprano Lada Bo\u010dkov\u00e1 will be replaced by Jana Sibera\" rel=\"bookmark\">Soprano Lada Bo\u010dkov\u00e1 will be replaced by Jana Sibera<\/a>\n\t<\/h3>\n\n\t<div class=\"entry-meta\"><span class=\"category-link\"><a href=\"https:\/\/brno-filharmonie.cz\/en\/category\/uncategorized\/\" >News<\/a>, <a href=\"https:\/\/brno-filharmonie.cz\/en\/category\/concerts-and-tickets\/\" >Concerts and tickets<\/a><\/span><\/div>\n\t<div class=\"entry-excerpt\"><p>Dear listeners, dear listeners, due to the illness of soprano Lady Bo\u010dkov\u00e1, we will have to change the line-up for the Thursday and Friday concerts. The soprano part will be taken by Jana Sibera, who performed with us in December at the Jan\u00e1\u010dek Theatre in Handel&#8217;s&nbsp;Messiah. We thank Jana very much and wish Lada a&hellip;<\/p>\n<\/div>\n\t\n<\/div><\/article><\/div><div class=\"visible wf-cell category-69 category-73 category-101\" data-post-id=\"27140\" data-date=\"2025-01-29T14:02:04+01:00\" data-name=\"Change of soloist: Ivan Ili\u0107 will be replaced by pianist Jan Barto\u0161\"><article class=\"post project-odd visible post-27140 type-post status-publish format-standard has-post-thumbnail hentry category-uncategorized category-press-releases category-concerts-and-tickets category-69 category-73 category-101\" data-name=\"Change of soloist: Ivan Ili\u0107 will be replaced by pianist Jan Barto\u0161\" data-date=\"2025-01-29T14:02:04+01:00\">\n\n<div class=\"post-thumbnail-wrap\">\n\t<div class=\"post-thumbnail\">\n\t\t\n\t\t\n\t\t<a href=\"https:\/\/brno-filharmonie.cz\/en\/change-of-soloist-ivan-ilic-will-be-replaced-by-pianist-jan-bartos\/\" class=\"post-thumbnail-rollover layzr-bg layzr-bg\" ><img loading=\"lazy\" decoding=\"async\" class=\"iso-lazy-load preload-me iso-lazy-load\" src=\"data:image\/svg+xml,%3Csvg%20xmlns%3D&#39;http%3A%2F%2Fwww.w3.org%2F2000%2Fsvg&#39;%20viewBox%3D&#39;0%200%20768%20512&#39;%2F%3E\" data-src=\"https:\/\/brno-filharmonie.cz\/wp-content\/uploads\/2025\/01\/Antonin-Kratochvil-color-smoke-scaled-768x512.jpg\" data-srcset=\"https:\/\/brno-filharmonie.cz\/wp-content\/uploads\/2025\/01\/Antonin-Kratochvil-color-smoke-scaled-768x512.jpg 768w, https:\/\/brno-filharmonie.cz\/wp-content\/uploads\/2025\/01\/Antonin-Kratochvil-color-smoke-scaled-1152x768.jpg 1152w\" alt=\"\" title=\"Antonin Kratochvil color smoke\" width=\"768\" height=\"512\"  \/><\/a>\t<\/div>\n<\/div>\n\n\n<div class=\"post-entry-content\">\n\n\t<h3 class=\"entry-title\">\n\t\t<a href=\"https:\/\/brno-filharmonie.cz\/en\/change-of-soloist-ivan-ilic-will-be-replaced-by-pianist-jan-bartos\/\" title=\"Change of soloist: Ivan Ili\u0107 will be replaced by pianist Jan Barto\u0161\" rel=\"bookmark\">Change of soloist: Ivan Ili\u0107 will be replaced by pianist Jan Barto\u0161<\/a>\n\t<\/h3>\n\n\t<div class=\"entry-meta\"><span class=\"category-link\"><a href=\"https:\/\/brno-filharmonie.cz\/en\/category\/uncategorized\/\" >News<\/a>, <a href=\"https:\/\/brno-filharmonie.cz\/en\/category\/press-releases\/\" >Press releases<\/a>, <a href=\"https:\/\/brno-filharmonie.cz\/en\/category\/concerts-and-tickets\/\" >Concerts and tickets<\/a><\/span><\/div>\n\t<div class=\"entry-excerpt\"><p>Dear listeners, dear listeners, due to health reasons, the originally announced soloist Ivan Ili\u0107 will not perform at the concerts this Thursday and Friday. However, we have managed to secure a full-time replacement &#8211; the excellent Czech pianist Jan Bartos, who is one of the few contemporary performers (if not the only one besides Ivan&hellip;<\/p>\n<\/div>\n\t\n<\/div><\/article><\/div><div class=\"visible wf-cell category-69 category-73\" data-post-id=\"26743\" data-date=\"2024-11-26T16:26:05+01:00\" data-name=\"The biggest concert project of the season will bring together nearly 200 artists on and off the stage. The solo part will be taken by the world soprano Chen Reiss\"><article class=\"post project-odd visible post-26743 type-post status-publish format-standard has-post-thumbnail hentry category-uncategorized category-press-releases category-69 category-73\" data-name=\"The biggest concert project of the season will bring together nearly 200 artists on and off the stage. The solo part will be taken by the world soprano Chen Reiss\" data-date=\"2024-11-26T16:26:05+01:00\">\n\n<div class=\"post-thumbnail-wrap\">\n\t<div class=\"post-thumbnail\">\n\t\t\n\t\t\n\t\t<a href=\"https:\/\/brno-filharmonie.cz\/en\/the-biggest-concert-project-of-the-season-will-bring-together-nearly-200-artists-on-and-off-the-stage-the-solo-part-will-be-taken-by-the-world-soprano-chen-reiss\/\" class=\"post-thumbnail-rollover layzr-bg layzr-bg\" ><img loading=\"lazy\" decoding=\"async\" class=\"iso-lazy-load preload-me iso-lazy-load\" src=\"data:image\/svg+xml,%3Csvg%20xmlns%3D&#39;http%3A%2F%2Fwww.w3.org%2F2000%2Fsvg&#39;%20viewBox%3D&#39;0%200%20768%20512&#39;%2F%3E\" data-src=\"https:\/\/brno-filharmonie.cz\/wp-content\/uploads\/2024\/09\/Chen-Reiss-768x512.jpg\" data-srcset=\"https:\/\/brno-filharmonie.cz\/wp-content\/uploads\/2024\/09\/Chen-Reiss-768x512.jpg 768w, https:\/\/brno-filharmonie.cz\/wp-content\/uploads\/2024\/09\/Chen-Reiss-1152x768.jpg 1152w\" alt=\"\" title=\"Chen Reiss\" width=\"768\" height=\"512\"  \/><\/a>\t<\/div>\n<\/div>\n\n\n<div class=\"post-entry-content\">\n\n\t<h3 class=\"entry-title\">\n\t\t<a href=\"https:\/\/brno-filharmonie.cz\/en\/the-biggest-concert-project-of-the-season-will-bring-together-nearly-200-artists-on-and-off-the-stage-the-solo-part-will-be-taken-by-the-world-soprano-chen-reiss\/\" title=\"The biggest concert project of the season will bring together nearly 200 artists on and off the stage. The solo part will be taken by the world soprano Chen Reiss\" rel=\"bookmark\">The biggest concert project of the season will bring together nearly 200 artists on and off the stage. The solo part will be taken by the world soprano Chen Reiss<\/a>\n\t<\/h3>\n\n\t<div class=\"entry-meta\"><span class=\"category-link\"><a href=\"https:\/\/brno-filharmonie.cz\/en\/category\/uncategorized\/\" >News<\/a>, <a href=\"https:\/\/brno-filharmonie.cz\/en\/category\/press-releases\/\" >Press releases<\/a><\/span><\/div>\n\t<div class=\"entry-excerpt\"><p>&nbsp; PRESS RELEASE Brno, 26 November 2024program The Filharmonie Brno is about to present its biggest concert project of the season , The Fabulous Mahler. It will be performed this Thursday and Friday at the Jan\u00e1\u010dek Theatre, and on Sunday 8 December at the Musikverein in Vienna. &#8220;The centrepiece of the programme, Gustav Mahler&#8217; s&hellip;<\/p>\n<\/div>\n\t\n<\/div><\/article><\/div><div class=\"visible wf-cell category-69\" data-post-id=\"26215\" data-date=\"2024-09-25T09:45:47+02:00\" data-name=\"Ticket Office closed until Septemer 30\"><article class=\"post project-odd visible post-26215 type-post status-publish format-standard has-post-thumbnail hentry category-uncategorized category-69\" data-name=\"Ticket Office closed until Septemer 30\" data-date=\"2024-09-25T09:45:47+02:00\">\n\n<div class=\"post-thumbnail-wrap\">\n\t<div class=\"post-thumbnail\">\n\t\t\n\t\t\n\t\t<a href=\"https:\/\/brno-filharmonie.cz\/en\/ticket-office-closed-until-septemer-30\/\" class=\"post-thumbnail-rollover layzr-bg layzr-bg\" ><img loading=\"lazy\" decoding=\"async\" class=\"iso-lazy-load preload-me iso-lazy-load\" src=\"data:image\/svg+xml,%3Csvg%20xmlns%3D&#39;http%3A%2F%2Fwww.w3.org%2F2000%2Fsvg&#39;%20viewBox%3D&#39;0%200%20768%20512&#39;%2F%3E\" data-src=\"https:\/\/brno-filharmonie.cz\/wp-content\/uploads\/2024\/09\/3.-venek_dnes-scaled-768x512.jpeg\" data-srcset=\"https:\/\/brno-filharmonie.cz\/wp-content\/uploads\/2024\/09\/3.-venek_dnes-scaled-768x512.jpeg 768w, https:\/\/brno-filharmonie.cz\/wp-content\/uploads\/2024\/09\/3.-venek_dnes-scaled-1152x768.jpeg 1152w\" alt=\"\" title=\"3.&nbsp;venek_dnes\" width=\"768\" height=\"512\"  \/><\/a>\t<\/div>\n<\/div>\n\n\n<div class=\"post-entry-content\">\n\n\t<h3 class=\"entry-title\">\n\t\t<a href=\"https:\/\/brno-filharmonie.cz\/en\/ticket-office-closed-until-septemer-30\/\" title=\"Ticket Office closed until Septemer 30\" rel=\"bookmark\">Ticket Office closed until Septemer 30<\/a>\n\t<\/h3>\n\n\t<div class=\"entry-meta\"><span class=\"category-link\"><a href=\"https:\/\/brno-filharmonie.cz\/en\/category\/uncategorized\/\" >News<\/a><\/span><\/div>\n\t<div class=\"entry-excerpt\"><p>Dear listeners, due to illness, we have to close our Ticket office on Wednesday, September 25. You can still purchase tickets and season tickets online, we will reopen Ticket Office\u00a0 on Monday, September 30 at 8am. Thank you for your understanding.<\/p>\n<\/div>\n\t\n<\/div><\/article><\/div><div class=\"visible wf-cell category-73 category-101 category-69\" data-post-id=\"26057\" data-date=\"2024-08-20T14:28:55+02:00\" data-name=\"\u0160pilberk Festival: rules in case of bad weather\"><article class=\"post project-odd visible post-26057 type-post status-publish format-standard has-post-thumbnail hentry category-press-releases category-concerts-and-tickets category-uncategorized category-73 category-101 category-69\" data-name=\"\u0160pilberk Festival: rules in case of bad weather\" data-date=\"2024-08-20T14:28:55+02:00\">\n\n<div class=\"post-thumbnail-wrap\">\n\t<div class=\"post-thumbnail\">\n\t\t\n\t\t\n\t\t<a href=\"https:\/\/brno-filharmonie.cz\/en\/spilberk-festival-rules-in-case-of-bad-weather\/\" class=\"post-thumbnail-rollover layzr-bg layzr-bg\" ><img loading=\"lazy\" decoding=\"async\" class=\"iso-lazy-load preload-me iso-lazy-load\" src=\"data:image\/svg+xml,%3Csvg%20xmlns%3D&#39;http%3A%2F%2Fwww.w3.org%2F2000%2Fsvg&#39;%20viewBox%3D&#39;0%200%20768%20512&#39;%2F%3E\" data-src=\"https:\/\/brno-filharmonie.cz\/wp-content\/uploads\/2024\/08\/FILHARMONIE-BRNO_Festival-Spilberk_18.8.2024_Vojtech-Kaba_NOXmedia_cz-65-768x512.jpg\" data-srcset=\"https:\/\/brno-filharmonie.cz\/wp-content\/uploads\/2024\/08\/FILHARMONIE-BRNO_Festival-Spilberk_18.8.2024_Vojtech-Kaba_NOXmedia_cz-65-768x512.jpg 768w, https:\/\/brno-filharmonie.cz\/wp-content\/uploads\/2024\/08\/FILHARMONIE-BRNO_Festival-Spilberk_18.8.2024_Vojtech-Kaba_NOXmedia_cz-65-1152x768.jpg 1152w\" alt=\"\" title=\"FILHARMONIE-BRNO_Festival-S\u030cpilberk_18.8.2024_Vojte\u030cch-Ka\u0301ba_NOXmedia_cz-65\" width=\"768\" height=\"512\"  \/><\/a>\t<\/div>\n<\/div>\n\n\n<div class=\"post-entry-content\">\n\n\t<h3 class=\"entry-title\">\n\t\t<a href=\"https:\/\/brno-filharmonie.cz\/en\/spilberk-festival-rules-in-case-of-bad-weather\/\" title=\"\u0160pilberk Festival: rules in case of bad weather\" rel=\"bookmark\">\u0160pilberk Festival: rules in case of bad weather<\/a>\n\t<\/h3>\n\n\t<div class=\"entry-meta\"><span class=\"category-link\"><a href=\"https:\/\/brno-filharmonie.cz\/en\/category\/press-releases\/\" >Press releases<\/a>, <a href=\"https:\/\/brno-filharmonie.cz\/en\/category\/concerts-and-tickets\/\" >Concerts and tickets<\/a>, <a href=\"https:\/\/brno-filharmonie.cz\/en\/category\/uncategorized\/\" >News<\/a><\/span><\/div>\n\t<div class=\"entry-excerpt\"><p>Dear Listeners, Since the \u0160pilberk Festival concerts are held in the open air, we would like to inform you about the Organiser&#8217;s&nbsp;Rules in case of bad weather. . the concert is not cancelled in advance even in case of negative weather forecast, the decision to cancel the concert is made at the time of the&hellip;<\/p>\n<\/div>\n\t\n<\/div><\/article><\/div><div class=\"visible wf-cell category-73 category-101\" data-post-id=\"26034\" data-date=\"2024-08-19T11:56:59+02:00\" data-name=\"Pavel \u010cernoch: a replacement concert\"><article class=\"post project-odd visible post-26034 type-post status-publish format-standard has-post-thumbnail hentry category-press-releases category-concerts-and-tickets category-73 category-101\" data-name=\"Pavel \u010cernoch: a replacement concert\" data-date=\"2024-08-19T11:56:59+02:00\">\n\n<div class=\"post-thumbnail-wrap\">\n\t<div class=\"post-thumbnail\">\n\t\t\n\t\t\n\t\t<a href=\"https:\/\/brno-filharmonie.cz\/en\/pavel-cernoch-a-replacement-concert\/\" class=\"post-thumbnail-rollover layzr-bg layzr-bg\" ><img loading=\"lazy\" decoding=\"async\" class=\"iso-lazy-load preload-me iso-lazy-load\" src=\"data:image\/svg+xml,%3Csvg%20xmlns%3D&#39;http%3A%2F%2Fwww.w3.org%2F2000%2Fsvg&#39;%20viewBox%3D&#39;0%200%20768%20512&#39;%2F%3E\" data-src=\"https:\/\/brno-filharmonie.cz\/wp-content\/uploads\/2024\/08\/FILHARMONIE-BRNO_Festival-Spilberk_18.8.2024_Vojtech-Kaba_NOXmedia_cz-79-768x512.jpg\" data-srcset=\"https:\/\/brno-filharmonie.cz\/wp-content\/uploads\/2024\/08\/FILHARMONIE-BRNO_Festival-Spilberk_18.8.2024_Vojtech-Kaba_NOXmedia_cz-79-768x512.jpg 768w, https:\/\/brno-filharmonie.cz\/wp-content\/uploads\/2024\/08\/FILHARMONIE-BRNO_Festival-Spilberk_18.8.2024_Vojtech-Kaba_NOXmedia_cz-79-1152x768.jpg 1152w\" alt=\"\" title=\"FILHARMONIE-BRNO_Festival-S\u030cpilberk_18.8.2024_Vojte\u030cch-Ka\u0301ba_NOXmedia_cz-79\" width=\"768\" height=\"512\"  \/><\/a>\t<\/div>\n<\/div>\n\n\n<div class=\"post-entry-content\">\n\n\t<h3 class=\"entry-title\">\n\t\t<a href=\"https:\/\/brno-filharmonie.cz\/en\/pavel-cernoch-a-replacement-concert\/\" title=\"Pavel \u010cernoch: a replacement concert\" rel=\"bookmark\">Pavel \u010cernoch: a replacement concert<\/a>\n\t<\/h3>\n\n\t<div class=\"entry-meta\"><span class=\"category-link\"><a href=\"https:\/\/brno-filharmonie.cz\/en\/category\/press-releases\/\" >Press releases<\/a>, <a href=\"https:\/\/brno-filharmonie.cz\/en\/category\/concerts-and-tickets\/\" >Concerts and tickets<\/a><\/span><\/div>\n\t<div class=\"entry-excerpt\"><p>Dear listeners, we are very sorry that the weather spoiled yesterday&#8217;s&nbsp;concert of Pavel Cernoch. We are intensively negotiating an alternative date for the concert. The only thing we know so far is that it will take place indoors. Due to Pavel \u010cernoch&#8217;s&nbsp;many work commitments, we are unable to say when we will be able to&hellip;<\/p>\n<\/div>\n\t\n<\/div><\/article><\/div><div class=\"visible wf-cell category-69 category-73\" data-post-id=\"25642\" data-date=\"2024-06-06T15:24:57+02:00\" data-name=\"Messiah, The Creation, Das klagende Lied with Chen Reiss. Filharmonie Brno\u2019s new season marked by masterpieces and the commemoration of important anniversaries\"><article class=\"post project-odd visible post-25642 type-post status-publish format-standard has-post-thumbnail hentry category-uncategorized category-press-releases category-69 category-73\" data-name=\"Messiah, The Creation, Das klagende Lied with Chen Reiss. Filharmonie Brno\u2019s new season marked by masterpieces and the commemoration of important anniversaries\" data-date=\"2024-06-06T15:24:57+02:00\">\n\n<div class=\"post-thumbnail-wrap\">\n\t<div class=\"post-thumbnail\">\n\t\t\n\t\t\n\t\t<a href=\"https:\/\/brno-filharmonie.cz\/en\/messiah-the-creation-das-klagende-lied-with-chen-reiss-filharmonie-brnos-new-season-marked-by-masterpieces-and-the-commemoration-of-important-anniversaries\/\" class=\"post-thumbnail-rollover layzr-bg layzr-bg\" ><img loading=\"lazy\" decoding=\"async\" class=\"iso-lazy-load preload-me iso-lazy-load\" src=\"data:image\/svg+xml,%3Csvg%20xmlns%3D&#39;http%3A%2F%2Fwww.w3.org%2F2000%2Fsvg&#39;%20viewBox%3D&#39;0%200%20768%20512&#39;%2F%3E\" data-src=\"https:\/\/brno-filharmonie.cz\/wp-content\/uploads\/2024\/06\/Dennis-Russell-Davies-Photo-Andreas-H.-Bitesnich-768x512.jpg\" data-srcset=\"https:\/\/brno-filharmonie.cz\/wp-content\/uploads\/2024\/06\/Dennis-Russell-Davies-Photo-Andreas-H.-Bitesnich-768x512.jpg 768w, https:\/\/brno-filharmonie.cz\/wp-content\/uploads\/2024\/06\/Dennis-Russell-Davies-Photo-Andreas-H.-Bitesnich-1152x768.jpg 1152w\" alt=\"\" title=\"Dennis Russell Davies-Photo Andreas H. Bitesnich\" width=\"768\" height=\"512\"  \/><\/a>\t<\/div>\n<\/div>\n\n\n<div class=\"post-entry-content\">\n\n\t<h3 class=\"entry-title\">\n\t\t<a href=\"https:\/\/brno-filharmonie.cz\/en\/messiah-the-creation-das-klagende-lied-with-chen-reiss-filharmonie-brnos-new-season-marked-by-masterpieces-and-the-commemoration-of-important-anniversaries\/\" title=\"Messiah, The Creation, Das klagende Lied with Chen Reiss. Filharmonie Brno\u2019s new season marked by masterpieces and the commemoration of important anniversaries\" rel=\"bookmark\">Messiah, The Creation, Das klagende Lied with Chen Reiss. Filharmonie Brno\u2019s new season marked by masterpieces and the commemoration of important anniversaries<\/a>\n\t<\/h3>\n\n\t<div class=\"entry-meta\"><span class=\"category-link\"><a href=\"https:\/\/brno-filharmonie.cz\/en\/category\/uncategorized\/\" >News<\/a>, <a href=\"https:\/\/brno-filharmonie.cz\/en\/category\/press-releases\/\" >Press releases<\/a><\/span><\/div>\n\t<div class=\"entry-excerpt\"><p>&nbsp; PRESS RELEASE\u00a0\u00a0\u00a0\u00a0\u00a0\u00a0\u00a0\u00a0\u00a0\u00a0\u00a0\u00a0\u00a0\u00a0\u00a0\u00a0\u00a0\u00a0\u00a0\u00a0\u00a0\u00a0\u00a0\u00a0\u00a0\u00a0\u00a0\u00a0\u00a0\u00a0\u00a0\u00a0\u00a0\u00a0\u00a0\u00a0\u00a0\u00a0\u00a0\u00a0\u00a0\u00a0\u00a0\u00a0\u00a0\u00a0\u00a0\u00a0\u00a0\u00a0\u00a0\u00a0\u00a0\u00a0\u00a0\u00a0\u00a0\u00a0\u00a0\u00a0\u00a0\u00a0\u00a0\u00a0\u00a0\u00a0\u00a0\u00a0\u00a0\u00a0\u00a0\u00a0\u00a0\u00a0\u00a0\u00a0\u00a0\u00a0\u00a0\u00a0\u00a0\u00a0\u00a0\u00a0\u00a0\u00a0\u00a0\u00a0\u00a0\u00a0\u00a0\u00a0\u00a0\u00a0\u00a0\u00a0\u00a0\u00a0\u00a0\u00a0\u00a0\u00a0\u00a0\u00a0\u00a0\u00a0\u00a0\u00a0\u00a0\u00a0\u00a0\u00a0\u00a0\u00a0\u00a0\u00a0\u00a0\u00a0\u00a0 Brno, 17 May 2024&nbsp;90, 200, 150. Three numbers marking important anniversaries have significantly shaped Filharmonie Brno\u2019s upcoming 69th season. \u201cThe number 90 refers to the season\u2019s most important project, Mahler\u2019s Das klagende Lied\/Song of Lamentation. We will be performing this in its original three-movement form on the day exactly ninety years&hellip;<\/p>\n<\/div>\n\t\n<\/div><\/article><\/div><div class=\"visible wf-cell category-69 category-101\" data-post-id=\"25483\" data-date=\"2024-05-21T15:00:44+02:00\" data-name=\"Ticket office closed until May 27th\"><article class=\"post project-odd visible post-25483 type-post status-publish format-standard has-post-thumbnail hentry category-uncategorized category-concerts-and-tickets category-69 category-101\" data-name=\"Ticket office closed until May 27th\" data-date=\"2024-05-21T15:00:44+02:00\">\n\n<div class=\"post-thumbnail-wrap\">\n\t<div class=\"post-thumbnail\">\n\t\t\n\t\t\n\t\t<a href=\"https:\/\/brno-filharmonie.cz\/en\/zavreni-predprodeje-do-27-kvetna\/\" class=\"post-thumbnail-rollover layzr-bg layzr-bg\" ><img loading=\"lazy\" decoding=\"async\" class=\"iso-lazy-load preload-me iso-lazy-load\" src=\"data:image\/svg+xml,%3Csvg%20xmlns%3D&#39;http%3A%2F%2Fwww.w3.org%2F2000%2Fsvg&#39;%20viewBox%3D&#39;0%200%20768%20512&#39;%2F%3E\" data-src=\"https:\/\/brno-filharmonie.cz\/wp-content\/uploads\/2024\/05\/3.-venek_dnes-scaled-768x512.jpeg\" data-srcset=\"https:\/\/brno-filharmonie.cz\/wp-content\/uploads\/2024\/05\/3.-venek_dnes-scaled-768x512.jpeg 768w, https:\/\/brno-filharmonie.cz\/wp-content\/uploads\/2024\/05\/3.-venek_dnes-scaled-1152x768.jpeg 1152w\" alt=\"\" title=\"3.&nbsp;venek_dnes\" width=\"768\" height=\"512\"  \/><\/a>\t<\/div>\n<\/div>\n\n\n<div class=\"post-entry-content\">\n\n\t<h3 class=\"entry-title\">\n\t\t<a href=\"https:\/\/brno-filharmonie.cz\/en\/zavreni-predprodeje-do-27-kvetna\/\" title=\"Ticket office closed until May 27th\" rel=\"bookmark\">Ticket office closed until May 27th<\/a>\n\t<\/h3>\n\n\t<div class=\"entry-meta\"><span class=\"category-link\"><a href=\"https:\/\/brno-filharmonie.cz\/en\/category\/uncategorized\/\" >News<\/a>, <a href=\"https:\/\/brno-filharmonie.cz\/en\/category\/concerts-and-tickets\/\" >Concerts and tickets<\/a><\/span><\/div>\n\t<div class=\"entry-excerpt\"><p>Dear listeners, due to illness, we have to close our ticket office on Wednesday, May 22nd. You can buy all tickets online at that time, unfortunately it will not be physically possible &#8211; only on Wednesday before the concert Young Blood . You can also renew your season tickets for the new season online. We&hellip;<\/p>\n<\/div>\n\t\n<\/div><\/article><\/div><div class=\"visible wf-cell category-69 category-73 category-101\" data-post-id=\"24730\" data-date=\"2024-04-19T08:04:48+02:00\" data-name=\"A special gift for the Chief Conductor on his 80th birthday: a composition by several composers\"><article class=\"post project-odd visible post-24730 type-post status-publish format-standard has-post-thumbnail hentry category-uncategorized category-press-releases category-concerts-and-tickets category-69 category-73 category-101\" data-name=\"A special gift for the Chief Conductor on his 80th birthday: a composition by several composers\" data-date=\"2024-04-19T08:04:48+02:00\">\n\n<div class=\"post-thumbnail-wrap\">\n\t<div class=\"post-thumbnail\">\n\t\t\n\t\t\n\t\t<a href=\"https:\/\/brno-filharmonie.cz\/en\/a-special-gift-for-the-chief-conductor-on-his-80th-birthday-a-composition-by-several-composers\/\" class=\"post-thumbnail-rollover layzr-bg layzr-bg\" ><img loading=\"lazy\" decoding=\"async\" class=\"iso-lazy-load preload-me iso-lazy-load\" src=\"data:image\/svg+xml,%3Csvg%20xmlns%3D&#39;http%3A%2F%2Fwww.w3.org%2F2000%2Fsvg&#39;%20viewBox%3D&#39;0%200%20768%20512&#39;%2F%3E\" data-src=\"https:\/\/brno-filharmonie.cz\/wp-content\/uploads\/2024\/04\/HBD-768x512.jpg\" data-srcset=\"https:\/\/brno-filharmonie.cz\/wp-content\/uploads\/2024\/04\/HBD-768x512.jpg 768w, https:\/\/brno-filharmonie.cz\/wp-content\/uploads\/2024\/04\/HBD-1152x768.jpg 1152w\" alt=\"\" title=\"HBD\" width=\"768\" height=\"512\"  \/><\/a>\t<\/div>\n<\/div>\n\n\n<div class=\"post-entry-content\">\n\n\t<h3 class=\"entry-title\">\n\t\t<a href=\"https:\/\/brno-filharmonie.cz\/en\/a-special-gift-for-the-chief-conductor-on-his-80th-birthday-a-composition-by-several-composers\/\" title=\"A special gift for the Chief Conductor on his 80th birthday: a composition by several composers\" rel=\"bookmark\">A special gift for the Chief Conductor on his 80th birthday: a composition by several composers<\/a>\n\t<\/h3>\n\n\t<div class=\"entry-meta\"><span class=\"category-link\"><a href=\"https:\/\/brno-filharmonie.cz\/en\/category\/uncategorized\/\" >News<\/a>, <a href=\"https:\/\/brno-filharmonie.cz\/en\/category\/press-releases\/\" >Press releases<\/a>, <a href=\"https:\/\/brno-filharmonie.cz\/en\/category\/concerts-and-tickets\/\" >Concerts and tickets<\/a><\/span><\/div>\n\t<div class=\"entry-excerpt\"><p>The composition &#8220;Happy Birthday Maestro&#8221; was written as a gift for the 80th birthday of the Filharmonie Brno&#8217;s&nbsp;chief conductor Dennis Russell Davies. We chose the opening from Joseph Haydn&#8217;s&nbsp;Symphony No. 80 in D minor as the main theme. We approached several Czech and international composers who have collaborated with Dennis Russell Davies in recent years&hellip;<\/p>\n<\/div>\n\t\n<\/div><\/article><\/div><div class=\"visible wf-cell category-69 category-73 category-101\" data-post-id=\"24674\" data-date=\"2024-04-18T15:02:33+02:00\" data-name=\"M\u00e1 vlast for piano four hands.  Dennis Russell Davies celebrates his birthday with two sold-out concerts\"><article class=\"post project-odd visible post-24674 type-post status-publish format-standard has-post-thumbnail hentry category-uncategorized category-press-releases category-concerts-and-tickets category-69 category-73 category-101\" data-name=\"M\u00e1 vlast for piano four hands.  Dennis Russell Davies celebrates his birthday with two sold-out concerts\" data-date=\"2024-04-18T15:02:33+02:00\">\n\n<div class=\"post-thumbnail-wrap\">\n\t<div class=\"post-thumbnail\">\n\t\t\n\t\t\n\t\t<a href=\"https:\/\/brno-filharmonie.cz\/en\/ma-vlast-for-piano-four-hands-dennis-russell-davies-celebrates-his-birthday-with-two-sold-out-concerts\/\" class=\"post-thumbnail-rollover layzr-bg layzr-bg\" ><img loading=\"lazy\" decoding=\"async\" class=\"iso-lazy-load preload-me iso-lazy-load\" src=\"data:image\/svg+xml,%3Csvg%20xmlns%3D&#39;http%3A%2F%2Fwww.w3.org%2F2000%2Fsvg&#39;%20viewBox%3D&#39;0%200%20768%20512&#39;%2F%3E\" data-src=\"https:\/\/brno-filharmonie.cz\/wp-content\/uploads\/2024\/04\/Dennis-Russell-Davies-a-Maki-Namekawa-768x512.jpg\" data-srcset=\"https:\/\/brno-filharmonie.cz\/wp-content\/uploads\/2024\/04\/Dennis-Russell-Davies-a-Maki-Namekawa-768x512.jpg 768w, https:\/\/brno-filharmonie.cz\/wp-content\/uploads\/2024\/04\/Dennis-Russell-Davies-a-Maki-Namekawa-1152x768.jpg 1152w\" alt=\"\" title=\"Dennis Russell Davies a Maki Namekawa\" width=\"768\" height=\"512\"  \/><\/a>\t<\/div>\n<\/div>\n\n\n<div class=\"post-entry-content\">\n\n\t<h3 class=\"entry-title\">\n\t\t<a href=\"https:\/\/brno-filharmonie.cz\/en\/ma-vlast-for-piano-four-hands-dennis-russell-davies-celebrates-his-birthday-with-two-sold-out-concerts\/\" title=\"M\u00e1 vlast for piano four hands.  Dennis Russell Davies celebrates his birthday with two sold-out concerts\" rel=\"bookmark\">M\u00e1 vlast for piano four hands.  Dennis Russell Davies celebrates his birthday with two sold-out concerts<\/a>\n\t<\/h3>\n\n\t<div class=\"entry-meta\"><span class=\"category-link\"><a href=\"https:\/\/brno-filharmonie.cz\/en\/category\/uncategorized\/\" >News<\/a>, <a href=\"https:\/\/brno-filharmonie.cz\/en\/category\/press-releases\/\" >Press releases<\/a>, <a href=\"https:\/\/brno-filharmonie.cz\/en\/category\/concerts-and-tickets\/\" >Concerts and tickets<\/a><\/span><\/div>\n\t<div class=\"entry-excerpt\"><p>PRESS RELEASE\u00a0 \u00a0\u00a0\u00a0\u00a0\u00a0\u00a0\u00a0\u00a0\u00a0\u00a0\u00a0\u00a0\u00a0\u00a0\u00a0\u00a0\u00a0\u00a0\u00a0\u00a0\u00a0\u00a0\u00a0\u00a0\u00a0\u00a0\u00a0\u00a0\u00a0\u00a0\u00a0\u00a0\u00a0\u00a0\u00a0\u00a0\u00a0\u00a0\u00a0\u00a0\u00a0\u00a0\u00a0\u00a0\u00a0\u00a0\u00a0\u00a0\u00a0\u00a0\u00a0\u00a0\u00a0\u00a0\u00a0\u00a0\u00a0\u00a0\u00a0\u00a0\u00a0\u00a0\u00a0\u00a0\u00a0\u00a0\u00a0\u00a0\u00a0\u00a0\u00a0\u00a0\u00a0\u00a0\u00a0\u00a0\u00a0\u00a0\u00a0\u00a0\u00a0\u00a0\u00a0\u00a0\u00a0\u00a0\u00a0\u00a0\u00a0\u00a0\u00a0\u00a0\u00a0\u00a0\u00a0\u00a0\u00a0\u00a0\u00a0\u00a0\u00a0\u00a0\u00a0\u00a0\u00a0\u00a0\u00a0\u00a0\u00a0\u00a0\u00a0\u00a0\u00a0\u00a0\u00a0\u00a0\u00a0\u00a0\u00a0\u00a0\u00a0\u00a0\u00a0\u00a0\u00a0\u00a0\u00a0\u00a0\u00a0\u00a0\u00a0 12.&nbsp;4.&nbsp;2024 &nbsp; 2024 isn\u2019t just the Year of Czech Music and the two hundredth anniversary of Bed\u0159ich Smetana\u2019s birth, but also a year in which Dennis Russell Davies, Filharmonie Brno\u2019s Chief Conductor will be celebrating a significant birthday. Two days after his eightieth birthday, which falls on 16 April, Davies and his&hellip;<\/p>\n<\/div>\n\t\n<\/div><\/article><\/div><div class=\"visible wf-cell category-69\" data-post-id=\"24456\" data-date=\"2024-03-27T10:43:50+01:00\" data-name=\"AUDITION FOR ORCHESTRAL PRACTICE FOR SEASONS 2024-2025 AND 2025-2026\"><article class=\"post project-odd visible post-24456 type-post status-publish format-standard has-post-thumbnail hentry category-uncategorized category-69\" data-name=\"AUDITION FOR ORCHESTRAL PRACTICE FOR SEASONS 2024-2025 AND 2025-2026\" data-date=\"2024-03-27T10:43:50+01:00\">\n\n<div class=\"post-thumbnail-wrap\">\n\t<div class=\"post-thumbnail\">\n\t\t\n\t\t\n\t\t<a href=\"https:\/\/brno-filharmonie.cz\/en\/audition-for-orchestral-practice-for-seasons-2024-2025-and-2025-2026\/\" class=\"post-thumbnail-rollover layzr-bg layzr-bg\" ><img loading=\"lazy\" decoding=\"async\" class=\"iso-lazy-load preload-me iso-lazy-load\" src=\"data:image\/svg+xml,%3Csvg%20xmlns%3D&#39;http%3A%2F%2Fwww.w3.org%2F2000%2Fsvg&#39;%20viewBox%3D&#39;0%200%20768%20512&#39;%2F%3E\" data-src=\"https:\/\/brno-filharmonie.cz\/wp-content\/uploads\/2022\/05\/Mlada-krev-768x512.jpg\" data-srcset=\"https:\/\/brno-filharmonie.cz\/wp-content\/uploads\/2022\/05\/Mlada-krev-768x512.jpg 768w, https:\/\/brno-filharmonie.cz\/wp-content\/uploads\/2022\/05\/Mlada-krev-1152x768.jpg 1152w\" alt=\"\" title=\"Mlada krev\" width=\"768\" height=\"512\"  \/><\/a>\t<\/div>\n<\/div>\n\n\n<div class=\"post-entry-content\">\n\n\t<h3 class=\"entry-title\">\n\t\t<a href=\"https:\/\/brno-filharmonie.cz\/en\/audition-for-orchestral-practice-for-seasons-2024-2025-and-2025-2026\/\" title=\"AUDITION FOR ORCHESTRAL PRACTICE FOR SEASONS 2024-2025 AND 2025-2026\" rel=\"bookmark\">AUDITION FOR ORCHESTRAL PRACTICE FOR SEASONS 2024-2025 AND 2025-2026<\/a>\n\t<\/h3>\n\n\t<div class=\"entry-meta\"><span class=\"category-link\"><a href=\"https:\/\/brno-filharmonie.cz\/en\/category\/uncategorized\/\" >News<\/a><\/span><\/div>\n\t<div class=\"entry-excerpt\"><p>The management of Filharmonie Brno has announced a selection procedure for orchestra practice in instrumental section: french horn. The Orchestra Academy is open for the 2024\/2025 and 2025\/2026 seasons, members of this academy have the opportunity to perform at subscription concerts of the Filharmonie Brno. Audition will take place in May 2024. &nbsp; Orchestra Academy&hellip;<\/p>\n<\/div>\n\t\n<\/div><\/article><\/div><div class=\"visible wf-cell category-101 category-69\" data-post-id=\"23690\" data-date=\"2023-12-18T14:04:28+01:00\" data-name=\"New Year&#039;s concert take place at 7 p.m.\"><article class=\"post project-odd visible post-23690 type-post status-publish format-standard has-post-thumbnail hentry category-concerts-and-tickets category-uncategorized category-101 category-69\" data-name=\"New Year&#8217;s&nbsp;concert take place at 7 p.m.\" data-date=\"2023-12-18T14:04:28+01:00\">\n\n<div class=\"post-thumbnail-wrap\">\n\t<div class=\"post-thumbnail\">\n\t\t\n\t\t\n\t\t<a href=\"https:\/\/brno-filharmonie.cz\/en\/new-years-concert-take-place-at-7-p-m\/\" class=\"post-thumbnail-rollover layzr-bg layzr-bg\" ><img loading=\"lazy\" decoding=\"async\" class=\"iso-lazy-load preload-me iso-lazy-load\" src=\"data:image\/svg+xml,%3Csvg%20xmlns%3D&#39;http%3A%2F%2Fwww.w3.org%2F2000%2Fsvg&#39;%20viewBox%3D&#39;0%200%20768%20512&#39;%2F%3E\" data-src=\"https:\/\/brno-filharmonie.cz\/wp-content\/uploads\/2023\/12\/Novorocni-768x512.jpg\" data-srcset=\"https:\/\/brno-filharmonie.cz\/wp-content\/uploads\/2023\/12\/Novorocni-768x512.jpg 768w, https:\/\/brno-filharmonie.cz\/wp-content\/uploads\/2023\/12\/Novorocni-1152x768.jpg 1152w\" alt=\"S p\u0159\u00edpitkem\" title=\"Novoroc\u030cni\u0301\" width=\"768\" height=\"512\"  \/><\/a>\t<\/div>\n<\/div>\n\n\n<div class=\"post-entry-content\">\n\n\t<h3 class=\"entry-title\">\n\t\t<a href=\"https:\/\/brno-filharmonie.cz\/en\/new-years-concert-take-place-at-7-p-m\/\" title=\"New Year&#8217;s&nbsp;concert take place at 7 p.m.\" rel=\"bookmark\">New Year&#8217;s&nbsp;concert take place at 7 p.m.<\/a>\n\t<\/h3>\n\n\t<div class=\"entry-meta\"><span class=\"category-link\"><a href=\"https:\/\/brno-filharmonie.cz\/en\/category\/concerts-and-tickets\/\" >Concerts and tickets<\/a>, <a href=\"https:\/\/brno-filharmonie.cz\/en\/category\/uncategorized\/\" >News<\/a><\/span><\/div>\n\t<div class=\"entry-excerpt\"><p>Dear listeners, we would like to inform you that there was a system error and the wrong time (8 p.m.) was printed on the tickets for the New Year&#8217;s&nbsp;Concert. &nbsp; The New Year&#8217;s&nbsp;Concert will take place on January 1st 2024 at 7 p.m. at the Jan\u00e1\u010dek Theatre. &nbsp; We are very sorry for the inconvenience&hellip;<\/p>\n<\/div>\n\t\n<\/div><\/article><\/div><div class=\"hidden wf-cell category-69 category-104\" data-post-id=\"22014\" data-date=\"2023-06-08T11:07:54+02:00\" data-name=\"Filharmonie Brno\u2019s Exposition of New Music Will Start Next Tuesday\"><article class=\"post project-odd visible post-22014 type-post status-publish format-standard has-post-thumbnail hentry category-uncategorized category-press-reviews category-69 category-104\" data-name=\"Filharmonie Brno\u2019s Exposition of New Music Will Start Next Tuesday\" data-date=\"2023-06-08T11:07:54+02:00\">\n\n<div class=\"post-thumbnail-wrap\">\n\t<div class=\"post-thumbnail\">\n\t\t\n\t\t\n\t\t<a href=\"https:\/\/brno-filharmonie.cz\/en\/filharmonie-brnos-exposition-of-new-music-will-start-next-tuesday\/\" class=\"post-thumbnail-rollover layzr-bg layzr-bg\" ><img loading=\"lazy\" decoding=\"async\" class=\"iso-lazy-load preload-me iso-lazy-load\" src=\"data:image\/svg+xml,%3Csvg%20xmlns%3D&#39;http%3A%2F%2Fwww.w3.org%2F2000%2Fsvg&#39;%20viewBox%3D&#39;0%200%20768%20512&#39;%2F%3E\" data-src=\"https:\/\/brno-filharmonie.cz\/wp-content\/uploads\/2023\/06\/Pavel-Zlamal-c-Lukas-Vesely-1-768x512.jpg\" data-srcset=\"https:\/\/brno-filharmonie.cz\/wp-content\/uploads\/2023\/06\/Pavel-Zlamal-c-Lukas-Vesely-1-768x512.jpg 768w, https:\/\/brno-filharmonie.cz\/wp-content\/uploads\/2023\/06\/Pavel-Zlamal-c-Lukas-Vesely-1-1152x768.jpg 1152w\" alt=\"\" title=\"Pavel Zl\u00e1mal (c) Luk\u00e1\u0161 Vesel\u00fd\" width=\"768\" height=\"512\"  \/><\/a>\t<\/div>\n<\/div>\n\n\n<div class=\"post-entry-content\">\n\n\t<h3 class=\"entry-title\">\n\t\t<a href=\"https:\/\/brno-filharmonie.cz\/en\/filharmonie-brnos-exposition-of-new-music-will-start-next-tuesday\/\" title=\"Filharmonie Brno\u2019s Exposition of New Music Will Start Next Tuesday\" rel=\"bookmark\">Filharmonie Brno\u2019s Exposition of New Music Will Start Next Tuesday<\/a>\n\t<\/h3>\n\n\t<div class=\"entry-meta\"><span class=\"category-link\"><a href=\"https:\/\/brno-filharmonie.cz\/en\/category\/uncategorized\/\" >News<\/a>, <a href=\"https:\/\/brno-filharmonie.cz\/en\/category\/press-reviews\/\" >Press reviews<\/a><\/span><\/div>\n\t<div class=\"entry-excerpt\"><p>Brno Daily, 8.&nbsp;6.&nbsp;2023 Filharmonie Brno\u2019s Exposition of New Music Will Start Next Tuesday &nbsp;<\/p>\n<\/div>\n\t\n<\/div><\/article><\/div><div class=\"hidden wf-cell category-69 category-104\" data-post-id=\"21756\" data-date=\"2023-05-24T13:37:20+02:00\" data-name=\"14th Edition of Brno Mozart\u2019s Children Festival Starts Next Monday\"><article class=\"post project-odd visible post-21756 type-post status-publish format-standard has-post-thumbnail hentry category-uncategorized category-press-reviews category-69 category-104\" data-name=\"14th Edition of Brno Mozart\u2019s Children Festival Starts Next Monday\" data-date=\"2023-05-24T13:37:20+02:00\">\n\n<div class=\"post-thumbnail-wrap\">\n\t<div class=\"post-thumbnail\">\n\t\t\n\t\t\n\t\t<a href=\"https:\/\/brno-filharmonie.cz\/en\/14th-edition-of-brno-mozarts-children-festival-starts-next-monday\/\" class=\"post-thumbnail-rollover layzr-bg layzr-bg\" ><img loading=\"lazy\" decoding=\"async\" class=\"iso-lazy-load preload-me iso-lazy-load\" src=\"data:image\/svg+xml,%3Csvg%20xmlns%3D&#39;http%3A%2F%2Fwww.w3.org%2F2000%2Fsvg&#39;%20viewBox%3D&#39;0%200%20768%20512&#39;%2F%3E\" data-src=\"https:\/\/brno-filharmonie.cz\/wp-content\/uploads\/2023\/05\/Mozartovy-deti-1-768x512.jpg\" data-srcset=\"https:\/\/brno-filharmonie.cz\/wp-content\/uploads\/2023\/05\/Mozartovy-deti-1-768x512.jpg 768w, https:\/\/brno-filharmonie.cz\/wp-content\/uploads\/2023\/05\/Mozartovy-deti-1-1152x768.jpg 1152w\" alt=\"\" title=\"Mozartovy deti\" width=\"768\" height=\"512\"  \/><\/a>\t<\/div>\n<\/div>\n\n\n<div class=\"post-entry-content\">\n\n\t<h3 class=\"entry-title\">\n\t\t<a href=\"https:\/\/brno-filharmonie.cz\/en\/14th-edition-of-brno-mozarts-children-festival-starts-next-monday\/\" title=\"14th Edition of Brno Mozart\u2019s Children Festival Starts Next Monday\" rel=\"bookmark\">14th Edition of Brno Mozart\u2019s Children Festival Starts Next Monday<\/a>\n\t<\/h3>\n\n\t<div class=\"entry-meta\"><span class=\"category-link\"><a href=\"https:\/\/brno-filharmonie.cz\/en\/category\/uncategorized\/\" >News<\/a>, <a href=\"https:\/\/brno-filharmonie.cz\/en\/category\/press-reviews\/\" >Press reviews<\/a><\/span><\/div>\n\t<div class=\"entry-excerpt\"><p>Brno Daily, May 24, 2023 The aim of the Mozart\u2019s Children festival is to introduce children to music in a playful way, while offering young talents the opportunity to play in a professional orchestra. Photo credit: Filharmonie Brno.\u00a0 Brno, May 24 \u2013 Starting next week, the 14th Mozart\u2019s Children festival will be held in Brno.&hellip;<\/p>\n<\/div>\n\t\n<\/div><\/article><\/div><div class=\"hidden wf-cell category-69 category-104\" data-post-id=\"21273\" data-date=\"2023-05-07T21:08:23+02:00\" data-name=\"Filharmonie Brno Announces Programme For Its 68th Season\"><article class=\"post project-odd visible post-21273 type-post status-publish format-standard has-post-thumbnail hentry category-uncategorized category-press-reviews category-69 category-104\" data-name=\"Filharmonie Brno Announces Programme For Its 68th Season\" data-date=\"2023-05-07T21:08:23+02:00\">\n\n<div class=\"post-thumbnail-wrap\">\n\t<div class=\"post-thumbnail\">\n\t\t\n\t\t\n\t\t<a href=\"https:\/\/brno-filharmonie.cz\/en\/filharmonie-brno-announces-programme-for-its-68th-season\/\" class=\"post-thumbnail-rollover layzr-bg layzr-bg\" ><img loading=\"lazy\" decoding=\"async\" class=\"iso-lazy-load preload-me iso-lazy-load\" src=\"data:image\/svg+xml,%3Csvg%20xmlns%3D&#39;http%3A%2F%2Fwww.w3.org%2F2000%2Fsvg&#39;%20viewBox%3D&#39;0%200%20768%20512&#39;%2F%3E\" data-src=\"https:\/\/brno-filharmonie.cz\/wp-content\/uploads\/2023\/04\/KOMORNI\u0301-768x512.jpg\" data-srcset=\"https:\/\/brno-filharmonie.cz\/wp-content\/uploads\/2023\/04\/KOMORNI\u0301-768x512.jpg 768w, https:\/\/brno-filharmonie.cz\/wp-content\/uploads\/2023\/04\/KOMORNI\u0301-1152x768.jpg 1152w\" alt=\"\" title=\"KOMORNI\u0301\" width=\"768\" height=\"512\"  \/><\/a>\t<\/div>\n<\/div>\n\n\n<div class=\"post-entry-content\">\n\n\t<h3 class=\"entry-title\">\n\t\t<a href=\"https:\/\/brno-filharmonie.cz\/en\/filharmonie-brno-announces-programme-for-its-68th-season\/\" title=\"Filharmonie Brno Announces Programme For Its 68th Season\" rel=\"bookmark\">Filharmonie Brno Announces Programme For Its 68th Season<\/a>\n\t<\/h3>\n\n\t<div class=\"entry-meta\"><span class=\"category-link\"><a href=\"https:\/\/brno-filharmonie.cz\/en\/category\/uncategorized\/\" >News<\/a>, <a href=\"https:\/\/brno-filharmonie.cz\/en\/category\/press-reviews\/\" >Press reviews<\/a><\/span><\/div>\n\t<div class=\"entry-excerpt\"><p>Brno Daily, May 7, 2023 &nbsp; The orchestra will begin the new season on 14 September with Mahler\u2019s Symphony No. 2 \u201cResurrection\u201d under the baton of chief conductor Dennis Russell Davies. Photo credit: Filharmonie Brno. Brno, 7 May (BD) \u2013 Filharmonie Brno has presented plans for its 68th season, including established masterpieces, dramaturgical discoveries, and&hellip;<\/p>\n<\/div>\n\t\n<\/div><\/article><\/div><div class=\"hidden wf-cell category-69 category-73\" data-post-id=\"21344\" data-date=\"2023-05-03T11:14:21+02:00\" data-name=\"Masterpieces, dramaturgical discoveries and the Year of Czech Music. Filharmonie Brno enters its 68th season with unconventional projects featuring Czech composers, and new options for subscribers\"><article class=\"post project-odd visible post-21344 type-post status-publish format-standard has-post-thumbnail hentry category-uncategorized category-press-releases category-69 category-73\" data-name=\"Masterpieces, dramaturgical discoveries and the Year of Czech Music. Filharmonie Brno enters its 68th season with unconventional projects featuring Czech composers, and new options for subscribers\" data-date=\"2023-05-03T11:14:21+02:00\">\n\n<div class=\"post-thumbnail-wrap\">\n\t<div class=\"post-thumbnail\">\n\t\t\n\t\t\n\t\t<a href=\"https:\/\/brno-filharmonie.cz\/en\/masterpieces-dramaturgical-discoveries-and-the-year-of-czech-music-filharmonie-brno-enters-its-68th-season-with-unconventional-projects-featuring-czech-composers-and-new-options-for-subscribers\/\" class=\"post-thumbnail-rollover layzr-bg layzr-bg\" ><img loading=\"lazy\" decoding=\"async\" class=\"iso-lazy-load preload-me iso-lazy-load\" src=\"data:image\/svg+xml,%3Csvg%20xmlns%3D&#39;http%3A%2F%2Fwww.w3.org%2F2000%2Fsvg&#39;%20viewBox%3D&#39;0%200%20768%20512&#39;%2F%3E\" data-src=\"https:\/\/brno-filharmonie.cz\/wp-content\/uploads\/2022\/10\/Filharmonie-Brno-s-sefdirigentem-Daviesem-768x512.jpg\" data-srcset=\"https:\/\/brno-filharmonie.cz\/wp-content\/uploads\/2022\/10\/Filharmonie-Brno-s-sefdirigentem-Daviesem-768x512.jpg 768w, https:\/\/brno-filharmonie.cz\/wp-content\/uploads\/2022\/10\/Filharmonie-Brno-s-sefdirigentem-Daviesem-1152x768.jpg 1152w\" alt=\"\" title=\"Filharmonie Brno s&nbsp;\u0161\u00e9fdirigentem Daviesem\" width=\"768\" height=\"512\"  \/><\/a>\t<\/div>\n<\/div>\n\n\n<div class=\"post-entry-content\">\n\n\t<h3 class=\"entry-title\">\n\t\t<a href=\"https:\/\/brno-filharmonie.cz\/en\/masterpieces-dramaturgical-discoveries-and-the-year-of-czech-music-filharmonie-brno-enters-its-68th-season-with-unconventional-projects-featuring-czech-composers-and-new-options-for-subscribers\/\" title=\"Masterpieces, dramaturgical discoveries and the Year of Czech Music. Filharmonie Brno enters its 68th season with unconventional projects featuring Czech composers, and new options for subscribers\" rel=\"bookmark\">Masterpieces, dramaturgical discoveries and the Year of Czech Music. Filharmonie Brno enters its 68th season with unconventional projects featuring Czech composers, and new options for subscribers<\/a>\n\t<\/h3>\n\n\t<div class=\"entry-meta\"><span class=\"category-link\"><a href=\"https:\/\/brno-filharmonie.cz\/en\/category\/uncategorized\/\" >News<\/a>, <a href=\"https:\/\/brno-filharmonie.cz\/en\/category\/press-releases\/\" >Press releases<\/a><\/span><\/div>\n\t<div class=\"entry-excerpt\"><p>PRESS RELEASE\u00a0 \u00a0 \u00a0 \u00a0 \u00a0 \u00a0 Brno, 3.&nbsp;5.&nbsp;2023 A Year of Czech Music, but interestingly done. Careful attention to unfairly neglected composers. Great monumental symphonies. The marking of important anniversaries. Filharmonie Brno is introducing its 68th season, which continues its approach of many years, while introducing new features for subscribers. The orchestra begins its&hellip;<\/p>\n<\/div>\n\t\n<\/div><\/article><\/div><div class=\"hidden wf-cell category-69 category-104\" data-post-id=\"21144\" data-date=\"2023-04-28T14:09:07+02:00\" data-name=\"Besedn\u00ed D\u016fm Celebrates 150th Anniversary With Two-Week Festival Starting Monday\"><article class=\"post project-odd visible post-21144 type-post status-publish format-standard has-post-thumbnail hentry category-uncategorized category-press-reviews category-69 category-104\" data-name=\"Besedn\u00ed D\u016fm Celebrates 150th Anniversary With Two-Week Festival Starting Monday\" data-date=\"2023-04-28T14:09:07+02:00\">\n\n<div class=\"post-thumbnail-wrap\">\n\t<div class=\"post-thumbnail\">\n\t\t\n\t\t\n\t\t<a href=\"https:\/\/brno-filharmonie.cz\/en\/besedni-dum-celebrates-150th-anniversary-with-two-week-festival-starting-monday\/\" class=\"post-thumbnail-rollover layzr-bg layzr-bg\" ><img loading=\"lazy\" decoding=\"async\" class=\"iso-lazy-load preload-me iso-lazy-load\" src=\"data:image\/svg+xml,%3Csvg%20xmlns%3D&#39;http%3A%2F%2Fwww.w3.org%2F2000%2Fsvg&#39;%20viewBox%3D&#39;0%200%20768%20512&#39;%2F%3E\" data-src=\"https:\/\/brno-filharmonie.cz\/wp-content\/uploads\/2023\/04\/pohlednice-s-Besednim-domem-zdroj-Archiv-mesta-Brna-scaled-768x512.jpg\" data-srcset=\"https:\/\/brno-filharmonie.cz\/wp-content\/uploads\/2023\/04\/pohlednice-s-Besednim-domem-zdroj-Archiv-mesta-Brna-scaled-768x512.jpg 768w, https:\/\/brno-filharmonie.cz\/wp-content\/uploads\/2023\/04\/pohlednice-s-Besednim-domem-zdroj-Archiv-mesta-Brna-scaled-1152x768.jpg 1152w\" alt=\"\" title=\"pohlednice s&nbsp;Besedn\u00edm domem zdroj Archiv m\u011bsta Brna\" width=\"768\" height=\"512\"  \/><\/a>\t<\/div>\n<\/div>\n\n\n<div class=\"post-entry-content\">\n\n\t<h3 class=\"entry-title\">\n\t\t<a href=\"https:\/\/brno-filharmonie.cz\/en\/besedni-dum-celebrates-150th-anniversary-with-two-week-festival-starting-monday\/\" title=\"Besedn\u00ed D\u016fm Celebrates 150th Anniversary With Two-Week Festival Starting Monday\" rel=\"bookmark\">Besedn\u00ed D\u016fm Celebrates 150th Anniversary With Two-Week Festival Starting Monday<\/a>\n\t<\/h3>\n\n\t<div class=\"entry-meta\"><span class=\"category-link\"><a href=\"https:\/\/brno-filharmonie.cz\/en\/category\/uncategorized\/\" >News<\/a>, <a href=\"https:\/\/brno-filharmonie.cz\/en\/category\/press-reviews\/\" >Press reviews<\/a><\/span><\/div>\n\t<div class=\"entry-excerpt\"><p>Brno Daily, 28.&nbsp;4.&nbsp;2023 &nbsp; Brno, April 28 (BD) \u2013 A two-week celebration begins on Monday for the 150th anniversary of Brno\u2019s Besedn\u00ed d\u016fm, complete with guided educational tours, conferences, an exhibition and numerous concerts, which will recall the style of 1783, when Besedn\u00ed d\u016fm was established as the cultural and social centre of German Brno&hellip;<\/p>\n<\/div>\n\t\n<\/div><\/article><\/div><div class=\"hidden wf-cell category-104 category-69\" data-post-id=\"20531\" data-date=\"2023-02-28T11:43:15+01:00\" data-name=\"Filharmonie Brno on a tour with Laurie Anderson\"><article class=\"post project-odd visible post-20531 type-post status-publish format-standard has-post-thumbnail hentry category-press-reviews category-uncategorized category-104 category-69\" data-name=\"Filharmonie Brno on a tour with Laurie Anderson\" data-date=\"2023-02-28T11:43:15+01:00\">\n\n<div class=\"post-thumbnail-wrap\">\n\t<div class=\"post-thumbnail\">\n\t\t\n\t\t\n\t\t<a href=\"https:\/\/brno-filharmonie.cz\/en\/filharmonie-brno-na-turne-s-laurie-anderson\/\" class=\"post-thumbnail-rollover layzr-bg layzr-bg\" ><img loading=\"lazy\" decoding=\"async\" class=\"iso-lazy-load preload-me iso-lazy-load\" src=\"data:image\/svg+xml,%3Csvg%20xmlns%3D&#39;http%3A%2F%2Fwww.w3.org%2F2000%2Fsvg&#39;%20viewBox%3D&#39;0%200%20768%20512&#39;%2F%3E\" data-src=\"https:\/\/brno-filharmonie.cz\/wp-content\/uploads\/2023\/02\/Laurie-Anderson-768x512.jpg\" data-srcset=\"https:\/\/brno-filharmonie.cz\/wp-content\/uploads\/2023\/02\/Laurie-Anderson-768x512.jpg 768w, https:\/\/brno-filharmonie.cz\/wp-content\/uploads\/2023\/02\/Laurie-Anderson-1152x768.jpg 1152w\" alt=\"\" title=\"Laurie Anderson\" width=\"768\" height=\"512\"  \/><\/a>\t<\/div>\n<\/div>\n\n\n<div class=\"post-entry-content\">\n\n\t<h3 class=\"entry-title\">\n\t\t<a href=\"https:\/\/brno-filharmonie.cz\/en\/filharmonie-brno-na-turne-s-laurie-anderson\/\" title=\"Filharmonie Brno on a tour with Laurie Anderson\" rel=\"bookmark\">Filharmonie Brno on a tour with Laurie Anderson<\/a>\n\t<\/h3>\n\n\t<div class=\"entry-meta\"><span class=\"category-link\"><a href=\"https:\/\/brno-filharmonie.cz\/en\/category\/press-reviews\/\" >Press reviews<\/a>, <a href=\"https:\/\/brno-filharmonie.cz\/en\/category\/uncategorized\/\" >News<\/a><\/span><\/div>\n\t<div class=\"entry-excerpt\"><p>\u010cesk\u00e1 televize, Ud\u00e1losti v&nbsp;kultu\u0159e<\/p>\n<\/div>\n\t\n<\/div><\/article><\/div><div class=\"hidden wf-cell category-69 category-73\" data-post-id=\"20554\" data-date=\"2023-02-24T13:58:58+01:00\" data-name=\"Filharmonie Brno returns from its American tour after thrilling American audiences with Czech music\"><article class=\"post project-odd visible post-20554 type-post status-publish format-standard has-post-thumbnail hentry category-uncategorized category-press-releases category-69 category-73\" data-name=\"Filharmonie Brno returns from its American tour after thrilling American audiences with Czech music\" data-date=\"2023-02-24T13:58:58+01:00\">\n\n<div class=\"post-thumbnail-wrap\">\n\t<div class=\"post-thumbnail\">\n\t\t\n\t\t\n\t\t<a href=\"https:\/\/brno-filharmonie.cz\/en\/filharmonie-brno-returns-from-its-american-tour-after-thrilling-american-audiences-with-czech-music\/\" class=\"post-thumbnail-rollover layzr-bg layzr-bg\" ><img loading=\"lazy\" decoding=\"async\" class=\"iso-lazy-load preload-me iso-lazy-load\" src=\"data:image\/svg+xml,%3Csvg%20xmlns%3D&#39;http%3A%2F%2Fwww.w3.org%2F2000%2Fsvg&#39;%20viewBox%3D&#39;0%200%20768%20512&#39;%2F%3E\" data-src=\"https:\/\/brno-filharmonie.cz\/wp-content\/uploads\/2023\/02\/Filharmonie-Brno_zkouska-Carnegie-Hall-768x512.jpg\" data-srcset=\"https:\/\/brno-filharmonie.cz\/wp-content\/uploads\/2023\/02\/Filharmonie-Brno_zkouska-Carnegie-Hall-768x512.jpg 768w, https:\/\/brno-filharmonie.cz\/wp-content\/uploads\/2023\/02\/Filharmonie-Brno_zkouska-Carnegie-Hall-843x562.jpg 843w\" alt=\"\" title=\"Filharmonie Brno_zkou\u0161ka Carnegie Hall\" width=\"768\" height=\"512\"  \/><\/a>\t<\/div>\n<\/div>\n\n\n<div class=\"post-entry-content\">\n\n\t<h3 class=\"entry-title\">\n\t\t<a href=\"https:\/\/brno-filharmonie.cz\/en\/filharmonie-brno-returns-from-its-american-tour-after-thrilling-american-audiences-with-czech-music\/\" title=\"Filharmonie Brno returns from its American tour after thrilling American audiences with Czech music\" rel=\"bookmark\">Filharmonie Brno returns from its American tour after thrilling American audiences with Czech music<\/a>\n\t<\/h3>\n\n\t<div class=\"entry-meta\"><span class=\"category-link\"><a href=\"https:\/\/brno-filharmonie.cz\/en\/category\/uncategorized\/\" >News<\/a>, <a href=\"https:\/\/brno-filharmonie.cz\/en\/category\/press-releases\/\" >Press releases<\/a><\/span><\/div>\n\t<div class=\"entry-excerpt\"><p>PRESS RELEASE, Brno, 24.&nbsp;2.&nbsp;2023<\/p>\n<\/div>\n\t\n<\/div><\/article><\/div><div class=\"hidden wf-cell category-69 category-104\" data-post-id=\"20356\" data-date=\"2023-02-13T09:46:23+01:00\" data-name=\"Czech it out: Lubbock Symphony hosting renowned orchestra at Buddy Holly Hall\"><article class=\"post project-odd visible post-20356 type-post status-publish format-standard has-post-thumbnail hentry category-uncategorized category-press-reviews category-69 category-104\" data-name=\"Czech it out: Lubbock Symphony hosting renowned orchestra at Buddy Holly Hall\" data-date=\"2023-02-13T09:46:23+01:00\">\n\n<div class=\"post-thumbnail-wrap\">\n\t<div class=\"post-thumbnail\">\n\t\t\n\t\t\n\t\t<a href=\"https:\/\/brno-filharmonie.cz\/en\/czech-it-out-lubbock-symphony-hosting-renowned-orchestra-at-buddy-holly-hall\/\" class=\"post-thumbnail-rollover layzr-bg layzr-bg\" ><img loading=\"lazy\" decoding=\"async\" class=\"iso-lazy-load preload-me iso-lazy-load\" src=\"data:image\/svg+xml,%3Csvg%20xmlns%3D&#39;http%3A%2F%2Fwww.w3.org%2F2000%2Fsvg&#39;%20viewBox%3D&#39;0%200%20768%20512&#39;%2F%3E\" data-src=\"https:\/\/brno-filharmonie.cz\/wp-content\/uploads\/2023\/02\/Lubbock_hall-768x512.jpg\" data-srcset=\"https:\/\/brno-filharmonie.cz\/wp-content\/uploads\/2023\/02\/Lubbock_hall-768x512.jpg 768w, https:\/\/brno-filharmonie.cz\/wp-content\/uploads\/2023\/02\/Lubbock_hall-880x586.jpg 880w\" alt=\"\" title=\"Lubbock_hall\" width=\"768\" height=\"512\"  \/><\/a>\t<\/div>\n<\/div>\n\n\n<div class=\"post-entry-content\">\n\n\t<h3 class=\"entry-title\">\n\t\t<a href=\"https:\/\/brno-filharmonie.cz\/en\/czech-it-out-lubbock-symphony-hosting-renowned-orchestra-at-buddy-holly-hall\/\" title=\"Czech it out: Lubbock Symphony hosting renowned orchestra at Buddy Holly Hall\" rel=\"bookmark\">Czech it out: Lubbock Symphony hosting renowned orchestra at Buddy Holly Hall<\/a>\n\t<\/h3>\n\n\t<div class=\"entry-meta\"><span class=\"category-link\"><a href=\"https:\/\/brno-filharmonie.cz\/en\/category\/uncategorized\/\" >News<\/a>, <a href=\"https:\/\/brno-filharmonie.cz\/en\/category\/press-reviews\/\" >Press reviews<\/a><\/span><\/div>\n\t<div class=\"entry-excerpt\"><p>Lubbock Avalanche-Journal<\/p>\n<\/div>\n\t\n<\/div><\/article><\/div><div class=\"hidden wf-cell category-69 category-104\" data-post-id=\"20340\" data-date=\"2023-02-09T23:38:16+01:00\" data-name=\"Filharmonie Brno brings Czech fire and a belated Glass premiere to Carnegie\"><article class=\"post project-odd visible post-20340 type-post status-publish format-standard has-post-thumbnail hentry category-uncategorized category-press-reviews category-69 category-104\" data-name=\"Filharmonie Brno brings Czech fire and a belated Glass premiere to Carnegie\" data-date=\"2023-02-09T23:38:16+01:00\">\n\n<div class=\"post-thumbnail-wrap\">\n\t<div class=\"post-thumbnail\">\n\t\t\n\t\t\n\t\t<a href=\"https:\/\/brno-filharmonie.cz\/en\/filharmonie-brno-brings-czech-fire-and-a-belated-glass-premiere-to-carnegie\/\" class=\"post-thumbnail-rollover layzr-bg layzr-bg\" ><img loading=\"lazy\" decoding=\"async\" class=\"iso-lazy-load preload-me iso-lazy-load\" src=\"data:image\/svg+xml,%3Csvg%20xmlns%3D&#39;http%3A%2F%2Fwww.w3.org%2F2000%2Fsvg&#39;%20viewBox%3D&#39;0%200%20768%20512&#39;%2F%3E\" data-src=\"https:\/\/brno-filharmonie.cz\/wp-content\/uploads\/2023\/02\/328761540_1251481339058646_3837163868863679182_n-768x512.jpg\" data-srcset=\"https:\/\/brno-filharmonie.cz\/wp-content\/uploads\/2023\/02\/328761540_1251481339058646_3837163868863679182_n-768x512.jpg 768w, https:\/\/brno-filharmonie.cz\/wp-content\/uploads\/2023\/02\/328761540_1251481339058646_3837163868863679182_n-1152x768.jpg 1152w\" alt=\"\" title=\"Filharmonie Brno_Carnegie Hall\" width=\"768\" height=\"512\"  \/><\/a>\t<\/div>\n<\/div>\n\n\n<div class=\"post-entry-content\">\n\n\t<h3 class=\"entry-title\">\n\t\t<a href=\"https:\/\/brno-filharmonie.cz\/en\/filharmonie-brno-brings-czech-fire-and-a-belated-glass-premiere-to-carnegie\/\" title=\"Filharmonie Brno brings Czech fire and a belated Glass premiere to Carnegie\" rel=\"bookmark\">Filharmonie Brno brings Czech fire and a belated Glass premiere to Carnegie<\/a>\n\t<\/h3>\n\n\t<div class=\"entry-meta\"><span class=\"category-link\"><a href=\"https:\/\/brno-filharmonie.cz\/en\/category\/uncategorized\/\" >News<\/a>, <a href=\"https:\/\/brno-filharmonie.cz\/en\/category\/press-reviews\/\" >Press reviews<\/a><\/span><\/div>\n\t<div class=\"entry-excerpt\"><p>New York Classical Review, New Sounds, Brno Daily<\/p>\n<\/div>\n\t\n<\/div><\/article><\/div><div class=\"hidden wf-cell category-69 category-73\" data-post-id=\"20327\" data-date=\"2023-02-09T10:12:30+01:00\" data-name=\"Filharmonie Brno received standing ovation at Carnegie Hall. Philip Glass thanked the orchestra.\"><article class=\"post project-odd visible post-20327 type-post status-publish format-standard has-post-thumbnail hentry category-uncategorized category-press-releases category-69 category-73\" data-name=\"Filharmonie Brno received standing ovation at Carnegie Hall. Philip Glass thanked the orchestra.\" data-date=\"2023-02-09T10:12:30+01:00\">\n\n<div class=\"post-thumbnail-wrap\">\n\t<div class=\"post-thumbnail\">\n\t\t\n\t\t\n\t\t<a href=\"https:\/\/brno-filharmonie.cz\/en\/filharmonie-brno-zvedla-ze-sedadel-celou-carnegie-hall-podekoval-ji-primo-philip-glass\/\" class=\"post-thumbnail-rollover layzr-bg layzr-bg\" ><img loading=\"lazy\" decoding=\"async\" class=\"iso-lazy-load preload-me iso-lazy-load\" src=\"data:image\/svg+xml,%3Csvg%20xmlns%3D&#39;http%3A%2F%2Fwww.w3.org%2F2000%2Fsvg&#39;%20viewBox%3D&#39;0%200%20768%20512&#39;%2F%3E\" data-src=\"https:\/\/brno-filharmonie.cz\/wp-content\/uploads\/2023\/02\/Angelique-Kidjo-Philip-Glass-Dennis-R.-Davies-768x512.jpg\" data-srcset=\"https:\/\/brno-filharmonie.cz\/wp-content\/uploads\/2023\/02\/Angelique-Kidjo-Philip-Glass-Dennis-R.-Davies-768x512.jpg 768w, https:\/\/brno-filharmonie.cz\/wp-content\/uploads\/2023\/02\/Angelique-Kidjo-Philip-Glass-Dennis-R.-Davies-1152x768.jpg 1152w\" alt=\"\" title=\"Angelique Kidjo, Philip Glass, Dennis R. Davies\" width=\"768\" height=\"512\"  \/><\/a>\t<\/div>\n<\/div>\n\n\n<div class=\"post-entry-content\">\n\n\t<h3 class=\"entry-title\">\n\t\t<a href=\"https:\/\/brno-filharmonie.cz\/en\/filharmonie-brno-zvedla-ze-sedadel-celou-carnegie-hall-podekoval-ji-primo-philip-glass\/\" title=\"Filharmonie Brno received standing ovation at Carnegie Hall. Philip Glass thanked the orchestra.\" rel=\"bookmark\">Filharmonie Brno received standing ovation at Carnegie Hall. Philip Glass thanked the orchestra.<\/a>\n\t<\/h3>\n\n\t<div class=\"entry-meta\"><span class=\"category-link\"><a href=\"https:\/\/brno-filharmonie.cz\/en\/category\/uncategorized\/\" >News<\/a>, <a href=\"https:\/\/brno-filharmonie.cz\/en\/category\/press-releases\/\" >Press releases<\/a><\/span><\/div>\n\t<div class=\"entry-excerpt\"><p>Press Release\u00a0 \u00a0 \u00a0 \u00a0 Brno, Czech Republic, February 9th, 2023<\/p>\n<\/div>\n\t\n<\/div><\/article><\/div><div class=\"hidden wf-cell category-69 category-104\" data-post-id=\"20293\" data-date=\"2023-02-08T10:32:13+01:00\" data-name=\"Concert at the Czech Centre New York\"><article class=\"post project-odd visible post-20293 type-post status-publish format-standard has-post-thumbnail hentry category-uncategorized category-press-reviews category-69 category-104\" data-name=\"Concert at the Czech Centre New York\" data-date=\"2023-02-08T10:32:13+01:00\">\n\n<div class=\"post-thumbnail-wrap\">\n\t<div class=\"post-thumbnail\">\n\t\t\n\t\t\n\t\t<a href=\"https:\/\/brno-filharmonie.cz\/en\/concert-at-the-czech-centre-new-york\/\" class=\"post-thumbnail-rollover layzr-bg layzr-bg\" ><img loading=\"lazy\" decoding=\"async\" class=\"iso-lazy-load preload-me iso-lazy-load\" src=\"data:image\/svg+xml,%3Csvg%20xmlns%3D&#39;http%3A%2F%2Fwww.w3.org%2F2000%2Fsvg&#39;%20viewBox%3D&#39;0%200%20768%20512&#39;%2F%3E\" data-src=\"https:\/\/brno-filharmonie.cz\/wp-content\/uploads\/2023\/02\/Filharmonie-Brno_Czech-Centre-new-York-768x512.jpg\" data-srcset=\"https:\/\/brno-filharmonie.cz\/wp-content\/uploads\/2023\/02\/Filharmonie-Brno_Czech-Centre-new-York-768x512.jpg 768w, https:\/\/brno-filharmonie.cz\/wp-content\/uploads\/2023\/02\/Filharmonie-Brno_Czech-Centre-new-York-1152x768.jpg 1152w\" alt=\"\" title=\"Filharmonie Brno_Czech Centre new York\" width=\"768\" height=\"512\"  \/><\/a>\t<\/div>\n<\/div>\n\n\n<div class=\"post-entry-content\">\n\n\t<h3 class=\"entry-title\">\n\t\t<a href=\"https:\/\/brno-filharmonie.cz\/en\/concert-at-the-czech-centre-new-york\/\" title=\"Concert at the Czech Centre New York\" rel=\"bookmark\">Concert at the Czech Centre New York<\/a>\n\t<\/h3>\n\n\t<div class=\"entry-meta\"><span class=\"category-link\"><a href=\"https:\/\/brno-filharmonie.cz\/en\/category\/uncategorized\/\" >News<\/a>, <a href=\"https:\/\/brno-filharmonie.cz\/en\/category\/press-reviews\/\" >Press reviews<\/a><\/span><\/div>\n\t<div class=\"entry-excerpt\"><p>Filharmonie Brno, 8.&nbsp;2.&nbsp;2023<\/p>\n<\/div>\n\t\n<\/div><\/article><\/div><div class=\"hidden wf-cell category-69 category-104\" data-post-id=\"20291\" data-date=\"2023-02-07T12:15:57+01:00\" data-name=\"Philip Glass: Symphony No. 12, &quot;Lodger&quot; at Carnegie Hall\"><article class=\"post project-odd visible post-20291 type-post status-publish format-standard has-post-thumbnail hentry category-uncategorized category-press-reviews category-69 category-104\" data-name=\"Philip Glass: Symphony No. 12, &#8220;Lodger&#8221; at Carnegie Hall\" data-date=\"2023-02-07T12:15:57+01:00\">\n\n<div class=\"post-thumbnail-wrap\">\n\t<div class=\"post-thumbnail\">\n\t\t\n\t\t\n\t\t<a href=\"https:\/\/brno-filharmonie.cz\/en\/philip-glass-symphony-no-12-lodger-at-carnegie-hall\/\" class=\"post-thumbnail-rollover layzr-bg layzr-bg\" ><img loading=\"lazy\" decoding=\"async\" class=\"iso-lazy-load preload-me iso-lazy-load\" src=\"data:image\/svg+xml,%3Csvg%20xmlns%3D&#39;http%3A%2F%2Fwww.w3.org%2F2000%2Fsvg&#39;%20viewBox%3D&#39;0%200%20768%20512&#39;%2F%3E\" data-src=\"https:\/\/brno-filharmonie.cz\/wp-content\/uploads\/2023\/01\/Filharmonie-Brno_US-Tour-768x512.jpg\" data-srcset=\"https:\/\/brno-filharmonie.cz\/wp-content\/uploads\/2023\/01\/Filharmonie-Brno_US-Tour-768x512.jpg 768w, https:\/\/brno-filharmonie.cz\/wp-content\/uploads\/2023\/01\/Filharmonie-Brno_US-Tour-931x621.jpg 931w\" alt=\"\" title=\"Filharmonie Brno_US Tour\" width=\"768\" height=\"512\"  \/><\/a>\t<\/div>\n<\/div>\n\n\n<div class=\"post-entry-content\">\n\n\t<h3 class=\"entry-title\">\n\t\t<a href=\"https:\/\/brno-filharmonie.cz\/en\/philip-glass-symphony-no-12-lodger-at-carnegie-hall\/\" title=\"Philip Glass: Symphony No. 12, &#8220;Lodger&#8221; at Carnegie Hall\" rel=\"bookmark\">Philip Glass: Symphony No. 12, &#8220;Lodger&#8221; at Carnegie Hall<\/a>\n\t<\/h3>\n\n\t<div class=\"entry-meta\"><span class=\"category-link\"><a href=\"https:\/\/brno-filharmonie.cz\/en\/category\/uncategorized\/\" >News<\/a>, <a href=\"https:\/\/brno-filharmonie.cz\/en\/category\/press-reviews\/\" >Press reviews<\/a><\/span><\/div>\n\t<div class=\"entry-excerpt\"><p>New Sounds<\/p>\n<\/div>\n\t\n<\/div><\/article><\/div><div class=\"hidden wf-cell category-104 category-69\" data-post-id=\"20217\" data-date=\"2023-01-30T11:22:27+01:00\" data-name=\"Flying High With Legendary Aviator\"><article class=\"post project-odd visible post-20217 type-post status-publish format-standard has-post-thumbnail hentry category-press-reviews category-uncategorized category-104 category-69\" data-name=\"Flying High With Legendary Aviator\" data-date=\"2023-01-30T11:22:27+01:00\">\n\n<div class=\"post-thumbnail-wrap\">\n\t<div class=\"post-thumbnail\">\n\t\t\n\t\t\n\t\t<a href=\"https:\/\/brno-filharmonie.cz\/en\/flying-high-with-legendary-aviator\/\" class=\"post-thumbnail-rollover layzr-bg layzr-bg\" ><img loading=\"lazy\" decoding=\"async\" class=\"iso-lazy-load preload-me iso-lazy-load\" src=\"data:image\/svg+xml,%3Csvg%20xmlns%3D&#39;http%3A%2F%2Fwww.w3.org%2F2000%2Fsvg&#39;%20viewBox%3D&#39;0%200%20768%20512&#39;%2F%3E\" data-src=\"https:\/\/brno-filharmonie.cz\/wp-content\/uploads\/2023\/01\/Czech-Orchestra-to-Celebrate-Local-Hero-4-768x512.jpg\" data-srcset=\"https:\/\/brno-filharmonie.cz\/wp-content\/uploads\/2023\/01\/Czech-Orchestra-to-Celebrate-Local-Hero-4-768x512.jpg 768w, https:\/\/brno-filharmonie.cz\/wp-content\/uploads\/2023\/01\/Czech-Orchestra-to-Celebrate-Local-Hero-4-880x587.jpg 880w\" alt=\"\" title=\"Czech Orchestra to Celebrate Local Hero\" width=\"768\" height=\"512\"  \/><\/a>\t<\/div>\n<\/div>\n\n\n<div class=\"post-entry-content\">\n\n\t<h3 class=\"entry-title\">\n\t\t<a href=\"https:\/\/brno-filharmonie.cz\/en\/flying-high-with-legendary-aviator\/\" title=\"Flying High With Legendary Aviator\" rel=\"bookmark\">Flying High With Legendary Aviator<\/a>\n\t<\/h3>\n\n\t<div class=\"entry-meta\"><span class=\"category-link\"><a href=\"https:\/\/brno-filharmonie.cz\/en\/category\/press-reviews\/\" >Press reviews<\/a>, <a href=\"https:\/\/brno-filharmonie.cz\/en\/category\/uncategorized\/\" >News<\/a><\/span><\/div>\n\t<div class=\"entry-excerpt\"><p>Harriman-Jewell Series, 30.&nbsp;1.&nbsp;2023 Flying High With Legendary Aviator<\/p>\n<\/div>\n\t\n<\/div><\/article><\/div><div class=\"hidden wf-cell category-69 category-104\" data-post-id=\"20238\" data-date=\"2023-01-27T10:11:32+01:00\" data-name=\"Filharmonie Brno Comes to Carnegie Hall Next Month\"><article class=\"post project-odd visible no-img post-20238 type-post status-publish format-standard hentry category-uncategorized category-press-reviews category-69 category-104\" data-name=\"Filharmonie Brno Comes to Carnegie Hall Next Month\" data-date=\"2023-01-27T10:11:32+01:00\">\n\n<div class=\"post-entry-content\">\n\n\t<h3 class=\"entry-title\">\n\t\t<a href=\"https:\/\/brno-filharmonie.cz\/en\/filharmonie-brno-comes-to-carnegie-hall-next-month\/\" title=\"Filharmonie Brno Comes to Carnegie Hall Next Month\" rel=\"bookmark\">Filharmonie Brno Comes to Carnegie Hall Next Month<\/a>\n\t<\/h3>\n\n\t<div class=\"entry-meta\"><span class=\"category-link\"><a href=\"https:\/\/brno-filharmonie.cz\/en\/category\/uncategorized\/\" >News<\/a>, <a href=\"https:\/\/brno-filharmonie.cz\/en\/category\/press-reviews\/\" >Press reviews<\/a><\/span><\/div>\n\t<div class=\"entry-excerpt\"><p>Broadway World<\/p>\n<\/div>\n\t\n<\/div><\/article><\/div><div class=\"hidden wf-cell category-69 category-104\" data-post-id=\"20165\" data-date=\"2023-01-23T14:27:58+01:00\" data-name=\"Filharmonie Brno Will Perform In Leipzig To Celebrate 50 Years of Twinning Agreement\"><article class=\"post project-odd visible post-20165 type-post status-publish format-standard has-post-thumbnail hentry category-uncategorized category-press-reviews category-69 category-104\" data-name=\"Filharmonie Brno Will Perform In Leipzig To Celebrate 50 Years of Twinning Agreement\" data-date=\"2023-01-23T14:27:58+01:00\">\n\n<div class=\"post-thumbnail-wrap\">\n\t<div class=\"post-thumbnail\">\n\t\t\n\t\t\n\t\t<a href=\"https:\/\/brno-filharmonie.cz\/en\/filharmonie-brno-will-perform-in-leipzig-to-celebrate-50-years-of-twinning-agreement\/\" class=\"post-thumbnail-rollover layzr-bg layzr-bg\" ><img loading=\"lazy\" decoding=\"async\" class=\"iso-lazy-load preload-me iso-lazy-load\" src=\"data:image\/svg+xml,%3Csvg%20xmlns%3D&#39;http%3A%2F%2Fwww.w3.org%2F2000%2Fsvg&#39;%20viewBox%3D&#39;0%200%20768%20512&#39;%2F%3E\" data-src=\"https:\/\/brno-filharmonie.cz\/wp-content\/uploads\/2022\/05\/Gewandhaus-768x512.png\" data-srcset=\"https:\/\/brno-filharmonie.cz\/wp-content\/uploads\/2022\/05\/Gewandhaus-768x512.png 768w, https:\/\/brno-filharmonie.cz\/wp-content\/uploads\/2022\/05\/Gewandhaus-1152x768.png 1152w\" alt=\"\" title=\"Gewandhaus\" width=\"768\" height=\"512\"  \/><\/a>\t<\/div>\n<\/div>\n\n\n<div class=\"post-entry-content\">\n\n\t<h3 class=\"entry-title\">\n\t\t<a href=\"https:\/\/brno-filharmonie.cz\/en\/filharmonie-brno-will-perform-in-leipzig-to-celebrate-50-years-of-twinning-agreement\/\" title=\"Filharmonie Brno Will Perform In Leipzig To Celebrate 50 Years of Twinning Agreement\" rel=\"bookmark\">Filharmonie Brno Will Perform In Leipzig To Celebrate 50 Years of Twinning Agreement<\/a>\n\t<\/h3>\n\n\t<div class=\"entry-meta\"><span class=\"category-link\"><a href=\"https:\/\/brno-filharmonie.cz\/en\/category\/uncategorized\/\" >News<\/a>, <a href=\"https:\/\/brno-filharmonie.cz\/en\/category\/press-reviews\/\" >Press reviews<\/a><\/span><\/div>\n\t<div class=\"entry-excerpt\"><p>Brno Daily<\/p>\n<\/div>\n\t\n<\/div><\/article><\/div><div class=\"hidden wf-cell category-69 category-73\" data-post-id=\"20128\" data-date=\"2023-01-06T13:34:35+01:00\" data-name=\"Filharmonie Brno is setting off on an American tour. They will play the New York premiere of Glass\u2018 Symphony No. 12, \u201cLodger\u201c in Carnegie Hall, with the author personally participating\"><article class=\"post project-odd visible post-20128 type-post status-publish format-standard has-post-thumbnail hentry category-uncategorized category-press-releases category-69 category-73\" data-name=\"Filharmonie Brno is setting off on an American tour. They will play the New York premiere of Glass\u2018 Symphony No. 12, \u201cLodger\u201c in Carnegie Hall, with the author personally participating\" data-date=\"2023-01-06T13:34:35+01:00\">\n\n<div class=\"post-thumbnail-wrap\">\n\t<div class=\"post-thumbnail\">\n\t\t\n\t\t\n\t\t<a href=\"https:\/\/brno-filharmonie.cz\/en\/filharmonie-brno-is-setting-off-on-an-american-tour-they-will-play-the-new-york-premiere-of-glass-symphony-no-12-lodger-in-carnegie-hall-with-the-author-personally-parti\/\" class=\"post-thumbnail-rollover layzr-bg layzr-bg\" ><img loading=\"lazy\" decoding=\"async\" class=\"iso-lazy-load preload-me iso-lazy-load\" src=\"data:image\/svg+xml,%3Csvg%20xmlns%3D&#39;http%3A%2F%2Fwww.w3.org%2F2000%2Fsvg&#39;%20viewBox%3D&#39;0%200%20768%20512&#39;%2F%3E\" data-src=\"https:\/\/brno-filharmonie.cz\/wp-content\/uploads\/2023\/01\/Filharmonie-Brno_US-Tour-768x512.jpg\" data-srcset=\"https:\/\/brno-filharmonie.cz\/wp-content\/uploads\/2023\/01\/Filharmonie-Brno_US-Tour-768x512.jpg 768w, https:\/\/brno-filharmonie.cz\/wp-content\/uploads\/2023\/01\/Filharmonie-Brno_US-Tour-931x621.jpg 931w\" alt=\"\" title=\"Filharmonie Brno_US Tour\" width=\"768\" height=\"512\"  \/><\/a>\t<\/div>\n<\/div>\n\n\n<div class=\"post-entry-content\">\n\n\t<h3 class=\"entry-title\">\n\t\t<a href=\"https:\/\/brno-filharmonie.cz\/en\/filharmonie-brno-is-setting-off-on-an-american-tour-they-will-play-the-new-york-premiere-of-glass-symphony-no-12-lodger-in-carnegie-hall-with-the-author-personally-parti\/\" title=\"Filharmonie Brno is setting off on an American tour. They will play the New York premiere of Glass\u2018 Symphony No. 12, \u201cLodger\u201c in Carnegie Hall, with the author personally participating\" rel=\"bookmark\">Filharmonie Brno is setting off on an American tour. They will play the New York premiere of Glass\u2018 Symphony No. 12, \u201cLodger\u201c in Carnegie Hall, with the author personally participating<\/a>\n\t<\/h3>\n\n\t<div class=\"entry-meta\"><span class=\"category-link\"><a href=\"https:\/\/brno-filharmonie.cz\/en\/category\/uncategorized\/\" >News<\/a>, <a href=\"https:\/\/brno-filharmonie.cz\/en\/category\/press-releases\/\" >Press releases<\/a><\/span><\/div>\n\t<div class=\"entry-excerpt\"><p>[vc_row][vc_column][vc_column_text]Press Release\u00a0 \u00a0 \u00a0 Brno, Czech Republic January 6th, 2023 Filharmonie Brno is setting off on an American tour. In February, they will play seven concerts in seven locations on the other side of the ocean, kicking off the tour in Carnegie Hall where they will perform the New York premiere of Symphony No. 12,&hellip;<\/p>\n<\/div>\n\t\n<\/div><\/article><\/div><div class=\"hidden wf-cell category-69 category-73\" data-post-id=\"19388\" data-date=\"2022-11-16T19:36:36+01:00\" data-name=\"Benjamin Yusupov to celebrate his birthday milestone in Brno. With three concerts and five premieres  \u00a0\"><article class=\"post project-odd visible post-19388 type-post status-publish format-standard has-post-thumbnail hentry category-uncategorized category-press-releases category-69 category-73\" data-name=\"Benjamin Yusupov to celebrate his birthday milestone in Brno. With three concerts and five premieres  \u00a0\" data-date=\"2022-11-16T19:36:36+01:00\">\n\n<div class=\"post-thumbnail-wrap\">\n\t<div class=\"post-thumbnail\">\n\t\t\n\t\t\n\t\t<a href=\"https:\/\/brno-filharmonie.cz\/en\/benjamin-yusupov-to-celebrate-his-birthday-milestone-in-brno-with-three-concerts-and-five-premieres\/\" class=\"post-thumbnail-rollover layzr-bg layzr-bg\" ><img loading=\"lazy\" decoding=\"async\" class=\"iso-lazy-load preload-me iso-lazy-load\" src=\"data:image\/svg+xml,%3Csvg%20xmlns%3D&#39;http%3A%2F%2Fwww.w3.org%2F2000%2Fsvg&#39;%20viewBox%3D&#39;0%200%20768%20512&#39;%2F%3E\" data-src=\"https:\/\/brno-filharmonie.cz\/wp-content\/uploads\/2022\/11\/Benjamin-Jusupov-v-Brne-v-roce-2014-1-768x512.jpg\" data-srcset=\"https:\/\/brno-filharmonie.cz\/wp-content\/uploads\/2022\/11\/Benjamin-Jusupov-v-Brne-v-roce-2014-1-768x512.jpg 768w, https:\/\/brno-filharmonie.cz\/wp-content\/uploads\/2022\/11\/Benjamin-Jusupov-v-Brne-v-roce-2014-1-800x533.jpg 800w\" alt=\"\" title=\"Benjamin Jusupov v&nbsp;Brn\u011b v&nbsp;roce 2014\" width=\"768\" height=\"512\"  \/><\/a>\t<\/div>\n<\/div>\n\n\n<div class=\"post-entry-content\">\n\n\t<h3 class=\"entry-title\">\n\t\t<a href=\"https:\/\/brno-filharmonie.cz\/en\/benjamin-yusupov-to-celebrate-his-birthday-milestone-in-brno-with-three-concerts-and-five-premieres\/\" title=\"Benjamin Yusupov to celebrate his birthday milestone in Brno. With three concerts and five premieres  \u00a0\" rel=\"bookmark\">Benjamin Yusupov to celebrate his birthday milestone in Brno. With three concerts and five premieres  \u00a0<\/a>\n\t<\/h3>\n\n\t<div class=\"entry-meta\"><span class=\"category-link\"><a href=\"https:\/\/brno-filharmonie.cz\/en\/category\/uncategorized\/\" >News<\/a>, <a href=\"https:\/\/brno-filharmonie.cz\/en\/category\/press-releases\/\" >Press releases<\/a><\/span><\/div>\n\t<div class=\"entry-excerpt\"><p>Press Release, 15.&nbsp;11.&nbsp;2022<\/p>\n<\/div>\n\t\n<\/div><\/article><\/div><div class=\"hidden wf-cell category-69 category-73\" data-post-id=\"19385\" data-date=\"2022-11-16T19:30:53+01:00\" data-name=\"Filharmonie Brno nominated for a prestigious ICMA award. We\u2019re competing for Album of the Year in the Contemporary Music category with Glass\u2019s Symphony No. 12 \u201cLodger\u201d\"><article class=\"post project-odd visible post-19385 type-post status-publish format-standard has-post-thumbnail hentry category-uncategorized category-press-releases category-69 category-73\" data-name=\"Filharmonie Brno nominated for a prestigious ICMA award. We\u2019re competing for Album of the Year in the Contemporary Music category with Glass\u2019s Symphony No. 12 \u201cLodger\u201d\" data-date=\"2022-11-16T19:30:53+01:00\">\n\n<div class=\"post-thumbnail-wrap\">\n\t<div class=\"post-thumbnail\">\n\t\t\n\t\t\n\t\t<a href=\"https:\/\/brno-filharmonie.cz\/en\/filharmonie-brno-nominated-for-a-prestigious-icma-award-were-competing-for-album-of-the-year-in-the-contemporary-music-category-with-glasss-symphony-no-12-lodger\/\" class=\"post-thumbnail-rollover layzr-bg layzr-bg\" ><img loading=\"lazy\" decoding=\"async\" class=\"iso-lazy-load preload-me iso-lazy-load\" src=\"data:image\/svg+xml,%3Csvg%20xmlns%3D&#39;http%3A%2F%2Fwww.w3.org%2F2000%2Fsvg&#39;%20viewBox%3D&#39;0%200%20511%20341&#39;%2F%3E\" data-src=\"https:\/\/brno-filharmonie.cz\/wp-content\/uploads\/2022\/11\/ICMA-Nomination-2023-reduced-511x341.jpg\" data-srcset=\"https:\/\/brno-filharmonie.cz\/wp-content\/uploads\/2022\/11\/ICMA-Nomination-2023-reduced-511x341.jpg 511w, https:\/\/brno-filharmonie.cz\/wp-content\/uploads\/2022\/11\/ICMA-Nomination-2023-reduced-511x340.jpg 511w\" alt=\"\" title=\"ICMA-Nomination-2023-reduced\" width=\"511\" height=\"341\"  \/><\/a>\t<\/div>\n<\/div>\n\n\n<div class=\"post-entry-content\">\n\n\t<h3 class=\"entry-title\">\n\t\t<a href=\"https:\/\/brno-filharmonie.cz\/en\/filharmonie-brno-nominated-for-a-prestigious-icma-award-were-competing-for-album-of-the-year-in-the-contemporary-music-category-with-glasss-symphony-no-12-lodger\/\" title=\"Filharmonie Brno nominated for a prestigious ICMA award. We\u2019re competing for Album of the Year in the Contemporary Music category with Glass\u2019s Symphony No. 12 \u201cLodger\u201d\" rel=\"bookmark\">Filharmonie Brno nominated for a prestigious ICMA award. We\u2019re competing for Album of the Year in the Contemporary Music category with Glass\u2019s Symphony No. 12 \u201cLodger\u201d<\/a>\n\t<\/h3>\n\n\t<div class=\"entry-meta\"><span class=\"category-link\"><a href=\"https:\/\/brno-filharmonie.cz\/en\/category\/uncategorized\/\" >News<\/a>, <a href=\"https:\/\/brno-filharmonie.cz\/en\/category\/press-releases\/\" >Press releases<\/a><\/span><\/div>\n\t<div class=\"entry-excerpt\"><p>Press Release, 16.&nbsp;11.&nbsp;2022<\/p>\n<\/div>\n\t\n<\/div><\/article><\/div><div class=\"hidden wf-cell category-104 category-69\" data-post-id=\"18976\" data-date=\"2022-10-12T11:16:53+02:00\" data-name=\"Sunday Classics Brno Philharmonic Dvorak Symphony No 9 (New World)  Usher Hall Edinburgh Review 2022\"><article class=\"post project-odd visible post-18976 type-post status-publish format-standard has-post-thumbnail hentry category-press-reviews category-uncategorized category-104 category-69\" data-name=\"Sunday Classics Brno Philharmonic Dvorak Symphony No 9 (New World)  Usher Hall Edinburgh Review 2022\" data-date=\"2022-10-12T11:16:53+02:00\">\n\n<div class=\"post-thumbnail-wrap\">\n\t<div class=\"post-thumbnail\">\n\t\t\n\t\t\n\t\t<a href=\"https:\/\/brno-filharmonie.cz\/en\/sunday-classics-brno-philharmonic-dvorak-symphony-no-9-new-world-usher-hall-edinburgh-review-2022\/\" class=\"post-thumbnail-rollover layzr-bg layzr-bg\" ><img loading=\"lazy\" decoding=\"async\" class=\"iso-lazy-load preload-me iso-lazy-load\" src=\"data:image\/svg+xml,%3Csvg%20xmlns%3D&#39;http%3A%2F%2Fwww.w3.org%2F2000%2Fsvg&#39;%20viewBox%3D&#39;0%200%20449%20300&#39;%2F%3E\" data-src=\"https:\/\/brno-filharmonie.cz\/wp-content\/uploads\/2022\/10\/sunday-classics-dvorak_orig.jpg\" data-srcset=\"https:\/\/brno-filharmonie.cz\/wp-content\/uploads\/2022\/10\/sunday-classics-dvorak_orig.jpg 449w\" alt=\"\" title=\"sunday-classics-dvorak_orig\" width=\"449\" height=\"300\"  \/><\/a>\t<\/div>\n<\/div>\n\n\n<div class=\"post-entry-content\">\n\n\t<h3 class=\"entry-title\">\n\t\t<a href=\"https:\/\/brno-filharmonie.cz\/en\/sunday-classics-brno-philharmonic-dvorak-symphony-no-9-new-world-usher-hall-edinburgh-review-2022\/\" title=\"Sunday Classics Brno Philharmonic Dvorak Symphony No 9 (New World)  Usher Hall Edinburgh Review 2022\" rel=\"bookmark\">Sunday Classics Brno Philharmonic Dvorak Symphony No 9 (New World)  Usher Hall Edinburgh Review 2022<\/a>\n\t<\/h3>\n\n\t<div class=\"entry-meta\"><span class=\"category-link\"><a href=\"https:\/\/brno-filharmonie.cz\/en\/category\/press-reviews\/\" >Press reviews<\/a>, <a href=\"https:\/\/brno-filharmonie.cz\/en\/category\/uncategorized\/\" >News<\/a><\/span><\/div>\n\t<div class=\"entry-excerpt\"><p>Arts Reviews Edinburgh<\/p>\n<\/div>\n\t\n<\/div><\/article><\/div><div class=\"hidden wf-cell category-69 category-73\" data-post-id=\"18869\" data-date=\"2022-10-06T10:19:42+02:00\" data-name=\"Filharmonie Brno set for the best concert halls in Great Britain, opening a tour with the chief conductor and Czech music\"><article class=\"post project-odd visible post-18869 type-post status-publish format-standard has-post-thumbnail hentry category-uncategorized category-press-releases category-69 category-73\" data-name=\"Filharmonie Brno set for the best concert halls in Great Britain, opening a tour with the chief conductor and Czech music\" data-date=\"2022-10-06T10:19:42+02:00\">\n\n<div class=\"post-thumbnail-wrap\">\n\t<div class=\"post-thumbnail\">\n\t\t\n\t\t\n\t\t<a href=\"https:\/\/brno-filharmonie.cz\/en\/filharmonie-brno-set-for-the-best-concert-halls-in-great-britain-opening-a-tour-with-the-chief-conductor-and-czech-music\/\" class=\"post-thumbnail-rollover layzr-bg layzr-bg\" ><img loading=\"lazy\" decoding=\"async\" class=\"iso-lazy-load preload-me iso-lazy-load\" src=\"data:image\/svg+xml,%3Csvg%20xmlns%3D&#39;http%3A%2F%2Fwww.w3.org%2F2000%2Fsvg&#39;%20viewBox%3D&#39;0%200%20768%20512&#39;%2F%3E\" data-src=\"https:\/\/brno-filharmonie.cz\/wp-content\/uploads\/2022\/10\/static1.squarespace-768x512.jpg\" data-srcset=\"https:\/\/brno-filharmonie.cz\/wp-content\/uploads\/2022\/10\/static1.squarespace-768x512.jpg 768w, https:\/\/brno-filharmonie.cz\/wp-content\/uploads\/2022\/10\/static1.squarespace-1125x750.jpg 1125w\" alt=\"\" title=\"static1.squarespace\" width=\"768\" height=\"512\"  \/><\/a>\t<\/div>\n<\/div>\n\n\n<div class=\"post-entry-content\">\n\n\t<h3 class=\"entry-title\">\n\t\t<a href=\"https:\/\/brno-filharmonie.cz\/en\/filharmonie-brno-set-for-the-best-concert-halls-in-great-britain-opening-a-tour-with-the-chief-conductor-and-czech-music\/\" title=\"Filharmonie Brno set for the best concert halls in Great Britain, opening a tour with the chief conductor and Czech music\" rel=\"bookmark\">Filharmonie Brno set for the best concert halls in Great Britain, opening a tour with the chief conductor and Czech music<\/a>\n\t<\/h3>\n\n\t<div class=\"entry-meta\"><span class=\"category-link\"><a href=\"https:\/\/brno-filharmonie.cz\/en\/category\/uncategorized\/\" >News<\/a>, <a href=\"https:\/\/brno-filharmonie.cz\/en\/category\/press-releases\/\" >Press releases<\/a><\/span><\/div>\n\t<div class=\"entry-excerpt\"><p>PRESS RELEASE, Brno, 6.&nbsp;10.&nbsp;2022<\/p>\n<\/div>\n\t\n<\/div><\/article><\/div><div class=\"hidden wf-cell category-69 category-104\" data-post-id=\"18818\" data-date=\"2022-10-03T13:16:26+02:00\" data-name=\"Filharmonie Brno at Cadogan Hall\"><article class=\"post project-odd visible post-18818 type-post status-publish format-standard has-post-thumbnail hentry category-uncategorized category-press-reviews category-69 category-104\" data-name=\"Filharmonie Brno at Cadogan Hall\" data-date=\"2022-10-03T13:16:26+02:00\">\n\n<div class=\"post-thumbnail-wrap\">\n\t<div class=\"post-thumbnail\">\n\t\t\n\t\t\n\t\t<a href=\"https:\/\/brno-filharmonie.cz\/en\/filharmonie-brno-at-cadogan-hall\/\" class=\"post-thumbnail-rollover layzr-bg layzr-bg\" ><img loading=\"lazy\" decoding=\"async\" class=\"iso-lazy-load preload-me iso-lazy-load\" src=\"data:image\/svg+xml,%3Csvg%20xmlns%3D&#39;http%3A%2F%2Fwww.w3.org%2F2000%2Fsvg&#39;%20viewBox%3D&#39;0%200%20768%20512&#39;%2F%3E\" data-src=\"https:\/\/brno-filharmonie.cz\/wp-content\/uploads\/07_orchestr-768x512.jpg\" data-srcset=\"https:\/\/brno-filharmonie.cz\/wp-content\/uploads\/07_orchestr-768x512.jpg 768w, https:\/\/brno-filharmonie.cz\/wp-content\/uploads\/07_orchestr-800x533.jpg 800w\" alt=\"\" title=\"07_orchestr\" width=\"768\" height=\"512\"  \/><\/a>\t<\/div>\n<\/div>\n\n\n<div class=\"post-entry-content\">\n\n\t<h3 class=\"entry-title\">\n\t\t<a href=\"https:\/\/brno-filharmonie.cz\/en\/filharmonie-brno-at-cadogan-hall\/\" title=\"Filharmonie Brno at Cadogan Hall\" rel=\"bookmark\">Filharmonie Brno at Cadogan Hall<\/a>\n\t<\/h3>\n\n\t<div class=\"entry-meta\"><span class=\"category-link\"><a href=\"https:\/\/brno-filharmonie.cz\/en\/category\/uncategorized\/\" >News<\/a>, <a href=\"https:\/\/brno-filharmonie.cz\/en\/category\/press-reviews\/\" >Press reviews<\/a><\/span><\/div>\n\t<div class=\"entry-excerpt\"><p>This is London Magazine, 3.&nbsp;10.&nbsp;2022 Filharmonie Brno at Cadogan Hall<\/p>\n<\/div>\n\t\n<\/div><\/article><\/div><div class=\"hidden wf-cell category-69\" data-post-id=\"18641\" data-date=\"2022-09-13T12:17:17+02:00\" data-name=\"\u2018Concert for Brno\u2019 To Be Broadcast Live This Saturday\"><article class=\"post project-odd visible post-18641 type-post status-publish format-standard has-post-thumbnail hentry category-uncategorized category-69\" data-name=\"\u2018Concert for Brno\u2019 To Be Broadcast Live This Saturday\" data-date=\"2022-09-13T12:17:17+02:00\">\n\n<div class=\"post-thumbnail-wrap\">\n\t<div class=\"post-thumbnail\">\n\t\t\n\t\t\n\t\t<a href=\"https:\/\/brno-filharmonie.cz\/en\/concert-for-brno-to-be-broadcast-live-this-saturday\/\" class=\"post-thumbnail-rollover layzr-bg layzr-bg\" ><img loading=\"lazy\" decoding=\"async\" class=\"iso-lazy-load preload-me iso-lazy-load\" src=\"data:image\/svg+xml,%3Csvg%20xmlns%3D&#39;http%3A%2F%2Fwww.w3.org%2F2000%2Fsvg&#39;%20viewBox%3D&#39;0%200%20768%20512&#39;%2F%3E\" data-src=\"https:\/\/brno-filharmonie.cz\/wp-content\/uploads\/2022\/09\/vizualizace-salu-scaled-1-768x512.jpg\" data-srcset=\"https:\/\/brno-filharmonie.cz\/wp-content\/uploads\/2022\/09\/vizualizace-salu-scaled-1-768x512.jpg 768w, https:\/\/brno-filharmonie.cz\/wp-content\/uploads\/2022\/09\/vizualizace-salu-scaled-1-1152x768.jpg 1152w\" alt=\"\" title=\"vizualizace-salu-scaled\" width=\"768\" height=\"512\"  \/><\/a>\t<\/div>\n<\/div>\n\n\n<div class=\"post-entry-content\">\n\n\t<h3 class=\"entry-title\">\n\t\t<a href=\"https:\/\/brno-filharmonie.cz\/en\/concert-for-brno-to-be-broadcast-live-this-saturday\/\" title=\"\u2018Concert for Brno\u2019 To Be Broadcast Live This Saturday\" rel=\"bookmark\">\u2018Concert for Brno\u2019 To Be Broadcast Live This Saturday<\/a>\n\t<\/h3>\n\n\t<div class=\"entry-meta\"><span class=\"category-link\"><a href=\"https:\/\/brno-filharmonie.cz\/en\/category\/uncategorized\/\" >News<\/a><\/span><\/div>\n\t<div class=\"entry-excerpt\"><p>Brno Daily<\/p>\n<\/div>\n\t\n<\/div><\/article><\/div><div class=\"hidden wf-cell category-69\" data-post-id=\"18375\" data-date=\"2022-08-15T13:06:43+02:00\" data-name=\"\u0160pilberk Festival To Fill The Night With Melodies\"><article class=\"post project-odd visible post-18375 type-post status-publish format-standard has-post-thumbnail hentry category-uncategorized category-69\" data-name=\"\u0160pilberk Festival To Fill The Night With Melodies\" data-date=\"2022-08-15T13:06:43+02:00\">\n\n<div class=\"post-thumbnail-wrap\">\n\t<div class=\"post-thumbnail\">\n\t\t\n\t\t\n\t\t<a href=\"https:\/\/brno-filharmonie.cz\/en\/spilberk-festival-to-fill-the-night-with-melodies\/\" class=\"post-thumbnail-rollover layzr-bg layzr-bg\" ><img loading=\"lazy\" decoding=\"async\" class=\"iso-lazy-load preload-me iso-lazy-load\" src=\"data:image\/svg+xml,%3Csvg%20xmlns%3D&#39;http%3A%2F%2Fwww.w3.org%2F2000%2Fsvg&#39;%20viewBox%3D&#39;0%200%20768%20512&#39;%2F%3E\" data-src=\"https:\/\/brno-filharmonie.cz\/wp-content\/uploads\/2022\/08\/Festival-Spilberk-768x512.jpg\" data-srcset=\"https:\/\/brno-filharmonie.cz\/wp-content\/uploads\/2022\/08\/Festival-Spilberk-768x512.jpg 768w, https:\/\/brno-filharmonie.cz\/wp-content\/uploads\/2022\/08\/Festival-Spilberk-1152x768.jpg 1152w\" alt=\"\" title=\"Festival \u0160pilberk\" width=\"768\" height=\"512\"  \/><\/a>\t<\/div>\n<\/div>\n\n\n<div class=\"post-entry-content\">\n\n\t<h3 class=\"entry-title\">\n\t\t<a href=\"https:\/\/brno-filharmonie.cz\/en\/spilberk-festival-to-fill-the-night-with-melodies\/\" title=\"\u0160pilberk Festival To Fill The Night With Melodies\" rel=\"bookmark\">\u0160pilberk Festival To Fill The Night With Melodies<\/a>\n\t<\/h3>\n\n\t<div class=\"entry-meta\"><span class=\"category-link\"><a href=\"https:\/\/brno-filharmonie.cz\/en\/category\/uncategorized\/\" >News<\/a><\/span><\/div>\n\t<div class=\"entry-excerpt\"><p>Brno Daily, 15.&nbsp;8.&nbsp;2022 \u0160pilberk Festival To Fill The Night With Melodies &nbsp;<\/p>\n<\/div>\n\t\n<\/div><\/article><\/div><div class=\"hidden wf-cell category-69\" data-post-id=\"16890\" data-date=\"2022-05-30T13:37:28+02:00\" data-name=\"Last large concert of this season. Schubert and Wagner: Romanticism from beginning to end\"><article class=\"post project-odd visible post-16890 type-post status-publish format-standard has-post-thumbnail hentry category-uncategorized category-69\" data-name=\"Last large concert of this season. Schubert and Wagner: Romanticism from beginning to end\" data-date=\"2022-05-30T13:37:28+02:00\">\n\n<div class=\"post-thumbnail-wrap\">\n\t<div class=\"post-thumbnail\">\n\t\t\n\t\t\n\t\t<a href=\"https:\/\/brno-filharmonie.cz\/en\/last-large-concert-of-this-season-filharmonie-brno-will-perform-two-romantic-symphonies-schubert-and-wagner\/\" class=\"post-thumbnail-rollover layzr-bg layzr-bg\" ><img loading=\"lazy\" decoding=\"async\" class=\"iso-lazy-load preload-me iso-lazy-load\" src=\"data:image\/svg+xml,%3Csvg%20xmlns%3D&#39;http%3A%2F%2Fwww.w3.org%2F2000%2Fsvg&#39;%20viewBox%3D&#39;0%200%20768%20512&#39;%2F%3E\" data-src=\"https:\/\/brno-filharmonie.cz\/wp-content\/uploads\/2022\/05\/fe49b504aa6a3e119d673b6ef71159c2_resize19591307_-768x512.jpg\" data-srcset=\"https:\/\/brno-filharmonie.cz\/wp-content\/uploads\/2022\/05\/fe49b504aa6a3e119d673b6ef71159c2_resize19591307_-768x512.jpg 768w, https:\/\/brno-filharmonie.cz\/wp-content\/uploads\/2022\/05\/fe49b504aa6a3e119d673b6ef71159c2_resize19591307_-1152x768.jpg 1152w\" alt=\"\" title=\"fe49b504aa6a3e119d673b6ef71159c2_resize=1959,1307_\" width=\"768\" height=\"512\"  \/><\/a>\t<\/div>\n<\/div>\n\n\n<div class=\"post-entry-content\">\n\n\t<h3 class=\"entry-title\">\n\t\t<a href=\"https:\/\/brno-filharmonie.cz\/en\/last-large-concert-of-this-season-filharmonie-brno-will-perform-two-romantic-symphonies-schubert-and-wagner\/\" title=\"Last large concert of this season. Schubert and Wagner: Romanticism from beginning to end\" rel=\"bookmark\">Last large concert of this season. Schubert and Wagner: Romanticism from beginning to end<\/a>\n\t<\/h3>\n\n\t<div class=\"entry-meta\"><span class=\"category-link\"><a href=\"https:\/\/brno-filharmonie.cz\/en\/category\/uncategorized\/\" >News<\/a><\/span><\/div>\n\t<div class=\"entry-excerpt\"><p>Press Release, Brno, 30.&nbsp;5.&nbsp;2022<\/p>\n<\/div>\n\t\n<\/div><\/article><\/div><div class=\"hidden wf-cell category-69 category-104\" data-post-id=\"16776\" data-date=\"2022-05-24T09:37:05+02:00\" data-name=\"Angels of Sorrow: Spiritual Concert To Take Place This Thursday And Friday at Besedn\u00ed d\u016fm\"><article class=\"post project-odd visible post-16776 type-post status-publish format-standard has-post-thumbnail hentry category-uncategorized category-press-reviews category-69 category-104\" data-name=\"Angels of Sorrow: Spiritual Concert To Take Place This Thursday And Friday at Besedn\u00ed d\u016fm\" data-date=\"2022-05-24T09:37:05+02:00\">\n\n<div class=\"post-thumbnail-wrap\">\n\t<div class=\"post-thumbnail\">\n\t\t\n\t\t\n\t\t<a href=\"https:\/\/brno-filharmonie.cz\/en\/angels-of-sorrow-spiritual-concert-to-take-place-this-thursday-and-friday-at-besedni-dum\/\" class=\"post-thumbnail-rollover layzr-bg layzr-bg\" ><img loading=\"lazy\" decoding=\"async\" class=\"iso-lazy-load preload-me iso-lazy-load\" src=\"data:image\/svg+xml,%3Csvg%20xmlns%3D&#39;http%3A%2F%2Fwww.w3.org%2F2000%2Fsvg&#39;%20viewBox%3D&#39;0%200%20479%20319&#39;%2F%3E\" data-src=\"https:\/\/brno-filharmonie.cz\/wp-content\/uploads\/2022\/05\/Gija-Kanceli-C-Linda-Kim-Davies-1-479x319.jpg\" data-srcset=\"https:\/\/brno-filharmonie.cz\/wp-content\/uploads\/2022\/05\/Gija-Kanceli-C-Linda-Kim-Davies-1-479x319.jpg 479w\" alt=\"\" title=\"Gija Kan\u010deli C Linda Kim-Davies\" width=\"479\" height=\"319\"  \/><\/a>\t<\/div>\n<\/div>\n\n\n<div class=\"post-entry-content\">\n\n\t<h3 class=\"entry-title\">\n\t\t<a href=\"https:\/\/brno-filharmonie.cz\/en\/angels-of-sorrow-spiritual-concert-to-take-place-this-thursday-and-friday-at-besedni-dum\/\" title=\"Angels of Sorrow: Spiritual Concert To Take Place This Thursday And Friday at Besedn\u00ed d\u016fm\" rel=\"bookmark\">Angels of Sorrow: Spiritual Concert To Take Place This Thursday And Friday at Besedn\u00ed d\u016fm<\/a>\n\t<\/h3>\n\n\t<div class=\"entry-meta\"><span class=\"category-link\"><a href=\"https:\/\/brno-filharmonie.cz\/en\/category\/uncategorized\/\" >News<\/a>, <a href=\"https:\/\/brno-filharmonie.cz\/en\/category\/press-reviews\/\" >Press reviews<\/a><\/span><\/div>\n\t<div class=\"entry-excerpt\"><p>24.&nbsp;4.&nbsp;2022, Brno Daily<\/p>\n<\/div>\n\t\n<\/div><\/article><\/div><div class=\"hidden wf-cell category-69\" data-post-id=\"16729\" data-date=\"2022-05-20T11:21:15+02:00\" data-name=\"Filharmonie Brno Is Ready To Begin Its 67th Season\"><article class=\"post project-odd visible post-16729 type-post status-publish format-standard has-post-thumbnail hentry category-uncategorized category-69\" data-name=\"Filharmonie Brno Is Ready To Begin Its 67th Season\" data-date=\"2022-05-20T11:21:15+02:00\">\n\n<div class=\"post-thumbnail-wrap\">\n\t<div class=\"post-thumbnail\">\n\t\t\n\t\t\n\t\t<a href=\"https:\/\/brno-filharmonie.cz\/en\/filharmonie-brno-is-ready-to-begin-its-67th-season\/\" class=\"post-thumbnail-rollover layzr-bg layzr-bg\" ><img loading=\"lazy\" decoding=\"async\" class=\"iso-lazy-load preload-me iso-lazy-load\" src=\"data:image\/svg+xml,%3Csvg%20xmlns%3D&#39;http%3A%2F%2Fwww.w3.org%2F2000%2Fsvg&#39;%20viewBox%3D&#39;0%200%20761%20507&#39;%2F%3E\" data-src=\"https:\/\/brno-filharmonie.cz\/wp-content\/uploads\/2019\/04\/mk5-761x507.jpg\" data-srcset=\"https:\/\/brno-filharmonie.cz\/wp-content\/uploads\/2019\/04\/mk5-761x507.jpg 761w\" alt=\"\" title=\"mk5\" width=\"761\" height=\"507\"  \/><\/a>\t<\/div>\n<\/div>\n\n\n<div class=\"post-entry-content\">\n\n\t<h3 class=\"entry-title\">\n\t\t<a href=\"https:\/\/brno-filharmonie.cz\/en\/filharmonie-brno-is-ready-to-begin-its-67th-season\/\" title=\"Filharmonie Brno Is Ready To Begin Its 67th Season\" rel=\"bookmark\">Filharmonie Brno Is Ready To Begin Its 67th Season<\/a>\n\t<\/h3>\n\n\t<div class=\"entry-meta\"><span class=\"category-link\"><a href=\"https:\/\/brno-filharmonie.cz\/en\/category\/uncategorized\/\" >News<\/a><\/span><\/div>\n\t<div class=\"entry-excerpt\"><p>20.&nbsp;5.&nbsp;2022, Brno Daily<\/p>\n<\/div>\n\t\n<\/div><\/article><\/div><div class=\"hidden wf-cell category-69\" data-post-id=\"16717\" data-date=\"2022-05-18T15:28:35+02:00\" data-name=\"Filharmonie Brno introduces its 67th season, finding inspiration in early music, new projects and Besedn\u00ed d\u016fm celebrations\"><article class=\"post project-odd visible post-16717 type-post status-publish format-standard has-post-thumbnail hentry category-uncategorized category-69\" data-name=\"Filharmonie Brno introduces its 67th season, finding inspiration in early music, new projects and Besedn\u00ed d\u016fm celebrations\" data-date=\"2022-05-18T15:28:35+02:00\">\n\n<div class=\"post-thumbnail-wrap\">\n\t<div class=\"post-thumbnail\">\n\t\t\n\t\t\n\t\t<a href=\"https:\/\/brno-filharmonie.cz\/en\/filharmonie-brno-introduces-its-67th-season-finding-inspiration-in-early-music-new-projects-and-besedni-dum-celebrations\/\" class=\"post-thumbnail-rollover layzr-bg layzr-bg\" ><img loading=\"lazy\" decoding=\"async\" class=\"iso-lazy-load preload-me iso-lazy-load\" src=\"data:image\/svg+xml,%3Csvg%20xmlns%3D&#39;http%3A%2F%2Fwww.w3.org%2F2000%2Fsvg&#39;%20viewBox%3D&#39;0%200%20768%20512&#39;%2F%3E\" data-src=\"https:\/\/brno-filharmonie.cz\/wp-content\/uploads\/2022\/05\/katalog-768x512.jpg\" data-srcset=\"https:\/\/brno-filharmonie.cz\/wp-content\/uploads\/2022\/05\/katalog-768x512.jpg 768w, https:\/\/brno-filharmonie.cz\/wp-content\/uploads\/2022\/05\/katalog-1152x768.jpg 1152w\" alt=\"\" title=\"katalog\" width=\"768\" height=\"512\"  \/><\/a>\t<\/div>\n<\/div>\n\n\n<div class=\"post-entry-content\">\n\n\t<h3 class=\"entry-title\">\n\t\t<a href=\"https:\/\/brno-filharmonie.cz\/en\/filharmonie-brno-introduces-its-67th-season-finding-inspiration-in-early-music-new-projects-and-besedni-dum-celebrations\/\" title=\"Filharmonie Brno introduces its 67th season, finding inspiration in early music, new projects and Besedn\u00ed d\u016fm celebrations\" rel=\"bookmark\">Filharmonie Brno introduces its 67th season, finding inspiration in early music, new projects and Besedn\u00ed d\u016fm celebrations<\/a>\n\t<\/h3>\n\n\t<div class=\"entry-meta\"><span class=\"category-link\"><a href=\"https:\/\/brno-filharmonie.cz\/en\/category\/uncategorized\/\" >News<\/a><\/span><\/div>\n\t<div class=\"entry-excerpt\"><p>PRESS RELEASE, Brno, 18.&nbsp;5.&nbsp;2022<\/p>\n<\/div>\n\t\n<\/div><\/article><\/div><div class=\"hidden wf-cell category-69 category-101\" data-post-id=\"15731\" data-date=\"2022-05-05T13:27:55+02:00\" data-name=\"Filharmonie Brno for Ukrainians \/ \u0411\u0420\u041d\u0415\u041d\u0421\u042c\u041a\u0410 \u0424\u0406\u041b\u0410\u0420\u041c\u041e\u041d\u0406\u042f \u0423\u041a\u0420\u0410\u0407\u041d\u0426\u042f\u041c\"><article class=\"post project-odd visible post-15731 type-post status-publish format-standard has-post-thumbnail hentry category-uncategorized category-concerts-and-tickets category-69 category-101\" data-name=\"Filharmonie Brno for Ukrainians \/ \u0411\u0420\u041d\u0415\u041d\u0421\u042c\u041a\u0410 \u0424\u0406\u041b\u0410\u0420\u041c\u041e\u041d\u0406\u042f \u0423\u041a\u0420\u0410\u0407\u041d\u0426\u042f\u041c\" data-date=\"2022-05-05T13:27:55+02:00\">\n\n<div class=\"post-thumbnail-wrap\">\n\t<div class=\"post-thumbnail\">\n\t\t\n\t\t\n\t\t<a href=\"https:\/\/brno-filharmonie.cz\/en\/filharmonie-brno-for-ukrainians-%d0%b1%d1%80%d0%bd%d0%b5%d0%bd%d1%81%d1%8c%d0%ba%d0%b0-%d1%84%d1%96%d0%bb%d0%b0%d1%80%d0%bc%d0%be%d0%bd%d1%96%d1%8f-%d1%83%d0%ba%d1%80%d0%b0%d1%97%d0%bd%d1%86%d1%8f\/\" class=\"post-thumbnail-rollover layzr-bg layzr-bg\" ><img loading=\"lazy\" decoding=\"async\" class=\"iso-lazy-load preload-me iso-lazy-load\" src=\"data:image\/svg+xml,%3Csvg%20xmlns%3D&#39;http%3A%2F%2Fwww.w3.org%2F2000%2Fsvg&#39;%20viewBox%3D&#39;0%200%20768%20512&#39;%2F%3E\" data-src=\"https:\/\/brno-filharmonie.cz\/wp-content\/uploads\/2022\/03\/Ukrajina-new-1-768x512.jpeg\" data-srcset=\"https:\/\/brno-filharmonie.cz\/wp-content\/uploads\/2022\/03\/Ukrajina-new-1-768x512.jpeg 768w, https:\/\/brno-filharmonie.cz\/wp-content\/uploads\/2022\/03\/Ukrajina-new-1-828x552.jpeg 828w\" alt=\"\" title=\"\u00dakrajina new\" width=\"768\" height=\"512\"  \/><\/a>\t<\/div>\n<\/div>\n\n\n<div class=\"post-entry-content\">\n\n\t<h3 class=\"entry-title\">\n\t\t<a href=\"https:\/\/brno-filharmonie.cz\/en\/filharmonie-brno-for-ukrainians-%d0%b1%d1%80%d0%bd%d0%b5%d0%bd%d1%81%d1%8c%d0%ba%d0%b0-%d1%84%d1%96%d0%bb%d0%b0%d1%80%d0%bc%d0%be%d0%bd%d1%96%d1%8f-%d1%83%d0%ba%d1%80%d0%b0%d1%97%d0%bd%d1%86%d1%8f\/\" title=\"Filharmonie Brno for Ukrainians \/ \u0411\u0420\u041d\u0415\u041d\u0421\u042c\u041a\u0410 \u0424\u0406\u041b\u0410\u0420\u041c\u041e\u041d\u0406\u042f \u0423\u041a\u0420\u0410\u0407\u041d\u0426\u042f\u041c\" rel=\"bookmark\">Filharmonie Brno for Ukrainians \/ \u0411\u0420\u041d\u0415\u041d\u0421\u042c\u041a\u0410 \u0424\u0406\u041b\u0410\u0420\u041c\u041e\u041d\u0406\u042f \u0423\u041a\u0420\u0410\u0407\u041d\u0426\u042f\u041c<\/a>\n\t<\/h3>\n\n\t<div class=\"entry-meta\"><span class=\"category-link\"><a href=\"https:\/\/brno-filharmonie.cz\/en\/category\/uncategorized\/\" >News<\/a>, <a href=\"https:\/\/brno-filharmonie.cz\/en\/category\/concerts-and-tickets\/\" >Concerts and tickets<\/a><\/span><\/div>\n\t<div class=\"entry-excerpt\"><p>free entrance to the concerts \/ \u0411\u0435\u0437\u043a\u043e\u0448\u0442\u043e\u0432\u043d\u0456 \u043a\u0432\u0438\u0442\u043a\u0438 \u043d\u0430 \u043a\u043e\u043d\u0446\u0435\u0440\u0442<\/p>\n<\/div>\n\t\n<\/div><\/article><\/div><div class=\"hidden wf-cell category-69\" data-post-id=\"16128\" data-date=\"2022-05-05T12:02:30+02:00\" data-name=\"One of the season highlights featuring two Czech premieres: Japanese legend Joe Hisaishi in dual role of conductor and composer\"><article class=\"post project-odd visible post-16128 type-post status-publish format-standard has-post-thumbnail hentry category-uncategorized category-69\" data-name=\"One of the season highlights featuring two Czech premieres: Japanese legend Joe Hisaishi in dual role of conductor and composer\" data-date=\"2022-05-05T12:02:30+02:00\">\n\n<div class=\"post-thumbnail-wrap\">\n\t<div class=\"post-thumbnail\">\n\t\t\n\t\t\n\t\t<a href=\"https:\/\/brno-filharmonie.cz\/en\/one-of-the-season-highlights-featuring-two-czech-premieres-japanese-legend-joe-hisaishi-in-dual-role-of-conductor-and-composer\/\" class=\"post-thumbnail-rollover layzr-bg layzr-bg\" ><img loading=\"lazy\" decoding=\"async\" class=\"iso-lazy-load preload-me iso-lazy-load\" src=\"data:image\/svg+xml,%3Csvg%20xmlns%3D&#39;http%3A%2F%2Fwww.w3.org%2F2000%2Fsvg&#39;%20viewBox%3D&#39;0%200%20768%20512&#39;%2F%3E\" data-src=\"https:\/\/brno-filharmonie.cz\/wp-content\/uploads\/2022\/05\/279215473_5255742284464694_4864206834993567227_n-768x512.jpg\" data-srcset=\"https:\/\/brno-filharmonie.cz\/wp-content\/uploads\/2022\/05\/279215473_5255742284464694_4864206834993567227_n-768x512.jpg 768w, https:\/\/brno-filharmonie.cz\/wp-content\/uploads\/2022\/05\/279215473_5255742284464694_4864206834993567227_n-1152x768.jpg 1152w\" alt=\"\" title=\"Hisaishi in Brno\" width=\"768\" height=\"512\"  \/><\/a>\t<\/div>\n<\/div>\n\n\n<div class=\"post-entry-content\">\n\n\t<h3 class=\"entry-title\">\n\t\t<a href=\"https:\/\/brno-filharmonie.cz\/en\/one-of-the-season-highlights-featuring-two-czech-premieres-japanese-legend-joe-hisaishi-in-dual-role-of-conductor-and-composer\/\" title=\"One of the season highlights featuring two Czech premieres: Japanese legend Joe Hisaishi in dual role of conductor and composer\" rel=\"bookmark\">One of the season highlights featuring two Czech premieres: Japanese legend Joe Hisaishi in dual role of conductor and composer<\/a>\n\t<\/h3>\n\n\t<div class=\"entry-meta\"><span class=\"category-link\"><a href=\"https:\/\/brno-filharmonie.cz\/en\/category\/uncategorized\/\" >News<\/a><\/span><\/div>\n\t<div class=\"entry-excerpt\"><p>PRESS RELEASE, Brno, 26.4.2022<\/p>\n<\/div>\n\t\n<\/div><\/article><\/div><div class=\"hidden wf-cell category-69 category-104\" data-post-id=\"16109\" data-date=\"2022-05-03T13:50:54+02:00\" data-name=\"Joe Hisaishi in Brno\"><article class=\"post project-odd visible post-16109 type-post status-publish format-standard has-post-thumbnail hentry category-uncategorized category-press-reviews category-69 category-104\" data-name=\"Joe Hisaishi in Brno\" data-date=\"2022-05-03T13:50:54+02:00\">\n\n<div class=\"post-thumbnail-wrap\">\n\t<div class=\"post-thumbnail\">\n\t\t\n\t\t\n\t\t<a href=\"https:\/\/brno-filharmonie.cz\/en\/joe-hisaishi-in-brno\/\" class=\"post-thumbnail-rollover layzr-bg layzr-bg\" ><img loading=\"lazy\" decoding=\"async\" class=\"iso-lazy-load preload-me iso-lazy-load\" src=\"data:image\/svg+xml,%3Csvg%20xmlns%3D&#39;http%3A%2F%2Fwww.w3.org%2F2000%2Fsvg&#39;%20viewBox%3D&#39;0%200%20768%20512&#39;%2F%3E\" data-src=\"https:\/\/brno-filharmonie.cz\/wp-content\/uploads\/2022\/05\/Hisaishi-diriguje-Hisaishiho-28.4.2022_Vojtech-Kaba-49-scaled-768x512.jpg\" data-srcset=\"https:\/\/brno-filharmonie.cz\/wp-content\/uploads\/2022\/05\/Hisaishi-diriguje-Hisaishiho-28.4.2022_Vojtech-Kaba-49-scaled-768x512.jpg 768w, https:\/\/brno-filharmonie.cz\/wp-content\/uploads\/2022\/05\/Hisaishi-diriguje-Hisaishiho-28.4.2022_Vojtech-Kaba-49-scaled-1152x768.jpg 1152w\" alt=\"\" title=\"Hisaishi diriguje Hisaishiho 28.4.2022_Vojt\u011bch-K\u00e1ba-49\" width=\"768\" height=\"512\"  \/><\/a>\t<\/div>\n<\/div>\n\n\n<div class=\"post-entry-content\">\n\n\t<h3 class=\"entry-title\">\n\t\t<a href=\"https:\/\/brno-filharmonie.cz\/en\/joe-hisaishi-in-brno\/\" title=\"Joe Hisaishi in Brno\" rel=\"bookmark\">Joe Hisaishi in Brno<\/a>\n\t<\/h3>\n\n\t<div class=\"entry-meta\"><span class=\"category-link\"><a href=\"https:\/\/brno-filharmonie.cz\/en\/category\/uncategorized\/\" >News<\/a>, <a href=\"https:\/\/brno-filharmonie.cz\/en\/category\/press-reviews\/\" >Press reviews<\/a><\/span><\/div>\n\t<div class=\"entry-excerpt\"><p>Brno news CTV, 29.&nbsp;4.&nbsp;2022<\/p>\n<\/div>\n\t\n<\/div><\/article><\/div><div class=\"hidden wf-cell category-69 category-73\" data-post-id=\"15989\" data-date=\"2022-04-08T14:51:26+02:00\" data-name=\"Easter Festival of Sacred Music Returns After Three Years With Special Projects From Cancelled Editions\"><article class=\"post project-odd visible post-15989 type-post status-publish format-standard has-post-thumbnail hentry category-uncategorized category-press-releases category-69 category-73\" data-name=\"Easter Festival of Sacred Music Returns After Three Years With Special Projects From Cancelled Editions\" data-date=\"2022-04-08T14:51:26+02:00\">\n\n<div class=\"post-thumbnail-wrap\">\n\t<div class=\"post-thumbnail\">\n\t\t\n\t\t\n\t\t<a href=\"https:\/\/brno-filharmonie.cz\/en\/easter-festival-of-sacred-music-returns-after-three-years-with-special-projects-from-cancelled-editions\/\" class=\"post-thumbnail-rollover layzr-bg layzr-bg\" ><img loading=\"lazy\" decoding=\"async\" class=\"iso-lazy-load preload-me iso-lazy-load\" src=\"data:image\/svg+xml,%3Csvg%20xmlns%3D&#39;http%3A%2F%2Fwww.w3.org%2F2000%2Fsvg&#39;%20viewBox%3D&#39;0%200%20768%20512&#39;%2F%3E\" data-src=\"https:\/\/brno-filharmonie.cz\/wp-content\/uploads\/2022\/03\/19PF9719-768x512.jpg\" data-srcset=\"https:\/\/brno-filharmonie.cz\/wp-content\/uploads\/2022\/03\/19PF9719-768x512.jpg 768w, https:\/\/brno-filharmonie.cz\/wp-content\/uploads\/2022\/03\/19PF9719-1152x768.jpg 1152w\" alt=\"\" title=\"19PF9719\" width=\"768\" height=\"512\"  \/><\/a>\t<\/div>\n<\/div>\n\n\n<div class=\"post-entry-content\">\n\n\t<h3 class=\"entry-title\">\n\t\t<a href=\"https:\/\/brno-filharmonie.cz\/en\/easter-festival-of-sacred-music-returns-after-three-years-with-special-projects-from-cancelled-editions\/\" title=\"Easter Festival of Sacred Music Returns After Three Years With Special Projects From Cancelled Editions\" rel=\"bookmark\">Easter Festival of Sacred Music Returns After Three Years With Special Projects From Cancelled Editions<\/a>\n\t<\/h3>\n\n\t<div class=\"entry-meta\"><span class=\"category-link\"><a href=\"https:\/\/brno-filharmonie.cz\/en\/category\/uncategorized\/\" >News<\/a>, <a href=\"https:\/\/brno-filharmonie.cz\/en\/category\/press-releases\/\" >Press releases<\/a><\/span><\/div>\n\t<div class=\"entry-excerpt\"><p>Brno Daily<\/p>\n<\/div>\n\t\n<\/div><\/article><\/div><div class=\"hidden wf-cell category-69\" data-post-id=\"15936\" data-date=\"2022-03-31T10:06:52+02:00\" data-name=\"We send almost two hundred thousand CZK to the transparent account of the VESNA association.\"><article class=\"post project-odd visible post-15936 type-post status-publish format-standard has-post-thumbnail hentry category-uncategorized category-69\" data-name=\"We send almost two hundred thousand CZK to the transparent account of the VESNA association.\" data-date=\"2022-03-31T10:06:52+02:00\">\n\n<div class=\"post-thumbnail-wrap\">\n\t<div class=\"post-thumbnail\">\n\t\t\n\t\t\n\t\t<a href=\"https:\/\/brno-filharmonie.cz\/en\/we-send-almost-two-hundred-thousand-czk-to-the-transparent-account-of-the-vesna-association\/\" class=\"post-thumbnail-rollover layzr-bg layzr-bg\" ><img loading=\"lazy\" decoding=\"async\" class=\"iso-lazy-load preload-me iso-lazy-load\" src=\"data:image\/svg+xml,%3Csvg%20xmlns%3D&#39;http%3A%2F%2Fwww.w3.org%2F2000%2Fsvg&#39;%20viewBox%3D&#39;0%200%20768%20512&#39;%2F%3E\" data-src=\"https:\/\/brno-filharmonie.cz\/wp-content\/uploads\/2022\/03\/277568418_5177888185583438_7864644852061239733_n-768x512.jpg\" data-srcset=\"https:\/\/brno-filharmonie.cz\/wp-content\/uploads\/2022\/03\/277568418_5177888185583438_7864644852061239733_n-768x512.jpg 768w, https:\/\/brno-filharmonie.cz\/wp-content\/uploads\/2022\/03\/277568418_5177888185583438_7864644852061239733_n-1152x768.jpg 1152w\" alt=\"\" title=\"277568418_5177888185583438_7864644852061239733_n\" width=\"768\" height=\"512\"  \/><\/a>\t<\/div>\n<\/div>\n\n\n<div class=\"post-entry-content\">\n\n\t<h3 class=\"entry-title\">\n\t\t<a href=\"https:\/\/brno-filharmonie.cz\/en\/we-send-almost-two-hundred-thousand-czk-to-the-transparent-account-of-the-vesna-association\/\" title=\"We send almost two hundred thousand CZK to the transparent account of the VESNA association.\" rel=\"bookmark\">We send almost two hundred thousand CZK to the transparent account of the VESNA association.<\/a>\n\t<\/h3>\n\n\t<div class=\"entry-meta\"><span class=\"category-link\"><a href=\"https:\/\/brno-filharmonie.cz\/en\/category\/uncategorized\/\" >News<\/a><\/span><\/div>\n\t<div class=\"entry-excerpt\"><p>197&nbsp;125 CZK THANK YOU !!!<\/p>\n<\/div>\n\t\n<\/div><\/article><\/div><div class=\"hidden wf-cell category-69 category-101\" data-post-id=\"15899\" data-date=\"2022-03-29T19:56:40+02:00\" data-name=\"Change of cast of soloists at The Spider&#039;s Feast concerts\"><article class=\"post project-odd visible post-15899 type-post status-publish format-standard has-post-thumbnail hentry category-uncategorized category-concerts-and-tickets category-69 category-101\" data-name=\"Change of cast of soloists at The Spider&#8217;s&nbsp;Feast concerts\" data-date=\"2022-03-29T19:56:40+02:00\">\n\n<div class=\"post-thumbnail-wrap\">\n\t<div class=\"post-thumbnail\">\n\t\t\n\t\t\n\t\t<a href=\"https:\/\/brno-filharmonie.cz\/en\/change-of-cast-of-soloists-at-the-spiders-feast-concerts\/\" class=\"post-thumbnail-rollover layzr-bg layzr-bg\" ><img loading=\"lazy\" decoding=\"async\" class=\"iso-lazy-load preload-me iso-lazy-load\" src=\"data:image\/svg+xml,%3Csvg%20xmlns%3D&#39;http%3A%2F%2Fwww.w3.org%2F2000%2Fsvg&#39;%20viewBox%3D&#39;0%200%20768%20512&#39;%2F%3E\" data-src=\"https:\/\/brno-filharmonie.cz\/wp-content\/uploads\/2022\/03\/277356165_5173119806060276_6737738389529086542_n-768x512.jpg\" data-srcset=\"https:\/\/brno-filharmonie.cz\/wp-content\/uploads\/2022\/03\/277356165_5173119806060276_6737738389529086542_n-768x512.jpg 768w, https:\/\/brno-filharmonie.cz\/wp-content\/uploads\/2022\/03\/277356165_5173119806060276_6737738389529086542_n-1152x768.jpg 1152w\" alt=\"\" title=\"277356165_5173119806060276_6737738389529086542_n\" width=\"768\" height=\"512\"  \/><\/a>\t<\/div>\n<\/div>\n\n\n<div class=\"post-entry-content\">\n\n\t<h3 class=\"entry-title\">\n\t\t<a href=\"https:\/\/brno-filharmonie.cz\/en\/change-of-cast-of-soloists-at-the-spiders-feast-concerts\/\" title=\"Change of cast of soloists at The Spider&#8217;s&nbsp;Feast concerts\" rel=\"bookmark\">Change of cast of soloists at The Spider&#8217;s&nbsp;Feast concerts<\/a>\n\t<\/h3>\n\n\t<div class=\"entry-meta\"><span class=\"category-link\"><a href=\"https:\/\/brno-filharmonie.cz\/en\/category\/uncategorized\/\" >News<\/a>, <a href=\"https:\/\/brno-filharmonie.cz\/en\/category\/concerts-and-tickets\/\" >Concerts and tickets<\/a><\/span><\/div>\n\t<div class=\"entry-excerpt\"><p>Dear listeners, due to illness, we have to change the cast of the soloist of Thursday\u2019s and Friday\u2019s concert The Spider&#8217;s&nbsp;Feast. Instead of Guilhaume Santana, Sophie Dervaux will take a solo bassoon. She is a phenomenal bassoonist of the Vienna Philharmonic Orchestra, who was the first woman to take a leading position in the wind&hellip;<\/p>\n<\/div>\n\t\n<\/div><\/article><\/div><div class=\"hidden wf-cell category-69 category-104\" data-post-id=\"15853\" data-date=\"2022-03-22T13:23:58+01:00\" data-name=\"Filharmonie Brno Presents Mozart And Mahler At Jan\u00e1\u010dek Theatre, Featuring Soprano Martina Jankov\u00e1\"><article class=\"post project-odd visible post-15853 type-post status-publish format-standard has-post-thumbnail hentry category-uncategorized category-press-reviews category-69 category-104\" data-name=\"Filharmonie Brno Presents Mozart And Mahler At Jan\u00e1\u010dek Theatre, Featuring Soprano Martina Jankov\u00e1\" data-date=\"2022-03-22T13:23:58+01:00\">\n\n<div class=\"post-thumbnail-wrap\">\n\t<div class=\"post-thumbnail\">\n\t\t\n\t\t\n\t\t<a href=\"https:\/\/brno-filharmonie.cz\/en\/filharmonie-brno-presents-mozart-and-mahler-at-janacek-theatre-featuring-soprano-martina-jankova\/\" class=\"post-thumbnail-rollover layzr-bg layzr-bg\" ><img loading=\"lazy\" decoding=\"async\" class=\"iso-lazy-load preload-me iso-lazy-load\" src=\"data:image\/svg+xml,%3Csvg%20xmlns%3D&#39;http%3A%2F%2Fwww.w3.org%2F2000%2Fsvg&#39;%20viewBox%3D&#39;0%200%20768%20512&#39;%2F%3E\" data-src=\"https:\/\/brno-filharmonie.cz\/wp-content\/uploads\/2019\/04\/MARTINA-Jankov\u00e1\u00a9-Markus-Senn-768x512.jpg\" data-srcset=\"https:\/\/brno-filharmonie.cz\/wp-content\/uploads\/2019\/04\/MARTINA-Jankov\u00e1\u00a9-Markus-Senn-768x512.jpg 768w, https:\/\/brno-filharmonie.cz\/wp-content\/uploads\/2019\/04\/MARTINA-Jankov\u00e1\u00a9-Markus-Senn-1152x768.jpg 1152w\" alt=\"\" title=\"MARTINA Jankov\u00e1\u00a9 Markus Senn\" width=\"768\" height=\"512\"  \/><\/a>\t<\/div>\n<\/div>\n\n\n<div class=\"post-entry-content\">\n\n\t<h3 class=\"entry-title\">\n\t\t<a href=\"https:\/\/brno-filharmonie.cz\/en\/filharmonie-brno-presents-mozart-and-mahler-at-janacek-theatre-featuring-soprano-martina-jankova\/\" title=\"Filharmonie Brno Presents Mozart And Mahler At Jan\u00e1\u010dek Theatre, Featuring Soprano Martina Jankov\u00e1\" rel=\"bookmark\">Filharmonie Brno Presents Mozart And Mahler At Jan\u00e1\u010dek Theatre, Featuring Soprano Martina Jankov\u00e1<\/a>\n\t<\/h3>\n\n\t<div class=\"entry-meta\"><span class=\"category-link\"><a href=\"https:\/\/brno-filharmonie.cz\/en\/category\/uncategorized\/\" >News<\/a>, <a href=\"https:\/\/brno-filharmonie.cz\/en\/category\/press-reviews\/\" >Press reviews<\/a><\/span><\/div>\n\t<div class=\"entry-excerpt\"><p>Brno Daily<\/p>\n<\/div>\n\t\n<\/div><\/article><\/div><div class=\"hidden wf-cell category-69 category-73 category-101\" data-post-id=\"15631\" data-date=\"2022-02-24T18:04:11+01:00\" data-name=\"Ukraine song before the beginning of concerts\"><article class=\"post project-odd visible post-15631 type-post status-publish format-standard has-post-thumbnail hentry category-uncategorized category-press-releases category-concerts-and-tickets category-69 category-73 category-101\" data-name=\"Ukraine song before the beginning of concerts\" data-date=\"2022-02-24T18:04:11+01:00\">\n\n<div class=\"post-thumbnail-wrap\">\n\t<div class=\"post-thumbnail\">\n\t\t\n\t\t\n\t\t<a href=\"https:\/\/brno-filharmonie.cz\/en\/ukraine-song-before-the-beginning-of-concerts\/\" class=\"post-thumbnail-rollover layzr-bg layzr-bg\" ><img loading=\"lazy\" decoding=\"async\" class=\"iso-lazy-load preload-me iso-lazy-load\" src=\"data:image\/svg+xml,%3Csvg%20xmlns%3D&#39;http%3A%2F%2Fwww.w3.org%2F2000%2Fsvg&#39;%20viewBox%3D&#39;0%200%20541%20360&#39;%2F%3E\" data-src=\"https:\/\/brno-filharmonie.cz\/wp-content\/uploads\/2022\/02\/vlajka-541x360.jpg\" data-srcset=\"https:\/\/brno-filharmonie.cz\/wp-content\/uploads\/2022\/02\/vlajka-541x360.jpg 541w\" alt=\"\" title=\"vlajka\" width=\"541\" height=\"360\"  \/><\/a>\t<\/div>\n<\/div>\n\n\n<div class=\"post-entry-content\">\n\n\t<h3 class=\"entry-title\">\n\t\t<a href=\"https:\/\/brno-filharmonie.cz\/en\/ukraine-song-before-the-beginning-of-concerts\/\" title=\"Ukraine song before the beginning of concerts\" rel=\"bookmark\">Ukraine song before the beginning of concerts<\/a>\n\t<\/h3>\n\n\t<div class=\"entry-meta\"><span class=\"category-link\"><a href=\"https:\/\/brno-filharmonie.cz\/en\/category\/uncategorized\/\" >News<\/a>, <a href=\"https:\/\/brno-filharmonie.cz\/en\/category\/press-releases\/\" >Press releases<\/a>, <a href=\"https:\/\/brno-filharmonie.cz\/en\/category\/concerts-and-tickets\/\" >Concerts and tickets<\/a><\/span><\/div>\n\t<div class=\"entry-excerpt\"><p>We stand with Ukraine. That is why Tom\u00e1\u0161 \u0160elc is going to sing in Ukraine language the song &#8220;Farewell world, farewell country&#8221; with chief conductor&#8217;s&nbsp;Dennis R. Davies piano accompaniment before the beginning of Friday and Saturday concerts.<\/p>\n<\/div>\n\t\n<\/div><\/article><\/div><div class=\"hidden wf-cell category-101 category-69\" data-post-id=\"15604\" data-date=\"2022-02-23T13:09:05+01:00\" data-name=\"Change of the programme and cast for the concerts Dvo\u0159\u00e1k &amp; Brahms II\"><article class=\"post project-odd visible post-15604 type-post status-publish format-standard has-post-thumbnail hentry category-concerts-and-tickets category-uncategorized category-101 category-69\" data-name=\"Change of the programme and cast for the concerts Dvo\u0159\u00e1k &#038; Brahms II\" data-date=\"2022-02-23T13:09:05+01:00\">\n\n<div class=\"post-thumbnail-wrap\">\n\t<div class=\"post-thumbnail\">\n\t\t\n\t\t\n\t\t<a href=\"https:\/\/brno-filharmonie.cz\/en\/change-of-the-programme-and-cast-for-the-concerts-dvorak-brahms\/\" class=\"post-thumbnail-rollover layzr-bg layzr-bg\" ><img loading=\"lazy\" decoding=\"async\" class=\"iso-lazy-load preload-me iso-lazy-load\" src=\"data:image\/svg+xml,%3Csvg%20xmlns%3D&#39;http%3A%2F%2Fwww.w3.org%2F2000%2Fsvg&#39;%20viewBox%3D&#39;0%200%20768%20512&#39;%2F%3E\" data-src=\"https:\/\/brno-filharmonie.cz\/wp-content\/uploads\/2022\/02\/Alexander-Ullman-3-\u00a9-Kaupo-Kikkas-768x512.jpg\" data-srcset=\"https:\/\/brno-filharmonie.cz\/wp-content\/uploads\/2022\/02\/Alexander-Ullman-3-\u00a9-Kaupo-Kikkas-768x512.jpg 768w, https:\/\/brno-filharmonie.cz\/wp-content\/uploads\/2022\/02\/Alexander-Ullman-3-\u00a9-Kaupo-Kikkas-864x576.jpg 864w\" alt=\"\" title=\"Alexander Ullman 3 \u00a9 Kaupo Kikkas\" width=\"768\" height=\"512\"  \/><\/a>\t<\/div>\n<\/div>\n\n\n<div class=\"post-entry-content\">\n\n\t<h3 class=\"entry-title\">\n\t\t<a href=\"https:\/\/brno-filharmonie.cz\/en\/change-of-the-programme-and-cast-for-the-concerts-dvorak-brahms\/\" title=\"Change of the programme and cast for the concerts Dvo\u0159\u00e1k &#038; Brahms II\" rel=\"bookmark\">Change of the programme and cast for the concerts Dvo\u0159\u00e1k &#038; Brahms II<\/a>\n\t<\/h3>\n\n\t<div class=\"entry-meta\"><span class=\"category-link\"><a href=\"https:\/\/brno-filharmonie.cz\/en\/category\/concerts-and-tickets\/\" >Concerts and tickets<\/a>, <a href=\"https:\/\/brno-filharmonie.cz\/en\/category\/uncategorized\/\" >News<\/a><\/span><\/div>\n\t<div class=\"entry-excerpt\"><p>Thank you for your understanding, we look forward to seeing you!<\/p>\n<\/div>\n\t\n<\/div><\/article><\/div><div class=\"hidden wf-cell category-69\" data-post-id=\"15357\" data-date=\"2022-02-09T17:12:08+01:00\" data-name=\"Filharmonie Brno Presents Dvo\u0159\u00e1k &amp; Brahms Over Four Evenings At Jan\u00e1\u010dek Theatre\"><article class=\"post project-odd visible post-15357 type-post status-publish format-standard has-post-thumbnail hentry category-uncategorized category-69\" data-name=\"Filharmonie Brno Presents Dvo\u0159\u00e1k &#038; Brahms Over Four Evenings At Jan\u00e1\u010dek Theatre\" data-date=\"2022-02-09T17:12:08+01:00\">\n\n<div class=\"post-thumbnail-wrap\">\n\t<div class=\"post-thumbnail\">\n\t\t\n\t\t\n\t\t<a href=\"https:\/\/brno-filharmonie.cz\/en\/filharmonie-brno-presents-dvorak-brahms-over-four-evenings-at-janacek-theatre\/\" class=\"post-thumbnail-rollover layzr-bg layzr-bg\" ><img loading=\"lazy\" decoding=\"async\" class=\"iso-lazy-load preload-me iso-lazy-load\" src=\"data:image\/svg+xml,%3Csvg%20xmlns%3D&#39;http%3A%2F%2Fwww.w3.org%2F2000%2Fsvg&#39;%20viewBox%3D&#39;0%200%20768%20512&#39;%2F%3E\" data-src=\"https:\/\/brno-filharmonie.cz\/wp-content\/uploads\/2022\/02\/E.-Leonskaja-a-D.-R.-Davies-v-prosinci-2018-768x512.jpg\" data-srcset=\"https:\/\/brno-filharmonie.cz\/wp-content\/uploads\/2022\/02\/E.-Leonskaja-a-D.-R.-Davies-v-prosinci-2018-768x512.jpg 768w, https:\/\/brno-filharmonie.cz\/wp-content\/uploads\/2022\/02\/E.-Leonskaja-a-D.-R.-Davies-v-prosinci-2018-1152x768.jpg 1152w\" alt=\"\" title=\"E. Leonskaja a D. R. Davies v&nbsp;prosinci 2018\" width=\"768\" height=\"512\"  \/><\/a>\t<\/div>\n<\/div>\n\n\n<div class=\"post-entry-content\">\n\n\t<h3 class=\"entry-title\">\n\t\t<a href=\"https:\/\/brno-filharmonie.cz\/en\/filharmonie-brno-presents-dvorak-brahms-over-four-evenings-at-janacek-theatre\/\" title=\"Filharmonie Brno Presents Dvo\u0159\u00e1k &#038; Brahms Over Four Evenings At Jan\u00e1\u010dek Theatre\" rel=\"bookmark\">Filharmonie Brno Presents Dvo\u0159\u00e1k &#038; Brahms Over Four Evenings At Jan\u00e1\u010dek Theatre<\/a>\n\t<\/h3>\n\n\t<div class=\"entry-meta\"><span class=\"category-link\"><a href=\"https:\/\/brno-filharmonie.cz\/en\/category\/uncategorized\/\" >News<\/a><\/span><\/div>\n\t<div class=\"entry-excerpt\"><p>Brno Daily, 9.&nbsp;2.&nbsp;2022<\/p>\n<\/div>\n\t\n<\/div><\/article><\/div><div class=\"hidden wf-cell category-69 category-101\" data-post-id=\"15318\" data-date=\"2022-02-08T13:52:51+01:00\" data-name=\"Conductor Change for The Charm of Nordic Melancholy\"><article class=\"post project-odd visible post-15318 type-post status-publish format-standard has-post-thumbnail hentry category-uncategorized category-concerts-and-tickets category-69 category-101\" data-name=\"Conductor Change for The Charm of Nordic Melancholy\" data-date=\"2022-02-08T13:52:51+01:00\">\n\n<div class=\"post-thumbnail-wrap\">\n\t<div class=\"post-thumbnail\">\n\t\t\n\t\t\n\t\t<a href=\"https:\/\/brno-filharmonie.cz\/en\/announcement-of-conductor-change-for-the-charm-of-nordic-melancholy\/\" class=\"post-thumbnail-rollover layzr-bg layzr-bg\" ><img loading=\"lazy\" decoding=\"async\" class=\"iso-lazy-load preload-me iso-lazy-load\" src=\"data:image\/svg+xml,%3Csvg%20xmlns%3D&#39;http%3A%2F%2Fwww.w3.org%2F2000%2Fsvg&#39;%20viewBox%3D&#39;0%200%20768%20512&#39;%2F%3E\" data-src=\"https:\/\/brno-filharmonie.cz\/wp-content\/uploads\/2022\/02\/Netopil-768x512.jpg\" data-srcset=\"https:\/\/brno-filharmonie.cz\/wp-content\/uploads\/2022\/02\/Netopil-768x512.jpg 768w, https:\/\/brno-filharmonie.cz\/wp-content\/uploads\/2022\/02\/Netopil-1152x768.jpg 1152w\" alt=\"\" title=\"Netopil\" width=\"768\" height=\"512\"  \/><\/a>\t<\/div>\n<\/div>\n\n\n<div class=\"post-entry-content\">\n\n\t<h3 class=\"entry-title\">\n\t\t<a href=\"https:\/\/brno-filharmonie.cz\/en\/announcement-of-conductor-change-for-the-charm-of-nordic-melancholy\/\" title=\"Conductor Change for The Charm of Nordic Melancholy\" rel=\"bookmark\">Conductor Change for The Charm of Nordic Melancholy<\/a>\n\t<\/h3>\n\n\t<div class=\"entry-meta\"><span class=\"category-link\"><a href=\"https:\/\/brno-filharmonie.cz\/en\/category\/uncategorized\/\" >News<\/a>, <a href=\"https:\/\/brno-filharmonie.cz\/en\/category\/concerts-and-tickets\/\" >Concerts and tickets<\/a><\/span><\/div>\n\t<div class=\"entry-excerpt\"><p>Thank you for your understanding, we look forward to seeing you!<\/p>\n<\/div>\n\t\n<\/div><\/article><\/div><div class=\"hidden wf-cell category-69 category-101\" data-post-id=\"14987\" data-date=\"2022-02-07T07:33:00+01:00\" data-name=\"Conditions for concert entry from February 10\"><article class=\"post project-odd visible post-14987 type-post status-publish format-standard has-post-thumbnail hentry category-uncategorized category-concerts-and-tickets category-69 category-101\" data-name=\"Conditions for concert entry from February 10\" data-date=\"2022-02-07T07:33:00+01:00\">\n\n<div class=\"post-thumbnail-wrap\">\n\t<div class=\"post-thumbnail\">\n\t\t\n\t\t\n\t\t<a href=\"https:\/\/brno-filharmonie.cz\/en\/terms-and-conditions-for-concert-entry\/\" class=\"post-thumbnail-rollover layzr-bg layzr-bg\" ><img loading=\"lazy\" decoding=\"async\" class=\"iso-lazy-load preload-me iso-lazy-load\" src=\"data:image\/svg+xml,%3Csvg%20xmlns%3D&#39;http%3A%2F%2Fwww.w3.org%2F2000%2Fsvg&#39;%20viewBox%3D&#39;0%200%20768%20512&#39;%2F%3E\" data-src=\"https:\/\/brno-filharmonie.cz\/wp-content\/uploads\/2022\/09\/Slavnostni-zahajeni-67.-sezony-Filharmonie-Brno-768x512.jpg\" data-srcset=\"https:\/\/brno-filharmonie.cz\/wp-content\/uploads\/2022\/09\/Slavnostni-zahajeni-67.-sezony-Filharmonie-Brno-768x512.jpg 768w, https:\/\/brno-filharmonie.cz\/wp-content\/uploads\/2022\/09\/Slavnostni-zahajeni-67.-sezony-Filharmonie-Brno-1152x768.jpg 1152w\" alt=\"\" title=\"Slavnostn\u00ed zah\u00e1jen\u00ed 67.&nbsp;sezony Filharmonie Brno\" width=\"768\" height=\"512\"  \/><\/a>\t<\/div>\n<\/div>\n\n\n<div class=\"post-entry-content\">\n\n\t<h3 class=\"entry-title\">\n\t\t<a href=\"https:\/\/brno-filharmonie.cz\/en\/terms-and-conditions-for-concert-entry\/\" title=\"Conditions for concert entry from February 10\" rel=\"bookmark\">Conditions for concert entry from February 10<\/a>\n\t<\/h3>\n\n\t<div class=\"entry-meta\"><span class=\"category-link\"><a href=\"https:\/\/brno-filharmonie.cz\/en\/category\/uncategorized\/\" >News<\/a>, <a href=\"https:\/\/brno-filharmonie.cz\/en\/category\/concerts-and-tickets\/\" >Concerts and tickets<\/a><\/span><\/div>\n\t<div class=\"entry-excerpt\"><p>We look forward to seeing you!<\/p>\n<\/div>\n\t\n<\/div><\/article><\/div><div class=\"hidden wf-cell category-69 category-104\" data-post-id=\"15249\" data-date=\"2022-01-29T13:09:59+01:00\" data-name=\"Filharmonie Brno Will Mark 85th Birthday of Composer Philip Glass With A Concert\"><article class=\"post project-odd visible post-15249 type-post status-publish format-standard has-post-thumbnail hentry category-uncategorized category-press-reviews category-69 category-104\" data-name=\"Filharmonie Brno Will Mark 85th Birthday of Composer Philip Glass With A Concert\" data-date=\"2022-01-29T13:09:59+01:00\">\n\n<div class=\"post-thumbnail-wrap\">\n\t<div class=\"post-thumbnail\">\n\t\t\n\t\t\n\t\t<a href=\"https:\/\/brno-filharmonie.cz\/en\/filharmonie-brno-will-mark-85th-birthday-of-composer-philip-glass-with-a-concert\/\" class=\"post-thumbnail-rollover layzr-bg layzr-bg\" ><img loading=\"lazy\" decoding=\"async\" class=\"iso-lazy-load preload-me iso-lazy-load\" src=\"data:image\/svg+xml,%3Csvg%20xmlns%3D&#39;http%3A%2F%2Fwww.w3.org%2F2000%2Fsvg&#39;%20viewBox%3D&#39;0%200%20693%20462&#39;%2F%3E\" data-src=\"https:\/\/brno-filharmonie.cz\/wp-content\/uploads\/2022\/01\/Philip_Glass-Linz_2012-Photo-Andreas_H_Bitesnich-11014-693x462.jpg\" data-srcset=\"https:\/\/brno-filharmonie.cz\/wp-content\/uploads\/2022\/01\/Philip_Glass-Linz_2012-Photo-Andreas_H_Bitesnich-11014-693x462.jpg 693w, https:\/\/brno-filharmonie.cz\/wp-content\/uploads\/2022\/01\/Philip_Glass-Linz_2012-Photo-Andreas_H_Bitesnich-11014-693x461.jpg 693w\" alt=\"\" title=\"Philip_Glass-Linz_2012-Photo-Andreas_H_Bitesnich-11014\" width=\"693\" height=\"462\"  \/><\/a>\t<\/div>\n<\/div>\n\n\n<div class=\"post-entry-content\">\n\n\t<h3 class=\"entry-title\">\n\t\t<a href=\"https:\/\/brno-filharmonie.cz\/en\/filharmonie-brno-will-mark-85th-birthday-of-composer-philip-glass-with-a-concert\/\" title=\"Filharmonie Brno Will Mark 85th Birthday of Composer Philip Glass With A Concert\" rel=\"bookmark\">Filharmonie Brno Will Mark 85th Birthday of Composer Philip Glass With A Concert<\/a>\n\t<\/h3>\n\n\t<div class=\"entry-meta\"><span class=\"category-link\"><a href=\"https:\/\/brno-filharmonie.cz\/en\/category\/uncategorized\/\" >News<\/a>, <a href=\"https:\/\/brno-filharmonie.cz\/en\/category\/press-reviews\/\" >Press reviews<\/a><\/span><\/div>\n\t<div class=\"entry-excerpt\"><p>Brno Daily<\/p>\n<\/div>\n\t\n<\/div><\/article><\/div><div class=\"hidden wf-cell category-69 category-73\" data-post-id=\"15212\" data-date=\"2022-01-28T11:35:22+01:00\" data-name=\"Filharmonie Brno puts on a concert for Philip Glass\u2019s 85th birthday, in which Chief Conductor Davies and his wife Namekawa play pieces Glass wrote for them\"><article class=\"post project-odd visible post-15212 type-post status-publish format-standard has-post-thumbnail hentry category-uncategorized category-press-releases category-69 category-73\" data-name=\"Filharmonie Brno puts on a concert for Philip Glass\u2019s 85th birthday, in which Chief Conductor Davies and his wife Namekawa play pieces Glass wrote for them\" data-date=\"2022-01-28T11:35:22+01:00\">\n\n<div class=\"post-thumbnail-wrap\">\n\t<div class=\"post-thumbnail\">\n\t\t\n\t\t\n\t\t<a href=\"https:\/\/brno-filharmonie.cz\/en\/filharmonie-brno-puts-on-a-concert-for-philip-glasss-85th-birthday-in-which-chief-conductor-davies-and-his-wife-namekawa-play-pieces-glass-wrote-for-them\/\" class=\"post-thumbnail-rollover layzr-bg layzr-bg\" ><img loading=\"lazy\" decoding=\"async\" class=\"iso-lazy-load preload-me iso-lazy-load\" src=\"data:image\/svg+xml,%3Csvg%20xmlns%3D&#39;http%3A%2F%2Fwww.w3.org%2F2000%2Fsvg&#39;%20viewBox%3D&#39;0%200%20768%20512&#39;%2F%3E\" data-src=\"https:\/\/brno-filharmonie.cz\/wp-content\/uploads\/2022\/01\/Dennis-R.-Davies-a-Maki-Namekawa-v-Besednim-dome-2019-1-768x512.jpg\" data-srcset=\"https:\/\/brno-filharmonie.cz\/wp-content\/uploads\/2022\/01\/Dennis-R.-Davies-a-Maki-Namekawa-v-Besednim-dome-2019-1-768x512.jpg 768w, https:\/\/brno-filharmonie.cz\/wp-content\/uploads\/2022\/01\/Dennis-R.-Davies-a-Maki-Namekawa-v-Besednim-dome-2019-1-1152x768.jpg 1152w\" alt=\"\" title=\"Dennis R. Davies a Maki Namekawa v&nbsp;Besedn\u00edm dom\u011b 2019 (1)\" width=\"768\" height=\"512\"  \/><\/a>\t<\/div>\n<\/div>\n\n\n<div class=\"post-entry-content\">\n\n\t<h3 class=\"entry-title\">\n\t\t<a href=\"https:\/\/brno-filharmonie.cz\/en\/filharmonie-brno-puts-on-a-concert-for-philip-glasss-85th-birthday-in-which-chief-conductor-davies-and-his-wife-namekawa-play-pieces-glass-wrote-for-them\/\" title=\"Filharmonie Brno puts on a concert for Philip Glass\u2019s 85th birthday, in which Chief Conductor Davies and his wife Namekawa play pieces Glass wrote for them\" rel=\"bookmark\">Filharmonie Brno puts on a concert for Philip Glass\u2019s 85th birthday, in which Chief Conductor Davies and his wife Namekawa play pieces Glass wrote for them<\/a>\n\t<\/h3>\n\n\t<div class=\"entry-meta\"><span class=\"category-link\"><a href=\"https:\/\/brno-filharmonie.cz\/en\/category\/uncategorized\/\" >News<\/a>, <a href=\"https:\/\/brno-filharmonie.cz\/en\/category\/press-releases\/\" >Press releases<\/a><\/span><\/div>\n\t<div class=\"entry-excerpt\"><p>PRESS RELEASE, Brno, 27.1.2022<\/p>\n<\/div>\n\t\n<\/div><\/article><\/div><div class=\"hidden wf-cell category-104 category-69\" data-post-id=\"15138\" data-date=\"2022-01-26T13:55:26+01:00\" data-name=\"Musical Destinations - Brno Czech Republic\"><article class=\"post project-odd visible post-15138 type-post status-publish format-standard has-post-thumbnail hentry category-press-reviews category-uncategorized category-104 category-69\" data-name=\"Musical Destinations &#8211; Brno Czech Republic\" data-date=\"2022-01-26T13:55:26+01:00\">\n\n<div class=\"post-thumbnail-wrap\">\n\t<div class=\"post-thumbnail\">\n\t\t\n\t\t\n\t\t<a href=\"https:\/\/brno-filharmonie.cz\/en\/musical-destinations-brno-czech-republic\/\" class=\"post-thumbnail-rollover layzr-bg layzr-bg\" ><img loading=\"lazy\" decoding=\"async\" class=\"iso-lazy-load preload-me iso-lazy-load\" src=\"data:image\/svg+xml,%3Csvg%20xmlns%3D&#39;http%3A%2F%2Fwww.w3.org%2F2000%2Fsvg&#39;%20viewBox%3D&#39;0%200%20768%20512&#39;%2F%3E\" data-src=\"https:\/\/brno-filharmonie.cz\/wp-content\/uploads\/2021\/11\/DSC00199-scaled-768x512.jpg\" data-srcset=\"https:\/\/brno-filharmonie.cz\/wp-content\/uploads\/2021\/11\/DSC00199-scaled-768x512.jpg 768w, https:\/\/brno-filharmonie.cz\/wp-content\/uploads\/2021\/11\/DSC00199-scaled-1152x768.jpg 1152w\" alt=\"\" title=\"DSC00199\" width=\"768\" height=\"512\"  \/><\/a>\t<\/div>\n<\/div>\n\n\n<div class=\"post-entry-content\">\n\n\t<h3 class=\"entry-title\">\n\t\t<a href=\"https:\/\/brno-filharmonie.cz\/en\/musical-destinations-brno-czech-republic\/\" title=\"Musical Destinations &#8211; Brno Czech Republic\" rel=\"bookmark\">Musical Destinations &#8211; Brno Czech Republic<\/a>\n\t<\/h3>\n\n\t<div class=\"entry-meta\"><span class=\"category-link\"><a href=\"https:\/\/brno-filharmonie.cz\/en\/category\/press-reviews\/\" >Press reviews<\/a>, <a href=\"https:\/\/brno-filharmonie.cz\/en\/category\/uncategorized\/\" >News<\/a><\/span><\/div>\n\t<div class=\"entry-excerpt\"><p>BBC Music Magazine<\/p>\n<\/div>\n\t\n<\/div><\/article><\/div><div class=\"hidden wf-cell category-69 category-73\" data-post-id=\"15078\" data-date=\"2022-01-21T17:52:04+01:00\" data-name=\"Filharmonie Brno releases its third CD. This one is a cross-section of the work of Arvo P\u00e4rt, who was regularly consulted over the recording\"><article class=\"post project-odd visible post-15078 type-post status-publish format-standard has-post-thumbnail hentry category-uncategorized category-press-releases category-69 category-73\" data-name=\"Filharmonie Brno releases its third CD. This one is a cross-section of the work of Arvo P\u00e4rt, who was regularly consulted over the recording\" data-date=\"2022-01-21T17:52:04+01:00\">\n\n<div class=\"post-thumbnail-wrap\">\n\t<div class=\"post-thumbnail\">\n\t\t\n\t\t\n\t\t<a href=\"https:\/\/brno-filharmonie.cz\/en\/filharmonie-brno-releases-its-third-cd-this-one-is-a-cross-section-of-the-work-of-arvo-part-who-was-regularly-consulted-over-the-recording\/\" class=\"post-thumbnail-rollover layzr-bg layzr-bg\" ><img loading=\"lazy\" decoding=\"async\" class=\"iso-lazy-load preload-me iso-lazy-load\" src=\"data:image\/svg+xml,%3Csvg%20xmlns%3D&#39;http%3A%2F%2Fwww.w3.org%2F2000%2Fsvg&#39;%20viewBox%3D&#39;0%200%20768%20512&#39;%2F%3E\" data-src=\"https:\/\/brno-filharmonie.cz\/wp-content\/uploads\/2022\/01\/Arvo-Part-Filharmonie-Brno-obal-768x512.jpg\" data-srcset=\"https:\/\/brno-filharmonie.cz\/wp-content\/uploads\/2022\/01\/Arvo-Part-Filharmonie-Brno-obal-768x512.jpg 768w, https:\/\/brno-filharmonie.cz\/wp-content\/uploads\/2022\/01\/Arvo-Part-Filharmonie-Brno-obal-890x593.jpg 890w\" alt=\"\" title=\"Arvo P\u00e4rt Filharmonie Brno obal\" width=\"768\" height=\"512\"  \/><\/a>\t<\/div>\n<\/div>\n\n\n<div class=\"post-entry-content\">\n\n\t<h3 class=\"entry-title\">\n\t\t<a href=\"https:\/\/brno-filharmonie.cz\/en\/filharmonie-brno-releases-its-third-cd-this-one-is-a-cross-section-of-the-work-of-arvo-part-who-was-regularly-consulted-over-the-recording\/\" title=\"Filharmonie Brno releases its third CD. This one is a cross-section of the work of Arvo P\u00e4rt, who was regularly consulted over the recording\" rel=\"bookmark\">Filharmonie Brno releases its third CD. This one is a cross-section of the work of Arvo P\u00e4rt, who was regularly consulted over the recording<\/a>\n\t<\/h3>\n\n\t<div class=\"entry-meta\"><span class=\"category-link\"><a href=\"https:\/\/brno-filharmonie.cz\/en\/category\/uncategorized\/\" >News<\/a>, <a href=\"https:\/\/brno-filharmonie.cz\/en\/category\/press-releases\/\" >Press releases<\/a><\/span><\/div>\n\t<div class=\"entry-excerpt\"><p>PRESS RELEASE,\u00a0Brno, 21.&nbsp;1.&nbsp;2022<\/p>\n<\/div>\n\t\n<\/div><\/article><\/div><div class=\"hidden wf-cell category-69 category-73\" data-post-id=\"15052\" data-date=\"2022-01-19T14:25:06+01:00\" data-name=\"Filharmonie Brno Stages Two Concerts To Mark Beethoven\u2019s Anniversary\"><article class=\"post project-odd visible post-15052 type-post status-publish format-standard has-post-thumbnail hentry category-uncategorized category-press-releases category-69 category-73\" data-name=\"Filharmonie Brno Stages Two Concerts To Mark Beethoven\u2019s Anniversary\" data-date=\"2022-01-19T14:25:06+01:00\">\n\n<div class=\"post-thumbnail-wrap\">\n\t<div class=\"post-thumbnail\">\n\t\t\n\t\t\n\t\t<a href=\"https:\/\/brno-filharmonie.cz\/en\/filharmonie-brno-stages-two-concerts-to-mark-beethovens-anniversary\/\" class=\"post-thumbnail-rollover layzr-bg layzr-bg\" ><img loading=\"lazy\" decoding=\"async\" class=\"iso-lazy-load preload-me iso-lazy-load\" src=\"data:image\/svg+xml,%3Csvg%20xmlns%3D&#39;http%3A%2F%2Fwww.w3.org%2F2000%2Fsvg&#39;%20viewBox%3D&#39;0%200%20768%20512&#39;%2F%3E\" data-src=\"https:\/\/brno-filharmonie.cz\/wp-content\/uploads\/2022\/01\/ArabellaSteinbacher_c_SammyHart-768x512.jpg\" data-srcset=\"https:\/\/brno-filharmonie.cz\/wp-content\/uploads\/2022\/01\/ArabellaSteinbacher_c_SammyHart-768x512.jpg 768w, https:\/\/brno-filharmonie.cz\/wp-content\/uploads\/2022\/01\/ArabellaSteinbacher_c_SammyHart-1152x768.jpg 1152w\" alt=\"\" title=\"ArabellaSteinbacher_c_SammyHart\" width=\"768\" height=\"512\"  \/><\/a>\t<\/div>\n<\/div>\n\n\n<div class=\"post-entry-content\">\n\n\t<h3 class=\"entry-title\">\n\t\t<a href=\"https:\/\/brno-filharmonie.cz\/en\/filharmonie-brno-stages-two-concerts-to-mark-beethovens-anniversary\/\" title=\"Filharmonie Brno Stages Two Concerts To Mark Beethoven\u2019s Anniversary\" rel=\"bookmark\">Filharmonie Brno Stages Two Concerts To Mark Beethoven\u2019s Anniversary<\/a>\n\t<\/h3>\n\n\t<div class=\"entry-meta\"><span class=\"category-link\"><a href=\"https:\/\/brno-filharmonie.cz\/en\/category\/uncategorized\/\" >News<\/a>, <a href=\"https:\/\/brno-filharmonie.cz\/en\/category\/press-releases\/\" >Press releases<\/a><\/span><\/div>\n\t<div class=\"entry-excerpt\"><p>Brno Daily, 19 January 2022<\/p>\n<\/div>\n\t\n<\/div><\/article><\/div><div class=\"hidden wf-cell category-69 category-101\" data-post-id=\"14885\" data-date=\"2022-01-10T10:38:43+01:00\" data-name=\"Temporary change of opening hours \/ Ticket Office\"><article class=\"post project-odd visible post-14885 type-post status-publish format-standard has-post-thumbnail hentry category-uncategorized category-concerts-and-tickets category-69 category-101\" data-name=\"Temporary change of opening hours \/ Ticket Office\" data-date=\"2022-01-10T10:38:43+01:00\">\n\n<div class=\"post-thumbnail-wrap\">\n\t<div class=\"post-thumbnail\">\n\t\t\n\t\t\n\t\t<a href=\"https:\/\/brno-filharmonie.cz\/en\/temporary-change-of-opening-hours-ticket-office\/\" class=\"post-thumbnail-rollover layzr-bg layzr-bg\" ><img loading=\"lazy\" decoding=\"async\" class=\"iso-lazy-load preload-me iso-lazy-load\" src=\"data:image\/svg+xml,%3Csvg%20xmlns%3D&#39;http%3A%2F%2Fwww.w3.org%2F2000%2Fsvg&#39;%20viewBox%3D&#39;0%200%20768%20512&#39;%2F%3E\" data-src=\"https:\/\/brno-filharmonie.cz\/wp-content\/uploads\/2020\/10\/preprodej1000tiny-1000x666-768x512.jpg\" data-srcset=\"https:\/\/brno-filharmonie.cz\/wp-content\/uploads\/2020\/10\/preprodej1000tiny-1000x666-768x512.jpg 768w, https:\/\/brno-filharmonie.cz\/wp-content\/uploads\/2020\/10\/preprodej1000tiny-1000x666.jpg 999w\" alt=\"\" title=\"predprodej1000tiny-1000&#215;666\" width=\"768\" height=\"512\"  \/><\/a>\t<\/div>\n<\/div>\n\n\n<div class=\"post-entry-content\">\n\n\t<h3 class=\"entry-title\">\n\t\t<a href=\"https:\/\/brno-filharmonie.cz\/en\/temporary-change-of-opening-hours-ticket-office\/\" title=\"Temporary change of opening hours \/ Ticket Office\" rel=\"bookmark\">Temporary change of opening hours \/ Ticket Office<\/a>\n\t<\/h3>\n\n\t<div class=\"entry-meta\"><span class=\"category-link\"><a href=\"https:\/\/brno-filharmonie.cz\/en\/category\/uncategorized\/\" >News<\/a>, <a href=\"https:\/\/brno-filharmonie.cz\/en\/category\/concerts-and-tickets\/\" >Concerts and tickets<\/a><\/span><\/div>\n\t<div class=\"entry-excerpt\"><p>Temporary change of opening hours \/ Ticket Office<\/p>\n<\/div>\n\t\n<\/div><\/article><\/div><div class=\"hidden wf-cell category-69 category-104\" data-post-id=\"14576\" data-date=\"2021-12-08T11:51:08+01:00\" data-name=\"Birds Take over the main stage of the Brno Filharmonie\"><article class=\"post project-odd visible post-14576 type-post status-publish format-standard has-post-thumbnail hentry category-uncategorized category-press-reviews category-69 category-104\" data-name=\"Birds Take over the main stage of the Brno Filharmonie\" data-date=\"2021-12-08T11:51:08+01:00\">\n\n<div class=\"post-thumbnail-wrap\">\n\t<div class=\"post-thumbnail\">\n\t\t\n\t\t\n\t\t<a href=\"https:\/\/brno-filharmonie.cz\/en\/birds-take-over-the-main-stage-of-the-brno-filharmonie\/\" class=\"post-thumbnail-rollover layzr-bg layzr-bg\" ><img loading=\"lazy\" decoding=\"async\" class=\"iso-lazy-load preload-me iso-lazy-load\" src=\"data:image\/svg+xml,%3Csvg%20xmlns%3D&#39;http%3A%2F%2Fwww.w3.org%2F2000%2Fsvg&#39;%20viewBox%3D&#39;0%200%20768%20512&#39;%2F%3E\" data-src=\"https:\/\/brno-filharmonie.cz\/wp-content\/uploads\/2021\/05\/FBD-2-768x512.jpeg\" data-srcset=\"https:\/\/brno-filharmonie.cz\/wp-content\/uploads\/2021\/05\/FBD-2-768x512.jpeg 768w, https:\/\/brno-filharmonie.cz\/wp-content\/uploads\/2021\/05\/FBD-2-1152x768.jpeg 1152w\" alt=\"\" title=\"FBD 2\" width=\"768\" height=\"512\"  \/><\/a>\t<\/div>\n<\/div>\n\n\n<div class=\"post-entry-content\">\n\n\t<h3 class=\"entry-title\">\n\t\t<a href=\"https:\/\/brno-filharmonie.cz\/en\/birds-take-over-the-main-stage-of-the-brno-filharmonie\/\" title=\"Birds Take over the main stage of the Brno Filharmonie\" rel=\"bookmark\">Birds Take over the main stage of the Brno Filharmonie<\/a>\n\t<\/h3>\n\n\t<div class=\"entry-meta\"><span class=\"category-link\"><a href=\"https:\/\/brno-filharmonie.cz\/en\/category\/uncategorized\/\" >News<\/a>, <a href=\"https:\/\/brno-filharmonie.cz\/en\/category\/press-reviews\/\" >Press reviews<\/a><\/span><\/div>\n\t<div class=\"entry-excerpt\"><p>Brno Daily, December 8, 2021<\/p>\n<\/div>\n\t\n<\/div><\/article><\/div><div class=\"hidden wf-cell category-69 category-104\" data-post-id=\"14831\" data-date=\"2021-11-26T11:31:23+01:00\" data-name=\"Cellar Sketching with Nejtek, Brahms and Barber\"><article class=\"post project-odd visible post-14831 type-post status-publish format-standard has-post-thumbnail hentry category-uncategorized category-press-reviews category-69 category-104\" data-name=\"Cellar Sketching with Nejtek, Brahms and Barber\" data-date=\"2021-11-26T11:31:23+01:00\">\n\n<div class=\"post-thumbnail-wrap\">\n\t<div class=\"post-thumbnail\">\n\t\t\n\t\t\n\t\t<a href=\"https:\/\/brno-filharmonie.cz\/en\/cellar-sketching-with-nejtek-brahms-and-barber\/\" class=\"post-thumbnail-rollover layzr-bg layzr-bg\" ><img loading=\"lazy\" decoding=\"async\" class=\"iso-lazy-load preload-me iso-lazy-load\" src=\"data:image\/svg+xml,%3Csvg%20xmlns%3D&#39;http%3A%2F%2Fwww.w3.org%2F2000%2Fsvg&#39;%20viewBox%3D&#39;0%200%20768%20512&#39;%2F%3E\" data-src=\"https:\/\/brno-filharmonie.cz\/wp-content\/uploads\/2021\/11\/DSC00199-scaled-768x512.jpg\" data-srcset=\"https:\/\/brno-filharmonie.cz\/wp-content\/uploads\/2021\/11\/DSC00199-scaled-768x512.jpg 768w, https:\/\/brno-filharmonie.cz\/wp-content\/uploads\/2021\/11\/DSC00199-scaled-1152x768.jpg 1152w\" alt=\"\" title=\"DSC00199\" width=\"768\" height=\"512\"  \/><\/a>\t<\/div>\n<\/div>\n\n\n<div class=\"post-entry-content\">\n\n\t<h3 class=\"entry-title\">\n\t\t<a href=\"https:\/\/brno-filharmonie.cz\/en\/cellar-sketching-with-nejtek-brahms-and-barber\/\" title=\"Cellar Sketching with Nejtek, Brahms and Barber\" rel=\"bookmark\">Cellar Sketching with Nejtek, Brahms and Barber<\/a>\n\t<\/h3>\n\n\t<div class=\"entry-meta\"><span class=\"category-link\"><a href=\"https:\/\/brno-filharmonie.cz\/en\/category\/uncategorized\/\" >News<\/a>, <a href=\"https:\/\/brno-filharmonie.cz\/en\/category\/press-reviews\/\" >Press reviews<\/a><\/span><\/div>\n\t<div class=\"entry-excerpt\"><p>BRNO Music Friendly City<\/p>\n<\/div>\n\t\n<\/div><\/article><\/div><div class=\"hidden wf-cell category-69 category-101\" data-post-id=\"14441\" data-date=\"2021-11-21T21:17:07+01:00\" data-name=\"Current conditions of entry to the concerts from November 22\"><article class=\"post project-odd visible post-14441 type-post status-publish format-standard has-post-thumbnail hentry category-uncategorized category-concerts-and-tickets category-69 category-101\" data-name=\"Current conditions of entry to the concerts from November 22\" data-date=\"2021-11-21T21:17:07+01:00\">\n\n<div class=\"post-thumbnail-wrap\">\n\t<div class=\"post-thumbnail\">\n\t\t\n\t\t\n\t\t<a href=\"https:\/\/brno-filharmonie.cz\/en\/conditions-of-entry-to-the-concert-from-november-22\/\" class=\"post-thumbnail-rollover layzr-bg layzr-bg\" ><img loading=\"lazy\" decoding=\"async\" class=\"iso-lazy-load preload-me iso-lazy-load\" src=\"data:image\/svg+xml,%3Csvg%20xmlns%3D&#39;http%3A%2F%2Fwww.w3.org%2F2000%2Fsvg&#39;%20viewBox%3D&#39;0%200%20768%20512&#39;%2F%3E\" data-src=\"https:\/\/brno-filharmonie.cz\/wp-content\/uploads\/2021\/11\/vraceni-vstupneho-768x512.jpg\" data-srcset=\"https:\/\/brno-filharmonie.cz\/wp-content\/uploads\/2021\/11\/vraceni-vstupneho-768x512.jpg 768w, https:\/\/brno-filharmonie.cz\/wp-content\/uploads\/2021\/11\/vraceni-vstupneho-1152x768.jpg 1152w\" alt=\"\" title=\"vr\u00e1cen\u00ed vstupn\u00e9ho\" width=\"768\" height=\"512\"  \/><\/a>\t<\/div>\n<\/div>\n\n\n<div class=\"post-entry-content\">\n\n\t<h3 class=\"entry-title\">\n\t\t<a href=\"https:\/\/brno-filharmonie.cz\/en\/conditions-of-entry-to-the-concert-from-november-22\/\" title=\"Current conditions of entry to the concerts from November 22\" rel=\"bookmark\">Current conditions of entry to the concerts from November 22<\/a>\n\t<\/h3>\n\n\t<div class=\"entry-meta\"><span class=\"category-link\"><a href=\"https:\/\/brno-filharmonie.cz\/en\/category\/uncategorized\/\" >News<\/a>, <a href=\"https:\/\/brno-filharmonie.cz\/en\/category\/concerts-and-tickets\/\" >Concerts and tickets<\/a><\/span><\/div>\n\t<div class=\"entry-excerpt\"><p>Thank you for your understanding<\/p>\n<\/div>\n\t\n<\/div><\/article><\/div><div class=\"hidden wf-cell category-69 category-101\" data-post-id=\"14438\" data-date=\"2021-11-21T21:10:42+01:00\" data-name=\"Two concerts Filharmonie\u00b4s Wind Soloists &amp; Dennis Russell Davies canceled\"><article class=\"post project-odd visible post-14438 type-post status-publish format-standard has-post-thumbnail hentry category-uncategorized category-concerts-and-tickets category-69 category-101\" data-name=\"Two concerts Filharmonie\u00b4s Wind Soloists &#038; Dennis Russell Davies canceled\" data-date=\"2021-11-21T21:10:42+01:00\">\n\n<div class=\"post-thumbnail-wrap\">\n\t<div class=\"post-thumbnail\">\n\t\t\n\t\t\n\t\t<a href=\"https:\/\/brno-filharmonie.cz\/en\/14438\/\" class=\"post-thumbnail-rollover layzr-bg layzr-bg\" ><img loading=\"lazy\" decoding=\"async\" class=\"iso-lazy-load preload-me iso-lazy-load\" src=\"data:image\/svg+xml,%3Csvg%20xmlns%3D&#39;http%3A%2F%2Fwww.w3.org%2F2000%2Fsvg&#39;%20viewBox%3D&#39;0%200%20768%20512&#39;%2F%3E\" data-src=\"https:\/\/brno-filharmonie.cz\/wp-content\/uploads\/2020\/04\/81688883_2794032543969026_7552247472261693440_o-768x512.jpg\" data-srcset=\"https:\/\/brno-filharmonie.cz\/wp-content\/uploads\/2020\/04\/81688883_2794032543969026_7552247472261693440_o-768x512.jpg 768w, https:\/\/brno-filharmonie.cz\/wp-content\/uploads\/2020\/04\/81688883_2794032543969026_7552247472261693440_o-1152x768.jpg 1152w\" alt=\"\" title=\"81688883_2794032543969026_7552247472261693440_o\" width=\"768\" height=\"512\"  \/><\/a>\t<\/div>\n<\/div>\n\n\n<div class=\"post-entry-content\">\n\n\t<h3 class=\"entry-title\">\n\t\t<a href=\"https:\/\/brno-filharmonie.cz\/en\/14438\/\" title=\"Two concerts Filharmonie\u00b4s Wind Soloists &#038; Dennis Russell Davies canceled\" rel=\"bookmark\">Two concerts Filharmonie\u00b4s Wind Soloists &#038; Dennis Russell Davies canceled<\/a>\n\t<\/h3>\n\n\t<div class=\"entry-meta\"><span class=\"category-link\"><a href=\"https:\/\/brno-filharmonie.cz\/en\/category\/uncategorized\/\" >News<\/a>, <a href=\"https:\/\/brno-filharmonie.cz\/en\/category\/concerts-and-tickets\/\" >Concerts and tickets<\/a><\/span><\/div>\n\t<div class=\"entry-excerpt\"><p>Thank you for your understanding<\/p>\n<\/div>\n\t\n<\/div><\/article><\/div><div class=\"hidden wf-cell category-69 category-104\" data-post-id=\"14580\" data-date=\"2021-11-10T11:53:07+01:00\" data-name=\"The Brno Philharmonic presents one of the highlights of the season: Schnittke\u2019s Faust Cantata and Iva Bittov\u00e1\"><article class=\"post project-odd visible post-14580 type-post status-publish format-standard has-post-thumbnail hentry category-uncategorized category-press-reviews category-69 category-104\" data-name=\"The Brno Philharmonic presents one of the highlights of the season: Schnittke\u2019s Faust Cantata and Iva Bittov\u00e1\" data-date=\"2021-11-10T11:53:07+01:00\">\n\n<div class=\"post-thumbnail-wrap\">\n\t<div class=\"post-thumbnail\">\n\t\t\n\t\t\n\t\t<a href=\"https:\/\/brno-filharmonie.cz\/en\/the-brno-philharmonic-presents-one-of-the-highlights-of-the-season-schnittkes-faust-cantata-and-iva-bittova\/\" class=\"post-thumbnail-rollover layzr-bg layzr-bg\" ><img loading=\"lazy\" decoding=\"async\" class=\"iso-lazy-load preload-me iso-lazy-load\" src=\"data:image\/svg+xml,%3Csvg%20xmlns%3D&#39;http%3A%2F%2Fwww.w3.org%2F2000%2Fsvg&#39;%20viewBox%3D&#39;0%200%20768%20512&#39;%2F%3E\" data-src=\"https:\/\/brno-filharmonie.cz\/wp-content\/uploads\/2021\/11\/Iva-Bittova-jako-Mefistofela-768x512.jpg\" data-srcset=\"https:\/\/brno-filharmonie.cz\/wp-content\/uploads\/2021\/11\/Iva-Bittova-jako-Mefistofela-768x512.jpg 768w, https:\/\/brno-filharmonie.cz\/wp-content\/uploads\/2021\/11\/Iva-Bittova-jako-Mefistofela-1152x768.jpg 1152w\" alt=\"\" title=\"Iva Bittov\u00e1 jako Mefistofela\" width=\"768\" height=\"512\"  \/><\/a>\t<\/div>\n<\/div>\n\n\n<div class=\"post-entry-content\">\n\n\t<h3 class=\"entry-title\">\n\t\t<a href=\"https:\/\/brno-filharmonie.cz\/en\/the-brno-philharmonic-presents-one-of-the-highlights-of-the-season-schnittkes-faust-cantata-and-iva-bittova\/\" title=\"The Brno Philharmonic presents one of the highlights of the season: Schnittke\u2019s Faust Cantata and Iva Bittov\u00e1\" rel=\"bookmark\">The Brno Philharmonic presents one of the highlights of the season: Schnittke\u2019s Faust Cantata and Iva Bittov\u00e1<\/a>\n\t<\/h3>\n\n\t<div class=\"entry-meta\"><span class=\"category-link\"><a href=\"https:\/\/brno-filharmonie.cz\/en\/category\/uncategorized\/\" >News<\/a>, <a href=\"https:\/\/brno-filharmonie.cz\/en\/category\/press-reviews\/\" >Press reviews<\/a><\/span><\/div>\n\t<div class=\"entry-excerpt\"><p>Brno &#8211; music friendly city, 10 November 2021<\/p>\n<\/div>\n\t\n<\/div><\/article><\/div><div class=\"hidden wf-cell category-69 category-104\" data-post-id=\"14080\" data-date=\"2021-10-04T09:32:43+02:00\" data-name=\"Moravian Autumn Festival Returns For The 51st Year\"><article class=\"post project-odd visible post-14080 type-post status-publish format-standard has-post-thumbnail hentry category-uncategorized category-press-reviews category-69 category-104\" data-name=\"Moravian Autumn Festival Returns For The 51st Year\" data-date=\"2021-10-04T09:32:43+02:00\">\n\n<div class=\"post-thumbnail-wrap\">\n\t<div class=\"post-thumbnail\">\n\t\t\n\t\t\n\t\t<a href=\"https:\/\/brno-filharmonie.cz\/en\/moravian-autumn-festival-returns-for-the-51st-year\/\" class=\"post-thumbnail-rollover layzr-bg layzr-bg\" ><img loading=\"lazy\" decoding=\"async\" class=\"iso-lazy-load preload-me iso-lazy-load\" src=\"data:image\/svg+xml,%3Csvg%20xmlns%3D&#39;http%3A%2F%2Fwww.w3.org%2F2000%2Fsvg&#39;%20viewBox%3D&#39;0%200%20768%20512&#39;%2F%3E\" data-src=\"https:\/\/brno-filharmonie.cz\/wp-content\/uploads\/2021\/05\/MP_background-768x512.jpg\" data-srcset=\"https:\/\/brno-filharmonie.cz\/wp-content\/uploads\/2021\/05\/MP_background-768x512.jpg 768w, https:\/\/brno-filharmonie.cz\/wp-content\/uploads\/2021\/05\/MP_background-1152x768.jpg 1152w\" alt=\"\" title=\"MP_background\" width=\"768\" height=\"512\"  \/><\/a>\t<\/div>\n<\/div>\n\n\n<div class=\"post-entry-content\">\n\n\t<h3 class=\"entry-title\">\n\t\t<a href=\"https:\/\/brno-filharmonie.cz\/en\/moravian-autumn-festival-returns-for-the-51st-year\/\" title=\"Moravian Autumn Festival Returns For The 51st Year\" rel=\"bookmark\">Moravian Autumn Festival Returns For The 51st Year<\/a>\n\t<\/h3>\n\n\t<div class=\"entry-meta\"><span class=\"category-link\"><a href=\"https:\/\/brno-filharmonie.cz\/en\/category\/uncategorized\/\" >News<\/a>, <a href=\"https:\/\/brno-filharmonie.cz\/en\/category\/press-reviews\/\" >Press reviews<\/a><\/span><\/div>\n\t<div class=\"entry-excerpt\"><p>Brno Daily, October 4, 2021<\/p>\n<\/div>\n\t\n<\/div><\/article><\/div><div class=\"hidden wf-cell category-69 category-101\" data-post-id=\"13806\" data-date=\"2021-09-17T08:59:51+02:00\" data-name=\"Covid 19 and our concerts. Conditions for entry to the event\"><article class=\"post project-odd visible post-13806 type-post status-publish format-standard has-post-thumbnail hentry category-uncategorized category-concerts-and-tickets category-69 category-101\" data-name=\"Covid 19 and our concerts. Conditions for entry to the event\" data-date=\"2021-09-17T08:59:51+02:00\">\n\n<div class=\"post-thumbnail-wrap\">\n\t<div class=\"post-thumbnail\">\n\t\t\n\t\t\n\t\t<a href=\"https:\/\/brno-filharmonie.cz\/en\/covid-19-and-our-concerts-here-you-can-find-the-conditions\/\" class=\"post-thumbnail-rollover layzr-bg layzr-bg\" ><img loading=\"lazy\" decoding=\"async\" class=\"iso-lazy-load preload-me iso-lazy-load\" src=\"data:image\/svg+xml,%3Csvg%20xmlns%3D&#39;http%3A%2F%2Fwww.w3.org%2F2000%2Fsvg&#39;%20viewBox%3D&#39;0%200%20720%20480&#39;%2F%3E\" data-src=\"https:\/\/brno-filharmonie.cz\/wp-content\/uploads\/2021\/09\/testovani.jpg\" data-srcset=\"https:\/\/brno-filharmonie.cz\/wp-content\/uploads\/2021\/09\/testovani.jpg 720w\" alt=\"\" title=\"testov\u00e1n\u00ed\" width=\"720\" height=\"480\"  \/><\/a>\t<\/div>\n<\/div>\n\n\n<div class=\"post-entry-content\">\n\n\t<h3 class=\"entry-title\">\n\t\t<a href=\"https:\/\/brno-filharmonie.cz\/en\/covid-19-and-our-concerts-here-you-can-find-the-conditions\/\" title=\"Covid 19 and our concerts. Conditions for entry to the event\" rel=\"bookmark\">Covid 19 and our concerts. Conditions for entry to the event<\/a>\n\t<\/h3>\n\n\t<div class=\"entry-meta\"><span class=\"category-link\"><a href=\"https:\/\/brno-filharmonie.cz\/en\/category\/uncategorized\/\" >News<\/a>, <a href=\"https:\/\/brno-filharmonie.cz\/en\/category\/concerts-and-tickets\/\" >Concerts and tickets<\/a><\/span><\/div>\n\t<div class=\"entry-excerpt\"><p>We are looking forward to you and we believe that we will spend a pleasant evening together.<\/p>\n<\/div>\n\t\n<\/div><\/article><\/div><div class=\"hidden wf-cell category-69 category-101\" data-post-id=\"13797\" data-date=\"2021-09-15T20:39:13+02:00\" data-name=\"Covid test point before the concert in the Jan\u00e1\u010dek Theatre\"><article class=\"post project-odd visible post-13797 type-post status-publish format-standard has-post-thumbnail hentry category-uncategorized category-concerts-and-tickets category-69 category-101\" data-name=\"Covid test point before the concert in the Jan\u00e1\u010dek Theatre\" data-date=\"2021-09-15T20:39:13+02:00\">\n\n<div class=\"post-thumbnail-wrap\">\n\t<div class=\"post-thumbnail\">\n\t\t\n\t\t\n\t\t<a href=\"https:\/\/brno-filharmonie.cz\/en\/covid-test-point-before-the-concert-in-the-janacek-theatre\/\" class=\"post-thumbnail-rollover layzr-bg layzr-bg\" ><img loading=\"lazy\" decoding=\"async\" class=\"iso-lazy-load preload-me iso-lazy-load\" src=\"data:image\/svg+xml,%3Csvg%20xmlns%3D&#39;http%3A%2F%2Fwww.w3.org%2F2000%2Fsvg&#39;%20viewBox%3D&#39;0%200%20720%20480&#39;%2F%3E\" data-src=\"https:\/\/brno-filharmonie.cz\/wp-content\/uploads\/2021\/09\/testovani.jpg\" data-srcset=\"https:\/\/brno-filharmonie.cz\/wp-content\/uploads\/2021\/09\/testovani.jpg 720w\" alt=\"\" title=\"testov\u00e1n\u00ed\" width=\"720\" height=\"480\"  \/><\/a>\t<\/div>\n<\/div>\n\n\n<div class=\"post-entry-content\">\n\n\t<h3 class=\"entry-title\">\n\t\t<a href=\"https:\/\/brno-filharmonie.cz\/en\/covid-test-point-before-the-concert-in-the-janacek-theatre\/\" title=\"Covid test point before the concert in the Jan\u00e1\u010dek Theatre\" rel=\"bookmark\">Covid test point before the concert in the Jan\u00e1\u010dek Theatre<\/a>\n\t<\/h3>\n\n\t<div class=\"entry-meta\"><span class=\"category-link\"><a href=\"https:\/\/brno-filharmonie.cz\/en\/category\/uncategorized\/\" >News<\/a>, <a href=\"https:\/\/brno-filharmonie.cz\/en\/category\/concerts-and-tickets\/\" >Concerts and tickets<\/a><\/span><\/div>\n\t<div class=\"entry-excerpt\"><p>We are looking forward to you and we believe that we will spend a pleasant evening together.<\/p>\n<\/div>\n\t\n<\/div><\/article><\/div><div class=\"hidden wf-cell category-69 category-73\" data-post-id=\"13748\" data-date=\"2021-09-07T14:28:37+02:00\" data-name=\"Jan Nov\u00e1k, Minimalism, Armenia.  This year\u2019s 51st annual Moravian Autumn distinguished by three core themes\"><article class=\"post project-odd visible post-13748 type-post status-publish format-standard has-post-thumbnail hentry category-uncategorized category-press-releases category-69 category-73\" data-name=\"Jan Nov\u00e1k, Minimalism, Armenia.  This year\u2019s 51st annual Moravian Autumn distinguished by three core themes\" data-date=\"2021-09-07T14:28:37+02:00\">\n\n<div class=\"post-thumbnail-wrap\">\n\t<div class=\"post-thumbnail\">\n\t\t\n\t\t\n\t\t<a href=\"https:\/\/brno-filharmonie.cz\/en\/jan-novak-minimalism-armenia-this-years-51st-annual-moravian-autumn-distinguished-by-three-core-themes\/\" class=\"post-thumbnail-rollover layzr-bg layzr-bg\" ><img loading=\"lazy\" decoding=\"async\" class=\"iso-lazy-load preload-me iso-lazy-load\" src=\"data:image\/svg+xml,%3Csvg%20xmlns%3D&#39;http%3A%2F%2Fwww.w3.org%2F2000%2Fsvg&#39;%20viewBox%3D&#39;0%200%20711%20474&#39;%2F%3E\" data-src=\"https:\/\/brno-filharmonie.cz\/wp-content\/uploads\/2021\/09\/Huun-Huur-Tu-711x474.jpg\" data-srcset=\"https:\/\/brno-filharmonie.cz\/wp-content\/uploads\/2021\/09\/Huun-Huur-Tu-711x474.jpg 711w\" alt=\"\" title=\"Huun-Huur-Tu\" width=\"711\" height=\"474\"  \/><\/a>\t<\/div>\n<\/div>\n\n\n<div class=\"post-entry-content\">\n\n\t<h3 class=\"entry-title\">\n\t\t<a href=\"https:\/\/brno-filharmonie.cz\/en\/jan-novak-minimalism-armenia-this-years-51st-annual-moravian-autumn-distinguished-by-three-core-themes\/\" title=\"Jan Nov\u00e1k, Minimalism, Armenia.  This year\u2019s 51st annual Moravian Autumn distinguished by three core themes\" rel=\"bookmark\">Jan Nov\u00e1k, Minimalism, Armenia.  This year\u2019s 51st annual Moravian Autumn distinguished by three core themes<\/a>\n\t<\/h3>\n\n\t<div class=\"entry-meta\"><span class=\"category-link\"><a href=\"https:\/\/brno-filharmonie.cz\/en\/category\/uncategorized\/\" >News<\/a>, <a href=\"https:\/\/brno-filharmonie.cz\/en\/category\/press-releases\/\" >Press releases<\/a><\/span><\/div>\n\t<div class=\"entry-excerpt\"><p>PRESS RELEASE, 7 September 2021<\/p>\n<\/div>\n\t\n<\/div><\/article><\/div><div class=\"hidden wf-cell category-69 category-73\" data-post-id=\"13657\" data-date=\"2021-08-18T12:34:29+02:00\" data-name=\"Change the program of the Final concert with chief conductor\"><article class=\"post project-odd visible post-13657 type-post status-publish format-standard has-post-thumbnail hentry category-uncategorized category-press-releases category-69 category-73\" data-name=\"Change the program of the Final concert with chief conductor\" data-date=\"2021-08-18T12:34:29+02:00\">\n\n<div class=\"post-thumbnail-wrap\">\n\t<div class=\"post-thumbnail\">\n\t\t\n\t\t\n\t\t<a href=\"https:\/\/brno-filharmonie.cz\/en\/hange-the-program-of-the-final-concert-with-chief-conductor\/\" class=\"post-thumbnail-rollover layzr-bg layzr-bg\" ><img loading=\"lazy\" decoding=\"async\" class=\"iso-lazy-load preload-me iso-lazy-load\" src=\"data:image\/svg+xml,%3Csvg%20xmlns%3D&#39;http%3A%2F%2Fwww.w3.org%2F2000%2Fsvg&#39;%20viewBox%3D&#39;0%200%20768%20512&#39;%2F%3E\" data-src=\"https:\/\/brno-filharmonie.cz\/wp-content\/uploads\/2021\/08\/Laura-1-768x512.jpg\" data-srcset=\"https:\/\/brno-filharmonie.cz\/wp-content\/uploads\/2021\/08\/Laura-1-768x512.jpg 768w, https:\/\/brno-filharmonie.cz\/wp-content\/uploads\/2021\/08\/Laura-1-1079x719.jpg 1079w\" alt=\"\" title=\"Laura 1\" width=\"768\" height=\"512\"  \/><\/a>\t<\/div>\n<\/div>\n\n\n<div class=\"post-entry-content\">\n\n\t<h3 class=\"entry-title\">\n\t\t<a href=\"https:\/\/brno-filharmonie.cz\/en\/hange-the-program-of-the-final-concert-with-chief-conductor\/\" title=\"Change the program of the Final concert with chief conductor\" rel=\"bookmark\">Change the program of the Final concert with chief conductor<\/a>\n\t<\/h3>\n\n\t<div class=\"entry-meta\"><span class=\"category-link\"><a href=\"https:\/\/brno-filharmonie.cz\/en\/category\/uncategorized\/\" >News<\/a>, <a href=\"https:\/\/brno-filharmonie.cz\/en\/category\/press-releases\/\" >Press releases<\/a><\/span><\/div>\n\t<div class=\"entry-excerpt\"><p>Thank you for your understanding.<\/p>\n<\/div>\n\t\n<\/div><\/article><\/div><div class=\"hidden wf-cell category-69 category-104\" data-post-id=\"14078\" data-date=\"2021-08-05T09:31:12+02:00\" data-name=\"\u0160pilberk Festival Returns With A Varied Program of Concerts\"><article class=\"post project-odd visible post-14078 type-post status-publish format-standard has-post-thumbnail hentry category-uncategorized category-press-reviews category-69 category-104\" data-name=\"\u0160pilberk Festival Returns With A Varied Program of Concerts\" data-date=\"2021-08-05T09:31:12+02:00\">\n\n<div class=\"post-thumbnail-wrap\">\n\t<div class=\"post-thumbnail\">\n\t\t\n\t\t\n\t\t<a href=\"https:\/\/brno-filharmonie.cz\/en\/spilberk-festival-returns-with-a-varied-program-of-concerts\/\" class=\"post-thumbnail-rollover layzr-bg layzr-bg\" ><img loading=\"lazy\" decoding=\"async\" class=\"iso-lazy-load preload-me iso-lazy-load\" src=\"data:image\/svg+xml,%3Csvg%20xmlns%3D&#39;http%3A%2F%2Fwww.w3.org%2F2000%2Fsvg&#39;%20viewBox%3D&#39;0%200%20768%20512&#39;%2F%3E\" data-src=\"https:\/\/brno-filharmonie.cz\/wp-content\/uploads\/2021\/07\/Filharmonie-Brno-Festival-Spilberk-CARMINA-BURANA-11.8.2020-foto-Vojtech-Kaba-1-scaled-768x512.jpg\" data-srcset=\"https:\/\/brno-filharmonie.cz\/wp-content\/uploads\/2021\/07\/Filharmonie-Brno-Festival-Spilberk-CARMINA-BURANA-11.8.2020-foto-Vojtech-Kaba-1-scaled-768x512.jpg 768w, https:\/\/brno-filharmonie.cz\/wp-content\/uploads\/2021\/07\/Filharmonie-Brno-Festival-Spilberk-CARMINA-BURANA-11.8.2020-foto-Vojtech-Kaba-1-scaled-1152x768.jpg 1152w\" alt=\"\" title=\"Filharmonie-Brno-Festival-Spilberk-CARMINA-BURANA-11.8.2020-foto-Vojt\u011bch-K\u00e1ba-1\" width=\"768\" height=\"512\"  \/><\/a>\t<\/div>\n<\/div>\n\n\n<div class=\"post-entry-content\">\n\n\t<h3 class=\"entry-title\">\n\t\t<a href=\"https:\/\/brno-filharmonie.cz\/en\/spilberk-festival-returns-with-a-varied-program-of-concerts\/\" title=\"\u0160pilberk Festival Returns With A Varied Program of Concerts\" rel=\"bookmark\">\u0160pilberk Festival Returns With A Varied Program of Concerts<\/a>\n\t<\/h3>\n\n\t<div class=\"entry-meta\"><span class=\"category-link\"><a href=\"https:\/\/brno-filharmonie.cz\/en\/category\/uncategorized\/\" >News<\/a>, <a href=\"https:\/\/brno-filharmonie.cz\/en\/category\/press-reviews\/\" >Press reviews<\/a><\/span><\/div>\n\t<div class=\"entry-excerpt\"><p>Brno Daily, August 5, 2021<\/p>\n<\/div>\n\t\n<\/div><\/article><\/div><div class=\"hidden wf-cell category-69 category-104\" data-post-id=\"13534\" data-date=\"2021-07-02T11:37:12+02:00\" data-name=\"NdB and Filharmonie Brno To Hold Concerts In Support of Victims of South Moravian Tornado\"><article class=\"post project-odd visible post-13534 type-post status-publish format-standard has-post-thumbnail hentry category-uncategorized category-press-reviews category-69 category-104\" data-name=\"NdB and Filharmonie Brno To Hold Concerts In Support of Victims of South Moravian Tornado\" data-date=\"2021-07-02T11:37:12+02:00\">\n\n<div class=\"post-thumbnail-wrap\">\n\t<div class=\"post-thumbnail\">\n\t\t\n\t\t\n\t\t<a href=\"https:\/\/brno-filharmonie.cz\/en\/ndb-and-filharmonie-brno-to-hold-concerts-in-support-of-victims-of-south-moravian-tornado\/\" class=\"post-thumbnail-rollover layzr-bg layzr-bg\" ><img loading=\"lazy\" decoding=\"async\" class=\"iso-lazy-load preload-me iso-lazy-load\" src=\"data:image\/svg+xml,%3Csvg%20xmlns%3D&#39;http%3A%2F%2Fwww.w3.org%2F2000%2Fsvg&#39;%20viewBox%3D&#39;0%200%20768%20512&#39;%2F%3E\" data-src=\"https:\/\/brno-filharmonie.cz\/wp-content\/uploads\/2021\/06\/koncert_pro_Moravu-768x512.jpg\" data-srcset=\"https:\/\/brno-filharmonie.cz\/wp-content\/uploads\/2021\/06\/koncert_pro_Moravu-768x512.jpg 768w, https:\/\/brno-filharmonie.cz\/wp-content\/uploads\/2021\/06\/koncert_pro_Moravu-1152x768.jpg 1152w\" alt=\"\" title=\"koncert_pro_Moravu\" width=\"768\" height=\"512\"  \/><\/a>\t<\/div>\n<\/div>\n\n\n<div class=\"post-entry-content\">\n\n\t<h3 class=\"entry-title\">\n\t\t<a href=\"https:\/\/brno-filharmonie.cz\/en\/ndb-and-filharmonie-brno-to-hold-concerts-in-support-of-victims-of-south-moravian-tornado\/\" title=\"NdB and Filharmonie Brno To Hold Concerts In Support of Victims of South Moravian Tornado\" rel=\"bookmark\">NdB and Filharmonie Brno To Hold Concerts In Support of Victims of South Moravian Tornado<\/a>\n\t<\/h3>\n\n\t<div class=\"entry-meta\"><span class=\"category-link\"><a href=\"https:\/\/brno-filharmonie.cz\/en\/category\/uncategorized\/\" >News<\/a>, <a href=\"https:\/\/brno-filharmonie.cz\/en\/category\/press-reviews\/\" >Press reviews<\/a><\/span><\/div>\n\t<div class=\"entry-excerpt\"><p>Brno Daily, July 2, 2021<\/p>\n<\/div>\n\t\n<\/div><\/article><\/div><div class=\"hidden wf-cell category-69 category-104\" data-post-id=\"13292\" data-date=\"2021-06-09T13:43:54+02:00\" data-name=\"Filharmonie Brno To Perform Four Days Of Open-Air Concerts\"><article class=\"post project-odd visible post-13292 type-post status-publish format-standard has-post-thumbnail hentry category-uncategorized category-press-reviews category-69 category-104\" data-name=\"Filharmonie Brno To Perform Four Days Of Open-Air Concerts\" data-date=\"2021-06-09T13:43:54+02:00\">\n\n<div class=\"post-thumbnail-wrap\">\n\t<div class=\"post-thumbnail\">\n\t\t\n\t\t\n\t\t<a href=\"https:\/\/brno-filharmonie.cz\/en\/filharmonie-brno-to-perform-four-days-of-open-air-concerts\/\" class=\"post-thumbnail-rollover layzr-bg layzr-bg\" ><img loading=\"lazy\" decoding=\"async\" class=\"iso-lazy-load preload-me iso-lazy-load\" src=\"data:image\/svg+xml,%3Csvg%20xmlns%3D&#39;http%3A%2F%2Fwww.w3.org%2F2000%2Fsvg&#39;%20viewBox%3D&#39;0%200%20768%20512&#39;%2F%3E\" data-src=\"https:\/\/brno-filharmonie.cz\/wp-content\/uploads\/2021\/02\/Filharmonie-Brno-p\u0159i-nahr\u00e1v\u00e1n\u00ed-768x512.jpg\" data-srcset=\"https:\/\/brno-filharmonie.cz\/wp-content\/uploads\/2021\/02\/Filharmonie-Brno-p\u0159i-nahr\u00e1v\u00e1n\u00ed-768x512.jpg 768w, https:\/\/brno-filharmonie.cz\/wp-content\/uploads\/2021\/02\/Filharmonie-Brno-p\u0159i-nahr\u00e1v\u00e1n\u00ed-1152x768.jpg 1152w\" alt=\"\" title=\"Filharmonie Brno p\u0159i nahr\u00e1v\u00e1n\u00ed\" width=\"768\" height=\"512\"  \/><\/a>\t<\/div>\n<\/div>\n\n\n<div class=\"post-entry-content\">\n\n\t<h3 class=\"entry-title\">\n\t\t<a href=\"https:\/\/brno-filharmonie.cz\/en\/filharmonie-brno-to-perform-four-days-of-open-air-concerts\/\" title=\"Filharmonie Brno To Perform Four Days Of Open-Air Concerts\" rel=\"bookmark\">Filharmonie Brno To Perform Four Days Of Open-Air Concerts<\/a>\n\t<\/h3>\n\n\t<div class=\"entry-meta\"><span class=\"category-link\"><a href=\"https:\/\/brno-filharmonie.cz\/en\/category\/uncategorized\/\" >News<\/a>, <a href=\"https:\/\/brno-filharmonie.cz\/en\/category\/press-reviews\/\" >Press reviews<\/a><\/span><\/div>\n\t<div class=\"entry-excerpt\"><p>Brno Daily, June 9<\/p>\n<\/div>\n\t\n<\/div><\/article><\/div><div class=\"hidden wf-cell category-69 category-104\" data-post-id=\"13294\" data-date=\"2021-06-02T13:48:43+02:00\" data-name=\"A modern mash-up at Prague Spring\"><article class=\"post project-odd visible post-13294 type-post status-publish format-standard has-post-thumbnail hentry category-uncategorized category-press-reviews category-69 category-104\" data-name=\"A modern mash-up at Prague Spring\" data-date=\"2021-06-02T13:48:43+02:00\">\n\n<div class=\"post-thumbnail-wrap\">\n\t<div class=\"post-thumbnail\">\n\t\t\n\t\t\n\t\t<a href=\"https:\/\/brno-filharmonie.cz\/en\/a-modern-mash-up-at-prague-spring\/\" class=\"post-thumbnail-rollover layzr-bg layzr-bg\" ><img loading=\"lazy\" decoding=\"async\" class=\"iso-lazy-load preload-me iso-lazy-load\" src=\"data:image\/svg+xml,%3Csvg%20xmlns%3D&#39;http%3A%2F%2Fwww.w3.org%2F2000%2Fsvg&#39;%20viewBox%3D&#39;0%200%20768%20512&#39;%2F%3E\" data-src=\"https:\/\/brno-filharmonie.cz\/wp-content\/uploads\/2021\/06\/192761696_10165642500170171_744085970013211963_n-768x512.jpg\" data-srcset=\"https:\/\/brno-filharmonie.cz\/wp-content\/uploads\/2021\/06\/192761696_10165642500170171_744085970013211963_n-768x512.jpg 768w, https:\/\/brno-filharmonie.cz\/wp-content\/uploads\/2021\/06\/192761696_10165642500170171_744085970013211963_n-1152x768.jpg 1152w\" alt=\"\" title=\"Pra\u017esk\u00e9 jaro\" width=\"768\" height=\"512\"  \/><\/a>\t<\/div>\n<\/div>\n\n\n<div class=\"post-entry-content\">\n\n\t<h3 class=\"entry-title\">\n\t\t<a href=\"https:\/\/brno-filharmonie.cz\/en\/a-modern-mash-up-at-prague-spring\/\" title=\"A modern mash-up at Prague Spring\" rel=\"bookmark\">A modern mash-up at Prague Spring<\/a>\n\t<\/h3>\n\n\t<div class=\"entry-meta\"><span class=\"category-link\"><a href=\"https:\/\/brno-filharmonie.cz\/en\/category\/uncategorized\/\" >News<\/a>, <a href=\"https:\/\/brno-filharmonie.cz\/en\/category\/press-reviews\/\" >Press reviews<\/a><\/span><\/div>\n\t<div class=\"entry-excerpt\"><p>Bachtrach, 2 June 2021<\/p>\n<\/div>\n\t\n<\/div><\/article><\/div><div class=\"hidden wf-cell category-69 category-73\" data-post-id=\"12682\" data-date=\"2021-05-27T13:28:55+02:00\" data-name=\"Filharmonie Brno to stage more concerts than ever before in its 66th season, with a fully-fledged repertoire prepared with no pandemic compromises.\"><article class=\"post project-odd visible post-12682 type-post status-publish format-standard has-post-thumbnail hentry category-uncategorized category-press-releases category-69 category-73\" data-name=\"Filharmonie Brno to stage more concerts than ever before in its 66th season, with a fully-fledged repertoire prepared with no pandemic compromises.\" data-date=\"2021-05-27T13:28:55+02:00\">\n\n<div class=\"post-thumbnail-wrap\">\n\t<div class=\"post-thumbnail\">\n\t\t\n\t\t\n\t\t<a href=\"https:\/\/brno-filharmonie.cz\/en\/filharmonie-brno-66th-season\/\" class=\"post-thumbnail-rollover layzr-bg layzr-bg\" ><img loading=\"lazy\" decoding=\"async\" class=\"iso-lazy-load preload-me iso-lazy-load\" src=\"data:image\/svg+xml,%3Csvg%20xmlns%3D&#39;http%3A%2F%2Fwww.w3.org%2F2000%2Fsvg&#39;%20viewBox%3D&#39;0%200%20768%20512&#39;%2F%3E\" data-src=\"https:\/\/brno-filharmonie.cz\/wp-content\/uploads\/2021\/05\/E.-Leonskaja-a-D.-R.-Davies-v-prosinci-2018-768x512.jpg\" data-srcset=\"https:\/\/brno-filharmonie.cz\/wp-content\/uploads\/2021\/05\/E.-Leonskaja-a-D.-R.-Davies-v-prosinci-2018-768x512.jpg 768w, https:\/\/brno-filharmonie.cz\/wp-content\/uploads\/2021\/05\/E.-Leonskaja-a-D.-R.-Davies-v-prosinci-2018-1152x768.jpg 1152w\" alt=\"\" title=\"E. Leonskaja a D. R. Davies v&nbsp;prosinci 2018\" width=\"768\" height=\"512\"  \/><\/a>\t<\/div>\n<\/div>\n\n\n<div class=\"post-entry-content\">\n\n\t<h3 class=\"entry-title\">\n\t\t<a href=\"https:\/\/brno-filharmonie.cz\/en\/filharmonie-brno-66th-season\/\" title=\"Filharmonie Brno to stage more concerts than ever before in its 66th season, with a fully-fledged repertoire prepared with no pandemic compromises.\" rel=\"bookmark\">Filharmonie Brno to stage more concerts than ever before in its 66th season, with a fully-fledged repertoire prepared with no pandemic compromises.<\/a>\n\t<\/h3>\n\n\t<div class=\"entry-meta\"><span class=\"category-link\"><a href=\"https:\/\/brno-filharmonie.cz\/en\/category\/uncategorized\/\" >News<\/a>, <a href=\"https:\/\/brno-filharmonie.cz\/en\/category\/press-releases\/\" >Press releases<\/a><\/span><\/div>\n\t<div class=\"entry-excerpt\"><p>PRESS RELEASE, Brno, May 27th 2021<\/p>\n<\/div>\n\t\n<\/div><\/article><\/div><div class=\"hidden wf-cell category-69 category-73\" data-post-id=\"12343\" data-date=\"2021-05-05T11:46:12+02:00\" data-name=\"An acoustic model of the auditorium at the Jan\u00e1\u010dek Culture Centre arrived in Brno today. The unique model, of a scale of 1:10, will test the sound parameters of the project.\"><article class=\"post project-odd visible post-12343 type-post status-publish format-standard has-post-thumbnail hentry category-uncategorized category-press-releases category-69 category-73\" data-name=\"An acoustic model of the auditorium at the Jan\u00e1\u010dek Culture Centre arrived in Brno today. The unique model, of a scale of 1:10, will test the sound parameters of the project.\" data-date=\"2021-05-05T11:46:12+02:00\">\n\n<div class=\"post-thumbnail-wrap\">\n\t<div class=\"post-thumbnail\">\n\t\t\n\t\t\n\t\t<a href=\"https:\/\/brno-filharmonie.cz\/en\/an-acoustic-model-of-the-auditorium-at-the-janacek-culture-centre-arrived-in-brno-today-the-unique-model-of-a-scale-of-110-will-test-the-sound-parameters-of-the-project\/\" class=\"post-thumbnail-rollover layzr-bg layzr-bg\" ><img loading=\"lazy\" decoding=\"async\" class=\"iso-lazy-load preload-me iso-lazy-load\" src=\"data:image\/svg+xml,%3Csvg%20xmlns%3D&#39;http%3A%2F%2Fwww.w3.org%2F2000%2Fsvg&#39;%20viewBox%3D&#39;0%200%20768%20512&#39;%2F%3E\" data-src=\"https:\/\/brno-filharmonie.cz\/wp-content\/uploads\/2021\/04\/Akusticky-model-salu-2-768x512.jpg\" data-srcset=\"https:\/\/brno-filharmonie.cz\/wp-content\/uploads\/2021\/04\/Akusticky-model-salu-2-768x512.jpg 768w, https:\/\/brno-filharmonie.cz\/wp-content\/uploads\/2021\/04\/Akusticky-model-salu-2-1152x768.jpg 1152w\" alt=\"\" title=\"Akustick\u00fd model s\u00e1lu 2\" width=\"768\" height=\"512\"  \/><\/a>\t<\/div>\n<\/div>\n\n\n<div class=\"post-entry-content\">\n\n\t<h3 class=\"entry-title\">\n\t\t<a href=\"https:\/\/brno-filharmonie.cz\/en\/an-acoustic-model-of-the-auditorium-at-the-janacek-culture-centre-arrived-in-brno-today-the-unique-model-of-a-scale-of-110-will-test-the-sound-parameters-of-the-project\/\" title=\"An acoustic model of the auditorium at the Jan\u00e1\u010dek Culture Centre arrived in Brno today. The unique model, of a scale of 1:10, will test the sound parameters of the project.\" rel=\"bookmark\">An acoustic model of the auditorium at the Jan\u00e1\u010dek Culture Centre arrived in Brno today. The unique model, of a scale of 1:10, will test the sound parameters of the project.<\/a>\n\t<\/h3>\n\n\t<div class=\"entry-meta\"><span class=\"category-link\"><a href=\"https:\/\/brno-filharmonie.cz\/en\/category\/uncategorized\/\" >News<\/a>, <a href=\"https:\/\/brno-filharmonie.cz\/en\/category\/press-releases\/\" >Press releases<\/a><\/span><\/div>\n\t<div class=\"entry-excerpt\"><p>PRESS RELEASE, Brno, April 29, 2021<\/p>\n<\/div>\n\t\n<\/div><\/article><\/div><div class=\"hidden wf-cell category-69 category-73\" data-post-id=\"12276\" data-date=\"2021-04-27T20:51:27+02:00\" data-name=\"Nov\u00e1k 100 concert to be broadcast live by Czech Radio Vltava, showcasing three composers linked to Brno\"><article class=\"post project-odd visible post-12276 type-post status-publish format-standard has-post-thumbnail hentry category-uncategorized category-press-releases category-69 category-73\" data-name=\"Nov\u00e1k 100 concert to be broadcast live by Czech Radio Vltava, showcasing three composers linked to Brno\" data-date=\"2021-04-27T20:51:27+02:00\">\n\n<div class=\"post-thumbnail-wrap\">\n\t<div class=\"post-thumbnail\">\n\t\t\n\t\t\n\t\t<a href=\"https:\/\/brno-filharmonie.cz\/en\/novak-100-concert-to-be-broadcast-live-by-czech-radio-vltava-showcasing-three-composers-linked-to-brno\/\" class=\"post-thumbnail-rollover layzr-bg layzr-bg\" ><img loading=\"lazy\" decoding=\"async\" class=\"iso-lazy-load preload-me iso-lazy-load\" src=\"data:image\/svg+xml,%3Csvg%20xmlns%3D&#39;http%3A%2F%2Fwww.w3.org%2F2000%2Fsvg&#39;%20viewBox%3D&#39;0%200%20768%20512&#39;%2F%3E\" data-src=\"https:\/\/brno-filharmonie.cz\/wp-content\/uploads\/2020\/04\/novakj0002-768x512.jpg\" data-srcset=\"https:\/\/brno-filharmonie.cz\/wp-content\/uploads\/2020\/04\/novakj0002-768x512.jpg 768w, https:\/\/brno-filharmonie.cz\/wp-content\/uploads\/2020\/04\/novakj0002-1152x768.jpg 1152w\" alt=\"\" title=\"novakj0002\" width=\"768\" height=\"512\"  \/><\/a>\t<\/div>\n<\/div>\n\n\n<div class=\"post-entry-content\">\n\n\t<h3 class=\"entry-title\">\n\t\t<a href=\"https:\/\/brno-filharmonie.cz\/en\/novak-100-concert-to-be-broadcast-live-by-czech-radio-vltava-showcasing-three-composers-linked-to-brno\/\" title=\"Nov\u00e1k 100 concert to be broadcast live by Czech Radio Vltava, showcasing three composers linked to Brno\" rel=\"bookmark\">Nov\u00e1k 100 concert to be broadcast live by Czech Radio Vltava, showcasing three composers linked to Brno<\/a>\n\t<\/h3>\n\n\t<div class=\"entry-meta\"><span class=\"category-link\"><a href=\"https:\/\/brno-filharmonie.cz\/en\/category\/uncategorized\/\" >News<\/a>, <a href=\"https:\/\/brno-filharmonie.cz\/en\/category\/press-releases\/\" >Press releases<\/a><\/span><\/div>\n\t<div class=\"entry-excerpt\"><p>PRESS RELEASE, Brno, April 27, 2021<\/p>\n<\/div>\n\t\n<\/div><\/article><\/div><div class=\"hidden wf-cell category-69 category-73\" data-post-id=\"12230\" data-date=\"2021-04-22T09:38:31+02:00\" data-name=\"Filharmonie Brno cancels concerts until season end and plans introduction of new season\"><article class=\"post project-odd visible post-12230 type-post status-publish format-standard has-post-thumbnail hentry category-uncategorized category-press-releases category-69 category-73\" data-name=\"Filharmonie Brno cancels concerts until season end and plans introduction of new season\" data-date=\"2021-04-22T09:38:31+02:00\">\n\n<div class=\"post-thumbnail-wrap\">\n\t<div class=\"post-thumbnail\">\n\t\t\n\t\t\n\t\t<a href=\"https:\/\/brno-filharmonie.cz\/en\/filharmonie-brno-cancels-concerts-until-season-end-and-plans-introduction-of-new-season\/\" class=\"post-thumbnail-rollover layzr-bg layzr-bg\" ><img loading=\"lazy\" decoding=\"async\" class=\"iso-lazy-load preload-me iso-lazy-load\" src=\"data:image\/svg+xml,%3Csvg%20xmlns%3D&#39;http%3A%2F%2Fwww.w3.org%2F2000%2Fsvg&#39;%20viewBox%3D&#39;0%200%20768%20512&#39;%2F%3E\" data-src=\"https:\/\/brno-filharmonie.cz\/wp-content\/uploads\/2020\/10\/pr\u00e1zdn\u00fd-s\u00e1l-768x512.jpg\" data-srcset=\"https:\/\/brno-filharmonie.cz\/wp-content\/uploads\/2020\/10\/pr\u00e1zdn\u00fd-s\u00e1l-768x512.jpg 768w, https:\/\/brno-filharmonie.cz\/wp-content\/uploads\/2020\/10\/pr\u00e1zdn\u00fd-s\u00e1l-1000x666.jpg 1000w\" alt=\"\" title=\"pr\u00e1zdn\u00fd s\u00e1l\" width=\"768\" height=\"512\"  \/><\/a>\t<\/div>\n<\/div>\n\n\n<div class=\"post-entry-content\">\n\n\t<h3 class=\"entry-title\">\n\t\t<a href=\"https:\/\/brno-filharmonie.cz\/en\/filharmonie-brno-cancels-concerts-until-season-end-and-plans-introduction-of-new-season\/\" title=\"Filharmonie Brno cancels concerts until season end and plans introduction of new season\" rel=\"bookmark\">Filharmonie Brno cancels concerts until season end and plans introduction of new season<\/a>\n\t<\/h3>\n\n\t<div class=\"entry-meta\"><span class=\"category-link\"><a href=\"https:\/\/brno-filharmonie.cz\/en\/category\/uncategorized\/\" >News<\/a>, <a href=\"https:\/\/brno-filharmonie.cz\/en\/category\/press-releases\/\" >Press releases<\/a><\/span><\/div>\n\t<div class=\"entry-excerpt\"><p>PRESS RELEASE, Brno, April 22, 2021<\/p>\n<\/div>\n\t\n<\/div><\/article><\/div><div class=\"hidden wf-cell category-69 category-104\" data-post-id=\"12270\" data-date=\"2021-04-21T20:14:00+02:00\" data-name=\"La L\u00e9nore d&#039;Antoine Reicha, une passionnante ballade\"><article class=\"post project-odd visible post-12270 type-post status-publish format-standard has-post-thumbnail hentry category-uncategorized category-press-reviews category-69 category-104\" data-name=\"La L\u00e9nore d&#8217;Antoine Reicha, une passionnante ballade\" data-date=\"2021-04-21T20:14:00+02:00\">\n\n<div class=\"post-thumbnail-wrap\">\n\t<div class=\"post-thumbnail\">\n\t\t\n\t\t\n\t\t<a href=\"https:\/\/brno-filharmonie.cz\/en\/la-lenore-dantoine-reicha-une-passionnante-ballade\/\" class=\"post-thumbnail-rollover layzr-bg layzr-bg\" ><img loading=\"lazy\" decoding=\"async\" class=\"iso-lazy-load preload-me iso-lazy-load\" src=\"data:image\/svg+xml,%3Csvg%20xmlns%3D&#39;http%3A%2F%2Fwww.w3.org%2F2000%2Fsvg&#39;%20viewBox%3D&#39;0%200%20768%20512&#39;%2F%3E\" data-src=\"https:\/\/brno-filharmonie.cz\/wp-content\/uploads\/2021\/02\/eshop-CD-1200-800-8-768x512.jpg\" data-srcset=\"https:\/\/brno-filharmonie.cz\/wp-content\/uploads\/2021\/02\/eshop-CD-1200-800-8-768x512.jpg 768w, https:\/\/brno-filharmonie.cz\/wp-content\/uploads\/2021\/02\/eshop-CD-1200-800-8-1152x768.jpg 1152w\" alt=\"CD Lenora\" title=\"eshop-CD-1200-800-8\" width=\"768\" height=\"512\"  \/><\/a>\t<\/div>\n<\/div>\n\n\n<div class=\"post-entry-content\">\n\n\t<h3 class=\"entry-title\">\n\t\t<a href=\"https:\/\/brno-filharmonie.cz\/en\/la-lenore-dantoine-reicha-une-passionnante-ballade\/\" title=\"La L\u00e9nore d&#8217;Antoine Reicha, une passionnante ballade\" rel=\"bookmark\">La L\u00e9nore d&#8217;Antoine Reicha, une passionnante ballade<\/a>\n\t<\/h3>\n\n\t<div class=\"entry-meta\"><span class=\"category-link\"><a href=\"https:\/\/brno-filharmonie.cz\/en\/category\/uncategorized\/\" >News<\/a>, <a href=\"https:\/\/brno-filharmonie.cz\/en\/category\/press-reviews\/\" >Press reviews<\/a><\/span><\/div>\n\t<div class=\"entry-excerpt\"><p>Crescendo Magazine, April 21, 2021<\/p>\n<\/div>\n\t\n<\/div><\/article><\/div><div class=\"hidden wf-cell category-69 category-104\" data-post-id=\"12125\" data-date=\"2021-03-22T11:44:54+01:00\" data-name=\"Brno Philharmonic Orchestra To Stream Live Performances of Brahms and Philip Glass\"><article class=\"post project-odd visible post-12125 type-post status-publish format-standard has-post-thumbnail hentry category-uncategorized category-press-reviews category-69 category-104\" data-name=\"Brno Philharmonic Orchestra To Stream Live Performances of Brahms and Philip Glass\" data-date=\"2021-03-22T11:44:54+01:00\">\n\n<div class=\"post-thumbnail-wrap\">\n\t<div class=\"post-thumbnail\">\n\t\t\n\t\t\n\t\t<a href=\"https:\/\/brno-filharmonie.cz\/en\/brno-philharmonic-orchestra-to-stream-live-performances-of-brahms-and-philip-glass\/\" class=\"post-thumbnail-rollover layzr-bg layzr-bg\" ><img loading=\"lazy\" decoding=\"async\" class=\"iso-lazy-load preload-me iso-lazy-load\" src=\"data:image\/svg+xml,%3Csvg%20xmlns%3D&#39;http%3A%2F%2Fwww.w3.org%2F2000%2Fsvg&#39;%20viewBox%3D&#39;0%200%20768%20512&#39;%2F%3E\" data-src=\"https:\/\/brno-filharmonie.cz\/wp-content\/uploads\/2021\/03\/Philip-Glass-Dennis-Russell-Davies-Rehearsals-New-York-Janu_3-C-Andreas-Bitesnich-768x512.jpg\" data-srcset=\"https:\/\/brno-filharmonie.cz\/wp-content\/uploads\/2021\/03\/Philip-Glass-Dennis-Russell-Davies-Rehearsals-New-York-Janu_3-C-Andreas-Bitesnich-768x512.jpg 768w, https:\/\/brno-filharmonie.cz\/wp-content\/uploads\/2021\/03\/Philip-Glass-Dennis-Russell-Davies-Rehearsals-New-York-Janu_3-C-Andreas-Bitesnich-1152x768.jpg 1152w\" alt=\"\" title=\"Philip Glass &#038; Dennis Russell Davies, New York, \u00a9 Andreas Bitesnich\" width=\"768\" height=\"512\"  \/><\/a>\t<\/div>\n<\/div>\n\n\n<div class=\"post-entry-content\">\n\n\t<h3 class=\"entry-title\">\n\t\t<a href=\"https:\/\/brno-filharmonie.cz\/en\/brno-philharmonic-orchestra-to-stream-live-performances-of-brahms-and-philip-glass\/\" title=\"Brno Philharmonic Orchestra To Stream Live Performances of Brahms and Philip Glass\" rel=\"bookmark\">Brno Philharmonic Orchestra To Stream Live Performances of Brahms and Philip Glass<\/a>\n\t<\/h3>\n\n\t<div class=\"entry-meta\"><span class=\"category-link\"><a href=\"https:\/\/brno-filharmonie.cz\/en\/category\/uncategorized\/\" >News<\/a>, <a href=\"https:\/\/brno-filharmonie.cz\/en\/category\/press-reviews\/\" >Press reviews<\/a><\/span><\/div>\n\t<div class=\"entry-excerpt\"><p>Brno Daily, Brno Music Friendly City<\/p>\n<\/div>\n\t\n<\/div><\/article><\/div><div class=\"hidden wf-cell category-69 category-73\" data-post-id=\"12085\" data-date=\"2021-03-19T09:53:22+01:00\" data-name=\"Second symphonies by Brahms and Glass in stream of Filharmonie Brno. And also an interview of its Chief Conductor Dennis R. Davies with Philip Glass\"><article class=\"post project-odd visible post-12085 type-post status-publish format-standard has-post-thumbnail hentry category-uncategorized category-press-releases category-69 category-73\" data-name=\"Second symphonies by Brahms and Glass in stream of Filharmonie Brno. And also an interview of its Chief Conductor Dennis R. Davies with Philip Glass\" data-date=\"2021-03-19T09:53:22+01:00\">\n\n<div class=\"post-thumbnail-wrap\">\n\t<div class=\"post-thumbnail\">\n\t\t\n\t\t\n\t\t<a href=\"https:\/\/brno-filharmonie.cz\/en\/filharmonie-brno-to-stream-second-symphonies-by-brahms-and-glass-the-latter-in-its-czech-premiere-plus-an-interview-between-its-chief-conductor-and-philip-glass\/\" class=\"post-thumbnail-rollover layzr-bg layzr-bg\" ><img loading=\"lazy\" decoding=\"async\" class=\"iso-lazy-load preload-me iso-lazy-load\" src=\"data:image\/svg+xml,%3Csvg%20xmlns%3D&#39;http%3A%2F%2Fwww.w3.org%2F2000%2Fsvg&#39;%20viewBox%3D&#39;0%200%20768%20512&#39;%2F%3E\" data-src=\"https:\/\/brno-filharmonie.cz\/wp-content\/uploads\/2020\/04\/Philip-Glass-ACO-Rehearsals-New-York-January-2012-DSC00443-\u00a9Bitesnich-768x512.jpg\" data-srcset=\"https:\/\/brno-filharmonie.cz\/wp-content\/uploads\/2020\/04\/Philip-Glass-ACO-Rehearsals-New-York-January-2012-DSC00443-\u00a9Bitesnich-768x512.jpg 768w, https:\/\/brno-filharmonie.cz\/wp-content\/uploads\/2020\/04\/Philip-Glass-ACO-Rehearsals-New-York-January-2012-DSC00443-\u00a9Bitesnich-1152x768.jpg 1152w\" alt=\"\" title=\"Philip Glass ACO Rehearsals New York January 2012 DSC00443 \u00a9Bitesnich\" width=\"768\" height=\"512\"  \/><\/a>\t<\/div>\n<\/div>\n\n\n<div class=\"post-entry-content\">\n\n\t<h3 class=\"entry-title\">\n\t\t<a href=\"https:\/\/brno-filharmonie.cz\/en\/filharmonie-brno-to-stream-second-symphonies-by-brahms-and-glass-the-latter-in-its-czech-premiere-plus-an-interview-between-its-chief-conductor-and-philip-glass\/\" title=\"Second symphonies by Brahms and Glass in stream of Filharmonie Brno. And also an interview of its Chief Conductor Dennis R. Davies with Philip Glass\" rel=\"bookmark\">Second symphonies by Brahms and Glass in stream of Filharmonie Brno. And also an interview of its Chief Conductor Dennis R. Davies with Philip Glass<\/a>\n\t<\/h3>\n\n\t<div class=\"entry-meta\"><span class=\"category-link\"><a href=\"https:\/\/brno-filharmonie.cz\/en\/category\/uncategorized\/\" >News<\/a>, <a href=\"https:\/\/brno-filharmonie.cz\/en\/category\/press-releases\/\" >Press releases<\/a><\/span><\/div>\n\t<div class=\"entry-excerpt\"><p>PRESS RELEASE, Brno, March 19, 2021<\/p>\n<\/div>\n\t\n<\/div><\/article><\/div><div class=\"hidden wf-cell category-69 category-104\" data-post-id=\"12017\" data-date=\"2021-03-17T14:23:20+01:00\" data-name=\"La Symphonie n\u00b0 1 d\u2019Anton\u00edn Dvo\u0159\u00e1k est de retour \u00e0 Brno\"><article class=\"post project-odd visible post-12017 type-post status-publish format-standard has-post-thumbnail hentry category-uncategorized category-press-reviews category-69 category-104\" data-name=\"La Symphonie n\u00b0 1 d\u2019Anton\u00edn Dvo\u0159\u00e1k est de retour \u00e0 Brno\" data-date=\"2021-03-17T14:23:20+01:00\">\n\n<div class=\"post-thumbnail-wrap\">\n\t<div class=\"post-thumbnail\">\n\t\t\n\t\t\n\t\t<a href=\"https:\/\/brno-filharmonie.cz\/en\/la-symphonie-n-1-dantonin-dvorak-est-de-retour-a-brno\/\" class=\"post-thumbnail-rollover layzr-bg layzr-bg\" ><img loading=\"lazy\" decoding=\"async\" class=\"iso-lazy-load preload-me iso-lazy-load\" src=\"data:image\/svg+xml,%3Csvg%20xmlns%3D&#39;http%3A%2F%2Fwww.w3.org%2F2000%2Fsvg&#39;%20viewBox%3D&#39;0%200%20768%20512&#39;%2F%3E\" data-src=\"https:\/\/brno-filharmonie.cz\/wp-content\/uploads\/2021\/03\/CD-spolu-1200-800-3-768x512.jpg\" data-srcset=\"https:\/\/brno-filharmonie.cz\/wp-content\/uploads\/2021\/03\/CD-spolu-1200-800-3-768x512.jpg 768w, https:\/\/brno-filharmonie.cz\/wp-content\/uploads\/2021\/03\/CD-spolu-1200-800-3-1152x768.jpg 1152w\" alt=\"\" title=\"CD-spolu-1200-800-3\" width=\"768\" height=\"512\"  \/><\/a>\t<\/div>\n<\/div>\n\n\n<div class=\"post-entry-content\">\n\n\t<h3 class=\"entry-title\">\n\t\t<a href=\"https:\/\/brno-filharmonie.cz\/en\/la-symphonie-n-1-dantonin-dvorak-est-de-retour-a-brno\/\" title=\"La Symphonie n\u00b0 1 d\u2019Anton\u00edn Dvo\u0159\u00e1k est de retour \u00e0 Brno\" rel=\"bookmark\">La Symphonie n\u00b0 1 d\u2019Anton\u00edn Dvo\u0159\u00e1k est de retour \u00e0 Brno<\/a>\n\t<\/h3>\n\n\t<div class=\"entry-meta\"><span class=\"category-link\"><a href=\"https:\/\/brno-filharmonie.cz\/en\/category\/uncategorized\/\" >News<\/a>, <a href=\"https:\/\/brno-filharmonie.cz\/en\/category\/press-reviews\/\" >Press reviews<\/a><\/span><\/div>\n\t<div class=\"entry-excerpt\"><p>Crescendo Magazine, April 17, 2021<\/p>\n<\/div>\n\t\n<\/div><\/article><\/div><div class=\"hidden wf-cell category-69 category-73\" data-post-id=\"11728\" data-date=\"2021-02-05T12:36:00+01:00\" data-name=\"World Premiere of Thomas Larcher\u2019s Symphony No. 3. Unconventional instruments evoke a man in the mountains\"><article class=\"post project-odd visible post-11728 type-post status-publish format-standard has-post-thumbnail hentry category-uncategorized category-press-releases category-69 category-73\" data-name=\"World Premiere of Thomas Larcher\u2019s Symphony No. 3. Unconventional instruments evoke a man in the mountains\" data-date=\"2021-02-05T12:36:00+01:00\">\n\n<div class=\"post-thumbnail-wrap\">\n\t<div class=\"post-thumbnail\">\n\t\t\n\t\t\n\t\t<a href=\"https:\/\/brno-filharmonie.cz\/en\/world-premiere-of-thomas-larchers-symphony-no-3-unconventional-instruments-evoke-a-man-in-the-mountains\/\" class=\"post-thumbnail-rollover layzr-bg layzr-bg\" ><img loading=\"lazy\" decoding=\"async\" class=\"iso-lazy-load preload-me iso-lazy-load\" src=\"data:image\/svg+xml,%3Csvg%20xmlns%3D&#39;http%3A%2F%2Fwww.w3.org%2F2000%2Fsvg&#39;%20viewBox%3D&#39;0%200%20768%20512&#39;%2F%3E\" data-src=\"https:\/\/brno-filharmonie.cz\/wp-content\/uploads\/2021\/02\/Filharmonie-Brno-nahr\u00e1v\u00e1n\u00ed-4.2.2021-foto-Vojt\u011bch-K\u00e1ba-84-768x512.jpg\" data-srcset=\"https:\/\/brno-filharmonie.cz\/wp-content\/uploads\/2021\/02\/Filharmonie-Brno-nahr\u00e1v\u00e1n\u00ed-4.2.2021-foto-Vojt\u011bch-K\u00e1ba-84-768x512.jpg 768w, https:\/\/brno-filharmonie.cz\/wp-content\/uploads\/2021\/02\/Filharmonie-Brno-nahr\u00e1v\u00e1n\u00ed-4.2.2021-foto-Vojt\u011bch-K\u00e1ba-84-1152x768.jpg 1152w\" alt=\"\" title=\"Filharmonie-Brno-nahr\u00e1v\u00e1n\u00ed-4.2.2021-foto-Vojt\u011bch-K\u00e1ba-84\" width=\"768\" height=\"512\"  \/><\/a>\t<\/div>\n<\/div>\n\n\n<div class=\"post-entry-content\">\n\n\t<h3 class=\"entry-title\">\n\t\t<a href=\"https:\/\/brno-filharmonie.cz\/en\/world-premiere-of-thomas-larchers-symphony-no-3-unconventional-instruments-evoke-a-man-in-the-mountains\/\" title=\"World Premiere of Thomas Larcher\u2019s Symphony No. 3. Unconventional instruments evoke a man in the mountains\" rel=\"bookmark\">World Premiere of Thomas Larcher\u2019s Symphony No. 3. Unconventional instruments evoke a man in the mountains<\/a>\n\t<\/h3>\n\n\t<div class=\"entry-meta\"><span class=\"category-link\"><a href=\"https:\/\/brno-filharmonie.cz\/en\/category\/uncategorized\/\" >News<\/a>, <a href=\"https:\/\/brno-filharmonie.cz\/en\/category\/press-releases\/\" >Press releases<\/a><\/span><\/div>\n\t<div class=\"entry-excerpt\"><p>PRESS RELEASE, Brno, February 5th 2021<\/p>\n<\/div>\n\t\n<\/div><\/article><\/div><div class=\"hidden wf-cell category-69 category-73\" data-post-id=\"12330\" data-date=\"2021-02-05T11:48:23+01:00\" data-name=\"Dennis Russell Davies and Filharmonie Brno continue with a new series of CD recordings. Offering pieces by Anton\u00edn Dvo\u0159\u00e1k in new arrangement\"><article class=\"post project-odd visible post-12330 type-post status-publish format-standard has-post-thumbnail hentry category-uncategorized category-press-releases category-69 category-73\" data-name=\"Dennis Russell Davies and Filharmonie Brno continue with a new series of CD recordings. Offering pieces by Anton\u00edn Dvo\u0159\u00e1k in new arrangement\" data-date=\"2021-02-05T11:48:23+01:00\">\n\n<div class=\"post-thumbnail-wrap\">\n\t<div class=\"post-thumbnail\">\n\t\t\n\t\t\n\t\t<a href=\"https:\/\/brno-filharmonie.cz\/en\/dennis-russell-davies-and-filharmonie-brno-continue-with-a-new-series-of-cd-recordings-offering-pieces-by-antonin-dvorak-in-new-arrangement\/\" class=\"post-thumbnail-rollover layzr-bg layzr-bg\" ><img loading=\"lazy\" decoding=\"async\" class=\"iso-lazy-load preload-me iso-lazy-load\" src=\"data:image\/svg+xml,%3Csvg%20xmlns%3D&#39;http%3A%2F%2Fwww.w3.org%2F2000%2Fsvg&#39;%20viewBox%3D&#39;0%200%20768%20512&#39;%2F%3E\" data-src=\"https:\/\/brno-filharmonie.cz\/wp-content\/uploads\/2021\/02\/eshop-CD-Dvorak-5-1200_800-768x512.jpg\" data-srcset=\"https:\/\/brno-filharmonie.cz\/wp-content\/uploads\/2021\/02\/eshop-CD-Dvorak-5-1200_800-768x512.jpg 768w, https:\/\/brno-filharmonie.cz\/wp-content\/uploads\/2021\/02\/eshop-CD-Dvorak-5-1200_800-1152x768.jpg 1152w\" alt=\"CD Dvo\u0159\u00e1k\" title=\"eshop-CD-Dvorak-5-1200_800\" width=\"768\" height=\"512\"  \/><\/a>\t<\/div>\n<\/div>\n\n\n<div class=\"post-entry-content\">\n\n\t<h3 class=\"entry-title\">\n\t\t<a href=\"https:\/\/brno-filharmonie.cz\/en\/dennis-russell-davies-and-filharmonie-brno-continue-with-a-new-series-of-cd-recordings-offering-pieces-by-antonin-dvorak-in-new-arrangement\/\" title=\"Dennis Russell Davies and Filharmonie Brno continue with a new series of CD recordings. Offering pieces by Anton\u00edn Dvo\u0159\u00e1k in new arrangement\" rel=\"bookmark\">Dennis Russell Davies and Filharmonie Brno continue with a new series of CD recordings. Offering pieces by Anton\u00edn Dvo\u0159\u00e1k in new arrangement<\/a>\n\t<\/h3>\n\n\t<div class=\"entry-meta\"><span class=\"category-link\"><a href=\"https:\/\/brno-filharmonie.cz\/en\/category\/uncategorized\/\" >News<\/a>, <a href=\"https:\/\/brno-filharmonie.cz\/en\/category\/press-releases\/\" >Press releases<\/a><\/span><\/div>\n\t<div class=\"entry-excerpt\"><p>PRESS RELEASE, Brno, Czech Republic, February 2021<\/p>\n<\/div>\n\t\n<\/div><\/article><\/div><div class=\"hidden wf-cell category-69 category-73\" data-post-id=\"12329\" data-date=\"2021-01-05T11:48:20+01:00\" data-name=\"Dennis Russell Davies and Filharmonie Brno launches a new series of CD recordings. Offering exclusive works, it begins with Reicha\u00b4s oratorio Lenore\"><article class=\"post project-odd visible post-12329 type-post status-publish format-standard has-post-thumbnail hentry category-uncategorized category-press-releases category-69 category-73\" data-name=\"Dennis Russell Davies and Filharmonie Brno launches a new series of CD recordings. Offering exclusive works, it begins with Reicha\u00b4s oratorio Lenore\" data-date=\"2021-01-05T11:48:20+01:00\">\n\n<div class=\"post-thumbnail-wrap\">\n\t<div class=\"post-thumbnail\">\n\t\t\n\t\t\n\t\t<a href=\"https:\/\/brno-filharmonie.cz\/en\/dennis-russell-davies-and-filharmonie-brno-launches-a-new-series-of-cd-recordings-offering-exclusive-works-it-begins-with-reichas-oratorio-lenore\/\" class=\"post-thumbnail-rollover layzr-bg layzr-bg\" ><img loading=\"lazy\" decoding=\"async\" class=\"iso-lazy-load preload-me iso-lazy-load\" src=\"data:image\/svg+xml,%3Csvg%20xmlns%3D&#39;http%3A%2F%2Fwww.w3.org%2F2000%2Fsvg&#39;%20viewBox%3D&#39;0%200%20768%20512&#39;%2F%3E\" data-src=\"https:\/\/brno-filharmonie.cz\/wp-content\/uploads\/2021\/02\/eshop-CD-1200-800-8-768x512.jpg\" data-srcset=\"https:\/\/brno-filharmonie.cz\/wp-content\/uploads\/2021\/02\/eshop-CD-1200-800-8-768x512.jpg 768w, https:\/\/brno-filharmonie.cz\/wp-content\/uploads\/2021\/02\/eshop-CD-1200-800-8-1152x768.jpg 1152w\" alt=\"CD Lenora\" title=\"eshop-CD-1200-800-8\" width=\"768\" height=\"512\"  \/><\/a>\t<\/div>\n<\/div>\n\n\n<div class=\"post-entry-content\">\n\n\t<h3 class=\"entry-title\">\n\t\t<a href=\"https:\/\/brno-filharmonie.cz\/en\/dennis-russell-davies-and-filharmonie-brno-launches-a-new-series-of-cd-recordings-offering-exclusive-works-it-begins-with-reichas-oratorio-lenore\/\" title=\"Dennis Russell Davies and Filharmonie Brno launches a new series of CD recordings. Offering exclusive works, it begins with Reicha\u00b4s oratorio Lenore\" rel=\"bookmark\">Dennis Russell Davies and Filharmonie Brno launches a new series of CD recordings. Offering exclusive works, it begins with Reicha\u00b4s oratorio Lenore<\/a>\n\t<\/h3>\n\n\t<div class=\"entry-meta\"><span class=\"category-link\"><a href=\"https:\/\/brno-filharmonie.cz\/en\/category\/uncategorized\/\" >News<\/a>, <a href=\"https:\/\/brno-filharmonie.cz\/en\/category\/press-releases\/\" >Press releases<\/a><\/span><\/div>\n\t<div class=\"entry-excerpt\"><p>PRESS RELEASE, Brno, Czech Republic, January\u00a02021<\/p>\n<\/div>\n\t\n<\/div><\/article><\/div><div class=\"hidden wf-cell category-69 category-73 category-101\" data-post-id=\"11117\" data-date=\"2020-12-23T13:06:03+01:00\" data-name=\"Close ticket office\"><article class=\"post project-odd visible post-11117 type-post status-publish format-standard has-post-thumbnail hentry category-uncategorized category-press-releases category-concerts-and-tickets category-69 category-73 category-101\" data-name=\"Close ticket office\" data-date=\"2020-12-23T13:06:03+01:00\">\n\n<div class=\"post-thumbnail-wrap\">\n\t<div class=\"post-thumbnail\">\n\t\t\n\t\t\n\t\t<a href=\"https:\/\/brno-filharmonie.cz\/en\/close-ticket-office\/\" class=\"post-thumbnail-rollover layzr-bg layzr-bg\" ><img loading=\"lazy\" decoding=\"async\" class=\"iso-lazy-load preload-me iso-lazy-load\" src=\"data:image\/svg+xml,%3Csvg%20xmlns%3D&#39;http%3A%2F%2Fwww.w3.org%2F2000%2Fsvg&#39;%20viewBox%3D&#39;0%200%20768%20512&#39;%2F%3E\" data-src=\"https:\/\/brno-filharmonie.cz\/wp-content\/uploads\/preprodej1000tiny-768x512.jpg\" data-srcset=\"https:\/\/brno-filharmonie.cz\/wp-content\/uploads\/preprodej1000tiny-768x512.jpg 768w, https:\/\/brno-filharmonie.cz\/wp-content\/uploads\/preprodej1000tiny-1000x666.jpg 1000w\" alt=\"\" title=\"preprodej1000tiny\" width=\"768\" height=\"512\"  \/><\/a>\t<\/div>\n<\/div>\n\n\n<div class=\"post-entry-content\">\n\n\t<h3 class=\"entry-title\">\n\t\t<a href=\"https:\/\/brno-filharmonie.cz\/en\/close-ticket-office\/\" title=\"Close ticket office\" rel=\"bookmark\">Close ticket office<\/a>\n\t<\/h3>\n\n\t<div class=\"entry-meta\"><span class=\"category-link\"><a href=\"https:\/\/brno-filharmonie.cz\/en\/category\/uncategorized\/\" >News<\/a>, <a href=\"https:\/\/brno-filharmonie.cz\/en\/category\/press-releases\/\" >Press releases<\/a>, <a href=\"https:\/\/brno-filharmonie.cz\/en\/category\/concerts-and-tickets\/\" >Concerts and tickets<\/a><\/span><\/div>\n\t<div class=\"entry-excerpt\"><p>Thank you for your continued goodwill.<\/p>\n<\/div>\n\t\n<\/div><\/article><\/div><div class=\"hidden wf-cell category-69 category-73\" data-post-id=\"10998\" data-date=\"2020-12-17T10:46:34+01:00\" data-name=\"Our new CDs as a gift\"><article class=\"post project-odd visible post-10998 type-post status-publish format-standard has-post-thumbnail hentry category-uncategorized category-press-releases category-69 category-73\" data-name=\"Our new CDs as a gift\" data-date=\"2020-12-17T10:46:34+01:00\">\n\n<div class=\"post-thumbnail-wrap\">\n\t<div class=\"post-thumbnail\">\n\t\t\n\t\t\n\t\t<a href=\"https:\/\/brno-filharmonie.cz\/en\/our-new-cds-as-a-gift\/\" class=\"post-thumbnail-rollover layzr-bg layzr-bg\" ><img loading=\"lazy\" decoding=\"async\" class=\"iso-lazy-load preload-me iso-lazy-load\" src=\"data:image\/svg+xml,%3Csvg%20xmlns%3D&#39;http%3A%2F%2Fwww.w3.org%2F2000%2Fsvg&#39;%20viewBox%3D&#39;0%200%20768%20512&#39;%2F%3E\" data-src=\"https:\/\/brno-filharmonie.cz\/wp-content\/uploads\/2020\/12\/ob\u011b-CD-768x512.jpg\" data-srcset=\"https:\/\/brno-filharmonie.cz\/wp-content\/uploads\/2020\/12\/ob\u011b-CD-768x512.jpg 768w, https:\/\/brno-filharmonie.cz\/wp-content\/uploads\/2020\/12\/ob\u011b-CD-1152x768.jpg 1152w\" alt=\"\" title=\"ob\u011b CD\" width=\"768\" height=\"512\"  \/><\/a>\t<\/div>\n<\/div>\n\n\n<div class=\"post-entry-content\">\n\n\t<h3 class=\"entry-title\">\n\t\t<a href=\"https:\/\/brno-filharmonie.cz\/en\/our-new-cds-as-a-gift\/\" title=\"Our new CDs as a gift\" rel=\"bookmark\">Our new CDs as a gift<\/a>\n\t<\/h3>\n\n\t<div class=\"entry-meta\"><span class=\"category-link\"><a href=\"https:\/\/brno-filharmonie.cz\/en\/category\/uncategorized\/\" >News<\/a>, <a href=\"https:\/\/brno-filharmonie.cz\/en\/category\/press-releases\/\" >Press releases<\/a><\/span><\/div>\n\t<div class=\"entry-excerpt\"><p>HOW TO BUY<\/p>\n<\/div>\n\t\n<\/div><\/article><\/div><div class=\"hidden wf-cell category-69 category-73\" data-post-id=\"11002\" data-date=\"2020-12-16T13:16:54+01:00\" data-name=\"Filharmonie Brno launches a new series of CD recordings. Offering exclusive works, it begins with Reicha\u2019s Lenore\"><article class=\"post project-odd visible post-11002 type-post status-publish format-standard has-post-thumbnail hentry category-uncategorized category-press-releases category-69 category-73\" data-name=\"Filharmonie Brno launches a new series of CD recordings. Offering exclusive works, it begins with Reicha\u2019s Lenore\" data-date=\"2020-12-16T13:16:54+01:00\">\n\n<div class=\"post-thumbnail-wrap\">\n\t<div class=\"post-thumbnail\">\n\t\t\n\t\t\n\t\t<a href=\"https:\/\/brno-filharmonie.cz\/en\/filharmonie-brno-launches-a-new-series-of-cd-recordings-offering-exclusive-works-it-begins-with-reichas-lenore\/\" class=\"post-thumbnail-rollover layzr-bg layzr-bg\" ><img loading=\"lazy\" decoding=\"async\" class=\"iso-lazy-load preload-me iso-lazy-load\" src=\"data:image\/svg+xml,%3Csvg%20xmlns%3D&#39;http%3A%2F%2Fwww.w3.org%2F2000%2Fsvg&#39;%20viewBox%3D&#39;0%200%20768%20512&#39;%2F%3E\" data-src=\"https:\/\/brno-filharmonie.cz\/wp-content\/uploads\/2020\/12\/Filharmonie-Brno-6.2.2020-foto-Vojte\u030cch-Ka\u0301ba-36-768x512.jpg\" data-srcset=\"https:\/\/brno-filharmonie.cz\/wp-content\/uploads\/2020\/12\/Filharmonie-Brno-6.2.2020-foto-Vojte\u030cch-Ka\u0301ba-36-768x512.jpg 768w, https:\/\/brno-filharmonie.cz\/wp-content\/uploads\/2020\/12\/Filharmonie-Brno-6.2.2020-foto-Vojte\u030cch-Ka\u0301ba-36-1152x768.jpg 1152w\" alt=\"\" title=\"Filharmonie-Brno-6.2.2020-foto-Vojte\u030cch-Ka\u0301ba-36\" width=\"768\" height=\"512\"  \/><\/a>\t<\/div>\n<\/div>\n\n\n<div class=\"post-entry-content\">\n\n\t<h3 class=\"entry-title\">\n\t\t<a href=\"https:\/\/brno-filharmonie.cz\/en\/filharmonie-brno-launches-a-new-series-of-cd-recordings-offering-exclusive-works-it-begins-with-reichas-lenore\/\" title=\"Filharmonie Brno launches a new series of CD recordings. Offering exclusive works, it begins with Reicha\u2019s Lenore\" rel=\"bookmark\">Filharmonie Brno launches a new series of CD recordings. Offering exclusive works, it begins with Reicha\u2019s Lenore<\/a>\n\t<\/h3>\n\n\t<div class=\"entry-meta\"><span class=\"category-link\"><a href=\"https:\/\/brno-filharmonie.cz\/en\/category\/uncategorized\/\" >News<\/a>, <a href=\"https:\/\/brno-filharmonie.cz\/en\/category\/press-releases\/\" >Press releases<\/a><\/span><\/div>\n\t<div class=\"entry-excerpt\"><p>PRESS RELEASE, Brno, December 16&nbsp;2020<\/p>\n<\/div>\n\t\n<\/div><\/article><\/div><div class=\"hidden wf-cell category-69 category-101\" data-post-id=\"10973\" data-date=\"2020-12-16T13:14:25+01:00\" data-name=\"Concert with sample from new CDs\"><article class=\"post project-odd visible post-10973 type-post status-publish format-standard has-post-thumbnail hentry category-uncategorized category-concerts-and-tickets category-69 category-101\" data-name=\"Concert with sample from new CDs\" data-date=\"2020-12-16T13:14:25+01:00\">\n\n<div class=\"post-thumbnail-wrap\">\n\t<div class=\"post-thumbnail\">\n\t\t\n\t\t\n\t\t<a href=\"https:\/\/brno-filharmonie.cz\/en\/concert-with-sample-from-new-cds\/\" class=\"post-thumbnail-rollover layzr-bg layzr-bg\" ><img loading=\"lazy\" decoding=\"async\" class=\"iso-lazy-load preload-me iso-lazy-load\" src=\"data:image\/svg+xml,%3Csvg%20xmlns%3D&#39;http%3A%2F%2Fwww.w3.org%2F2000%2Fsvg&#39;%20viewBox%3D&#39;0%200%20768%20512&#39;%2F%3E\" data-src=\"https:\/\/brno-filharmonie.cz\/wp-content\/uploads\/2020\/12\/eshop-CD-1200-800-2-1-768x512.jpg\" data-srcset=\"https:\/\/brno-filharmonie.cz\/wp-content\/uploads\/2020\/12\/eshop-CD-1200-800-2-1-768x512.jpg 768w, https:\/\/brno-filharmonie.cz\/wp-content\/uploads\/2020\/12\/eshop-CD-1200-800-2-1-1152x768.jpg 1152w\" alt=\"CD Lenora\" title=\"eshop-CD-1200-800-2\" width=\"768\" height=\"512\"  \/><\/a>\t<\/div>\n<\/div>\n\n\n<div class=\"post-entry-content\">\n\n\t<h3 class=\"entry-title\">\n\t\t<a href=\"https:\/\/brno-filharmonie.cz\/en\/concert-with-sample-from-new-cds\/\" title=\"Concert with sample from new CDs\" rel=\"bookmark\">Concert with sample from new CDs<\/a>\n\t<\/h3>\n\n\t<div class=\"entry-meta\"><span class=\"category-link\"><a href=\"https:\/\/brno-filharmonie.cz\/en\/category\/uncategorized\/\" >News<\/a>, <a href=\"https:\/\/brno-filharmonie.cz\/en\/category\/concerts-and-tickets\/\" >Concerts and tickets<\/a><\/span><\/div>\n\t<div class=\"entry-excerpt\"><p>Watch a stream of the concert<\/p>\n<\/div>\n\t\n<\/div><\/article><\/div><div class=\"hidden wf-cell category-69\" data-post-id=\"10886\" data-date=\"2020-12-08T09:30:18+01:00\" data-name=\"CANCELED 26TH REPRESENTATIVE BALL OF FILHARMONIE BRNO\"><article class=\"post project-odd visible post-10886 type-post status-publish format-standard has-post-thumbnail hentry category-uncategorized category-69\" data-name=\"CANCELED 26TH REPRESENTATIVE BALL OF FILHARMONIE BRNO\" data-date=\"2020-12-08T09:30:18+01:00\">\n\n<div class=\"post-thumbnail-wrap\">\n\t<div class=\"post-thumbnail\">\n\t\t\n\t\t\n\t\t<a href=\"https:\/\/brno-filharmonie.cz\/en\/canceled-26th-representative-ball-of-filharmonie-brno\/\" class=\"post-thumbnail-rollover layzr-bg layzr-bg\" ><img loading=\"lazy\" decoding=\"async\" class=\"iso-lazy-load preload-me iso-lazy-load\" src=\"data:image\/svg+xml,%3Csvg%20xmlns%3D&#39;http%3A%2F%2Fwww.w3.org%2F2000%2Fsvg&#39;%20viewBox%3D&#39;0%200%20768%20512&#39;%2F%3E\" data-src=\"https:\/\/brno-filharmonie.cz\/wp-content\/uploads\/2019\/05\/ples-768x512.jpg\" data-srcset=\"https:\/\/brno-filharmonie.cz\/wp-content\/uploads\/2019\/05\/ples-768x512.jpg 768w, https:\/\/brno-filharmonie.cz\/wp-content\/uploads\/2019\/05\/ples-1152x768.jpg 1152w\" alt=\"\" title=\"ples\" width=\"768\" height=\"512\"  \/><\/a>\t<\/div>\n<\/div>\n\n\n<div class=\"post-entry-content\">\n\n\t<h3 class=\"entry-title\">\n\t\t<a href=\"https:\/\/brno-filharmonie.cz\/en\/canceled-26th-representative-ball-of-filharmonie-brno\/\" title=\"CANCELED 26TH REPRESENTATIVE BALL OF FILHARMONIE BRNO\" rel=\"bookmark\">CANCELED 26TH REPRESENTATIVE BALL OF FILHARMONIE BRNO<\/a>\n\t<\/h3>\n\n\t<div class=\"entry-meta\"><span class=\"category-link\"><a href=\"https:\/\/brno-filharmonie.cz\/en\/category\/uncategorized\/\" >News<\/a><\/span><\/div>\n\t<div class=\"entry-excerpt\"><p>Thank you for your understanding and support.<\/p>\n<\/div>\n\t\n<\/div><\/article><\/div><div class=\"hidden wf-cell category-101 category-69\" data-post-id=\"11153\" data-date=\"2020-12-01T00:33:17+01:00\" data-name=\"Advent Calendar\"><article class=\"post project-odd visible post-11153 type-post status-publish format-standard has-post-thumbnail hentry category-concerts-and-tickets category-uncategorized category-101 category-69\" data-name=\"Advent Calendar\" data-date=\"2020-12-01T00:33:17+01:00\">\n\n<div class=\"post-thumbnail-wrap\">\n\t<div class=\"post-thumbnail\">\n\t\t\n\t\t\n\t\t<a href=\"https:\/\/brno-filharmonie.cz\/en\/advent-calendar\/\" class=\"post-thumbnail-rollover layzr-bg layzr-bg\" ><img loading=\"lazy\" decoding=\"async\" class=\"iso-lazy-load preload-me iso-lazy-load\" src=\"data:image\/svg+xml,%3Csvg%20xmlns%3D&#39;http%3A%2F%2Fwww.w3.org%2F2000%2Fsvg&#39;%20viewBox%3D&#39;0%200%20768%20512&#39;%2F%3E\" data-src=\"https:\/\/brno-filharmonie.cz\/wp-content\/uploads\/2021\/01\/kalend\u00e1\u0159-768x512.jpg\" data-srcset=\"https:\/\/brno-filharmonie.cz\/wp-content\/uploads\/2021\/01\/kalend\u00e1\u0159-768x512.jpg 768w, https:\/\/brno-filharmonie.cz\/wp-content\/uploads\/2021\/01\/kalend\u00e1\u0159-1152x768.jpg 1152w\" alt=\"\" title=\"kalend\u00e1\u0159\" width=\"768\" height=\"512\"  \/><\/a>\t<\/div>\n<\/div>\n\n\n<div class=\"post-entry-content\">\n\n\t<h3 class=\"entry-title\">\n\t\t<a href=\"https:\/\/brno-filharmonie.cz\/en\/advent-calendar\/\" title=\"Advent Calendar\" rel=\"bookmark\">Advent Calendar<\/a>\n\t<\/h3>\n\n\t<div class=\"entry-meta\"><span class=\"category-link\"><a href=\"https:\/\/brno-filharmonie.cz\/en\/category\/concerts-and-tickets\/\" >Concerts and tickets<\/a>, <a href=\"https:\/\/brno-filharmonie.cz\/en\/category\/uncategorized\/\" >News<\/a><\/span><\/div>\n\t<div class=\"entry-excerpt\"><p>Open the music Advent calendar window with us every day<\/p>\n<\/div>\n\t\n<\/div><\/article><\/div><div class=\"hidden wf-cell category-69 category-73 category-101\" data-post-id=\"10517\" data-date=\"2020-10-23T10:44:11+02:00\" data-name=\"Exposition Of New Music 2020 Festival - Deferred Date\"><article class=\"post project-odd visible post-10517 type-post status-publish format-standard has-post-thumbnail hentry category-uncategorized category-press-releases category-concerts-and-tickets category-69 category-73 category-101\" data-name=\"Exposition Of New Music 2020 Festival &#8211; Deferred Date\" data-date=\"2020-10-23T10:44:11+02:00\">\n\n<div class=\"post-thumbnail-wrap\">\n\t<div class=\"post-thumbnail\">\n\t\t\n\t\t\n\t\t<a href=\"https:\/\/brno-filharmonie.cz\/en\/exposition-of-new-music-2020-festival-deferred-date\/\" class=\"post-thumbnail-rollover layzr-bg layzr-bg\" ><img loading=\"lazy\" decoding=\"async\" class=\"iso-lazy-load preload-me iso-lazy-load\" src=\"data:image\/svg+xml,%3Csvg%20xmlns%3D&#39;http%3A%2F%2Fwww.w3.org%2F2000%2Fsvg&#39;%20viewBox%3D&#39;0%200%20768%20512&#39;%2F%3E\" data-src=\"https:\/\/brno-filharmonie.cz\/wp-content\/uploads\/2020\/09\/ad-EHN-768x512.jpg\" data-srcset=\"https:\/\/brno-filharmonie.cz\/wp-content\/uploads\/2020\/09\/ad-EHN-768x512.jpg 768w, https:\/\/brno-filharmonie.cz\/wp-content\/uploads\/2020\/09\/ad-EHN-937x625.jpg 937w\" alt=\"\" title=\"ad EHN\" width=\"768\" height=\"512\"  \/><\/a>\t<\/div>\n<\/div>\n\n\n<div class=\"post-entry-content\">\n\n\t<h3 class=\"entry-title\">\n\t\t<a href=\"https:\/\/brno-filharmonie.cz\/en\/exposition-of-new-music-2020-festival-deferred-date\/\" title=\"Exposition Of New Music 2020 Festival &#8211; Deferred Date\" rel=\"bookmark\">Exposition Of New Music 2020 Festival &#8211; Deferred Date<\/a>\n\t<\/h3>\n\n\t<div class=\"entry-meta\"><span class=\"category-link\"><a href=\"https:\/\/brno-filharmonie.cz\/en\/category\/uncategorized\/\" >News<\/a>, <a href=\"https:\/\/brno-filharmonie.cz\/en\/category\/press-releases\/\" >Press releases<\/a>, <a href=\"https:\/\/brno-filharmonie.cz\/en\/category\/concerts-and-tickets\/\" >Concerts and tickets<\/a><\/span><\/div>\n\t<div class=\"entry-excerpt\"><p>Thank you for understanding<\/p>\n<\/div>\n\t\n<\/div><\/article><\/div><div class=\"hidden wf-cell category-69 category-101\" data-post-id=\"10466\" data-date=\"2020-10-08T17:45:12+02:00\" data-name=\"Concerts canceled until November 2nd\"><article class=\"post project-odd visible post-10466 type-post status-publish format-standard has-post-thumbnail hentry category-uncategorized category-concerts-and-tickets category-69 category-101\" data-name=\"Concerts canceled until November 2nd\" data-date=\"2020-10-08T17:45:12+02:00\">\n\n<div class=\"post-thumbnail-wrap\">\n\t<div class=\"post-thumbnail\">\n\t\t\n\t\t\n\t\t<a href=\"https:\/\/brno-filharmonie.cz\/en\/concerts-canceled-until-october-25\/\" class=\"post-thumbnail-rollover layzr-bg layzr-bg\" ><img loading=\"lazy\" decoding=\"async\" class=\"iso-lazy-load preload-me iso-lazy-load\" src=\"data:image\/svg+xml,%3Csvg%20xmlns%3D&#39;http%3A%2F%2Fwww.w3.org%2F2000%2Fsvg&#39;%20viewBox%3D&#39;0%200%20768%20512&#39;%2F%3E\" data-src=\"https:\/\/brno-filharmonie.cz\/wp-content\/uploads\/2020\/10\/pr\u00e1zdn\u00fd-s\u00e1l-768x512.jpg\" data-srcset=\"https:\/\/brno-filharmonie.cz\/wp-content\/uploads\/2020\/10\/pr\u00e1zdn\u00fd-s\u00e1l-768x512.jpg 768w, https:\/\/brno-filharmonie.cz\/wp-content\/uploads\/2020\/10\/pr\u00e1zdn\u00fd-s\u00e1l-1000x666.jpg 1000w\" alt=\"\" title=\"pr\u00e1zdn\u00fd s\u00e1l\" width=\"768\" height=\"512\"  \/><\/a>\t<\/div>\n<\/div>\n\n\n<div class=\"post-entry-content\">\n\n\t<h3 class=\"entry-title\">\n\t\t<a href=\"https:\/\/brno-filharmonie.cz\/en\/concerts-canceled-until-october-25\/\" title=\"Concerts canceled until November 2nd\" rel=\"bookmark\">Concerts canceled until November 2nd<\/a>\n\t<\/h3>\n\n\t<div class=\"entry-meta\"><span class=\"category-link\"><a href=\"https:\/\/brno-filharmonie.cz\/en\/category\/uncategorized\/\" >News<\/a>, <a href=\"https:\/\/brno-filharmonie.cz\/en\/category\/concerts-and-tickets\/\" >Concerts and tickets<\/a><\/span><\/div>\n\t<div class=\"entry-excerpt\"><p>Thank you for your understanding.<\/p>\n<\/div>\n\t\n<\/div><\/article><\/div><div class=\"hidden wf-cell category-69 category-104\" data-post-id=\"10452\" data-date=\"2020-10-07T13:32:32+02:00\" data-name=\"Mafia: Definitive Edition\u2019s Opening Song Recorded by Brno Philharmonic During First Wave of Epidemic\"><article class=\"post project-odd visible post-10452 type-post status-publish format-standard has-post-thumbnail hentry category-uncategorized category-press-reviews category-69 category-104\" data-name=\"Mafia: Definitive Edition\u2019s Opening Song Recorded by Brno Philharmonic During First Wave of Epidemic\" data-date=\"2020-10-07T13:32:32+02:00\">\n\n<div class=\"post-thumbnail-wrap\">\n\t<div class=\"post-thumbnail\">\n\t\t\n\t\t\n\t\t<a href=\"https:\/\/brno-filharmonie.cz\/en\/mafia-definitive-editions-opening-song-recorded-by-brno-philharmonic-during-first-wave-of-epidemic\/\" class=\"post-thumbnail-rollover layzr-bg layzr-bg\" ><img loading=\"lazy\" decoding=\"async\" class=\"iso-lazy-load preload-me iso-lazy-load\" src=\"data:image\/svg+xml,%3Csvg%20xmlns%3D&#39;http%3A%2F%2Fwww.w3.org%2F2000%2Fsvg&#39;%20viewBox%3D&#39;0%200%20654%20436&#39;%2F%3E\" data-src=\"https:\/\/brno-filharmonie.cz\/wp-content\/uploads\/2020\/10\/mafiade3-820x436-654x436.jpeg\" data-srcset=\"https:\/\/brno-filharmonie.cz\/wp-content\/uploads\/2020\/10\/mafiade3-820x436-654x436.jpeg 654w\" alt=\"\" title=\"mafiade3-820&#215;436\" width=\"654\" height=\"436\"  \/><\/a>\t<\/div>\n<\/div>\n\n\n<div class=\"post-entry-content\">\n\n\t<h3 class=\"entry-title\">\n\t\t<a href=\"https:\/\/brno-filharmonie.cz\/en\/mafia-definitive-editions-opening-song-recorded-by-brno-philharmonic-during-first-wave-of-epidemic\/\" title=\"Mafia: Definitive Edition\u2019s Opening Song Recorded by Brno Philharmonic During First Wave of Epidemic\" rel=\"bookmark\">Mafia: Definitive Edition\u2019s Opening Song Recorded by Brno Philharmonic During First Wave of Epidemic<\/a>\n\t<\/h3>\n\n\t<div class=\"entry-meta\"><span class=\"category-link\"><a href=\"https:\/\/brno-filharmonie.cz\/en\/category\/uncategorized\/\" >News<\/a>, <a href=\"https:\/\/brno-filharmonie.cz\/en\/category\/press-reviews\/\" >Press reviews<\/a><\/span><\/div>\n\t<div class=\"entry-excerpt\"><p>Brno Daily, October 7, 2020<\/p>\n<\/div>\n\t\n<\/div><\/article><\/div><div class=\"hidden wf-cell category-69 category-73 category-101\" data-post-id=\"10433\" data-date=\"2020-10-01T17:07:18+02:00\" data-name=\"Temporary stop of ticket sale to the Jan\u00e1\u010dek Theatre\"><article class=\"post project-odd visible post-10433 type-post status-publish format-standard has-post-thumbnail hentry category-uncategorized category-press-releases category-concerts-and-tickets category-69 category-73 category-101\" data-name=\"Temporary stop of ticket sale to the Jan\u00e1\u010dek Theatre\" data-date=\"2020-10-01T17:07:18+02:00\">\n\n<div class=\"post-thumbnail-wrap\">\n\t<div class=\"post-thumbnail\">\n\t\t\n\t\t\n\t\t<a href=\"https:\/\/brno-filharmonie.cz\/en\/temporary-stop-of-ticket-sale-to-the-janacek-theatre\/\" class=\"post-thumbnail-rollover layzr-bg layzr-bg\" ><img loading=\"lazy\" decoding=\"async\" class=\"iso-lazy-load preload-me iso-lazy-load\" src=\"data:image\/svg+xml,%3Csvg%20xmlns%3D&#39;http%3A%2F%2Fwww.w3.org%2F2000%2Fsvg&#39;%20viewBox%3D&#39;0%200%20607%20405&#39;%2F%3E\" data-src=\"https:\/\/brno-filharmonie.cz\/wp-content\/uploads\/2020\/10\/Jan\u00e1\u010dkovo-divadlo-pohled-dohledi\u0161t\u011b-607x405.jpg\" data-srcset=\"https:\/\/brno-filharmonie.cz\/wp-content\/uploads\/2020\/10\/Jan\u00e1\u010dkovo-divadlo-pohled-dohledi\u0161t\u011b-607x405.jpg 607w\" alt=\"\" title=\"Jan\u00e1\u010dkovo divadlo pohled dohledi\u0161t\u011b\" width=\"607\" height=\"405\"  \/><\/a>\t<\/div>\n<\/div>\n\n\n<div class=\"post-entry-content\">\n\n\t<h3 class=\"entry-title\">\n\t\t<a href=\"https:\/\/brno-filharmonie.cz\/en\/temporary-stop-of-ticket-sale-to-the-janacek-theatre\/\" title=\"Temporary stop of ticket sale to the Jan\u00e1\u010dek Theatre\" rel=\"bookmark\">Temporary stop of ticket sale to the Jan\u00e1\u010dek Theatre<\/a>\n\t<\/h3>\n\n\t<div class=\"entry-meta\"><span class=\"category-link\"><a href=\"https:\/\/brno-filharmonie.cz\/en\/category\/uncategorized\/\" >News<\/a>, <a href=\"https:\/\/brno-filharmonie.cz\/en\/category\/press-releases\/\" >Press releases<\/a>, <a href=\"https:\/\/brno-filharmonie.cz\/en\/category\/concerts-and-tickets\/\" >Concerts and tickets<\/a><\/span><\/div>\n\t<div class=\"entry-excerpt\"><p>Thank you for your understanding<\/p>\n<\/div>\n\t\n<\/div><\/article><\/div><div class=\"hidden wf-cell category-69 category-101\" data-post-id=\"10380\" data-date=\"2020-09-24T11:09:11+02:00\" data-name=\"Change of the concert program on October 1st and 2nd\"><article class=\"post project-odd visible post-10380 type-post status-publish format-standard has-post-thumbnail hentry category-uncategorized category-concerts-and-tickets category-69 category-101\" data-name=\"Change of the concert program on October 1st and 2nd\" data-date=\"2020-09-24T11:09:11+02:00\">\n\n<div class=\"post-thumbnail-wrap\">\n\t<div class=\"post-thumbnail\">\n\t\t\n\t\t\n\t\t<a href=\"https:\/\/brno-filharmonie.cz\/en\/change-of-the-concert-program-on-october-1st-and-2nd\/\" class=\"post-thumbnail-rollover layzr-bg layzr-bg\" ><img loading=\"lazy\" decoding=\"async\" class=\"iso-lazy-load preload-me iso-lazy-load\" src=\"data:image\/svg+xml,%3Csvg%20xmlns%3D&#39;http%3A%2F%2Fwww.w3.org%2F2000%2Fsvg&#39;%20viewBox%3D&#39;0%200%20768%20512&#39;%2F%3E\" data-src=\"https:\/\/brno-filharmonie.cz\/wp-content\/uploads\/2019\/04\/b5-768x512.jpg\" data-srcset=\"https:\/\/brno-filharmonie.cz\/wp-content\/uploads\/2019\/04\/b5-768x512.jpg 768w, https:\/\/brno-filharmonie.cz\/wp-content\/uploads\/2019\/04\/b5.jpg 786w\" alt=\"\" title=\"b5\" width=\"768\" height=\"512\"  \/><\/a>\t<\/div>\n<\/div>\n\n\n<div class=\"post-entry-content\">\n\n\t<h3 class=\"entry-title\">\n\t\t<a href=\"https:\/\/brno-filharmonie.cz\/en\/change-of-the-concert-program-on-october-1st-and-2nd\/\" title=\"Change of the concert program on October 1st and 2nd\" rel=\"bookmark\">Change of the concert program on October 1st and 2nd<\/a>\n\t<\/h3>\n\n\t<div class=\"entry-meta\"><span class=\"category-link\"><a href=\"https:\/\/brno-filharmonie.cz\/en\/category\/uncategorized\/\" >News<\/a>, <a href=\"https:\/\/brno-filharmonie.cz\/en\/category\/concerts-and-tickets\/\" >Concerts and tickets<\/a><\/span><\/div>\n\t<div class=\"entry-excerpt\"><p>Thank you for your understanding<\/p>\n<\/div>\n\t\n<\/div><\/article><\/div><div class=\"hidden wf-cell category-69 category-104\" data-post-id=\"10460\" data-date=\"2020-09-19T14:08:40+02:00\" data-name=\"Thoughts from behind a mask\"><article class=\"post project-odd visible post-10460 type-post status-publish format-standard has-post-thumbnail hentry category-uncategorized category-press-reviews category-69 category-104\" data-name=\"Thoughts from behind a mask\" data-date=\"2020-09-19T14:08:40+02:00\">\n\n<div class=\"post-thumbnail-wrap\">\n\t<div class=\"post-thumbnail\">\n\t\t\n\t\t\n\t\t<a href=\"https:\/\/brno-filharmonie.cz\/en\/thoughts-from-behind-a-mask\/\" class=\"post-thumbnail-rollover layzr-bg layzr-bg\" ><img loading=\"lazy\" decoding=\"async\" class=\"iso-lazy-load preload-me iso-lazy-load\" src=\"data:image\/svg+xml,%3Csvg%20xmlns%3D&#39;http%3A%2F%2Fwww.w3.org%2F2000%2Fsvg&#39;%20viewBox%3D&#39;0%200%20768%20512&#39;%2F%3E\" data-src=\"https:\/\/brno-filharmonie.cz\/wp-content\/uploads\/2020\/09\/IMG07283-768x512.jpg\" data-srcset=\"https:\/\/brno-filharmonie.cz\/wp-content\/uploads\/2020\/09\/IMG07283-768x512.jpg 768w, https:\/\/brno-filharmonie.cz\/wp-content\/uploads\/2020\/09\/IMG07283-1152x768.jpg 1152w\" alt=\"\" title=\"IMG07283\" width=\"768\" height=\"512\"  \/><\/a>\t<\/div>\n<\/div>\n\n\n<div class=\"post-entry-content\">\n\n\t<h3 class=\"entry-title\">\n\t\t<a href=\"https:\/\/brno-filharmonie.cz\/en\/thoughts-from-behind-a-mask\/\" title=\"Thoughts from behind a mask\" rel=\"bookmark\">Thoughts from behind a mask<\/a>\n\t<\/h3>\n\n\t<div class=\"entry-meta\"><span class=\"category-link\"><a href=\"https:\/\/brno-filharmonie.cz\/en\/category\/uncategorized\/\" >News<\/a>, <a href=\"https:\/\/brno-filharmonie.cz\/en\/category\/press-reviews\/\" >Press reviews<\/a><\/span><\/div>\n\t<div class=\"entry-excerpt\"><p>Klasika plus, Opera plus<\/p>\n<\/div>\n\t\n<\/div><\/article><\/div><div class=\"hidden wf-cell category-69 category-73\" data-post-id=\"10290\" data-date=\"2020-09-04T09:55:48+02:00\" data-name=\"Filharmonie Brno launches its 65th season and extends co-operation with Dennis R. Davies\"><article class=\"post project-odd visible post-10290 type-post status-publish format-standard has-post-thumbnail hentry category-uncategorized category-press-releases category-69 category-73\" data-name=\"Filharmonie Brno launches its 65th season and extends co-operation with Dennis R. Davies\" data-date=\"2020-09-04T09:55:48+02:00\">\n\n<div class=\"post-thumbnail-wrap\">\n\t<div class=\"post-thumbnail\">\n\t\t\n\t\t\n\t\t<a href=\"https:\/\/brno-filharmonie.cz\/en\/filharmonie-brno-launches-its-65th-season-and-extends-co-operation-with-dennis-r-davies\/\" class=\"post-thumbnail-rollover layzr-bg layzr-bg\" ><img loading=\"lazy\" decoding=\"async\" class=\"iso-lazy-load preload-me iso-lazy-load\" src=\"data:image\/svg+xml,%3Csvg%20xmlns%3D&#39;http%3A%2F%2Fwww.w3.org%2F2000%2Fsvg&#39;%20viewBox%3D&#39;0%200%20768%20512&#39;%2F%3E\" data-src=\"https:\/\/brno-filharmonie.cz\/wp-content\/uploads\/2020\/09\/DSC08390-768x512.jpg\" data-srcset=\"https:\/\/brno-filharmonie.cz\/wp-content\/uploads\/2020\/09\/DSC08390-768x512.jpg 768w, https:\/\/brno-filharmonie.cz\/wp-content\/uploads\/2020\/09\/DSC08390-1152x768.jpg 1152w\" alt=\"\" title=\"DSC08390\" width=\"768\" height=\"512\"  \/><\/a>\t<\/div>\n<\/div>\n\n\n<div class=\"post-entry-content\">\n\n\t<h3 class=\"entry-title\">\n\t\t<a href=\"https:\/\/brno-filharmonie.cz\/en\/filharmonie-brno-launches-its-65th-season-and-extends-co-operation-with-dennis-r-davies\/\" title=\"Filharmonie Brno launches its 65th season and extends co-operation with Dennis R. Davies\" rel=\"bookmark\">Filharmonie Brno launches its 65th season and extends co-operation with Dennis R. Davies<\/a>\n\t<\/h3>\n\n\t<div class=\"entry-meta\"><span class=\"category-link\"><a href=\"https:\/\/brno-filharmonie.cz\/en\/category\/uncategorized\/\" >News<\/a>, <a href=\"https:\/\/brno-filharmonie.cz\/en\/category\/press-releases\/\" >Press releases<\/a><\/span><\/div>\n\t<div class=\"entry-excerpt\"><p>PRESS RELEASE, Brno, September 4, 2020<\/p>\n<\/div>\n\t\n<\/div><\/article><\/div><div class=\"hidden wf-cell category-69 category-104\" data-post-id=\"9932\" data-date=\"2020-07-06T10:20:19+02:00\" data-name=\"21st \u0160pilberk International Music Festival To Go Ahead In August\"><article class=\"post project-odd visible post-9932 type-post status-publish format-standard has-post-thumbnail hentry category-uncategorized category-press-reviews category-69 category-104\" data-name=\"21st \u0160pilberk International Music Festival To Go Ahead In August\" data-date=\"2020-07-06T10:20:19+02:00\">\n\n<div class=\"post-thumbnail-wrap\">\n\t<div class=\"post-thumbnail\">\n\t\t\n\t\t\n\t\t<a href=\"https:\/\/brno-filharmonie.cz\/en\/21st-spilberk-international-music-festival-to-go-ahead-in-august\/\" class=\"post-thumbnail-rollover layzr-bg layzr-bg\" ><img loading=\"lazy\" decoding=\"async\" class=\"iso-lazy-load preload-me iso-lazy-load\" src=\"data:image\/svg+xml,%3Csvg%20xmlns%3D&#39;http%3A%2F%2Fwww.w3.org%2F2000%2Fsvg&#39;%20viewBox%3D&#39;0%200%20768%20512&#39;%2F%3E\" data-src=\"https:\/\/brno-filharmonie.cz\/wp-content\/uploads\/2019\/06\/DSC02283-768x512.jpg\" data-srcset=\"https:\/\/brno-filharmonie.cz\/wp-content\/uploads\/2019\/06\/DSC02283-768x512.jpg 768w, https:\/\/brno-filharmonie.cz\/wp-content\/uploads\/2019\/06\/DSC02283-1152x768.jpg 1152w\" alt=\"\" title=\"DSC02283\" width=\"768\" height=\"512\"  \/><\/a>\t<\/div>\n<\/div>\n\n\n<div class=\"post-entry-content\">\n\n\t<h3 class=\"entry-title\">\n\t\t<a href=\"https:\/\/brno-filharmonie.cz\/en\/21st-spilberk-international-music-festival-to-go-ahead-in-august\/\" title=\"21st \u0160pilberk International Music Festival To Go Ahead In August\" rel=\"bookmark\">21st \u0160pilberk International Music Festival To Go Ahead In August<\/a>\n\t<\/h3>\n\n\t<div class=\"entry-meta\"><span class=\"category-link\"><a href=\"https:\/\/brno-filharmonie.cz\/en\/category\/uncategorized\/\" >News<\/a>, <a href=\"https:\/\/brno-filharmonie.cz\/en\/category\/press-reviews\/\" >Press reviews<\/a><\/span><\/div>\n\t<div class=\"entry-excerpt\"><p>Brno Daily, July 6, 2020<\/p>\n<\/div>\n\t\n<\/div><\/article><\/div><div class=\"hidden wf-cell category-69 category-73\" data-post-id=\"9856\" data-date=\"2020-06-11T09:43:56+02:00\" data-name=\"Jan\u00e1\u010dek Cultural Centre: hall receives planning permission\"><article class=\"post project-odd visible post-9856 type-post status-publish format-standard has-post-thumbnail hentry category-uncategorized category-press-releases category-69 category-73\" data-name=\"Jan\u00e1\u010dek Cultural Centre: hall receives planning permission\" data-date=\"2020-06-11T09:43:56+02:00\">\n\n<div class=\"post-thumbnail-wrap\">\n\t<div class=\"post-thumbnail\">\n\t\t\n\t\t\n\t\t<a href=\"https:\/\/brno-filharmonie.cz\/en\/janacek-cultural-centre-hall-receives-planning-permission\/\" class=\"post-thumbnail-rollover layzr-bg layzr-bg\" ><img loading=\"lazy\" decoding=\"async\" class=\"iso-lazy-load preload-me iso-lazy-load\" src=\"data:image\/svg+xml,%3Csvg%20xmlns%3D&#39;http%3A%2F%2Fwww.w3.org%2F2000%2Fsvg&#39;%20viewBox%3D&#39;0%200%20768%20512&#39;%2F%3E\" data-src=\"https:\/\/brno-filharmonie.cz\/wp-content\/uploads\/2020\/06\/JKC_scena-768x512.jpg\" data-srcset=\"https:\/\/brno-filharmonie.cz\/wp-content\/uploads\/2020\/06\/JKC_scena-768x512.jpg 768w, https:\/\/brno-filharmonie.cz\/wp-content\/uploads\/2020\/06\/JKC_scena-1152x768.jpg 1152w\" alt=\"\" title=\"JKC_scena\" width=\"768\" height=\"512\"  \/><\/a>\t<\/div>\n<\/div>\n\n\n<div class=\"post-entry-content\">\n\n\t<h3 class=\"entry-title\">\n\t\t<a href=\"https:\/\/brno-filharmonie.cz\/en\/janacek-cultural-centre-hall-receives-planning-permission\/\" title=\"Jan\u00e1\u010dek Cultural Centre: hall receives planning permission\" rel=\"bookmark\">Jan\u00e1\u010dek Cultural Centre: hall receives planning permission<\/a>\n\t<\/h3>\n\n\t<div class=\"entry-meta\"><span class=\"category-link\"><a href=\"https:\/\/brno-filharmonie.cz\/en\/category\/uncategorized\/\" >News<\/a>, <a href=\"https:\/\/brno-filharmonie.cz\/en\/category\/press-releases\/\" >Press releases<\/a><\/span><\/div>\n\t<div class=\"entry-excerpt\"><p>Press releases, 11 June 2020<\/p>\n<\/div>\n\t\n<\/div><\/article><\/div><div class=\"hidden wf-cell category-69 category-104\" data-post-id=\"9596\" data-date=\"2020-05-24T11:30:12+02:00\" data-name=\"Filharmonie Brno To Start Performing Live Concerts Again From Tuesday\"><article class=\"post project-odd visible post-9596 type-post status-publish format-standard has-post-thumbnail hentry category-uncategorized category-press-reviews category-69 category-104\" data-name=\"Filharmonie Brno To Start Performing Live Concerts Again From Tuesday\" data-date=\"2020-05-24T11:30:12+02:00\">\n\n<div class=\"post-thumbnail-wrap\">\n\t<div class=\"post-thumbnail\">\n\t\t\n\t\t\n\t\t<a href=\"https:\/\/brno-filharmonie.cz\/en\/filharmonie-brno-to-start-performing-live-concerts-again-from-tuesday\/\" class=\"post-thumbnail-rollover layzr-bg layzr-bg\" ><img loading=\"lazy\" decoding=\"async\" class=\"iso-lazy-load preload-me iso-lazy-load\" src=\"data:image\/svg+xml,%3Csvg%20xmlns%3D&#39;http%3A%2F%2Fwww.w3.org%2F2000%2Fsvg&#39;%20viewBox%3D&#39;0%200%20768%20512&#39;%2F%3E\" data-src=\"https:\/\/brno-filharmonie.cz\/wp-content\/uploads\/2020\/05\/P5222189-1-768x512.jpg\" data-srcset=\"https:\/\/brno-filharmonie.cz\/wp-content\/uploads\/2020\/05\/P5222189-1-768x512.jpg 768w, https:\/\/brno-filharmonie.cz\/wp-content\/uploads\/2020\/05\/P5222189-1-1152x768.jpg 1152w\" alt=\"\" title=\"P5222189 (1)\" width=\"768\" height=\"512\"  \/><\/a>\t<\/div>\n<\/div>\n\n\n<div class=\"post-entry-content\">\n\n\t<h3 class=\"entry-title\">\n\t\t<a href=\"https:\/\/brno-filharmonie.cz\/en\/filharmonie-brno-to-start-performing-live-concerts-again-from-tuesday\/\" title=\"Filharmonie Brno To Start Performing Live Concerts Again From Tuesday\" rel=\"bookmark\">Filharmonie Brno To Start Performing Live Concerts Again From Tuesday<\/a>\n\t<\/h3>\n\n\t<div class=\"entry-meta\"><span class=\"category-link\"><a href=\"https:\/\/brno-filharmonie.cz\/en\/category\/uncategorized\/\" >News<\/a>, <a href=\"https:\/\/brno-filharmonie.cz\/en\/category\/press-reviews\/\" >Press reviews<\/a><\/span><\/div>\n\t<div class=\"entry-excerpt\"><p>Brno daily, 24 May, 2020<\/p>\n<\/div>\n\t\n<\/div><\/article><\/div><div class=\"hidden wf-cell category-69 category-73 category-101\" data-post-id=\"9566\" data-date=\"2020-05-19T12:30:06+02:00\" data-name=\"Filharmonie Brno will resume live concerts next week, with two performances every day from Tuesday to Friday, after kicking off the week with a concert on the roof of Trznice on Zelni trh on Monday.\"><article class=\"post project-odd visible post-9566 type-post status-publish format-standard has-post-thumbnail hentry category-uncategorized category-press-releases category-concerts-and-tickets category-69 category-73 category-101\" data-name=\"Filharmonie Brno will resume live concerts next week, with two performances every day from Tuesday to Friday, after kicking off the week with a concert on the roof of Trznice on Zelni trh on Monday.\" data-date=\"2020-05-19T12:30:06+02:00\">\n\n<div class=\"post-thumbnail-wrap\">\n\t<div class=\"post-thumbnail\">\n\t\t\n\t\t\n\t\t<a href=\"https:\/\/brno-filharmonie.cz\/en\/filharmonie-brno-will-resume-live-concerts-next-week-with-two-performances-every-day-from-tuesday-to-friday-after-kicking-off-the-week-with-a-concert-on-the-roof-of-trznice-on-zelni-trh-on-monday\/\" class=\"post-thumbnail-rollover layzr-bg layzr-bg\" ><img loading=\"lazy\" decoding=\"async\" class=\"iso-lazy-load preload-me iso-lazy-load\" src=\"data:image\/svg+xml,%3Csvg%20xmlns%3D&#39;http%3A%2F%2Fwww.w3.org%2F2000%2Fsvg&#39;%20viewBox%3D&#39;0%200%20768%20512&#39;%2F%3E\" data-src=\"https:\/\/brno-filharmonie.cz\/wp-content\/uploads\/2019\/09\/p\u0159eds\u00e1l\u00ed-s-hudebn\u00edkem-2-768x512.jpg\" data-srcset=\"https:\/\/brno-filharmonie.cz\/wp-content\/uploads\/2019\/09\/p\u0159eds\u00e1l\u00ed-s-hudebn\u00edkem-2-768x512.jpg 768w, https:\/\/brno-filharmonie.cz\/wp-content\/uploads\/2019\/09\/p\u0159eds\u00e1l\u00ed-s-hudebn\u00edkem-2-1152x768.jpg 1152w\" alt=\"\" title=\"p\u0159eds\u00e1l\u00ed s&nbsp;hudebn\u00edkem 2\" width=\"768\" height=\"512\"  \/><\/a>\t<\/div>\n<\/div>\n\n\n<div class=\"post-entry-content\">\n\n\t<h3 class=\"entry-title\">\n\t\t<a href=\"https:\/\/brno-filharmonie.cz\/en\/filharmonie-brno-will-resume-live-concerts-next-week-with-two-performances-every-day-from-tuesday-to-friday-after-kicking-off-the-week-with-a-concert-on-the-roof-of-trznice-on-zelni-trh-on-monday\/\" title=\"Filharmonie Brno will resume live concerts next week, with two performances every day from Tuesday to Friday, after kicking off the week with a concert on the roof of Trznice on Zelni trh on Monday.\" rel=\"bookmark\">Filharmonie Brno will resume live concerts next week, with two performances every day from Tuesday to Friday, after kicking off the week with a concert on the roof of Trznice on Zelni trh on Monday.<\/a>\n\t<\/h3>\n\n\t<div class=\"entry-meta\"><span class=\"category-link\"><a href=\"https:\/\/brno-filharmonie.cz\/en\/category\/uncategorized\/\" >News<\/a>, <a href=\"https:\/\/brno-filharmonie.cz\/en\/category\/press-releases\/\" >Press releases<\/a>, <a href=\"https:\/\/brno-filharmonie.cz\/en\/category\/concerts-and-tickets\/\" >Concerts and tickets<\/a><\/span><\/div>\n\t<div class=\"entry-excerpt\"><p>Brno, 19 May 2020<\/p>\n<\/div>\n\t\n<\/div><\/article><\/div><div class=\"hidden wf-cell category-69 category-104\" data-post-id=\"9399\" data-date=\"2020-05-12T14:35:50+02:00\" data-name=\"Filharmonie Brno To Perform From The Old Town Hall Tonight, and In Zelny Trh On May 25th\"><article class=\"post project-odd visible post-9399 type-post status-publish format-standard has-post-thumbnail hentry category-uncategorized category-press-reviews category-69 category-104\" data-name=\"Filharmonie Brno To Perform From The Old Town Hall Tonight, and In Zelny Trh On May 25th\" data-date=\"2020-05-12T14:35:50+02:00\">\n\n<div class=\"post-thumbnail-wrap\">\n\t<div class=\"post-thumbnail\">\n\t\t\n\t\t\n\t\t<a href=\"https:\/\/brno-filharmonie.cz\/en\/filharmonie-brno-to-perform-from-the-old-town-hall-tonight-and-in-zelny-trh-on-may-25th\/\" class=\"post-thumbnail-rollover layzr-bg layzr-bg\" ><img loading=\"lazy\" decoding=\"async\" class=\"iso-lazy-load preload-me iso-lazy-load\" src=\"data:image\/svg+xml,%3Csvg%20xmlns%3D&#39;http%3A%2F%2Fwww.w3.org%2F2000%2Fsvg&#39;%20viewBox%3D&#39;0%200%20607%20405&#39;%2F%3E\" data-src=\"https:\/\/brno-filharmonie.cz\/wp-content\/uploads\/2020\/05\/vez_stara_radnice_sirka_610-607x405.jpg\" data-srcset=\"https:\/\/brno-filharmonie.cz\/wp-content\/uploads\/2020\/05\/vez_stara_radnice_sirka_610-607x405.jpg 607w\" alt=\"\" title=\"vez_stara_radnice_sirka_610\" width=\"607\" height=\"405\"  \/><\/a>\t<\/div>\n<\/div>\n\n\n<div class=\"post-entry-content\">\n\n\t<h3 class=\"entry-title\">\n\t\t<a href=\"https:\/\/brno-filharmonie.cz\/en\/filharmonie-brno-to-perform-from-the-old-town-hall-tonight-and-in-zelny-trh-on-may-25th\/\" title=\"Filharmonie Brno To Perform From The Old Town Hall Tonight, and In Zelny Trh On May 25th\" rel=\"bookmark\">Filharmonie Brno To Perform From The Old Town Hall Tonight, and In Zelny Trh On May 25th<\/a>\n\t<\/h3>\n\n\t<div class=\"entry-meta\"><span class=\"category-link\"><a href=\"https:\/\/brno-filharmonie.cz\/en\/category\/uncategorized\/\" >News<\/a>, <a href=\"https:\/\/brno-filharmonie.cz\/en\/category\/press-reviews\/\" >Press reviews<\/a><\/span><\/div>\n\t<div class=\"entry-excerpt\"><p>Brno Daily, 8th May 2020<\/p>\n<\/div>\n\t\n<\/div><\/article><\/div><div class=\"hidden wf-cell category-69 category-104\" data-post-id=\"9113\" data-date=\"2020-04-22T11:01:17+02:00\" data-name=\"Filharmonie Brno Reveals Plans for 65th Season \u2013 Expect the Best!\"><article class=\"post project-odd visible post-9113 type-post status-publish format-standard has-post-thumbnail hentry category-uncategorized category-press-reviews category-69 category-104\" data-name=\"Filharmonie Brno Reveals Plans for 65th Season \u2013 Expect the Best!\" data-date=\"2020-04-22T11:01:17+02:00\">\n\n<div class=\"post-thumbnail-wrap\">\n\t<div class=\"post-thumbnail\">\n\t\t\n\t\t\n\t\t<a href=\"https:\/\/brno-filharmonie.cz\/en\/filharmonie-brno-reveals-plans-for-65th-season-expect-the-best\/\" class=\"post-thumbnail-rollover layzr-bg layzr-bg\" ><img loading=\"lazy\" decoding=\"async\" class=\"iso-lazy-load preload-me iso-lazy-load\" src=\"data:image\/svg+xml,%3Csvg%20xmlns%3D&#39;http%3A%2F%2Fwww.w3.org%2F2000%2Fsvg&#39;%20viewBox%3D&#39;0%200%20768%20512&#39;%2F%3E\" data-src=\"https:\/\/brno-filharmonie.cz\/wp-content\/uploads\/2020\/04\/DRDArvo-Part-\u00a9Reinhard-Winkler-768x512.jpg\" data-srcset=\"https:\/\/brno-filharmonie.cz\/wp-content\/uploads\/2020\/04\/DRDArvo-Part-\u00a9Reinhard-Winkler-768x512.jpg 768w, https:\/\/brno-filharmonie.cz\/wp-content\/uploads\/2020\/04\/DRDArvo-Part-\u00a9Reinhard-Winkler-1152x768.jpg 1152w\" alt=\"\" title=\"DRD+Arvo Part \u00a9Reinhard Winkler\" width=\"768\" height=\"512\"  \/><\/a>\t<\/div>\n<\/div>\n\n\n<div class=\"post-entry-content\">\n\n\t<h3 class=\"entry-title\">\n\t\t<a href=\"https:\/\/brno-filharmonie.cz\/en\/filharmonie-brno-reveals-plans-for-65th-season-expect-the-best\/\" title=\"Filharmonie Brno Reveals Plans for 65th Season \u2013 Expect the Best!\" rel=\"bookmark\">Filharmonie Brno Reveals Plans for 65th Season \u2013 Expect the Best!<\/a>\n\t<\/h3>\n\n\t<div class=\"entry-meta\"><span class=\"category-link\"><a href=\"https:\/\/brno-filharmonie.cz\/en\/category\/uncategorized\/\" >News<\/a>, <a href=\"https:\/\/brno-filharmonie.cz\/en\/category\/press-reviews\/\" >Press reviews<\/a><\/span><\/div>\n\t<div class=\"entry-excerpt\"><p>22nd April 2020, Brno Daily<\/p>\n<\/div>\n\t\n<\/div><\/article><\/div><div class=\"hidden wf-cell category-69 category-73\" data-post-id=\"9102\" data-date=\"2020-04-21T12:12:10+02:00\" data-name=\"Filharmonie Brno \u00a0Orchestra begins its 65th season. Back in Jan\u00e1\u010dek Theatre, with a restored series of its own recordings\"><article class=\"post project-odd visible post-9102 type-post status-publish format-standard has-post-thumbnail hentry category-uncategorized category-press-releases category-69 category-73\" data-name=\"Filharmonie Brno \u00a0Orchestra begins its 65th season. Back in Jan\u00e1\u010dek Theatre, with a restored series of its own recordings\" data-date=\"2020-04-21T12:12:10+02:00\">\n\n<div class=\"post-thumbnail-wrap\">\n\t<div class=\"post-thumbnail\">\n\t\t\n\t\t\n\t\t<a href=\"https:\/\/brno-filharmonie.cz\/en\/filharmonie-brno-orchestra-begins-its-65th-season-back-in-janacek-theatre-with-a-restored-series-of-its-own-recordings\/\" class=\"post-thumbnail-rollover layzr-bg layzr-bg\" ><img loading=\"lazy\" decoding=\"async\" class=\"iso-lazy-load preload-me iso-lazy-load\" src=\"data:image\/svg+xml,%3Csvg%20xmlns%3D&#39;http%3A%2F%2Fwww.w3.org%2F2000%2Fsvg&#39;%20viewBox%3D&#39;0%200%20768%20512&#39;%2F%3E\" data-src=\"https:\/\/brno-filharmonie.cz\/wp-content\/uploads\/2019\/04\/Besedn\u00ed-d\u016fm-768x512.jpg\" data-srcset=\"https:\/\/brno-filharmonie.cz\/wp-content\/uploads\/2019\/04\/Besedn\u00ed-d\u016fm-768x512.jpg 768w, https:\/\/brno-filharmonie.cz\/wp-content\/uploads\/2019\/04\/Besedn\u00ed-d\u016fm-1152x768.jpg 1152w\" alt=\"\" title=\"Besedn\u00ed d\u016fm\" width=\"768\" height=\"512\"  \/><\/a>\t<\/div>\n<\/div>\n\n\n<div class=\"post-entry-content\">\n\n\t<h3 class=\"entry-title\">\n\t\t<a href=\"https:\/\/brno-filharmonie.cz\/en\/filharmonie-brno-orchestra-begins-its-65th-season-back-in-janacek-theatre-with-a-restored-series-of-its-own-recordings\/\" title=\"Filharmonie Brno \u00a0Orchestra begins its 65th season. Back in Jan\u00e1\u010dek Theatre, with a restored series of its own recordings\" rel=\"bookmark\">Filharmonie Brno \u00a0Orchestra begins its 65th season. Back in Jan\u00e1\u010dek Theatre, with a restored series of its own recordings<\/a>\n\t<\/h3>\n\n\t<div class=\"entry-meta\"><span class=\"category-link\"><a href=\"https:\/\/brno-filharmonie.cz\/en\/category\/uncategorized\/\" >News<\/a>, <a href=\"https:\/\/brno-filharmonie.cz\/en\/category\/press-releases\/\" >Press releases<\/a><\/span><\/div>\n\t<div class=\"entry-excerpt\"><p>PRESS RELEASE, Brno, 21.&nbsp;4.&nbsp;2020<\/p>\n<\/div>\n\t\n<\/div><\/article><\/div><div class=\"hidden wf-cell category-69 category-73 category-101\" data-post-id=\"8870\" data-date=\"2020-04-08T10:56:27+02:00\" data-name=\"Together for St. Anne\u00b4s University Hospital\"><article class=\"post project-odd visible post-8870 type-post status-publish format-standard has-post-thumbnail hentry category-uncategorized category-press-releases category-concerts-and-tickets category-69 category-73 category-101\" data-name=\"Together for St. Anne\u00b4s University Hospital\" data-date=\"2020-04-08T10:56:27+02:00\">\n\n<div class=\"post-thumbnail-wrap\">\n\t<div class=\"post-thumbnail\">\n\t\t\n\t\t\n\t\t<a href=\"https:\/\/brno-filharmonie.cz\/en\/together-for-st-annes-university-hospital\/\" class=\"post-thumbnail-rollover layzr-bg layzr-bg\" ><img loading=\"lazy\" decoding=\"async\" class=\"iso-lazy-load preload-me iso-lazy-load\" src=\"data:image\/svg+xml,%3Csvg%20xmlns%3D&#39;http%3A%2F%2Fwww.w3.org%2F2000%2Fsvg&#39;%20viewBox%3D&#39;0%200%20768%20512&#39;%2F%3E\" data-src=\"https:\/\/brno-filharmonie.cz\/wp-content\/uploads\/2020\/04\/53894614_2242121515826801_4427139631724625920_o-768x512.jpg\" data-srcset=\"https:\/\/brno-filharmonie.cz\/wp-content\/uploads\/2020\/04\/53894614_2242121515826801_4427139631724625920_o-768x512.jpg 768w, https:\/\/brno-filharmonie.cz\/wp-content\/uploads\/2020\/04\/53894614_2242121515826801_4427139631724625920_o.jpg 958w\" alt=\"\" title=\"53894614_2242121515826801_4427139631724625920_o\" width=\"768\" height=\"512\"  \/><\/a>\t<\/div>\n<\/div>\n\n\n<div class=\"post-entry-content\">\n\n\t<h3 class=\"entry-title\">\n\t\t<a href=\"https:\/\/brno-filharmonie.cz\/en\/together-for-st-annes-university-hospital\/\" title=\"Together for St. Anne\u00b4s University Hospital\" rel=\"bookmark\">Together for St. Anne\u00b4s University Hospital<\/a>\n\t<\/h3>\n\n\t<div class=\"entry-meta\"><span class=\"category-link\"><a href=\"https:\/\/brno-filharmonie.cz\/en\/category\/uncategorized\/\" >News<\/a>, <a href=\"https:\/\/brno-filharmonie.cz\/en\/category\/press-releases\/\" >Press releases<\/a>, <a href=\"https:\/\/brno-filharmonie.cz\/en\/category\/concerts-and-tickets\/\" >Concerts and tickets<\/a><\/span><\/div>\n\t<div class=\"entry-excerpt\"><p>We support paramedics in their brave struggle<\/p>\n<\/div>\n\t\n<\/div><\/article><\/div><div class=\"hidden wf-cell category-69 category-73 category-101\" data-post-id=\"8820\" data-date=\"2020-03-17T10:57:41+01:00\" data-name=\"Easter Festival of Sacred Music is completely canceled this year\"><article class=\"post project-odd visible post-8820 type-post status-publish format-standard has-post-thumbnail hentry category-uncategorized category-press-releases category-concerts-and-tickets category-69 category-73 category-101\" data-name=\"Easter Festival of Sacred Music is completely canceled this year\" data-date=\"2020-03-17T10:57:41+01:00\">\n\n<div class=\"post-thumbnail-wrap\">\n\t<div class=\"post-thumbnail\">\n\t\t\n\t\t\n\t\t<a href=\"https:\/\/brno-filharmonie.cz\/en\/easter-festival-of-sacred-music-is-completely-canceled-this-year\/\" class=\"post-thumbnail-rollover layzr-bg layzr-bg\" ><img loading=\"lazy\" decoding=\"async\" class=\"iso-lazy-load preload-me iso-lazy-load\" src=\"data:image\/svg+xml,%3Csvg%20xmlns%3D&#39;http%3A%2F%2Fwww.w3.org%2F2000%2Fsvg&#39;%20viewBox%3D&#39;0%200%20768%20512&#39;%2F%3E\" data-src=\"https:\/\/brno-filharmonie.cz\/wp-content\/uploads\/2020\/03\/sv.-Jakuba-768x512.jpg\" data-srcset=\"https:\/\/brno-filharmonie.cz\/wp-content\/uploads\/2020\/03\/sv.-Jakuba-768x512.jpg 768w, https:\/\/brno-filharmonie.cz\/wp-content\/uploads\/2020\/03\/sv.-Jakuba-1152x768.jpg 1152w\" alt=\"\" title=\"sv. Jakuba\" width=\"768\" height=\"512\"  \/><\/a>\t<\/div>\n<\/div>\n\n\n<div class=\"post-entry-content\">\n\n\t<h3 class=\"entry-title\">\n\t\t<a href=\"https:\/\/brno-filharmonie.cz\/en\/easter-festival-of-sacred-music-is-completely-canceled-this-year\/\" title=\"Easter Festival of Sacred Music is completely canceled this year\" rel=\"bookmark\">Easter Festival of Sacred Music is completely canceled this year<\/a>\n\t<\/h3>\n\n\t<div class=\"entry-meta\"><span class=\"category-link\"><a href=\"https:\/\/brno-filharmonie.cz\/en\/category\/uncategorized\/\" >News<\/a>, <a href=\"https:\/\/brno-filharmonie.cz\/en\/category\/press-releases\/\" >Press releases<\/a>, <a href=\"https:\/\/brno-filharmonie.cz\/en\/category\/concerts-and-tickets\/\" >Concerts and tickets<\/a><\/span><\/div>\n\t<div class=\"entry-excerpt\"><p>Press releases<\/p>\n<\/div>\n\t\n<\/div><\/article><\/div><div class=\"hidden wf-cell category-73 category-101 category-69\" data-post-id=\"8813\" data-date=\"2020-03-16T10:30:16+01:00\" data-name=\"Canceling concerts\"><article class=\"post project-odd visible post-8813 type-post status-publish format-standard has-post-thumbnail hentry category-press-releases category-concerts-and-tickets category-uncategorized category-73 category-101 category-69\" data-name=\"Canceling concerts\" data-date=\"2020-03-16T10:30:16+01:00\">\n\n<div class=\"post-thumbnail-wrap\">\n\t<div class=\"post-thumbnail\">\n\t\t\n\t\t\n\t\t<a href=\"https:\/\/brno-filharmonie.cz\/en\/canceling-concerts\/\" class=\"post-thumbnail-rollover layzr-bg layzr-bg\" ><img loading=\"lazy\" decoding=\"async\" class=\"iso-lazy-load preload-me iso-lazy-load\" src=\"data:image\/svg+xml,%3Csvg%20xmlns%3D&#39;http%3A%2F%2Fwww.w3.org%2F2000%2Fsvg&#39;%20viewBox%3D&#39;0%200%20768%20512&#39;%2F%3E\" data-src=\"https:\/\/brno-filharmonie.cz\/wp-content\/uploads\/2019\/04\/b8-768x512.jpg\" data-srcset=\"https:\/\/brno-filharmonie.cz\/wp-content\/uploads\/2019\/04\/b8-768x512.jpg 768w, https:\/\/brno-filharmonie.cz\/wp-content\/uploads\/2019\/04\/b8-784x522.jpg 784w\" alt=\"\" title=\"b8\" width=\"768\" height=\"512\"  \/><\/a>\t<\/div>\n<\/div>\n\n\n<div class=\"post-entry-content\">\n\n\t<h3 class=\"entry-title\">\n\t\t<a href=\"https:\/\/brno-filharmonie.cz\/en\/canceling-concerts\/\" title=\"Canceling concerts\" rel=\"bookmark\">Canceling concerts<\/a>\n\t<\/h3>\n\n\t<div class=\"entry-meta\"><span class=\"category-link\"><a href=\"https:\/\/brno-filharmonie.cz\/en\/category\/press-releases\/\" >Press releases<\/a>, <a href=\"https:\/\/brno-filharmonie.cz\/en\/category\/concerts-and-tickets\/\" >Concerts and tickets<\/a>, <a href=\"https:\/\/brno-filharmonie.cz\/en\/category\/uncategorized\/\" >News<\/a><\/span><\/div>\n\t<div class=\"entry-excerpt\"><p>As part of the government regulation on the risk of coronavirus spread, we cancel all scheduled concerts until further notice. Measure with all concerts without exception. Considering emergency from Monday 16th March closing Ticket office of Filharmonie Brno. More on refund tickets: We will refund the tickets for individually purchased Filharmonie Brno Concert Tickets. Compensation&hellip;<\/p>\n<\/div>\n\t\n<\/div><\/article><\/div><div class=\"hidden wf-cell category-69 category-73\" data-post-id=\"8786\" data-date=\"2020-03-13T15:16:41+01:00\" data-name=\"Thank you! Thousands of listeners watched the stream concert\"><article class=\"post project-odd visible post-8786 type-post status-publish format-standard has-post-thumbnail hentry category-uncategorized category-press-releases category-69 category-73\" data-name=\"Thank you! Thousands of listeners watched the stream concert\" data-date=\"2020-03-13T15:16:41+01:00\">\n\n<div class=\"post-thumbnail-wrap\">\n\t<div class=\"post-thumbnail\">\n\t\t\n\t\t\n\t\t<a href=\"https:\/\/brno-filharmonie.cz\/en\/thank-you-thousands-of-listeners-watched-the-stream-concert\/\" class=\"post-thumbnail-rollover layzr-bg layzr-bg\" ><img loading=\"lazy\" decoding=\"async\" class=\"iso-lazy-load preload-me iso-lazy-load\" src=\"data:image\/svg+xml,%3Csvg%20xmlns%3D&#39;http%3A%2F%2Fwww.w3.org%2F2000%2Fsvg&#39;%20viewBox%3D&#39;0%200%20768%20512&#39;%2F%3E\" data-src=\"https:\/\/brno-filharmonie.cz\/wp-content\/uploads\/2020\/03\/Filharmonie-Brno-Obr\u00e1zky-z-v\u00fdstavy-12.3.2019-foto-Vojt\u011bch-K\u00e1ba-15-768x512.jpg\" data-srcset=\"https:\/\/brno-filharmonie.cz\/wp-content\/uploads\/2020\/03\/Filharmonie-Brno-Obr\u00e1zky-z-v\u00fdstavy-12.3.2019-foto-Vojt\u011bch-K\u00e1ba-15-768x512.jpg 768w, https:\/\/brno-filharmonie.cz\/wp-content\/uploads\/2020\/03\/Filharmonie-Brno-Obr\u00e1zky-z-v\u00fdstavy-12.3.2019-foto-Vojt\u011bch-K\u00e1ba-15-1152x768.jpg 1152w\" alt=\"\" title=\"Filharmonie-Brno-Obr\u00e1zky-z-v\u00fdstavy-12.3.2019-foto-Vojt\u011bch-K\u00e1ba-15\" width=\"768\" height=\"512\"  \/><\/a>\t<\/div>\n<\/div>\n\n\n<div class=\"post-entry-content\">\n\n\t<h3 class=\"entry-title\">\n\t\t<a href=\"https:\/\/brno-filharmonie.cz\/en\/thank-you-thousands-of-listeners-watched-the-stream-concert\/\" title=\"Thank you! Thousands of listeners watched the stream concert\" rel=\"bookmark\">Thank you! Thousands of listeners watched the stream concert<\/a>\n\t<\/h3>\n\n\t<div class=\"entry-meta\"><span class=\"category-link\"><a href=\"https:\/\/brno-filharmonie.cz\/en\/category\/uncategorized\/\" >News<\/a>, <a href=\"https:\/\/brno-filharmonie.cz\/en\/category\/press-releases\/\" >Press releases<\/a><\/span><\/div>\n\t<div class=\"entry-excerpt\"><p>Due to the enormous \u00a0interest of listeners and many requests from many of them to repeat the concert, Filharmonie Brno decided to bring the concert once again, today, at the same time as yesterday, at 7pm, \u00a0through the same channels: on the Facebook profile and on this line, which is different from yesterday: You could&hellip;<\/p>\n<\/div>\n\t\n<\/div><\/article><\/div><div class=\"hidden wf-cell category-69 category-73 category-101\" data-post-id=\"8745\" data-date=\"2020-03-12T16:20:59+01:00\" data-name=\"Enjoy our concert today at 7 pm\"><article class=\"post project-odd visible post-8745 type-post status-publish format-standard has-post-thumbnail hentry category-uncategorized category-press-releases category-concerts-and-tickets category-69 category-73 category-101\" data-name=\"Enjoy our concert today at 7 pm\" data-date=\"2020-03-12T16:20:59+01:00\">\n\n<div class=\"post-thumbnail-wrap\">\n\t<div class=\"post-thumbnail\">\n\t\t\n\t\t\n\t\t<a href=\"https:\/\/brno-filharmonie.cz\/en\/enjoy-our-concert-today-at-7-pm\/\" class=\"post-thumbnail-rollover layzr-bg layzr-bg\" ><img loading=\"lazy\" decoding=\"async\" class=\"iso-lazy-load preload-me iso-lazy-load\" src=\"data:image\/svg+xml,%3Csvg%20xmlns%3D&#39;http%3A%2F%2Fwww.w3.org%2F2000%2Fsvg&#39;%20viewBox%3D&#39;0%200%20768%20512&#39;%2F%3E\" data-src=\"https:\/\/brno-filharmonie.cz\/wp-content\/uploads\/2020\/03\/Obr\u00e1zky-768x512.jpg\" data-srcset=\"https:\/\/brno-filharmonie.cz\/wp-content\/uploads\/2020\/03\/Obr\u00e1zky-768x512.jpg 768w, https:\/\/brno-filharmonie.cz\/wp-content\/uploads\/2020\/03\/Obr\u00e1zky-1152x768.jpg 1152w\" alt=\"\" title=\"dav\" width=\"768\" height=\"512\"  \/><\/a>\t<\/div>\n<\/div>\n\n\n<div class=\"post-entry-content\">\n\n\t<h3 class=\"entry-title\">\n\t\t<a href=\"https:\/\/brno-filharmonie.cz\/en\/enjoy-our-concert-today-at-7-pm\/\" title=\"Enjoy our concert today at 7 pm\" rel=\"bookmark\">Enjoy our concert today at 7 pm<\/a>\n\t<\/h3>\n\n\t<div class=\"entry-meta\"><span class=\"category-link\"><a href=\"https:\/\/brno-filharmonie.cz\/en\/category\/uncategorized\/\" >News<\/a>, <a href=\"https:\/\/brno-filharmonie.cz\/en\/category\/press-releases\/\" >Press releases<\/a>, <a href=\"https:\/\/brno-filharmonie.cz\/en\/category\/concerts-and-tickets\/\" >Concerts and tickets<\/a><\/span><\/div>\n\t<div class=\"entry-excerpt\"><p>Pictures at an Exhibition today at 7 pm here http:\/\/meta.mediastream.cz\/avt-brno\/ Thank you for being with us! Download the program here<\/p>\n<\/div>\n\t\n<\/div><\/article><\/div><div class=\"hidden wf-cell category-69\" data-post-id=\"8732\" data-date=\"2020-03-11T14:19:13+01:00\" data-name=\"Return of the money for the tickets\"><article class=\"post project-odd visible post-8732 type-post status-publish format-standard has-post-thumbnail hentry category-uncategorized category-69\" data-name=\"Return of the money for the tickets\" data-date=\"2020-03-11T14:19:13+01:00\">\n\n<div class=\"post-thumbnail-wrap\">\n\t<div class=\"post-thumbnail\">\n\t\t\n\t\t\n\t\t<a href=\"https:\/\/brno-filharmonie.cz\/en\/return-of-the-money-for-the-tickets\/\" class=\"post-thumbnail-rollover layzr-bg layzr-bg\" ><img loading=\"lazy\" decoding=\"async\" class=\"iso-lazy-load preload-me iso-lazy-load\" src=\"data:image\/svg+xml,%3Csvg%20xmlns%3D&#39;http%3A%2F%2Fwww.w3.org%2F2000%2Fsvg&#39;%20viewBox%3D&#39;0%200%20768%20512&#39;%2F%3E\" data-src=\"https:\/\/brno-filharmonie.cz\/wp-content\/uploads\/2020\/03\/89388375_807624936387775_417869029064048640_n-768x512.jpg\" data-srcset=\"https:\/\/brno-filharmonie.cz\/wp-content\/uploads\/2020\/03\/89388375_807624936387775_417869029064048640_n-768x512.jpg 768w, https:\/\/brno-filharmonie.cz\/wp-content\/uploads\/2020\/03\/89388375_807624936387775_417869029064048640_n-960x640.jpg 960w\" alt=\"\" title=\"89388375_807624936387775_417869029064048640_n\" width=\"768\" height=\"512\"  \/><\/a>\t<\/div>\n<\/div>\n\n\n<div class=\"post-entry-content\">\n\n\t<h3 class=\"entry-title\">\n\t\t<a href=\"https:\/\/brno-filharmonie.cz\/en\/return-of-the-money-for-the-tickets\/\" title=\"Return of the money for the tickets\" rel=\"bookmark\">Return of the money for the tickets<\/a>\n\t<\/h3>\n\n\t<div class=\"entry-meta\"><span class=\"category-link\"><a href=\"https:\/\/brno-filharmonie.cz\/en\/category\/uncategorized\/\" >News<\/a><\/span><\/div>\n\t<div class=\"entry-excerpt\"><p>Dear customers, you can return their tickets for the cancelled concert from the day after the concert was meant to take place. Returns can only be made at Philharmonic Advance Sales on Besedn\u00ed street, which is open on Monday to Friday from 1.00 pm to 7.00 pm. Fees are returned in cash; they cannot be&hellip;<\/p>\n<\/div>\n\t\n<\/div><\/article><\/div><div class=\"hidden wf-cell category-73 category-69\" data-post-id=\"8721\" data-date=\"2020-03-11T14:03:51+01:00\" data-name=\"Pictures at an Exhibition will be performed! Filharmonie Brno Orchestra to stream the concert on its website and on Facebook\"><article class=\"post project-odd visible post-8721 type-post status-publish format-standard has-post-thumbnail hentry category-press-releases category-uncategorized category-73 category-69\" data-name=\"Pictures at an Exhibition will be performed! Filharmonie Brno Orchestra to stream the concert on its website and on Facebook\" data-date=\"2020-03-11T14:03:51+01:00\">\n\n<div class=\"post-thumbnail-wrap\">\n\t<div class=\"post-thumbnail\">\n\t\t\n\t\t\n\t\t<a href=\"https:\/\/brno-filharmonie.cz\/en\/pictures-at-an-exhibition-will-be-performed-filharmonie-brno-orchestra-to-stream-the-concert-on-its-website-and-on-facebook\/\" class=\"post-thumbnail-rollover layzr-bg layzr-bg\" ><img loading=\"lazy\" decoding=\"async\" class=\"iso-lazy-load preload-me iso-lazy-load\" src=\"data:image\/svg+xml,%3Csvg%20xmlns%3D&#39;http%3A%2F%2Fwww.w3.org%2F2000%2Fsvg&#39;%20viewBox%3D&#39;0%200%20768%20512&#39;%2F%3E\" data-src=\"https:\/\/brno-filharmonie.cz\/wp-content\/uploads\/2020\/03\/49543145732_820b85fd06_o-1-768x512.jpg\" data-srcset=\"https:\/\/brno-filharmonie.cz\/wp-content\/uploads\/2020\/03\/49543145732_820b85fd06_o-1-768x512.jpg 768w, https:\/\/brno-filharmonie.cz\/wp-content\/uploads\/2020\/03\/49543145732_820b85fd06_o-1-1152x768.jpg 1152w\" alt=\"\" title=\"49543145732_820b85fd06_o (1)\" width=\"768\" height=\"512\"  \/><\/a>\t<\/div>\n<\/div>\n\n\n<div class=\"post-entry-content\">\n\n\t<h3 class=\"entry-title\">\n\t\t<a href=\"https:\/\/brno-filharmonie.cz\/en\/pictures-at-an-exhibition-will-be-performed-filharmonie-brno-orchestra-to-stream-the-concert-on-its-website-and-on-facebook\/\" title=\"Pictures at an Exhibition will be performed! Filharmonie Brno Orchestra to stream the concert on its website and on Facebook\" rel=\"bookmark\">Pictures at an Exhibition will be performed! Filharmonie Brno Orchestra to stream the concert on its website and on Facebook<\/a>\n\t<\/h3>\n\n\t<div class=\"entry-meta\"><span class=\"category-link\"><a href=\"https:\/\/brno-filharmonie.cz\/en\/category\/press-releases\/\" >Press releases<\/a>, <a href=\"https:\/\/brno-filharmonie.cz\/en\/category\/uncategorized\/\" >News<\/a><\/span><\/div>\n\t<div class=\"entry-excerpt\"><p>PRESS RELEASE, Brno, 11.3.2020<\/p>\n<\/div>\n\t\n<\/div><\/article><\/div><div class=\"hidden wf-cell category-69\" data-post-id=\"8702\" data-date=\"2020-03-11T12:09:24+01:00\" data-name=\"CONCERT ONLINE\"><article class=\"post project-odd visible post-8702 type-post status-publish format-standard has-post-thumbnail hentry category-uncategorized category-69\" data-name=\"CONCERT ONLINE\" data-date=\"2020-03-11T12:09:24+01:00\">\n\n<div class=\"post-thumbnail-wrap\">\n\t<div class=\"post-thumbnail\">\n\t\t\n\t\t\n\t\t<a href=\"https:\/\/brno-filharmonie.cz\/en\/concert-online\/\" class=\"post-thumbnail-rollover layzr-bg layzr-bg\" ><img loading=\"lazy\" decoding=\"async\" class=\"iso-lazy-load preload-me iso-lazy-load\" src=\"data:image\/svg+xml,%3Csvg%20xmlns%3D&#39;http%3A%2F%2Fwww.w3.org%2F2000%2Fsvg&#39;%20viewBox%3D&#39;0%200%20768%20512&#39;%2F%3E\" data-src=\"https:\/\/brno-filharmonie.cz\/wp-content\/uploads\/2019\/05\/89384402_2926883797350566_8171645927451262976_o-768x512.jpg\" data-srcset=\"https:\/\/brno-filharmonie.cz\/wp-content\/uploads\/2019\/05\/89384402_2926883797350566_8171645927451262976_o-768x512.jpg 768w\" alt=\"\" title=\"89384402_2926883797350566_8171645927451262976_o\" width=\"768\" height=\"512\"  \/><\/a>\t<\/div>\n<\/div>\n\n\n<div class=\"post-entry-content\">\n\n\t<h3 class=\"entry-title\">\n\t\t<a href=\"https:\/\/brno-filharmonie.cz\/en\/concert-online\/\" title=\"CONCERT ONLINE\" rel=\"bookmark\">CONCERT ONLINE<\/a>\n\t<\/h3>\n\n\t<div class=\"entry-meta\"><span class=\"category-link\"><a href=\"https:\/\/brno-filharmonie.cz\/en\/category\/uncategorized\/\" >News<\/a><\/span><\/div>\n\t<div class=\"entry-excerpt\"><p>You will not miss the extraordinary project Pictures at an Exhibition. We do not play in the Jan\u00e1\u010dek theater, but we will stream the concert live &#8211; including visualizations! Many thanks to the orchestra, the Chief Conductor\u00a0Dennis Russell Davies\u00a0and\u00a0Cori O&#8217;Lan! We will publish the link to watch the concert tomorrow afternoon here on facebook and&hellip;<\/p>\n<\/div>\n\t\n<\/div><\/article><\/div><div class=\"hidden wf-cell category-69 category-73\" data-post-id=\"8678\" data-date=\"2020-03-10T12:10:10+01:00\" data-name=\"\"><article class=\"post project-odd visible post-8678 type-post status-publish format-standard has-post-thumbnail hentry category-uncategorized category-press-releases category-69 category-73\" data-name=\"\" data-date=\"2020-03-10T12:10:10+01:00\">\n\n<div class=\"post-thumbnail-wrap\">\n\t<div class=\"post-thumbnail\">\n\t\t\n\t\t\n\t\t<a href=\"https:\/\/brno-filharmonie.cz\/en\/8678\/\" class=\"post-thumbnail-rollover layzr-bg layzr-bg\" ><img loading=\"lazy\" decoding=\"async\" class=\"iso-lazy-load preload-me iso-lazy-load\" src=\"data:image\/svg+xml,%3Csvg%20xmlns%3D&#39;http%3A%2F%2Fwww.w3.org%2F2000%2Fsvg&#39;%20viewBox%3D&#39;0%200%20768%20512&#39;%2F%3E\" data-src=\"https:\/\/brno-filharmonie.cz\/wp-content\/uploads\/2019\/09\/s\u00e1l-768x512.jpg\" data-srcset=\"https:\/\/brno-filharmonie.cz\/wp-content\/uploads\/2019\/09\/s\u00e1l-768x512.jpg 768w, https:\/\/brno-filharmonie.cz\/wp-content\/uploads\/2019\/09\/s\u00e1l-1152x768.jpg 1152w\" alt=\"\" title=\"s\u00e1l\" width=\"768\" height=\"512\"  \/><\/a>\t<\/div>\n<\/div>\n\n\n<div class=\"post-entry-content\">\n\n\t<h3 class=\"entry-title\">\n\t\t<a href=\"https:\/\/brno-filharmonie.cz\/en\/8678\/\" title=\"\" rel=\"bookmark\"><\/a>\n\t<\/h3>\n\n\t<div class=\"entry-meta\"><span class=\"category-link\"><a href=\"https:\/\/brno-filharmonie.cz\/en\/category\/uncategorized\/\" >News<\/a>, <a href=\"https:\/\/brno-filharmonie.cz\/en\/category\/press-releases\/\" >Press releases<\/a><\/span><\/div>\n\t<div class=\"entry-excerpt\"><p>Dear listeners, due to the government order, we have to cancel our concert Pictures at the exhibition, which were to be held this week on 12 and 13 March. We will inform you how the tickets will be returned in the coming days here on the web, on the Facebook profile and also by e-mail&hellip;<\/p>\n<\/div>\n\t\n<\/div><\/article><\/div><div class=\"hidden wf-cell category-69 category-73\" data-post-id=\"8719\" data-date=\"2020-03-09T13:57:14+01:00\" data-name=\"Visualisation responding to music. Pictures at an Exhibition accompanied by a unique visual spectacle by Cori O\u2019Lan\"><article class=\"post project-odd visible post-8719 type-post status-publish format-standard has-post-thumbnail hentry category-uncategorized category-press-releases category-69 category-73\" data-name=\"Visualisation responding to music. Pictures at an Exhibition accompanied by a unique visual spectacle by Cori O\u2019Lan\" data-date=\"2020-03-09T13:57:14+01:00\">\n\n<div class=\"post-thumbnail-wrap\">\n\t<div class=\"post-thumbnail\">\n\t\t\n\t\t\n\t\t<a href=\"https:\/\/brno-filharmonie.cz\/en\/visualisation-responding-to-music-pictures-at-an-exhibition-accompanied-by-a-unique-visual-spectacle-by-cori-olan\/\" class=\"post-thumbnail-rollover layzr-bg layzr-bg\" ><img loading=\"lazy\" decoding=\"async\" class=\"iso-lazy-load preload-me iso-lazy-load\" src=\"data:image\/svg+xml,%3Csvg%20xmlns%3D&#39;http%3A%2F%2Fwww.w3.org%2F2000%2Fsvg&#39;%20viewBox%3D&#39;0%200%20768%20512&#39;%2F%3E\" data-src=\"https:\/\/brno-filharmonie.cz\/wp-content\/uploads\/2020\/01\/DSC02975-768x512.jpg\" data-srcset=\"https:\/\/brno-filharmonie.cz\/wp-content\/uploads\/2020\/01\/DSC02975-768x512.jpg 768w, https:\/\/brno-filharmonie.cz\/wp-content\/uploads\/2020\/01\/DSC02975-1152x768.jpg 1152w\" alt=\"\" title=\"DSC02975\" width=\"768\" height=\"512\"  \/><\/a>\t<\/div>\n<\/div>\n\n\n<div class=\"post-entry-content\">\n\n\t<h3 class=\"entry-title\">\n\t\t<a href=\"https:\/\/brno-filharmonie.cz\/en\/visualisation-responding-to-music-pictures-at-an-exhibition-accompanied-by-a-unique-visual-spectacle-by-cori-olan\/\" title=\"Visualisation responding to music. Pictures at an Exhibition accompanied by a unique visual spectacle by Cori O\u2019Lan\" rel=\"bookmark\">Visualisation responding to music. Pictures at an Exhibition accompanied by a unique visual spectacle by Cori O\u2019Lan<\/a>\n\t<\/h3>\n\n\t<div class=\"entry-meta\"><span class=\"category-link\"><a href=\"https:\/\/brno-filharmonie.cz\/en\/category\/uncategorized\/\" >News<\/a>, <a href=\"https:\/\/brno-filharmonie.cz\/en\/category\/press-releases\/\" >Press releases<\/a><\/span><\/div>\n\t<div class=\"entry-excerpt\"><p>PRESS RELEASE, Brno, 9.&nbsp;3.&nbsp;2020<\/p>\n<\/div>\n\t\n<\/div><\/article><\/div><div class=\"hidden wf-cell category-69 category-104\" data-post-id=\"8555\" data-date=\"2020-02-24T13:45:30+01:00\" data-name=\"Tickets On Sale For Filharmonie Brno\u2019s Easter Festival of Sacred Music\"><article class=\"post project-odd visible post-8555 type-post status-publish format-standard has-post-thumbnail hentry category-uncategorized category-press-reviews category-69 category-104\" data-name=\"Tickets On Sale For Filharmonie Brno\u2019s Easter Festival of Sacred Music\" data-date=\"2020-02-24T13:45:30+01:00\">\n\n<div class=\"post-thumbnail-wrap\">\n\t<div class=\"post-thumbnail\">\n\t\t\n\t\t\n\t\t<a href=\"https:\/\/brno-filharmonie.cz\/en\/tickets-on-sale-for-filharmonie-brnos-easter-festival-of-sacred-music\/\" class=\"post-thumbnail-rollover layzr-bg layzr-bg\" ><img loading=\"lazy\" decoding=\"async\" class=\"iso-lazy-load preload-me iso-lazy-load\" src=\"data:image\/svg+xml,%3Csvg%20xmlns%3D&#39;http%3A%2F%2Fwww.w3.org%2F2000%2Fsvg&#39;%20viewBox%3D&#39;0%200%20768%20512&#39;%2F%3E\" data-src=\"https:\/\/brno-filharmonie.cz\/wp-content\/uploads\/2020\/02\/2019_1_Cappella-Mariana_Petra-Hajska_3-768x512.jpg\" data-srcset=\"https:\/\/brno-filharmonie.cz\/wp-content\/uploads\/2020\/02\/2019_1_Cappella-Mariana_Petra-Hajska_3-768x512.jpg 768w, https:\/\/brno-filharmonie.cz\/wp-content\/uploads\/2020\/02\/2019_1_Cappella-Mariana_Petra-Hajska_3-800x533.jpg 800w\" alt=\"\" title=\"2019_1_Cappella-Mariana_Petra-Hajska_3\" width=\"768\" height=\"512\"  \/><\/a>\t<\/div>\n<\/div>\n\n\n<div class=\"post-entry-content\">\n\n\t<h3 class=\"entry-title\">\n\t\t<a href=\"https:\/\/brno-filharmonie.cz\/en\/tickets-on-sale-for-filharmonie-brnos-easter-festival-of-sacred-music\/\" title=\"Tickets On Sale For Filharmonie Brno\u2019s Easter Festival of Sacred Music\" rel=\"bookmark\">Tickets On Sale For Filharmonie Brno\u2019s Easter Festival of Sacred Music<\/a>\n\t<\/h3>\n\n\t<div class=\"entry-meta\"><span class=\"category-link\"><a href=\"https:\/\/brno-filharmonie.cz\/en\/category\/uncategorized\/\" >News<\/a>, <a href=\"https:\/\/brno-filharmonie.cz\/en\/category\/press-reviews\/\" >Press reviews<\/a><\/span><\/div>\n\t<div class=\"entry-excerpt\"><p>Brno Daily, 24th February<\/p>\n<\/div>\n\t\n<\/div><\/article><\/div><div class=\"hidden wf-cell category-69 category-104\" data-post-id=\"8465\" data-date=\"2020-02-14T17:23:51+01:00\" data-name=\"Auf Besuch in der alter Pultheimat\"><article class=\"post project-odd visible post-8465 type-post status-publish format-standard has-post-thumbnail hentry category-uncategorized category-press-reviews category-69 category-104\" data-name=\"Auf Besuch in der alter Pultheimat\" data-date=\"2020-02-14T17:23:51+01:00\">\n\n<div class=\"post-thumbnail-wrap\">\n\t<div class=\"post-thumbnail\">\n\t\t\n\t\t\n\t\t<a href=\"https:\/\/brno-filharmonie.cz\/en\/auf-besuch-in-der-alter-pultheimat\/\" class=\"post-thumbnail-rollover layzr-bg layzr-bg\" ><img loading=\"lazy\" decoding=\"async\" class=\"iso-lazy-load preload-me iso-lazy-load\" src=\"data:image\/svg+xml,%3Csvg%20xmlns%3D&#39;http%3A%2F%2Fwww.w3.org%2F2000%2Fsvg&#39;%20viewBox%3D&#39;0%200%20708%20472&#39;%2F%3E\" data-src=\"https:\/\/brno-filharmonie.cz\/wp-content\/uploads\/2019\/12\/DRD-708x472.jpg\" data-srcset=\"https:\/\/brno-filharmonie.cz\/wp-content\/uploads\/2019\/12\/DRD-708x472.jpg 708w, https:\/\/brno-filharmonie.cz\/wp-content\/uploads\/2019\/12\/DRD-708x471.jpg 708w\" alt=\"\" title=\"DRD\" width=\"708\" height=\"472\"  \/><\/a>\t<\/div>\n<\/div>\n\n\n<div class=\"post-entry-content\">\n\n\t<h3 class=\"entry-title\">\n\t\t<a href=\"https:\/\/brno-filharmonie.cz\/en\/auf-besuch-in-der-alter-pultheimat\/\" title=\"Auf Besuch in der alter Pultheimat\" rel=\"bookmark\">Auf Besuch in der alter Pultheimat<\/a>\n\t<\/h3>\n\n\t<div class=\"entry-meta\"><span class=\"category-link\"><a href=\"https:\/\/brno-filharmonie.cz\/en\/category\/uncategorized\/\" >News<\/a>, <a href=\"https:\/\/brno-filharmonie.cz\/en\/category\/press-reviews\/\" >Press reviews<\/a><\/span><\/div>\n\t<div class=\"entry-excerpt\"><p>14th February<\/p>\n<\/div>\n\t\n<\/div><\/article><\/div><div class=\"hidden wf-cell category-69 category-104\" data-post-id=\"8463\" data-date=\"2020-02-14T17:22:25+01:00\" data-name=\"Kultur in K\u00fcrze\"><article class=\"post project-odd visible post-8463 type-post status-publish format-standard has-post-thumbnail hentry category-uncategorized category-press-reviews category-69 category-104\" data-name=\"Kultur in K\u00fcrze\" data-date=\"2020-02-14T17:22:25+01:00\">\n\n<div class=\"post-thumbnail-wrap\">\n\t<div class=\"post-thumbnail\">\n\t\t\n\t\t\n\t\t<a href=\"https:\/\/brno-filharmonie.cz\/en\/kultur-in-kurze\/\" class=\"post-thumbnail-rollover layzr-bg layzr-bg\" ><img loading=\"lazy\" decoding=\"async\" class=\"iso-lazy-load preload-me iso-lazy-load\" src=\"data:image\/svg+xml,%3Csvg%20xmlns%3D&#39;http%3A%2F%2Fwww.w3.org%2F2000%2Fsvg&#39;%20viewBox%3D&#39;0%200%20768%20512&#39;%2F%3E\" data-src=\"https:\/\/brno-filharmonie.cz\/wp-content\/uploads\/2019\/04\/d1-768x512.jpg\" data-srcset=\"https:\/\/brno-filharmonie.cz\/wp-content\/uploads\/2019\/04\/d1-768x512.jpg 768w, https:\/\/brno-filharmonie.cz\/wp-content\/uploads\/2019\/04\/d1.jpg 786w\" alt=\"\" title=\"d1\" width=\"768\" height=\"512\"  \/><\/a>\t<\/div>\n<\/div>\n\n\n<div class=\"post-entry-content\">\n\n\t<h3 class=\"entry-title\">\n\t\t<a href=\"https:\/\/brno-filharmonie.cz\/en\/kultur-in-kurze\/\" title=\"Kultur in K\u00fcrze\" rel=\"bookmark\">Kultur in K\u00fcrze<\/a>\n\t<\/h3>\n\n\t<div class=\"entry-meta\"><span class=\"category-link\"><a href=\"https:\/\/brno-filharmonie.cz\/en\/category\/uncategorized\/\" >News<\/a>, <a href=\"https:\/\/brno-filharmonie.cz\/en\/category\/press-reviews\/\" >Press reviews<\/a><\/span><\/div>\n\t<div class=\"entry-excerpt\"><p>14th February<\/p>\n<\/div>\n\t\n<\/div><\/article><\/div><div class=\"hidden wf-cell category-69 category-104\" data-post-id=\"8459\" data-date=\"2020-02-14T17:17:30+01:00\" data-name=\"Dennis Russell Davies und die slawische Seele\"><article class=\"post project-odd visible post-8459 type-post status-publish format-standard has-post-thumbnail hentry category-uncategorized category-press-reviews category-69 category-104\" data-name=\"Dennis Russell Davies und die slawische Seele\" data-date=\"2020-02-14T17:17:30+01:00\">\n\n<div class=\"post-thumbnail-wrap\">\n\t<div class=\"post-thumbnail\">\n\t\t\n\t\t\n\t\t<a href=\"https:\/\/brno-filharmonie.cz\/en\/dennis-russell-davies-und-die-slawische-seele\/\" class=\"post-thumbnail-rollover layzr-bg layzr-bg\" ><img loading=\"lazy\" decoding=\"async\" class=\"iso-lazy-load preload-me iso-lazy-load\" src=\"data:image\/svg+xml,%3Csvg%20xmlns%3D&#39;http%3A%2F%2Fwww.w3.org%2F2000%2Fsvg&#39;%20viewBox%3D&#39;0%200%20768%20512&#39;%2F%3E\" data-src=\"https:\/\/brno-filharmonie.cz\/wp-content\/uploads\/2019\/04\/dennis_russell_davies_reinhard_winkler03-002-768x512.jpg\" data-srcset=\"https:\/\/brno-filharmonie.cz\/wp-content\/uploads\/2019\/04\/dennis_russell_davies_reinhard_winkler03-002-768x512.jpg 768w, https:\/\/brno-filharmonie.cz\/wp-content\/uploads\/2019\/04\/dennis_russell_davies_reinhard_winkler03-002-1080x720.jpg 1080w\" alt=\"\" title=\"dennis_russell_davies_reinhard_winkler03 (002)\" width=\"768\" height=\"512\"  \/><\/a>\t<\/div>\n<\/div>\n\n\n<div class=\"post-entry-content\">\n\n\t<h3 class=\"entry-title\">\n\t\t<a href=\"https:\/\/brno-filharmonie.cz\/en\/dennis-russell-davies-und-die-slawische-seele\/\" title=\"Dennis Russell Davies und die slawische Seele\" rel=\"bookmark\">Dennis Russell Davies und die slawische Seele<\/a>\n\t<\/h3>\n\n\t<div class=\"entry-meta\"><span class=\"category-link\"><a href=\"https:\/\/brno-filharmonie.cz\/en\/category\/uncategorized\/\" >News<\/a>, <a href=\"https:\/\/brno-filharmonie.cz\/en\/category\/press-reviews\/\" >Press reviews<\/a><\/span><\/div>\n\t<div class=\"entry-excerpt\"><p>14th February<\/p>\n<\/div>\n\t\n<\/div><\/article><\/div><div class=\"hidden wf-cell category-69 category-104\" data-post-id=\"8467\" data-date=\"2020-02-12T17:24:55+01:00\" data-name=\"Anton Reichas \u201eLenora\u201c in Br\u00fcnn\"><article class=\"post project-odd visible post-8467 type-post status-publish format-standard has-post-thumbnail hentry category-uncategorized category-press-reviews category-69 category-104\" data-name=\"Anton Reichas \u201eLenora\u201c in Br\u00fcnn\" data-date=\"2020-02-12T17:24:55+01:00\">\n\n<div class=\"post-thumbnail-wrap\">\n\t<div class=\"post-thumbnail\">\n\t\t\n\t\t\n\t\t<a href=\"https:\/\/brno-filharmonie.cz\/en\/anton-reichas-lenora-in-brunn\/\" class=\"post-thumbnail-rollover layzr-bg layzr-bg\" ><img loading=\"lazy\" decoding=\"async\" class=\"iso-lazy-load preload-me iso-lazy-load\" src=\"data:image\/svg+xml,%3Csvg%20xmlns%3D&#39;http%3A%2F%2Fwww.w3.org%2F2000%2Fsvg&#39;%20viewBox%3D&#39;0%200%20768%20512&#39;%2F%3E\" data-src=\"https:\/\/brno-filharmonie.cz\/wp-content\/uploads\/2020\/02\/84764436_2872225022816444_7002415216545759232_o-768x512.jpg\" data-srcset=\"https:\/\/brno-filharmonie.cz\/wp-content\/uploads\/2020\/02\/84764436_2872225022816444_7002415216545759232_o-768x512.jpg 768w, https:\/\/brno-filharmonie.cz\/wp-content\/uploads\/2020\/02\/84764436_2872225022816444_7002415216545759232_o-1152x768.jpg 1152w\" alt=\"\" title=\"84764436_2872225022816444_7002415216545759232_o\" width=\"768\" height=\"512\"  \/><\/a>\t<\/div>\n<\/div>\n\n\n<div class=\"post-entry-content\">\n\n\t<h3 class=\"entry-title\">\n\t\t<a href=\"https:\/\/brno-filharmonie.cz\/en\/anton-reichas-lenora-in-brunn\/\" title=\"Anton Reichas \u201eLenora\u201c in Br\u00fcnn\" rel=\"bookmark\">Anton Reichas \u201eLenora\u201c in Br\u00fcnn<\/a>\n\t<\/h3>\n\n\t<div class=\"entry-meta\"><span class=\"category-link\"><a href=\"https:\/\/brno-filharmonie.cz\/en\/category\/uncategorized\/\" >News<\/a>, <a href=\"https:\/\/brno-filharmonie.cz\/en\/category\/press-reviews\/\" >Press reviews<\/a><\/span><\/div>\n\t<div class=\"entry-excerpt\"><p>Deutschlandfunk Kultur, 12th February 2020<\/p>\n<\/div>\n\t\n<\/div><\/article><\/div><div class=\"hidden wf-cell category-69\" data-post-id=\"8439\" data-date=\"2020-02-08T15:22:09+01:00\" data-name=\"BTHVN 250 COMPLETE CELLO SONATAS\"><article class=\"post project-odd visible post-8439 type-post status-publish format-standard has-post-thumbnail hentry category-uncategorized category-69\" data-name=\"BTHVN 250 COMPLETE CELLO SONATAS\" data-date=\"2020-02-08T15:22:09+01:00\">\n\n<div class=\"post-thumbnail-wrap\">\n\t<div class=\"post-thumbnail\">\n\t\t\n\t\t\n\t\t<a href=\"https:\/\/brno-filharmonie.cz\/en\/bthvn-250-complete-cello-sonatas\/\" class=\"post-thumbnail-rollover layzr-bg layzr-bg\" ><img loading=\"lazy\" decoding=\"async\" class=\"iso-lazy-load preload-me iso-lazy-load\" src=\"data:image\/svg+xml,%3Csvg%20xmlns%3D&#39;http%3A%2F%2Fwww.w3.org%2F2000%2Fsvg&#39;%20viewBox%3D&#39;0%200%20768%20512&#39;%2F%3E\" data-src=\"https:\/\/brno-filharmonie.cz\/wp-content\/uploads\/2020\/02\/4Svoboda-2-768x512.jpg\" data-srcset=\"https:\/\/brno-filharmonie.cz\/wp-content\/uploads\/2020\/02\/4Svoboda-2-768x512.jpg 768w, https:\/\/brno-filharmonie.cz\/wp-content\/uploads\/2020\/02\/4Svoboda-2-1152x768.jpg 1152w\" alt=\"\" title=\"4Svoboda (2)\" width=\"768\" height=\"512\"  \/><\/a>\t<\/div>\n<\/div>\n\n\n<div class=\"post-entry-content\">\n\n\t<h3 class=\"entry-title\">\n\t\t<a href=\"https:\/\/brno-filharmonie.cz\/en\/bthvn-250-complete-cello-sonatas\/\" title=\"BTHVN 250 COMPLETE CELLO SONATAS\" rel=\"bookmark\">BTHVN 250 COMPLETE CELLO SONATAS<\/a>\n\t<\/h3>\n\n\t<div class=\"entry-meta\"><span class=\"category-link\"><a href=\"https:\/\/brno-filharmonie.cz\/en\/category\/uncategorized\/\" >News<\/a><\/span><\/div>\n\t<div class=\"entry-excerpt\"><p>Our unique Beethoven anniversary project starts tomorrow. Complete work for cello and piano in one day. Chief Conductor\u00a0 Dennis Russell Davies\u00a0as a pianist together with our cellists . Tomorrow at 5 PM and 7.30 PM.<\/p>\n<\/div>\n\t\n<\/div><\/article><\/div><div class=\"hidden wf-cell category-69 category-104\" data-post-id=\"8335\" data-date=\"2020-01-23T22:06:04+01:00\" data-name=\"Masurjan\"><article class=\"post project-odd visible post-8335 type-post status-publish format-standard has-post-thumbnail hentry category-uncategorized category-press-reviews category-69 category-104\" data-name=\"Masurjan\" data-date=\"2020-01-23T22:06:04+01:00\">\n\n<div class=\"post-thumbnail-wrap\">\n\t<div class=\"post-thumbnail\">\n\t\t\n\t\t\n\t\t<a href=\"https:\/\/brno-filharmonie.cz\/en\/masurjan\/\" class=\"post-thumbnail-rollover layzr-bg layzr-bg\" ><img loading=\"lazy\" decoding=\"async\" class=\"iso-lazy-load preload-me iso-lazy-load\" src=\"data:image\/svg+xml,%3Csvg%20xmlns%3D&#39;http%3A%2F%2Fwww.w3.org%2F2000%2Fsvg&#39;%20viewBox%3D&#39;0%200%20768%20512&#39;%2F%3E\" data-src=\"https:\/\/brno-filharmonie.cz\/wp-content\/uploads\/2020\/01\/DSC05532-768x512.jpg\" data-srcset=\"https:\/\/brno-filharmonie.cz\/wp-content\/uploads\/2020\/01\/DSC05532-768x512.jpg 768w, https:\/\/brno-filharmonie.cz\/wp-content\/uploads\/2020\/01\/DSC05532-1152x768.jpg 1152w\" alt=\"\" title=\"DSC05532\" width=\"768\" height=\"512\"  \/><\/a>\t<\/div>\n<\/div>\n\n\n<div class=\"post-entry-content\">\n\n\t<h3 class=\"entry-title\">\n\t\t<a href=\"https:\/\/brno-filharmonie.cz\/en\/masurjan\/\" title=\"Masurjan\" rel=\"bookmark\">Masurjan<\/a>\n\t<\/h3>\n\n\t<div class=\"entry-meta\"><span class=\"category-link\"><a href=\"https:\/\/brno-filharmonie.cz\/en\/category\/uncategorized\/\" >News<\/a>, <a href=\"https:\/\/brno-filharmonie.cz\/en\/category\/press-reviews\/\" >Press reviews<\/a><\/span><\/div>\n\t<div class=\"entry-excerpt\"><p>Orer.eu<\/p>\n<\/div>\n\t\n<\/div><\/article><\/div><div class=\"hidden wf-cell category-69 category-104\" data-post-id=\"8276\" data-date=\"2020-01-02T13:11:27+01:00\" data-name=\"New Year in the sign of celebration and return\"><article class=\"post project-odd visible post-8276 type-post status-publish format-standard has-post-thumbnail hentry category-uncategorized category-press-reviews category-69 category-104\" data-name=\"New Year in the sign of celebration and return\" data-date=\"2020-01-02T13:11:27+01:00\">\n\n<div class=\"post-thumbnail-wrap\">\n\t<div class=\"post-thumbnail\">\n\t\t\n\t\t\n\t\t<a href=\"https:\/\/brno-filharmonie.cz\/en\/new-year-in-the-sign-of-celebration-and-return\/\" class=\"post-thumbnail-rollover layzr-bg layzr-bg\" ><img loading=\"lazy\" decoding=\"async\" class=\"iso-lazy-load preload-me iso-lazy-load\" src=\"data:image\/svg+xml,%3Csvg%20xmlns%3D&#39;http%3A%2F%2Fwww.w3.org%2F2000%2Fsvg&#39;%20viewBox%3D&#39;0%200%20768%20512&#39;%2F%3E\" data-src=\"https:\/\/brno-filharmonie.cz\/wp-content\/uploads\/2020\/01\/DSC02975-768x512.jpg\" data-srcset=\"https:\/\/brno-filharmonie.cz\/wp-content\/uploads\/2020\/01\/DSC02975-768x512.jpg 768w, https:\/\/brno-filharmonie.cz\/wp-content\/uploads\/2020\/01\/DSC02975-1152x768.jpg 1152w\" alt=\"\" title=\"DSC02975\" width=\"768\" height=\"512\"  \/><\/a>\t<\/div>\n<\/div>\n\n\n<div class=\"post-entry-content\">\n\n\t<h3 class=\"entry-title\">\n\t\t<a href=\"https:\/\/brno-filharmonie.cz\/en\/new-year-in-the-sign-of-celebration-and-return\/\" title=\"New Year in the sign of celebration and return\" rel=\"bookmark\">New Year in the sign of celebration and return<\/a>\n\t<\/h3>\n\n\t<div class=\"entry-meta\"><span class=\"category-link\"><a href=\"https:\/\/brno-filharmonie.cz\/en\/category\/uncategorized\/\" >News<\/a>, <a href=\"https:\/\/brno-filharmonie.cz\/en\/category\/press-reviews\/\" >Press reviews<\/a><\/span><\/div>\n\t<div class=\"entry-excerpt\"><p>Brno Daily, Brno &#8211; music friendly city<\/p>\n<\/div>\n\t\n<\/div><\/article><\/div><div class=\"hidden wf-cell category-69\" data-post-id=\"8157\" data-date=\"2019-12-30T16:12:38+01:00\" data-name=\"New Year\u00b4s concert. Back in the Jan\u00e1\u010dek Theatre\"><article class=\"post project-odd visible post-8157 type-post status-publish format-standard has-post-thumbnail hentry category-uncategorized category-69\" data-name=\"New Year\u00b4s concert. Back in the Jan\u00e1\u010dek Theatre\" data-date=\"2019-12-30T16:12:38+01:00\">\n\n<div class=\"post-thumbnail-wrap\">\n\t<div class=\"post-thumbnail\">\n\t\t\n\t\t\n\t\t<a href=\"https:\/\/brno-filharmonie.cz\/en\/new-years-concert-back-in-the-janacek-theatre\/\" class=\"post-thumbnail-rollover layzr-bg layzr-bg\" ><img loading=\"lazy\" decoding=\"async\" class=\"iso-lazy-load preload-me iso-lazy-load\" src=\"data:image\/svg+xml,%3Csvg%20xmlns%3D&#39;http%3A%2F%2Fwww.w3.org%2F2000%2Fsvg&#39;%20viewBox%3D&#39;0%200%20768%20512&#39;%2F%3E\" data-src=\"https:\/\/brno-filharmonie.cz\/wp-content\/uploads\/2019\/12\/Filharmonie-Brno-v-Jan\u00e1\u010dkov\u011b-divadle-1-768x512.jpg\" data-srcset=\"https:\/\/brno-filharmonie.cz\/wp-content\/uploads\/2019\/12\/Filharmonie-Brno-v-Jan\u00e1\u010dkov\u011b-divadle-1-768x512.jpg 768w, https:\/\/brno-filharmonie.cz\/wp-content\/uploads\/2019\/12\/Filharmonie-Brno-v-Jan\u00e1\u010dkov\u011b-divadle-1-1152x768.jpg 1152w\" alt=\"\" title=\"Filharmonie Brno v&nbsp;Jan\u00e1\u010dkov\u011b divadle\" width=\"768\" height=\"512\"  \/><\/a>\t<\/div>\n<\/div>\n\n\n<div class=\"post-entry-content\">\n\n\t<h3 class=\"entry-title\">\n\t\t<a href=\"https:\/\/brno-filharmonie.cz\/en\/new-years-concert-back-in-the-janacek-theatre\/\" title=\"New Year\u00b4s concert. Back in the Jan\u00e1\u010dek Theatre\" rel=\"bookmark\">New Year\u00b4s concert. Back in the Jan\u00e1\u010dek Theatre<\/a>\n\t<\/h3>\n\n\t<div class=\"entry-meta\"><span class=\"category-link\"><a href=\"https:\/\/brno-filharmonie.cz\/en\/category\/uncategorized\/\" >News<\/a><\/span><\/div>\n\t<div class=\"entry-excerpt\"><p>On January 1, Filharmonie Brno will return to the Jan\u00e1\u010dek Theater after nearly three years, following its renovation. Beethoven\u2019s Ninth Symphony and Ullmann\u2019s Slavic Rhapsody will be performed under the baton of Dennis Russell Davies. \u201cThe audience has been spending a gala evening with us since 1956, that is, since our foundation, and we respect&hellip;<\/p>\n<\/div>\n\t\n<\/div><\/article><\/div><div class=\"hidden wf-cell category-69 category-73\" data-post-id=\"8073\" data-date=\"2019-12-10T12:41:00+01:00\" data-name=\"Second half of a unique performance of the complete Beethoven piano concertos again sold out.  Soloist? World-renowned Elisabeth Leonskaja\"><article class=\"post project-odd visible post-8073 type-post status-publish format-standard has-post-thumbnail hentry category-uncategorized category-press-releases category-69 category-73\" data-name=\"Second half of a unique performance of the complete Beethoven piano concertos again sold out.  Soloist? World-renowned Elisabeth Leonskaja\" data-date=\"2019-12-10T12:41:00+01:00\">\n\n<div class=\"post-thumbnail-wrap\">\n\t<div class=\"post-thumbnail\">\n\t\t\n\t\t\n\t\t<a href=\"https:\/\/brno-filharmonie.cz\/en\/second-half-of-a-unique-performance-of-the-complete-beethoven-piano-concertos-again-sold-out-soloist-world-renowned-elisabeth-leonskaja\/\" class=\"post-thumbnail-rollover layzr-bg layzr-bg\" ><img loading=\"lazy\" decoding=\"async\" class=\"iso-lazy-load preload-me iso-lazy-load\" src=\"data:image\/svg+xml,%3Csvg%20xmlns%3D&#39;http%3A%2F%2Fwww.w3.org%2F2000%2Fsvg&#39;%20viewBox%3D&#39;0%200%20600%20400&#39;%2F%3E\" data-src=\"https:\/\/brno-filharmonie.cz\/wp-content\/uploads\/2019\/04\/live289495_elisabethleonskaja07\u00a9Marco-Borggreve.jpg\" data-srcset=\"https:\/\/brno-filharmonie.cz\/wp-content\/uploads\/2019\/04\/live289495_elisabethleonskaja07\u00a9Marco-Borggreve.jpg 600w\" alt=\"\" title=\"live289495_elisabethleonskaja07\u00a9Marco Borggreve\" width=\"600\" height=\"400\"  \/><\/a>\t<\/div>\n<\/div>\n\n\n<div class=\"post-entry-content\">\n\n\t<h3 class=\"entry-title\">\n\t\t<a href=\"https:\/\/brno-filharmonie.cz\/en\/second-half-of-a-unique-performance-of-the-complete-beethoven-piano-concertos-again-sold-out-soloist-world-renowned-elisabeth-leonskaja\/\" title=\"Second half of a unique performance of the complete Beethoven piano concertos again sold out.  Soloist? World-renowned Elisabeth Leonskaja\" rel=\"bookmark\">Second half of a unique performance of the complete Beethoven piano concertos again sold out.  Soloist? World-renowned Elisabeth Leonskaja<\/a>\n\t<\/h3>\n\n\t<div class=\"entry-meta\"><span class=\"category-link\"><a href=\"https:\/\/brno-filharmonie.cz\/en\/category\/uncategorized\/\" >News<\/a>, <a href=\"https:\/\/brno-filharmonie.cz\/en\/category\/press-releases\/\" >Press releases<\/a><\/span><\/div>\n\t<div class=\"entry-excerpt\"><p>PRESS RELEASE, Brno, 10.&nbsp;12.&nbsp;2019<\/p>\n<\/div>\n\t\n<\/div><\/article><\/div><div class=\"hidden wf-cell category-69 category-104\" data-post-id=\"7885\" data-date=\"2019-11-19T11:41:52+01:00\" data-name=\"Filharmonie Brno to Recreate Great Brno Through Viktor Pant\u016f\u010dek\u2019s Exposition of New Music\"><article class=\"post project-odd visible post-7885 type-post status-publish format-standard has-post-thumbnail hentry category-uncategorized category-press-reviews category-69 category-104\" data-name=\"Filharmonie Brno to Recreate Great Brno Through Viktor Pant\u016f\u010dek\u2019s Exposition of New Music\" data-date=\"2019-11-19T11:41:52+01:00\">\n\n<div class=\"post-thumbnail-wrap\">\n\t<div class=\"post-thumbnail\">\n\t\t\n\t\t\n\t\t<a href=\"https:\/\/brno-filharmonie.cz\/en\/filharmonie-brno-to-recreate-great-brno-through-viktor-pantuceks-exposition-of-new-music\/\" class=\"post-thumbnail-rollover layzr-bg layzr-bg\" ><img loading=\"lazy\" decoding=\"async\" class=\"iso-lazy-load preload-me iso-lazy-load\" src=\"data:image\/svg+xml,%3Csvg%20xmlns%3D&#39;http%3A%2F%2Fwww.w3.org%2F2000%2Fsvg&#39;%20viewBox%3D&#39;0%200%20768%20512&#39;%2F%3E\" data-src=\"https:\/\/brno-filharmonie.cz\/wp-content\/uploads\/2019\/11\/kaznice-03-768x512.jpg\" data-srcset=\"https:\/\/brno-filharmonie.cz\/wp-content\/uploads\/2019\/11\/kaznice-03-768x512.jpg 768w, https:\/\/brno-filharmonie.cz\/wp-content\/uploads\/2019\/11\/kaznice-03-1050x700.jpg 1050w\" alt=\"\" title=\"kaznice-03\" width=\"768\" height=\"512\"  \/><\/a>\t<\/div>\n<\/div>\n\n\n<div class=\"post-entry-content\">\n\n\t<h3 class=\"entry-title\">\n\t\t<a href=\"https:\/\/brno-filharmonie.cz\/en\/filharmonie-brno-to-recreate-great-brno-through-viktor-pantuceks-exposition-of-new-music\/\" title=\"Filharmonie Brno to Recreate Great Brno Through Viktor Pant\u016f\u010dek\u2019s Exposition of New Music\" rel=\"bookmark\">Filharmonie Brno to Recreate Great Brno Through Viktor Pant\u016f\u010dek\u2019s Exposition of New Music<\/a>\n\t<\/h3>\n\n\t<div class=\"entry-meta\"><span class=\"category-link\"><a href=\"https:\/\/brno-filharmonie.cz\/en\/category\/uncategorized\/\" >News<\/a>, <a href=\"https:\/\/brno-filharmonie.cz\/en\/category\/press-reviews\/\" >Press reviews<\/a><\/span><\/div>\n\t<div class=\"entry-excerpt\"><p>Brno Daily<\/p>\n<\/div>\n\t\n<\/div><\/article><\/div><div class=\"hidden wf-cell category-69\" data-post-id=\"7793\" data-date=\"2019-11-12T11:09:42+01:00\" data-name=\"CONGRATULATIONS MAESTRO!\"><article class=\"post project-odd visible post-7793 type-post status-publish format-standard has-post-thumbnail hentry category-uncategorized category-69\" data-name=\"CONGRATULATIONS MAESTRO!\" data-date=\"2019-11-12T11:09:42+01:00\">\n\n<div class=\"post-thumbnail-wrap\">\n\t<div class=\"post-thumbnail\">\n\t\t\n\t\t\n\t\t<a href=\"https:\/\/brno-filharmonie.cz\/en\/congratulations-maestro\/\" class=\"post-thumbnail-rollover layzr-bg layzr-bg\" ><img loading=\"lazy\" decoding=\"async\" class=\"iso-lazy-load preload-me iso-lazy-load\" src=\"data:image\/svg+xml,%3Csvg%20xmlns%3D&#39;http%3A%2F%2Fwww.w3.org%2F2000%2Fsvg&#39;%20viewBox%3D&#39;0%200%20768%20512&#39;%2F%3E\" data-src=\"https:\/\/brno-filharmonie.cz\/wp-content\/uploads\/2019\/11\/DRD-768x512.jpg\" data-srcset=\"https:\/\/brno-filharmonie.cz\/wp-content\/uploads\/2019\/11\/DRD-768x512.jpg 768w, https:\/\/brno-filharmonie.cz\/wp-content\/uploads\/2019\/11\/DRD.jpg 827w\" alt=\"\" title=\"DRD\" width=\"768\" height=\"512\"  \/><\/a>\t<\/div>\n<\/div>\n\n\n<div class=\"post-entry-content\">\n\n\t<h3 class=\"entry-title\">\n\t\t<a href=\"https:\/\/brno-filharmonie.cz\/en\/congratulations-maestro\/\" title=\"CONGRATULATIONS MAESTRO!\" rel=\"bookmark\">CONGRATULATIONS MAESTRO!<\/a>\n\t<\/h3>\n\n\t<div class=\"entry-meta\"><span class=\"category-link\"><a href=\"https:\/\/brno-filharmonie.cz\/en\/category\/uncategorized\/\" >News<\/a><\/span><\/div>\n\t<div class=\"entry-excerpt\"><p>Our Chief Conductor in Germany<\/p>\n<\/div>\n\t\n<\/div><\/article><\/div><div class=\"hidden wf-cell category-69 category-104\" data-post-id=\"7731\" data-date=\"2019-11-06T08:36:21+01:00\" data-name=\"Filharmonie Brno To Mark Anniversary of Velvet Revolution With Dvo\u0159\u00e1k\u2019s Oratorio \u201cSaint Ludmila\u201d\"><article class=\"post project-odd visible post-7731 type-post status-publish format-standard has-post-thumbnail hentry category-uncategorized category-press-reviews category-69 category-104\" data-name=\"Filharmonie Brno To Mark Anniversary of Velvet Revolution With Dvo\u0159\u00e1k\u2019s Oratorio \u201cSaint Ludmila\u201d\" data-date=\"2019-11-06T08:36:21+01:00\">\n\n<div class=\"post-thumbnail-wrap\">\n\t<div class=\"post-thumbnail\">\n\t\t\n\t\t\n\t\t<a href=\"https:\/\/brno-filharmonie.cz\/en\/filharmonie-brno-to-mark-anniversary-of-velvet-revolution-with-dvoraks-oratorio-saint-ludmila\/\" class=\"post-thumbnail-rollover layzr-bg layzr-bg\" ><img loading=\"lazy\" decoding=\"async\" class=\"iso-lazy-load preload-me iso-lazy-load\" src=\"data:image\/svg+xml,%3Csvg%20xmlns%3D&#39;http%3A%2F%2Fwww.w3.org%2F2000%2Fsvg&#39;%20viewBox%3D&#39;0%200%20768%20512&#39;%2F%3E\" data-src=\"https:\/\/brno-filharmonie.cz\/wp-content\/uploads\/2019\/10\/19PF9069-768x512.jpg\" data-srcset=\"https:\/\/brno-filharmonie.cz\/wp-content\/uploads\/2019\/10\/19PF9069-768x512.jpg 768w, https:\/\/brno-filharmonie.cz\/wp-content\/uploads\/2019\/10\/19PF9069-1152x768.jpg 1152w\" alt=\"\" title=\"19PF9069\" width=\"768\" height=\"512\"  \/><\/a>\t<\/div>\n<\/div>\n\n\n<div class=\"post-entry-content\">\n\n\t<h3 class=\"entry-title\">\n\t\t<a href=\"https:\/\/brno-filharmonie.cz\/en\/filharmonie-brno-to-mark-anniversary-of-velvet-revolution-with-dvoraks-oratorio-saint-ludmila\/\" title=\"Filharmonie Brno To Mark Anniversary of Velvet Revolution With Dvo\u0159\u00e1k\u2019s Oratorio \u201cSaint Ludmila\u201d\" rel=\"bookmark\">Filharmonie Brno To Mark Anniversary of Velvet Revolution With Dvo\u0159\u00e1k\u2019s Oratorio \u201cSaint Ludmila\u201d<\/a>\n\t<\/h3>\n\n\t<div class=\"entry-meta\"><span class=\"category-link\"><a href=\"https:\/\/brno-filharmonie.cz\/en\/category\/uncategorized\/\" >News<\/a>, <a href=\"https:\/\/brno-filharmonie.cz\/en\/category\/press-reviews\/\" >Press reviews<\/a><\/span><\/div>\n\t<div class=\"entry-excerpt\"><p>Brno Daily,\u00a0November 6, 2019<\/p>\n<\/div>\n\t\n<\/div><\/article><\/div><div class=\"hidden wf-cell category-69 category-104\" data-post-id=\"7743\" data-date=\"2019-10-22T09:38:12+02:00\" data-name=\"Jazz &amp; World Music will be opened by Dan Tepfer with a disklavier\"><article class=\"post project-odd visible post-7743 type-post status-publish format-standard has-post-thumbnail hentry category-uncategorized category-press-reviews category-69 category-104\" data-name=\"Jazz &#038; World Music will be opened by Dan Tepfer with a disklavier\" data-date=\"2019-10-22T09:38:12+02:00\">\n\n<div class=\"post-thumbnail-wrap\">\n\t<div class=\"post-thumbnail\">\n\t\t\n\t\t\n\t\t<a href=\"https:\/\/brno-filharmonie.cz\/en\/jazz-world-music-will-be-opened-by-dan-tepfer-with-a-disklavier\/\" class=\"post-thumbnail-rollover layzr-bg layzr-bg\" ><img loading=\"lazy\" decoding=\"async\" class=\"iso-lazy-load preload-me iso-lazy-load\" src=\"data:image\/svg+xml,%3Csvg%20xmlns%3D&#39;http%3A%2F%2Fwww.w3.org%2F2000%2Fsvg&#39;%20viewBox%3D&#39;0%200%20768%20512&#39;%2F%3E\" data-src=\"https:\/\/brno-filharmonie.cz\/wp-content\/uploads\/2019\/10\/AI2thum-768x512.jpg\" data-srcset=\"https:\/\/brno-filharmonie.cz\/wp-content\/uploads\/2019\/10\/AI2thum-768x512.jpg 768w, https:\/\/brno-filharmonie.cz\/wp-content\/uploads\/2019\/10\/AI2thum-1061x707.jpg 1061w\" alt=\"\" title=\"AI2thum\" width=\"768\" height=\"512\"  \/><\/a>\t<\/div>\n<\/div>\n\n\n<div class=\"post-entry-content\">\n\n\t<h3 class=\"entry-title\">\n\t\t<a href=\"https:\/\/brno-filharmonie.cz\/en\/jazz-world-music-will-be-opened-by-dan-tepfer-with-a-disklavier\/\" title=\"Jazz &#038; World Music will be opened by Dan Tepfer with a disklavier\" rel=\"bookmark\">Jazz &#038; World Music will be opened by Dan Tepfer with a disklavier<\/a>\n\t<\/h3>\n\n\t<div class=\"entry-meta\"><span class=\"category-link\"><a href=\"https:\/\/brno-filharmonie.cz\/en\/category\/uncategorized\/\" >News<\/a>, <a href=\"https:\/\/brno-filharmonie.cz\/en\/category\/press-reviews\/\" >Press reviews<\/a><\/span><\/div>\n\t<div class=\"entry-excerpt\"><p>Brno &#8211; music friendly city, 22 October 2019<\/p>\n<\/div>\n\t\n<\/div><\/article><\/div><div class=\"hidden wf-cell category-69\" data-post-id=\"7430\" data-date=\"2019-10-11T13:23:24+02:00\" data-name=\"Homage to Giya Kancheli\"><article class=\"post project-odd visible post-7430 type-post status-publish format-standard has-post-thumbnail hentry category-uncategorized category-69\" data-name=\"Homage to Giya Kancheli\" data-date=\"2019-10-11T13:23:24+02:00\">\n\n<div class=\"post-thumbnail-wrap\">\n\t<div class=\"post-thumbnail\">\n\t\t\n\t\t\n\t\t<a href=\"https:\/\/brno-filharmonie.cz\/en\/homage-to-giya-kancheli\/\" class=\"post-thumbnail-rollover layzr-bg layzr-bg\" ><img loading=\"lazy\" decoding=\"async\" class=\"iso-lazy-load preload-me iso-lazy-load\" src=\"data:image\/svg+xml,%3Csvg%20xmlns%3D&#39;http%3A%2F%2Fwww.w3.org%2F2000%2Fsvg&#39;%20viewBox%3D&#39;0%200%20325%20216&#39;%2F%3E\" data-src=\"https:\/\/brno-filharmonie.cz\/wp-content\/uploads\/2019\/10\/Kancheli-1-325x216.jpg\" data-srcset=\"https:\/\/brno-filharmonie.cz\/wp-content\/uploads\/2019\/10\/Kancheli-1-325x216.jpg 325w\" alt=\"\" title=\"Kancheli\" width=\"325\" height=\"216\"  \/><\/a>\t<\/div>\n<\/div>\n\n\n<div class=\"post-entry-content\">\n\n\t<h3 class=\"entry-title\">\n\t\t<a href=\"https:\/\/brno-filharmonie.cz\/en\/homage-to-giya-kancheli\/\" title=\"Homage to Giya Kancheli\" rel=\"bookmark\">Homage to Giya Kancheli<\/a>\n\t<\/h3>\n\n\t<div class=\"entry-meta\"><span class=\"category-link\"><a href=\"https:\/\/brno-filharmonie.cz\/en\/category\/uncategorized\/\" >News<\/a><\/span><\/div>\n\t<div class=\"entry-excerpt\"><p>Special concert dedicated to homage to Giya Kancheli<\/p>\n<\/div>\n\t\n<\/div><\/article><\/div><div class=\"hidden wf-cell category-69 category-104\" data-post-id=\"7741\" data-date=\"2019-10-10T09:35:35+02:00\" data-name=\"Moravian Autumn: An extraordinary concert paying homage to Giya Kancheli\"><article class=\"post project-odd visible post-7741 type-post status-publish format-standard has-post-thumbnail hentry category-uncategorized category-press-reviews category-69 category-104\" data-name=\"Moravian Autumn: An extraordinary concert paying homage to Giya Kancheli\" data-date=\"2019-10-10T09:35:35+02:00\">\n\n<div class=\"post-thumbnail-wrap\">\n\t<div class=\"post-thumbnail\">\n\t\t\n\t\t\n\t\t<a href=\"https:\/\/brno-filharmonie.cz\/en\/moravian-autumn-an-extraordinary-concert-paying-homage-to-giya-kancheli\/\" class=\"post-thumbnail-rollover layzr-bg layzr-bg\" ><img loading=\"lazy\" decoding=\"async\" class=\"iso-lazy-load preload-me iso-lazy-load\" src=\"data:image\/svg+xml,%3Csvg%20xmlns%3D&#39;http%3A%2F%2Fwww.w3.org%2F2000%2Fsvg&#39;%20viewBox%3D&#39;0%200%20675%20450&#39;%2F%3E\" data-src=\"https:\/\/brno-filharmonie.cz\/wp-content\/uploads\/2019\/10\/kan\u010deli-675x450.jpg\" data-srcset=\"https:\/\/brno-filharmonie.cz\/wp-content\/uploads\/2019\/10\/kan\u010deli-675x450.jpg 675w, https:\/\/brno-filharmonie.cz\/wp-content\/uploads\/2019\/10\/kan\u010deli-675x449.jpg 675w\" alt=\"\" title=\"kan\u010deli\" width=\"675\" height=\"450\"  \/><\/a>\t<\/div>\n<\/div>\n\n\n<div class=\"post-entry-content\">\n\n\t<h3 class=\"entry-title\">\n\t\t<a href=\"https:\/\/brno-filharmonie.cz\/en\/moravian-autumn-an-extraordinary-concert-paying-homage-to-giya-kancheli\/\" title=\"Moravian Autumn: An extraordinary concert paying homage to Giya Kancheli\" rel=\"bookmark\">Moravian Autumn: An extraordinary concert paying homage to Giya Kancheli<\/a>\n\t<\/h3>\n\n\t<div class=\"entry-meta\"><span class=\"category-link\"><a href=\"https:\/\/brno-filharmonie.cz\/en\/category\/uncategorized\/\" >News<\/a>, <a href=\"https:\/\/brno-filharmonie.cz\/en\/category\/press-reviews\/\" >Press reviews<\/a><\/span><\/div>\n\t<div class=\"entry-excerpt\"><p>Brno &#8211; music friendly city,\u00a010 October 2019<\/p>\n<\/div>\n\t\n<\/div><\/article><\/div><div class=\"hidden wf-cell category-69 category-104\" data-post-id=\"7749\" data-date=\"2019-10-07T09:56:35+02:00\" data-name=\"Register Login Advertise Here Brno Daily Brno Daily English News and Events in Brno  November 7, 2019 | Last update at 14:45  HOME BRNO DIRECTORY  NEWS EVENTS CULTURE &amp; LEISURE OPINION IN PHOTOS JOBS NEWSLETTER \u201cMoravian Autumn\u201d Festival Presents The Complete Sonatas of Mieczys\u0142aw Weinberg\"><article class=\"post project-odd visible post-7749 type-post status-publish format-standard has-post-thumbnail hentry category-uncategorized category-press-reviews category-69 category-104\" data-name=\"Register Login Advertise Here Brno Daily Brno Daily English News and Events in Brno  November 7, 2019 | Last update at 14:45  HOME BRNO DIRECTORY  NEWS EVENTS CULTURE &#038; LEISURE OPINION IN PHOTOS JOBS NEWSLETTER \u201cMoravian Autumn\u201d Festival Presents The Complete Sonatas of Mieczys\u0142aw Weinberg\" data-date=\"2019-10-07T09:56:35+02:00\">\n\n<div class=\"post-thumbnail-wrap\">\n\t<div class=\"post-thumbnail\">\n\t\t\n\t\t\n\t\t<a href=\"https:\/\/brno-filharmonie.cz\/en\/register-login-advertise-here-brno-daily-brno-daily-english-news-and-events-in-brno-november-7-2019-last-update-at-1445-home-brno-directory-news-events-culture-leisure-opinion-in-photos-jobs\/\" class=\"post-thumbnail-rollover layzr-bg layzr-bg\" ><img loading=\"lazy\" decoding=\"async\" class=\"iso-lazy-load preload-me iso-lazy-load\" src=\"data:image\/svg+xml,%3Csvg%20xmlns%3D&#39;http%3A%2F%2Fwww.w3.org%2F2000%2Fsvg&#39;%20viewBox%3D&#39;0%200%20710%20473&#39;%2F%3E\" data-src=\"https:\/\/brno-filharmonie.cz\/wp-content\/uploads\/2019\/08\/Weinberg-100-710x473.jpg\" data-srcset=\"https:\/\/brno-filharmonie.cz\/wp-content\/uploads\/2019\/08\/Weinberg-100-710x473.jpg 710w\" alt=\"\" title=\"Weinberg 100\" width=\"710\" height=\"473\"  \/><\/a>\t<\/div>\n<\/div>\n\n\n<div class=\"post-entry-content\">\n\n\t<h3 class=\"entry-title\">\n\t\t<a href=\"https:\/\/brno-filharmonie.cz\/en\/register-login-advertise-here-brno-daily-brno-daily-english-news-and-events-in-brno-november-7-2019-last-update-at-1445-home-brno-directory-news-events-culture-leisure-opinion-in-photos-jobs\/\" title=\"Register Login Advertise Here Brno Daily Brno Daily English News and Events in Brno  November 7, 2019 | Last update at 14:45  HOME BRNO DIRECTORY  NEWS EVENTS CULTURE &#038; LEISURE OPINION IN PHOTOS JOBS NEWSLETTER \u201cMoravian Autumn\u201d Festival Presents The Complete Sonatas of Mieczys\u0142aw Weinberg\" rel=\"bookmark\">Register Login Advertise Here Brno Daily Brno Daily English News and Events in Brno  November 7, 2019 | Last update at 14:45  HOME BRNO DIRECTORY  NEWS EVENTS CULTURE &#038; LEISURE OPINION IN PHOTOS JOBS NEWSLETTER \u201cMoravian Autumn\u201d Festival Presents The Complete Sonatas of Mieczys\u0142aw Weinberg<\/a>\n\t<\/h3>\n\n\t<div class=\"entry-meta\"><span class=\"category-link\"><a href=\"https:\/\/brno-filharmonie.cz\/en\/category\/uncategorized\/\" >News<\/a>, <a href=\"https:\/\/brno-filharmonie.cz\/en\/category\/press-reviews\/\" >Press reviews<\/a><\/span><\/div>\n\t<div class=\"entry-excerpt\"><p>Brno Daily, October 7, 2019<\/p>\n<\/div>\n\t\n<\/div><\/article><\/div><div class=\"hidden wf-cell category-69 category-104\" data-post-id=\"7733\" data-date=\"2019-10-06T08:51:45+02:00\" data-name=\"Chamber Spiritual Martin\u016f Voices\"><article class=\"post project-odd visible post-7733 type-post status-publish format-standard has-post-thumbnail hentry category-uncategorized category-press-reviews category-69 category-104\" data-name=\"Chamber Spiritual Martin\u016f Voices\" data-date=\"2019-10-06T08:51:45+02:00\">\n\n<div class=\"post-thumbnail-wrap\">\n\t<div class=\"post-thumbnail\">\n\t\t\n\t\t\n\t\t<a href=\"https:\/\/brno-filharmonie.cz\/en\/chamber-spiritual-martinu-voices\/\" class=\"post-thumbnail-rollover layzr-bg layzr-bg\" ><img loading=\"lazy\" decoding=\"async\" class=\"iso-lazy-load preload-me iso-lazy-load\" src=\"data:image\/svg+xml,%3Csvg%20xmlns%3D&#39;http%3A%2F%2Fwww.w3.org%2F2000%2Fsvg&#39;%20viewBox%3D&#39;0%200%20768%20512&#39;%2F%3E\" data-src=\"https:\/\/brno-filharmonie.cz\/wp-content\/uploads\/2019\/10\/DSC01067-768x512.jpg\" data-srcset=\"https:\/\/brno-filharmonie.cz\/wp-content\/uploads\/2019\/10\/DSC01067-768x512.jpg 768w, https:\/\/brno-filharmonie.cz\/wp-content\/uploads\/2019\/10\/DSC01067-1152x768.jpg 1152w\" alt=\"\" title=\"DSC01067\" width=\"768\" height=\"512\"  \/><\/a>\t<\/div>\n<\/div>\n\n\n<div class=\"post-entry-content\">\n\n\t<h3 class=\"entry-title\">\n\t\t<a href=\"https:\/\/brno-filharmonie.cz\/en\/chamber-spiritual-martinu-voices\/\" title=\"Chamber Spiritual Martin\u016f Voices\" rel=\"bookmark\">Chamber Spiritual Martin\u016f Voices<\/a>\n\t<\/h3>\n\n\t<div class=\"entry-meta\"><span class=\"category-link\"><a href=\"https:\/\/brno-filharmonie.cz\/en\/category\/uncategorized\/\" >News<\/a>, <a href=\"https:\/\/brno-filharmonie.cz\/en\/category\/press-reviews\/\" >Press reviews<\/a><\/span><\/div>\n\t<div class=\"entry-excerpt\"><p>Brno &#8211; music friendly city,\u00a06 October 2019<\/p>\n<\/div>\n\t\n<\/div><\/article><\/div><div class=\"hidden wf-cell category-69 category-104\" data-post-id=\"7735\" data-date=\"2019-10-03T09:03:42+02:00\" data-name=\"Gide and Martin\u016f on stage together for the first time and with embarrassment\"><article class=\"post project-odd visible post-7735 type-post status-publish format-standard has-post-thumbnail hentry category-uncategorized category-press-reviews category-69 category-104\" data-name=\"Gide and Martin\u016f on stage together for the first time and with embarrassment\" data-date=\"2019-10-03T09:03:42+02:00\">\n\n<div class=\"post-thumbnail-wrap\">\n\t<div class=\"post-thumbnail\">\n\t\t\n\t\t\n\t\t<a href=\"https:\/\/brno-filharmonie.cz\/en\/gide-and-martinu-on-stage-together-for-the-first-time-and-with-embarrassment\/\" class=\"post-thumbnail-rollover layzr-bg layzr-bg\" ><img loading=\"lazy\" decoding=\"async\" class=\"iso-lazy-load preload-me iso-lazy-load\" src=\"data:image\/svg+xml,%3Csvg%20xmlns%3D&#39;http%3A%2F%2Fwww.w3.org%2F2000%2Fsvg&#39;%20viewBox%3D&#39;0%200%20768%20512&#39;%2F%3E\" data-src=\"https:\/\/brno-filharmonie.cz\/wp-content\/uploads\/2019\/10\/025-prokopius-768x512.jpg\" data-srcset=\"https:\/\/brno-filharmonie.cz\/wp-content\/uploads\/2019\/10\/025-prokopius-768x512.jpg 768w, https:\/\/brno-filharmonie.cz\/wp-content\/uploads\/2019\/10\/025-prokopius-1152x768.jpg 1152w\" alt=\"\" title=\"025-prokopius\" width=\"768\" height=\"512\"  \/><\/a>\t<\/div>\n<\/div>\n\n\n<div class=\"post-entry-content\">\n\n\t<h3 class=\"entry-title\">\n\t\t<a href=\"https:\/\/brno-filharmonie.cz\/en\/gide-and-martinu-on-stage-together-for-the-first-time-and-with-embarrassment\/\" title=\"Gide and Martin\u016f on stage together for the first time and with embarrassment\" rel=\"bookmark\">Gide and Martin\u016f on stage together for the first time and with embarrassment<\/a>\n\t<\/h3>\n\n\t<div class=\"entry-meta\"><span class=\"category-link\"><a href=\"https:\/\/brno-filharmonie.cz\/en\/category\/uncategorized\/\" >News<\/a>, <a href=\"https:\/\/brno-filharmonie.cz\/en\/category\/press-reviews\/\" >Press reviews<\/a><\/span><\/div>\n\t<div class=\"entry-excerpt\"><p>Brno &#8211; music friendly city,\u00a03 October 2019<\/p>\n<\/div>\n\t\n<\/div><\/article><\/div><div class=\"hidden wf-cell category-69 category-104\" data-post-id=\"7737\" data-date=\"2019-09-30T09:12:17+02:00\" data-name=\"Brussels Einstein at the Moravian Autumn in Brno\"><article class=\"post project-odd visible post-7737 type-post status-publish format-standard has-post-thumbnail hentry category-uncategorized category-press-reviews category-69 category-104\" data-name=\"Brussels Einstein at the Moravian Autumn in Brno\" data-date=\"2019-09-30T09:12:17+02:00\">\n\n<div class=\"post-thumbnail-wrap\">\n\t<div class=\"post-thumbnail\">\n\t\t\n\t\t\n\t\t<a href=\"https:\/\/brno-filharmonie.cz\/en\/brussels-einstein-at-the-moravian-autumn-in-brno\/\" class=\"post-thumbnail-rollover layzr-bg layzr-bg\" ><img loading=\"lazy\" decoding=\"async\" class=\"iso-lazy-load preload-me iso-lazy-load\" src=\"data:image\/svg+xml,%3Csvg%20xmlns%3D&#39;http%3A%2F%2Fwww.w3.org%2F2000%2Fsvg&#39;%20viewBox%3D&#39;0%200%20768%20512&#39;%2F%3E\" data-src=\"https:\/\/brno-filharmonie.cz\/wp-content\/uploads\/2019\/10\/Moravsky-podzim-Einstein-on-the-beach-29.9.2019-foto-Vojt\u011bch-K\u00e1ba-73-768x512.jpg\" data-srcset=\"https:\/\/brno-filharmonie.cz\/wp-content\/uploads\/2019\/10\/Moravsky-podzim-Einstein-on-the-beach-29.9.2019-foto-Vojt\u011bch-K\u00e1ba-73-768x512.jpg 768w, https:\/\/brno-filharmonie.cz\/wp-content\/uploads\/2019\/10\/Moravsky-podzim-Einstein-on-the-beach-29.9.2019-foto-Vojt\u011bch-K\u00e1ba-73-1152x768.jpg 1152w\" alt=\"\" title=\"Moravsky-podzim-Einstein-on-the-beach-29.9.2019-foto-Vojt\u011bch-K\u00e1ba-73\" width=\"768\" height=\"512\"  \/><\/a>\t<\/div>\n<\/div>\n\n\n<div class=\"post-entry-content\">\n\n\t<h3 class=\"entry-title\">\n\t\t<a href=\"https:\/\/brno-filharmonie.cz\/en\/brussels-einstein-at-the-moravian-autumn-in-brno\/\" title=\"Brussels Einstein at the Moravian Autumn in Brno\" rel=\"bookmark\">Brussels Einstein at the Moravian Autumn in Brno<\/a>\n\t<\/h3>\n\n\t<div class=\"entry-meta\"><span class=\"category-link\"><a href=\"https:\/\/brno-filharmonie.cz\/en\/category\/uncategorized\/\" >News<\/a>, <a href=\"https:\/\/brno-filharmonie.cz\/en\/category\/press-reviews\/\" >Press reviews<\/a><\/span><\/div>\n\t<div class=\"entry-excerpt\"><p>Brno &#8211; music friendly city,\u00a0Brno Daily<\/p>\n<\/div>\n\t\n<\/div><\/article><\/div><div class=\"hidden wf-cell category-69\" data-post-id=\"7277\" data-date=\"2019-09-28T12:12:58+02:00\" data-name=\"Sold out! Thank you.\"><article class=\"post project-odd visible post-7277 type-post status-publish format-standard has-post-thumbnail hentry category-uncategorized category-69\" data-name=\"Sold out! Thank you.\" data-date=\"2019-09-28T12:12:58+02:00\">\n\n<div class=\"post-thumbnail-wrap\">\n\t<div class=\"post-thumbnail\">\n\t\t\n\t\t\n\t\t<a href=\"https:\/\/brno-filharmonie.cz\/en\/sold-out-thank-you\/\" class=\"post-thumbnail-rollover layzr-bg layzr-bg\" ><img loading=\"lazy\" decoding=\"async\" class=\"iso-lazy-load preload-me iso-lazy-load\" src=\"data:image\/svg+xml,%3Csvg%20xmlns%3D&#39;http%3A%2F%2Fwww.w3.org%2F2000%2Fsvg&#39;%20viewBox%3D&#39;0%200%20768%20512&#39;%2F%3E\" data-src=\"https:\/\/brno-filharmonie.cz\/wp-content\/uploads\/2019\/09\/TK-MP-2-768x512.jpg\" data-srcset=\"https:\/\/brno-filharmonie.cz\/wp-content\/uploads\/2019\/09\/TK-MP-2-768x512.jpg 768w, https:\/\/brno-filharmonie.cz\/wp-content\/uploads\/2019\/09\/TK-MP-2-1152x768.jpg 1152w\" alt=\"\" title=\"TK MP (2)\" width=\"768\" height=\"512\"  \/><\/a>\t<\/div>\n<\/div>\n\n\n<div class=\"post-entry-content\">\n\n\t<h3 class=\"entry-title\">\n\t\t<a href=\"https:\/\/brno-filharmonie.cz\/en\/sold-out-thank-you\/\" title=\"Sold out! Thank you.\" rel=\"bookmark\">Sold out! Thank you.<\/a>\n\t<\/h3>\n\n\t<div class=\"entry-meta\"><span class=\"category-link\"><a href=\"https:\/\/brno-filharmonie.cz\/en\/category\/uncategorized\/\" >News<\/a><\/span><\/div>\n\t<div class=\"entry-excerpt\"><p>Sunday opera Einstien on the Beach id sold out. Sunday afternoon, after rehearsal and agreement with the artists, we may launch another set. Stay tuned, more information on out facebook profile https:\/\/www.facebook.com\/moravskypodzim\/<\/p>\n<\/div>\n\t\n<\/div><\/article><\/div><div class=\"hidden wf-cell category-69\" data-post-id=\"7227\" data-date=\"2019-09-21T10:49:44+02:00\" data-name=\"In Photos: Filharmonie Brno Season-opening Concert\"><article class=\"post project-odd visible post-7227 type-post status-publish format-standard has-post-thumbnail hentry category-uncategorized category-69\" data-name=\"In Photos: Filharmonie Brno Season-opening Concert\" data-date=\"2019-09-21T10:49:44+02:00\">\n\n<div class=\"post-thumbnail-wrap\">\n\t<div class=\"post-thumbnail\">\n\t\t\n\t\t\n\t\t<a href=\"https:\/\/brno-filharmonie.cz\/en\/in-photos-filharmonie-brno-season-opening-concert\/\" class=\"post-thumbnail-rollover layzr-bg layzr-bg\" ><img loading=\"lazy\" decoding=\"async\" class=\"iso-lazy-load preload-me iso-lazy-load\" src=\"data:image\/svg+xml,%3Csvg%20xmlns%3D&#39;http%3A%2F%2Fwww.w3.org%2F2000%2Fsvg&#39;%20viewBox%3D&#39;0%200%20768%20512&#39;%2F%3E\" data-src=\"https:\/\/brno-filharmonie.cz\/wp-content\/uploads\/2019\/09\/71041525_2566325666739716_4149740686352056320_o-768x512.jpg\" data-srcset=\"https:\/\/brno-filharmonie.cz\/wp-content\/uploads\/2019\/09\/71041525_2566325666739716_4149740686352056320_o-768x512.jpg 768w, https:\/\/brno-filharmonie.cz\/wp-content\/uploads\/2019\/09\/71041525_2566325666739716_4149740686352056320_o-1152x768.jpg 1152w\" alt=\"\" title=\"71041525_2566325666739716_4149740686352056320_o\" width=\"768\" height=\"512\"  \/><\/a>\t<\/div>\n<\/div>\n\n\n<div class=\"post-entry-content\">\n\n\t<h3 class=\"entry-title\">\n\t\t<a href=\"https:\/\/brno-filharmonie.cz\/en\/in-photos-filharmonie-brno-season-opening-concert\/\" title=\"In Photos: Filharmonie Brno Season-opening Concert\" rel=\"bookmark\">In Photos: Filharmonie Brno Season-opening Concert<\/a>\n\t<\/h3>\n\n\t<div class=\"entry-meta\"><span class=\"category-link\"><a href=\"https:\/\/brno-filharmonie.cz\/en\/category\/uncategorized\/\" >News<\/a><\/span><\/div>\n\t<div class=\"entry-excerpt\"><p>September 20, 2019, Brno Daily<\/p>\n<\/div>\n\t\n<\/div><\/article><\/div><div class=\"hidden wf-cell category-69 category-104\" data-post-id=\"7739\" data-date=\"2019-09-20T09:28:40+02:00\" data-name=\"Brno Philharmonic has opened the season\"><article class=\"post project-odd visible post-7739 type-post status-publish format-standard has-post-thumbnail hentry category-uncategorized category-press-reviews category-69 category-104\" data-name=\"Brno Philharmonic has opened the season\" data-date=\"2019-09-20T09:28:40+02:00\">\n\n<div class=\"post-thumbnail-wrap\">\n\t<div class=\"post-thumbnail\">\n\t\t\n\t\t\n\t\t<a href=\"https:\/\/brno-filharmonie.cz\/en\/brno-philharmonic-has-opened-the-season\/\" class=\"post-thumbnail-rollover layzr-bg layzr-bg\" ><img loading=\"lazy\" decoding=\"async\" class=\"iso-lazy-load preload-me iso-lazy-load\" src=\"data:image\/svg+xml,%3Csvg%20xmlns%3D&#39;http%3A%2F%2Fwww.w3.org%2F2000%2Fsvg&#39;%20viewBox%3D&#39;0%200%20768%20512&#39;%2F%3E\" data-src=\"https:\/\/brno-filharmonie.cz\/wp-content\/uploads\/2019\/09\/71041525_2566325666739716_4149740686352056320_o-768x512.jpg\" data-srcset=\"https:\/\/brno-filharmonie.cz\/wp-content\/uploads\/2019\/09\/71041525_2566325666739716_4149740686352056320_o-768x512.jpg 768w, https:\/\/brno-filharmonie.cz\/wp-content\/uploads\/2019\/09\/71041525_2566325666739716_4149740686352056320_o-1152x768.jpg 1152w\" alt=\"\" title=\"71041525_2566325666739716_4149740686352056320_o\" width=\"768\" height=\"512\"  \/><\/a>\t<\/div>\n<\/div>\n\n\n<div class=\"post-entry-content\">\n\n\t<h3 class=\"entry-title\">\n\t\t<a href=\"https:\/\/brno-filharmonie.cz\/en\/brno-philharmonic-has-opened-the-season\/\" title=\"Brno Philharmonic has opened the season\" rel=\"bookmark\">Brno Philharmonic has opened the season<\/a>\n\t<\/h3>\n\n\t<div class=\"entry-meta\"><span class=\"category-link\"><a href=\"https:\/\/brno-filharmonie.cz\/en\/category\/uncategorized\/\" >News<\/a>, <a href=\"https:\/\/brno-filharmonie.cz\/en\/category\/press-reviews\/\" >Press reviews<\/a><\/span><\/div>\n\t<div class=\"entry-excerpt\"><p>Brno &#8211; music friendly city,\u00a020 September 2019<\/p>\n<\/div>\n\t\n<\/div><\/article><\/div><div class=\"hidden wf-cell category-69 category-104\" data-post-id=\"7225\" data-date=\"2019-09-17T09:53:15+02:00\" data-name=\"Filharmonie Brno Launches Its 64th Season with Piano Virtuoso Elisabeth Leonskaja This Thursday\"><article class=\"post project-odd visible post-7225 type-post status-publish format-standard has-post-thumbnail hentry category-uncategorized category-press-reviews category-69 category-104\" data-name=\"Filharmonie Brno Launches Its 64th Season with Piano Virtuoso Elisabeth Leonskaja This Thursday\" data-date=\"2019-09-17T09:53:15+02:00\">\n\n<div class=\"post-thumbnail-wrap\">\n\t<div class=\"post-thumbnail\">\n\t\t\n\t\t\n\t\t<a href=\"https:\/\/brno-filharmonie.cz\/en\/filharmonie-brno-launches-its-64th-season-with-piano-virtuoso-elisabeth-leonskaja-this-thursday\/\" class=\"post-thumbnail-rollover layzr-bg layzr-bg\" ><img loading=\"lazy\" decoding=\"async\" class=\"iso-lazy-load preload-me iso-lazy-load\" src=\"data:image\/svg+xml,%3Csvg%20xmlns%3D&#39;http%3A%2F%2Fwww.w3.org%2F2000%2Fsvg&#39;%20viewBox%3D&#39;0%200%20768%20512&#39;%2F%3E\" data-src=\"https:\/\/brno-filharmonie.cz\/wp-content\/uploads\/2019\/09\/Elisabeth-Leonskaja-768x512.jpg\" data-srcset=\"https:\/\/brno-filharmonie.cz\/wp-content\/uploads\/2019\/09\/Elisabeth-Leonskaja-768x512.jpg 768w, https:\/\/brno-filharmonie.cz\/wp-content\/uploads\/2019\/09\/Elisabeth-Leonskaja-1152x768.jpg 1152w\" alt=\"\" title=\"Elisabeth Leonskaja\" width=\"768\" height=\"512\"  \/><\/a>\t<\/div>\n<\/div>\n\n\n<div class=\"post-entry-content\">\n\n\t<h3 class=\"entry-title\">\n\t\t<a href=\"https:\/\/brno-filharmonie.cz\/en\/filharmonie-brno-launches-its-64th-season-with-piano-virtuoso-elisabeth-leonskaja-this-thursday\/\" title=\"Filharmonie Brno Launches Its 64th Season with Piano Virtuoso Elisabeth Leonskaja This Thursday\" rel=\"bookmark\">Filharmonie Brno Launches Its 64th Season with Piano Virtuoso Elisabeth Leonskaja This Thursday<\/a>\n\t<\/h3>\n\n\t<div class=\"entry-meta\"><span class=\"category-link\"><a href=\"https:\/\/brno-filharmonie.cz\/en\/category\/uncategorized\/\" >News<\/a>, <a href=\"https:\/\/brno-filharmonie.cz\/en\/category\/press-reviews\/\" >Press reviews<\/a><\/span><\/div>\n\t<div class=\"entry-excerpt\"><p>September 17, 2019, Brno Daily<\/p>\n<\/div>\n\t\n<\/div><\/article><\/div><div class=\"hidden wf-cell category-69 category-104\" data-post-id=\"7206\" data-date=\"2019-09-16T10:52:16+02:00\" data-name=\"Moravian Autumn Festival Coming Soon!\"><article class=\"post project-odd visible post-7206 type-post status-publish format-standard has-post-thumbnail hentry category-uncategorized category-press-reviews category-69 category-104\" data-name=\"Moravian Autumn Festival Coming Soon!\" data-date=\"2019-09-16T10:52:16+02:00\">\n\n<div class=\"post-thumbnail-wrap\">\n\t<div class=\"post-thumbnail\">\n\t\t\n\t\t\n\t\t<a href=\"https:\/\/brno-filharmonie.cz\/en\/moravian-autumn-festival-coming-soon\/\" class=\"post-thumbnail-rollover layzr-bg layzr-bg\" ><img loading=\"lazy\" decoding=\"async\" class=\"iso-lazy-load preload-me iso-lazy-load\" src=\"data:image\/svg+xml,%3Csvg%20xmlns%3D&#39;http%3A%2F%2Fwww.w3.org%2F2000%2Fsvg&#39;%20viewBox%3D&#39;0%200%20768%20512&#39;%2F%3E\" data-src=\"https:\/\/brno-filharmonie.cz\/wp-content\/uploads\/2019\/09\/TK-MP-2-768x512.jpg\" data-srcset=\"https:\/\/brno-filharmonie.cz\/wp-content\/uploads\/2019\/09\/TK-MP-2-768x512.jpg 768w, https:\/\/brno-filharmonie.cz\/wp-content\/uploads\/2019\/09\/TK-MP-2-1152x768.jpg 1152w\" alt=\"\" title=\"TK MP (2)\" width=\"768\" height=\"512\"  \/><\/a>\t<\/div>\n<\/div>\n\n\n<div class=\"post-entry-content\">\n\n\t<h3 class=\"entry-title\">\n\t\t<a href=\"https:\/\/brno-filharmonie.cz\/en\/moravian-autumn-festival-coming-soon\/\" title=\"Moravian Autumn Festival Coming Soon!\" rel=\"bookmark\">Moravian Autumn Festival Coming Soon!<\/a>\n\t<\/h3>\n\n\t<div class=\"entry-meta\"><span class=\"category-link\"><a href=\"https:\/\/brno-filharmonie.cz\/en\/category\/uncategorized\/\" >News<\/a>, <a href=\"https:\/\/brno-filharmonie.cz\/en\/category\/press-reviews\/\" >Press reviews<\/a><\/span><\/div>\n\t<div class=\"entry-excerpt\"><p>Brno Daily,\u00a0September 16, 2019<\/p>\n<\/div>\n\t\n<\/div><\/article><\/div><div class=\"hidden wf-cell category-69 category-104\" data-post-id=\"6758\" data-date=\"2019-07-08T17:56:16+02:00\" data-name=\"In Photos: Brno Philharmonic Orchestra Tram Passes Through Brno\u2019s Center\"><article class=\"post project-odd visible post-6758 type-post status-publish format-standard has-post-thumbnail hentry category-uncategorized category-press-reviews category-69 category-104\" data-name=\"In Photos: Brno Philharmonic Orchestra Tram Passes Through Brno\u2019s Center\" data-date=\"2019-07-08T17:56:16+02:00\">\n\n<div class=\"post-thumbnail-wrap\">\n\t<div class=\"post-thumbnail\">\n\t\t\n\t\t\n\t\t<a href=\"https:\/\/brno-filharmonie.cz\/en\/in-photos-brno-philharmonic-orchestra-tram-passes-through-brnos-center\/\" class=\"post-thumbnail-rollover layzr-bg layzr-bg\" ><img loading=\"lazy\" decoding=\"async\" class=\"iso-lazy-load preload-me iso-lazy-load\" src=\"data:image\/svg+xml,%3Csvg%20xmlns%3D&#39;http%3A%2F%2Fwww.w3.org%2F2000%2Fsvg&#39;%20viewBox%3D&#39;0%200%20768%20512&#39;%2F%3E\" data-src=\"https:\/\/brno-filharmonie.cz\/wp-content\/uploads\/2019\/07\/IMG_8335-768x512.jpg\" data-srcset=\"https:\/\/brno-filharmonie.cz\/wp-content\/uploads\/2019\/07\/IMG_8335-768x512.jpg 768w, https:\/\/brno-filharmonie.cz\/wp-content\/uploads\/2019\/07\/IMG_8335-1152x768.jpg 1152w\" alt=\"\" title=\"IMG_8335\" width=\"768\" height=\"512\"  \/><\/a>\t<\/div>\n<\/div>\n\n\n<div class=\"post-entry-content\">\n\n\t<h3 class=\"entry-title\">\n\t\t<a href=\"https:\/\/brno-filharmonie.cz\/en\/in-photos-brno-philharmonic-orchestra-tram-passes-through-brnos-center\/\" title=\"In Photos: Brno Philharmonic Orchestra Tram Passes Through Brno\u2019s Center\" rel=\"bookmark\">In Photos: Brno Philharmonic Orchestra Tram Passes Through Brno\u2019s Center<\/a>\n\t<\/h3>\n\n\t<div class=\"entry-meta\"><span class=\"category-link\"><a href=\"https:\/\/brno-filharmonie.cz\/en\/category\/uncategorized\/\" >News<\/a>, <a href=\"https:\/\/brno-filharmonie.cz\/en\/category\/press-reviews\/\" >Press reviews<\/a><\/span><\/div>\n\t<div class=\"entry-excerpt\"><p>Brno Daily, July 8, 2019<\/p>\n<\/div>\n\t\n<\/div><\/article><\/div><div class=\"hidden wf-cell category-69 category-73\" data-post-id=\"6775\" data-date=\"2019-07-04T11:46:31+02:00\" data-name=\"Closing season with new Chief Conductor Davies attracts larger audiences. Sold out twenty times, broadcast by radio five times\"><article class=\"post project-odd visible post-6775 type-post status-publish format-standard has-post-thumbnail hentry category-uncategorized category-press-releases category-69 category-73\" data-name=\"Closing season with new Chief Conductor Davies attracts larger audiences. Sold out twenty times, broadcast by radio five times\" data-date=\"2019-07-04T11:46:31+02:00\">\n\n<div class=\"post-thumbnail-wrap\">\n\t<div class=\"post-thumbnail\">\n\t\t\n\t\t\n\t\t<a href=\"https:\/\/brno-filharmonie.cz\/en\/closing-season-with-new-chief-conductor-davies-attracts-larger-audiences-sold-out-twenty-times-broadcast-by-radio-five-times\/\" class=\"post-thumbnail-rollover layzr-bg layzr-bg\" ><img loading=\"lazy\" decoding=\"async\" class=\"iso-lazy-load preload-me iso-lazy-load\" src=\"data:image\/svg+xml,%3Csvg%20xmlns%3D&#39;http%3A%2F%2Fwww.w3.org%2F2000%2Fsvg&#39;%20viewBox%3D&#39;0%200%20768%20512&#39;%2F%3E\" data-src=\"https:\/\/brno-filharmonie.cz\/wp-content\/uploads\/2019\/07\/2-cel\u00e1-strana-ne-nudle-naho\u0159e-768x512.jpg\" data-srcset=\"https:\/\/brno-filharmonie.cz\/wp-content\/uploads\/2019\/07\/2-cel\u00e1-strana-ne-nudle-naho\u0159e-768x512.jpg 768w, https:\/\/brno-filharmonie.cz\/wp-content\/uploads\/2019\/07\/2-cel\u00e1-strana-ne-nudle-naho\u0159e-1152x768.jpg 1152w\" alt=\"\" title=\"2 cel\u00e1 strana, ne nudle naho\u0159e\" width=\"768\" height=\"512\"  \/><\/a>\t<\/div>\n<\/div>\n\n\n<div class=\"post-entry-content\">\n\n\t<h3 class=\"entry-title\">\n\t\t<a href=\"https:\/\/brno-filharmonie.cz\/en\/closing-season-with-new-chief-conductor-davies-attracts-larger-audiences-sold-out-twenty-times-broadcast-by-radio-five-times\/\" title=\"Closing season with new Chief Conductor Davies attracts larger audiences. Sold out twenty times, broadcast by radio five times\" rel=\"bookmark\">Closing season with new Chief Conductor Davies attracts larger audiences. Sold out twenty times, broadcast by radio five times<\/a>\n\t<\/h3>\n\n\t<div class=\"entry-meta\"><span class=\"category-link\"><a href=\"https:\/\/brno-filharmonie.cz\/en\/category\/uncategorized\/\" >News<\/a>, <a href=\"https:\/\/brno-filharmonie.cz\/en\/category\/press-releases\/\" >Press releases<\/a><\/span><\/div>\n\t<div class=\"entry-excerpt\"><p>PRESS RELEASE, Brno, 4 July 2019<\/p>\n<\/div>\n\t\n<\/div><\/article><\/div><div class=\"hidden wf-cell category-69 category-104\" data-post-id=\"7056\" data-date=\"2019-07-04T10:22:48+02:00\" data-name=\"Brno\u2019s Music Scene Doesn\u2019t Go on Holiday \u2013 \u0160pilberk International Music Festival Coming in August\"><article class=\"post project-odd visible post-7056 type-post status-publish format-standard has-post-thumbnail hentry category-uncategorized category-press-reviews category-69 category-104\" data-name=\"Brno\u2019s Music Scene Doesn\u2019t Go on Holiday \u2013 \u0160pilberk International Music Festival Coming in August\" data-date=\"2019-07-04T10:22:48+02:00\">\n\n<div class=\"post-thumbnail-wrap\">\n\t<div class=\"post-thumbnail\">\n\t\t\n\t\t\n\t\t<a href=\"https:\/\/brno-filharmonie.cz\/en\/brnos-music-scene-doesnt-go-on-holiday-spilberk-international-music-festival-coming-in-august\/\" class=\"post-thumbnail-rollover layzr-bg layzr-bg\" ><img loading=\"lazy\" decoding=\"async\" class=\"iso-lazy-load preload-me iso-lazy-load\" src=\"data:image\/svg+xml,%3Csvg%20xmlns%3D&#39;http%3A%2F%2Fwww.w3.org%2F2000%2Fsvg&#39;%20viewBox%3D&#39;0%200%20768%20512&#39;%2F%3E\" data-src=\"https:\/\/brno-filharmonie.cz\/wp-content\/uploads\/2019\/06\/DSC02283-768x512.jpg\" data-srcset=\"https:\/\/brno-filharmonie.cz\/wp-content\/uploads\/2019\/06\/DSC02283-768x512.jpg 768w, https:\/\/brno-filharmonie.cz\/wp-content\/uploads\/2019\/06\/DSC02283-1152x768.jpg 1152w\" alt=\"\" title=\"DSC02283\" width=\"768\" height=\"512\"  \/><\/a>\t<\/div>\n<\/div>\n\n\n<div class=\"post-entry-content\">\n\n\t<h3 class=\"entry-title\">\n\t\t<a href=\"https:\/\/brno-filharmonie.cz\/en\/brnos-music-scene-doesnt-go-on-holiday-spilberk-international-music-festival-coming-in-august\/\" title=\"Brno\u2019s Music Scene Doesn\u2019t Go on Holiday \u2013 \u0160pilberk International Music Festival Coming in August\" rel=\"bookmark\">Brno\u2019s Music Scene Doesn\u2019t Go on Holiday \u2013 \u0160pilberk International Music Festival Coming in August<\/a>\n\t<\/h3>\n\n\t<div class=\"entry-meta\"><span class=\"category-link\"><a href=\"https:\/\/brno-filharmonie.cz\/en\/category\/uncategorized\/\" >News<\/a>, <a href=\"https:\/\/brno-filharmonie.cz\/en\/category\/press-reviews\/\" >Press reviews<\/a><\/span><\/div>\n\t<div class=\"entry-excerpt\"><p>Brno Daily,\u00a0July 4, 2019<\/p>\n<\/div>\n\t\n<\/div><\/article><\/div><div class=\"hidden wf-cell category-69 category-73\" data-post-id=\"9862\" data-date=\"2019-06-17T09:51:24+02:00\" data-name=\"Jan\u00e1\u010dek Cultural Centre: All parties agree on an amicable settlement\"><article class=\"post project-odd visible post-9862 type-post status-publish format-standard has-post-thumbnail hentry category-uncategorized category-press-releases category-69 category-73\" data-name=\"Jan\u00e1\u010dek Cultural Centre: All parties agree on an amicable settlement\" data-date=\"2019-06-17T09:51:24+02:00\">\n\n<div class=\"post-thumbnail-wrap\">\n\t<div class=\"post-thumbnail\">\n\t\t\n\t\t\n\t\t<a href=\"https:\/\/brno-filharmonie.cz\/en\/janacek-cultural-centre-all-parties-agree-on-an-amicable-settlement\/\" class=\"post-thumbnail-rollover layzr-bg layzr-bg\" ><img loading=\"lazy\" decoding=\"async\" class=\"iso-lazy-load preload-me iso-lazy-load\" src=\"data:image\/svg+xml,%3Csvg%20xmlns%3D&#39;http%3A%2F%2Fwww.w3.org%2F2000%2Fsvg&#39;%20viewBox%3D&#39;0%200%20449%20300&#39;%2F%3E\" data-src=\"https:\/\/brno-filharmonie.cz\/wp-content\/uploads\/2020\/06\/tk-17.6._2-450x300.jpg\" data-srcset=\"https:\/\/brno-filharmonie.cz\/wp-content\/uploads\/2020\/06\/tk-17.6._2-450x300.jpg 449w\" alt=\"\" title=\"tk-17.6._2-450&#215;300\" width=\"449\" height=\"300\"  \/><\/a>\t<\/div>\n<\/div>\n\n\n<div class=\"post-entry-content\">\n\n\t<h3 class=\"entry-title\">\n\t\t<a href=\"https:\/\/brno-filharmonie.cz\/en\/janacek-cultural-centre-all-parties-agree-on-an-amicable-settlement\/\" title=\"Jan\u00e1\u010dek Cultural Centre: All parties agree on an amicable settlement\" rel=\"bookmark\">Jan\u00e1\u010dek Cultural Centre: All parties agree on an amicable settlement<\/a>\n\t<\/h3>\n\n\t<div class=\"entry-meta\"><span class=\"category-link\"><a href=\"https:\/\/brno-filharmonie.cz\/en\/category\/uncategorized\/\" >News<\/a>, <a href=\"https:\/\/brno-filharmonie.cz\/en\/category\/press-releases\/\" >Press releases<\/a><\/span><\/div>\n\t<div class=\"entry-excerpt\"><p>Press releases, 17 June 2019<\/p>\n<\/div>\n\t\n<\/div><\/article><\/div><div class=\"hidden wf-cell category-69\" data-post-id=\"6430\" data-date=\"2019-05-20T10:15:30+02:00\" data-name=\"Change of the conductor: Haydn and Mozart with Nicola Valentini instead of Alexander Liebreich\"><article class=\"post project-odd visible post-6430 type-post status-publish format-standard has-post-thumbnail hentry category-uncategorized category-69\" data-name=\"Change of the conductor: Haydn and Mozart with Nicola Valentini instead of Alexander Liebreich\" data-date=\"2019-05-20T10:15:30+02:00\">\n\n<div class=\"post-thumbnail-wrap\">\n\t<div class=\"post-thumbnail\">\n\t\t\n\t\t\n\t\t<a href=\"https:\/\/brno-filharmonie.cz\/en\/change-of-the-conductor-haydn-and-mozatr-with-nicola-valentini-instead-of-alexander-liebreich\/\" class=\"post-thumbnail-rollover layzr-bg layzr-bg\" ><img loading=\"lazy\" decoding=\"async\" class=\"iso-lazy-load preload-me iso-lazy-load\" src=\"data:image\/svg+xml,%3Csvg%20xmlns%3D&#39;http%3A%2F%2Fwww.w3.org%2F2000%2Fsvg&#39;%20viewBox%3D&#39;0%200%20666%20444&#39;%2F%3E\" data-src=\"https:\/\/brno-filharmonie.cz\/wp-content\/uploads\/2019\/05\/5278914_orig-666x444.jpg\" data-srcset=\"https:\/\/brno-filharmonie.cz\/wp-content\/uploads\/2019\/05\/5278914_orig-666x444.jpg 666w\" alt=\"\" title=\"5278914_orig\" width=\"666\" height=\"444\"  \/><\/a>\t<\/div>\n<\/div>\n\n\n<div class=\"post-entry-content\">\n\n\t<h3 class=\"entry-title\">\n\t\t<a href=\"https:\/\/brno-filharmonie.cz\/en\/change-of-the-conductor-haydn-and-mozatr-with-nicola-valentini-instead-of-alexander-liebreich\/\" title=\"Change of the conductor: Haydn and Mozart with Nicola Valentini instead of Alexander Liebreich\" rel=\"bookmark\">Change of the conductor: Haydn and Mozart with Nicola Valentini instead of Alexander Liebreich<\/a>\n\t<\/h3>\n\n\t<div class=\"entry-meta\"><span class=\"category-link\"><a href=\"https:\/\/brno-filharmonie.cz\/en\/category\/uncategorized\/\" >News<\/a><\/span><\/div>\n\t<div class=\"entry-excerpt\"><p>Dear friends, Allow us to inform you about the change regarding the \u201eHaydn and Mozart\u201c concerts on Wednesday, Thursday and Friday. Unfortunately, conductor Alexander Liebreich cannot conduct them becase of health reason. We belive that Nicola Valentini, young Italian condurtor of international renown, is a substitute of at least equivalent. He specializes in the baroque&hellip;<\/p>\n<\/div>\n\t\n<\/div><\/article><\/div><div class=\"hidden wf-cell category-69 category-73\" data-post-id=\"6094\" data-date=\"2019-04-26T16:57:04+02:00\" data-name=\"Filharmonie Brno will proudly present Dvo\u0159\u00e1k\u00b4s Symphony No. 1. n Wien.\"><article class=\"post project-odd visible post-6094 type-post status-publish format-standard has-post-thumbnail hentry category-uncategorized category-press-releases category-69 category-73\" data-name=\"Filharmonie Brno will proudly present Dvo\u0159\u00e1k\u00b4s Symphony No. 1.&nbsp;n Wien.\" data-date=\"2019-04-26T16:57:04+02:00\">\n\n<div class=\"post-thumbnail-wrap\">\n\t<div class=\"post-thumbnail\">\n\t\t\n\t\t\n\t\t<a href=\"https:\/\/brno-filharmonie.cz\/en\/filharmonie-brno-will-proudly-present-dvoraks-symphony-no-1-n-wien\/\" class=\"post-thumbnail-rollover layzr-bg layzr-bg\" ><img loading=\"lazy\" decoding=\"async\" class=\"iso-lazy-load preload-me iso-lazy-load\" src=\"data:image\/svg+xml,%3Csvg%20xmlns%3D&#39;http%3A%2F%2Fwww.w3.org%2F2000%2Fsvg&#39;%20viewBox%3D&#39;0%200%20768%20512&#39;%2F%3E\" data-src=\"https:\/\/brno-filharmonie.cz\/wp-content\/uploads\/2019\/04\/musikverein-1-768x512.jpg\" data-srcset=\"https:\/\/brno-filharmonie.cz\/wp-content\/uploads\/2019\/04\/musikverein-1-768x512.jpg 768w, https:\/\/brno-filharmonie.cz\/wp-content\/uploads\/2019\/04\/musikverein-1-1152x768.jpg 1152w\" alt=\"\" title=\"musikverein\" width=\"768\" height=\"512\"  \/><\/a>\t<\/div>\n<\/div>\n\n\n<div class=\"post-entry-content\">\n\n\t<h3 class=\"entry-title\">\n\t\t<a href=\"https:\/\/brno-filharmonie.cz\/en\/filharmonie-brno-will-proudly-present-dvoraks-symphony-no-1-n-wien\/\" title=\"Filharmonie Brno will proudly present Dvo\u0159\u00e1k\u00b4s Symphony No. 1.&nbsp;n Wien.\" rel=\"bookmark\">Filharmonie Brno will proudly present Dvo\u0159\u00e1k\u00b4s Symphony No. 1.&nbsp;n Wien.<\/a>\n\t<\/h3>\n\n\t<div class=\"entry-meta\"><span class=\"category-link\"><a href=\"https:\/\/brno-filharmonie.cz\/en\/category\/uncategorized\/\" >News<\/a>, <a href=\"https:\/\/brno-filharmonie.cz\/en\/category\/press-releases\/\" >Press releases<\/a><\/span><\/div>\n\t<div class=\"entry-excerpt\"><p>PRESS RELEASE \u00a0\u00a0\u00a0\u00a0\u00a0\u00a0\u00a0\u00a0\u00a0\u00a0\u00a0\u00a0\u00a0\u00a0\u00a0\u00a0\u00a0\u00a0\u00a0\u00a0\u00a0\u00a0\u00a0\u00a0\u00a0\u00a0\u00a0\u00a0\u00a0\u00a0\u00a0\u00a0\u00a0\u00a0\u00a0\u00a0\u00a0\u00a0\u00a0\u00a0\u00a0\u00a0\u00a0\u00a0\u00a0\u00a0\u00a0\u00a0\u00a0\u00a0\u00a0\u00a0\u00a0\u00a0\u00a0\u00a0\u00a0\u00a0\u00a0\u00a0\u00a0\u00a0\u00a0\u00a0\u00a0\u00a0\u00a0\u00a0\u00a0\u00a0\u00a0\u00a0\u00a0\u00a0\u00a0\u00a0\u00a0\u00a0\u00a0\u00a0\u00a0\u00a0\u00a0\u00a0 April 25th, 2019 Two extraordinary pieces and both of them in an exceptional context. This is the concert of Filharmonie Brno in Musikverein. With his Chief Conductor Dennis Russell Davies for the first time. Our orchestra will play Lebensst\u00fcrme by Heinz Winbeck, a close friend of Davies, who died 26th March, only&hellip;<\/p>\n<\/div>\n\t\n<\/div><\/article><\/div><div class=\"hidden wf-cell category-69 category-73\" data-post-id=\"6042\" data-date=\"2019-04-24T14:12:10+02:00\" data-name=\"Two world premieres; three performances new to Czech audiences; Beethoven celebrations: the Brno Philharmonic enters its 64th season\"><article class=\"post project-odd visible post-6042 type-post status-publish format-standard has-post-thumbnail hentry category-uncategorized category-press-releases category-69 category-73\" data-name=\"Two world premieres; three performances new to Czech audiences; Beethoven celebrations: the Brno Philharmonic enters its 64th season\" data-date=\"2019-04-24T14:12:10+02:00\">\n\n<div class=\"post-thumbnail-wrap\">\n\t<div class=\"post-thumbnail\">\n\t\t\n\t\t\n\t\t<a href=\"https:\/\/brno-filharmonie.cz\/en\/two-world-premieres-three-performances-new-to-czech-audiences-beethoven-celebrations-the-brno-philharmonic-enters-its-64th-season\/\" class=\"post-thumbnail-rollover layzr-bg layzr-bg\" ><img loading=\"lazy\" decoding=\"async\" class=\"iso-lazy-load preload-me iso-lazy-load\" src=\"data:image\/svg+xml,%3Csvg%20xmlns%3D&#39;http%3A%2F%2Fwww.w3.org%2F2000%2Fsvg&#39;%20viewBox%3D&#39;0%200%20600%20400&#39;%2F%3E\" data-src=\"https:\/\/brno-filharmonie.cz\/wp-content\/uploads\/2019\/04\/live289495_elisabethleonskaja07\u00a9Marco-Borggreve.jpg\" data-srcset=\"https:\/\/brno-filharmonie.cz\/wp-content\/uploads\/2019\/04\/live289495_elisabethleonskaja07\u00a9Marco-Borggreve.jpg 600w\" alt=\"\" title=\"live289495_elisabethleonskaja07\u00a9Marco Borggreve\" width=\"600\" height=\"400\"  \/><\/a>\t<\/div>\n<\/div>\n\n\n<div class=\"post-entry-content\">\n\n\t<h3 class=\"entry-title\">\n\t\t<a href=\"https:\/\/brno-filharmonie.cz\/en\/two-world-premieres-three-performances-new-to-czech-audiences-beethoven-celebrations-the-brno-philharmonic-enters-its-64th-season\/\" title=\"Two world premieres; three performances new to Czech audiences; Beethoven celebrations: the Brno Philharmonic enters its 64th season\" rel=\"bookmark\">Two world premieres; three performances new to Czech audiences; Beethoven celebrations: the Brno Philharmonic enters its 64th season<\/a>\n\t<\/h3>\n\n\t<div class=\"entry-meta\"><span class=\"category-link\"><a href=\"https:\/\/brno-filharmonie.cz\/en\/category\/uncategorized\/\" >News<\/a>, <a href=\"https:\/\/brno-filharmonie.cz\/en\/category\/press-releases\/\" >Press releases<\/a><\/span><\/div>\n\t<div class=\"entry-excerpt\"><p>PRESS RELEASE, Brno, 23 April 2019<\/p>\n<\/div>\n\t\n<\/div><\/article><\/div><div class=\"hidden wf-cell category-69 category-73\" data-post-id=\"6663\" data-date=\"2019-04-23T11:27:36+02:00\" data-name=\"Two world and three Czech premieres, Beethoven celebrations. Filharmonie Brno enters its 64th season\"><article class=\"post project-odd visible no-img post-6663 type-post status-publish format-standard hentry category-uncategorized category-press-releases category-69 category-73\" data-name=\"Two world and three Czech premieres, Beethoven celebrations. Filharmonie Brno enters its 64th season\" data-date=\"2019-04-23T11:27:36+02:00\">\n\n<div class=\"post-entry-content\">\n\n\t<h3 class=\"entry-title\">\n\t\t<a href=\"https:\/\/brno-filharmonie.cz\/en\/two-world-and-three-czech-premieres-beethoven-celebrations-filharmonie-brno-enters-its-64th-season\/\" title=\"Two world and three Czech premieres, Beethoven celebrations. Filharmonie Brno enters its 64th season\" rel=\"bookmark\">Two world and three Czech premieres, Beethoven celebrations. Filharmonie Brno enters its 64th season<\/a>\n\t<\/h3>\n\n\t<div class=\"entry-meta\"><span class=\"category-link\"><a href=\"https:\/\/brno-filharmonie.cz\/en\/category\/uncategorized\/\" >News<\/a>, <a href=\"https:\/\/brno-filharmonie.cz\/en\/category\/press-releases\/\" >Press releases<\/a><\/span><\/div>\n\t<div class=\"entry-excerpt\"><p>PRESS RELEASE, Brno, 23 April 2019<\/p>\n<\/div>\n\t\n<\/div><\/article><\/div><div class=\"hidden wf-cell category-69\" data-post-id=\"5986\" data-date=\"2019-04-23T08:29:56+02:00\" data-name=\"NEW SEASON, NEW VISUAL STYLE\"><article class=\"post project-odd visible post-5986 type-post status-publish format-standard has-post-thumbnail hentry category-uncategorized category-69\" data-name=\"NEW SEASON, NEW VISUAL STYLE\" data-date=\"2019-04-23T08:29:56+02:00\">\n\n<div class=\"post-thumbnail-wrap\">\n\t<div class=\"post-thumbnail\">\n\t\t\n\t\t\n\t\t<a href=\"https:\/\/brno-filharmonie.cz\/en\/new-season-new-visual-style\/\" class=\"post-thumbnail-rollover layzr-bg layzr-bg\" ><img loading=\"lazy\" decoding=\"async\" class=\"iso-lazy-load preload-me iso-lazy-load\" src=\"data:image\/svg+xml,%3Csvg%20xmlns%3D&#39;http%3A%2F%2Fwww.w3.org%2F2000%2Fsvg&#39;%20viewBox%3D&#39;0%200%20768%20512&#39;%2F%3E\" data-src=\"https:\/\/brno-filharmonie.cz\/wp-content\/uploads\/2019\/04\/pozad\u00ed-768x512.png\" data-srcset=\"https:\/\/brno-filharmonie.cz\/wp-content\/uploads\/2019\/04\/pozad\u00ed-768x512.png 768w, https:\/\/brno-filharmonie.cz\/wp-content\/uploads\/2019\/04\/pozad\u00ed-841x561.png 841w\" alt=\"\" title=\"pozad\u00ed\" width=\"768\" height=\"512\"  \/><\/a>\t<\/div>\n<\/div>\n\n\n<div class=\"post-entry-content\">\n\n\t<h3 class=\"entry-title\">\n\t\t<a href=\"https:\/\/brno-filharmonie.cz\/en\/new-season-new-visual-style\/\" title=\"NEW SEASON, NEW VISUAL STYLE\" rel=\"bookmark\">NEW SEASON, NEW VISUAL STYLE<\/a>\n\t<\/h3>\n\n\t<div class=\"entry-meta\"><span class=\"category-link\"><a href=\"https:\/\/brno-filharmonie.cz\/en\/category\/uncategorized\/\" >News<\/a><\/span><\/div>\n\t<div class=\"entry-excerpt\"><p>What does our new visual style mean?<\/p>\n<\/div>\n\t\n<\/div><\/article><\/div><div class=\"hidden wf-cell category-69 category-101\" data-post-id=\"5703\" data-date=\"2019-04-14T14:43:41+02:00\" data-name=\"Opening hours in House of the Lords of Lip\u00e1 and Philharmonic Ticket Office during Easters\"><article class=\"post project-odd visible post-5703 type-post status-publish format-standard has-post-thumbnail hentry category-uncategorized category-concerts-and-tickets category-69 category-101\" data-name=\"Opening hours in House of the Lords of Lip\u00e1 and Philharmonic Ticket Office during Easters\" data-date=\"2019-04-14T14:43:41+02:00\">\n\n<div class=\"post-thumbnail-wrap\">\n\t<div class=\"post-thumbnail\">\n\t\t\n\t\t\n\t\t<a href=\"https:\/\/brno-filharmonie.cz\/en\/opening-hours-in-house-of-the-lords-of-lipa-and-philharmonic-ticket-office-during-easters\/\" class=\"post-thumbnail-rollover layzr-bg layzr-bg\" ><img loading=\"lazy\" decoding=\"async\" class=\"iso-lazy-load preload-me iso-lazy-load\" src=\"data:image\/svg+xml,%3Csvg%20xmlns%3D&#39;http%3A%2F%2Fwww.w3.org%2F2000%2Fsvg&#39;%20viewBox%3D&#39;0%200%20768%20512&#39;%2F%3E\" data-src=\"https:\/\/brno-filharmonie.cz\/wp-content\/uploads\/preprodej1000tiny-768x512.jpg\" data-srcset=\"https:\/\/brno-filharmonie.cz\/wp-content\/uploads\/preprodej1000tiny-768x512.jpg 768w, https:\/\/brno-filharmonie.cz\/wp-content\/uploads\/preprodej1000tiny-1000x666.jpg 1000w\" alt=\"\" title=\"preprodej1000tiny\" width=\"768\" height=\"512\"  \/><\/a>\t<\/div>\n<\/div>\n\n\n<div class=\"post-entry-content\">\n\n\t<h3 class=\"entry-title\">\n\t\t<a href=\"https:\/\/brno-filharmonie.cz\/en\/opening-hours-in-house-of-the-lords-of-lipa-and-philharmonic-ticket-office-during-easters\/\" title=\"Opening hours in House of the Lords of Lip\u00e1 and Philharmonic Ticket Office during Easters\" rel=\"bookmark\">Opening hours in House of the Lords of Lip\u00e1 and Philharmonic Ticket Office during Easters<\/a>\n\t<\/h3>\n\n\t<div class=\"entry-meta\"><span class=\"category-link\"><a href=\"https:\/\/brno-filharmonie.cz\/en\/category\/uncategorized\/\" >News<\/a>, <a href=\"https:\/\/brno-filharmonie.cz\/en\/category\/concerts-and-tickets\/\" >Concerts and tickets<\/a><\/span><\/div>\n\t<div class=\"entry-excerpt\"><p> Changes in opening hours during Easters.<\/p>\n<\/div>\n\t\n<\/div><\/article><\/div><div class=\"hidden wf-cell category-69\" data-post-id=\"5699\" data-date=\"2019-04-11T14:16:21+02:00\" data-name=\"Death of Balduin Sulzer\"><article class=\"post project-odd visible post-5699 type-post status-publish format-standard has-post-thumbnail hentry category-uncategorized category-69\" data-name=\"Death of Balduin Sulzer\" data-date=\"2019-04-11T14:16:21+02:00\">\n\n<div class=\"post-thumbnail-wrap\">\n\t<div class=\"post-thumbnail\">\n\t\t\n\t\t\n\t\t<a href=\"https:\/\/brno-filharmonie.cz\/en\/death-of-balduin-sulzer\/\" class=\"post-thumbnail-rollover layzr-bg layzr-bg\" ><img loading=\"lazy\" decoding=\"async\" class=\"iso-lazy-load preload-me iso-lazy-load\" src=\"data:image\/svg+xml,%3Csvg%20xmlns%3D&#39;http%3A%2F%2Fwww.w3.org%2F2000%2Fsvg&#39;%20viewBox%3D&#39;0%200%20699%20466&#39;%2F%3E\" data-src=\"https:\/\/brno-filharmonie.cz\/wp-content\/uploads\/2019\/04\/picture-0005.jpg\" data-srcset=\"https:\/\/brno-filharmonie.cz\/wp-content\/uploads\/2019\/04\/picture-0005.jpg 699w\" alt=\"\" title=\"picture-0005\" width=\"699\" height=\"466\"  \/><\/a>\t<\/div>\n<\/div>\n\n\n<div class=\"post-entry-content\">\n\n\t<h3 class=\"entry-title\">\n\t\t<a href=\"https:\/\/brno-filharmonie.cz\/en\/death-of-balduin-sulzer\/\" title=\"Death of Balduin Sulzer\" rel=\"bookmark\">Death of Balduin Sulzer<\/a>\n\t<\/h3>\n\n\t<div class=\"entry-meta\"><span class=\"category-link\"><a href=\"https:\/\/brno-filharmonie.cz\/en\/category\/uncategorized\/\" >News<\/a><\/span><\/div>\n\t<div class=\"entry-excerpt\"><p>Condolence of Filharmonie Brno to the death of Balduin Sulzer<\/p>\n<\/div>\n\t\n<\/div><\/article><\/div><div class=\"hidden wf-cell category-69\" data-post-id=\"5700\" data-date=\"2019-04-07T14:14:35+02:00\" data-name=\"Death of Heinz Winbeck\"><article class=\"post project-odd visible post-5700 type-post status-publish format-standard has-post-thumbnail hentry category-uncategorized category-69\" data-name=\"Death of Heinz Winbeck\" data-date=\"2019-04-07T14:14:35+02:00\">\n\n<div class=\"post-thumbnail-wrap\">\n\t<div class=\"post-thumbnail\">\n\t\t\n\t\t\n\t\t<a href=\"https:\/\/brno-filharmonie.cz\/en\/death-of-heinz-winbeck\/\" class=\"post-thumbnail-rollover layzr-bg layzr-bg\" ><img loading=\"lazy\" decoding=\"async\" class=\"iso-lazy-load preload-me iso-lazy-load\" src=\"data:image\/svg+xml,%3Csvg%20xmlns%3D&#39;http%3A%2F%2Fwww.w3.org%2F2000%2Fsvg&#39;%20viewBox%3D&#39;0%200%20768%20512&#39;%2F%3E\" data-src=\"https:\/\/brno-filharmonie.cz\/wp-content\/uploads\/2019\/04\/Winbeck-3239053_foto-detail_1qecie_wS6coN-768x512.jpg\" data-srcset=\"https:\/\/brno-filharmonie.cz\/wp-content\/uploads\/2019\/04\/Winbeck-3239053_foto-detail_1qecie_wS6coN-768x512.jpg 768w, https:\/\/brno-filharmonie.cz\/wp-content\/uploads\/2019\/04\/Winbeck-3239053_foto-detail_1qecie_wS6coN-934x623.jpg 934w\" alt=\"\" title=\"18-11 winbeck #ER\" width=\"768\" height=\"512\"  \/><\/a>\t<\/div>\n<\/div>\n\n\n<div class=\"post-entry-content\">\n\n\t<h3 class=\"entry-title\">\n\t\t<a href=\"https:\/\/brno-filharmonie.cz\/en\/death-of-heinz-winbeck\/\" title=\"Death of Heinz Winbeck\" rel=\"bookmark\">Death of Heinz Winbeck<\/a>\n\t<\/h3>\n\n\t<div class=\"entry-meta\"><span class=\"category-link\"><a href=\"https:\/\/brno-filharmonie.cz\/en\/category\/uncategorized\/\" >News<\/a><\/span><\/div>\n\t<div class=\"entry-excerpt\"><p>Letter of condolence by Dennis Russell Daviese to death of Heinz Winbeck.<\/p>\n<\/div>\n\t\n<\/div><\/article><\/div><div class=\"hidden wf-cell category-69 category-104\" data-post-id=\"4960\" data-date=\"2018-12-14T13:52:47+01:00\" data-name=\"&quot;I would never replace Brno for any other city&quot;\"><article class=\"post project-odd visible post-4960 type-post status-publish format-standard has-post-thumbnail hentry category-uncategorized category-press-reviews category-69 category-104\" data-name=\"&#8220;I would never replace Brno for any other city&#8221;\" data-date=\"2018-12-14T13:52:47+01:00\">\n\n<div class=\"post-thumbnail-wrap\">\n\t<div class=\"post-thumbnail\">\n\t\t\n\t\t\n\t\t<a href=\"https:\/\/brno-filharmonie.cz\/en\/i-would-never-replace-brno-for-any-other-city\/\" class=\"post-thumbnail-rollover layzr-bg layzr-bg\" ><img loading=\"lazy\" decoding=\"async\" class=\"iso-lazy-load preload-me iso-lazy-load\" src=\"data:image\/svg+xml,%3Csvg%20xmlns%3D&#39;http%3A%2F%2Fwww.w3.org%2F2000%2Fsvg&#39;%20viewBox%3D&#39;0%200%20768%20512&#39;%2F%3E\" data-src=\"https:\/\/brno-filharmonie.cz\/wp-content\/uploads\/2018\/09\/ZEH2908-768x512.jpg\" data-srcset=\"https:\/\/brno-filharmonie.cz\/wp-content\/uploads\/2018\/09\/ZEH2908-768x512.jpg 768w, https:\/\/brno-filharmonie.cz\/wp-content\/uploads\/2018\/09\/ZEH2908-850x567.jpg 850w\" alt=\"\" title=\"_ZEH2908\" width=\"768\" height=\"512\"  \/><\/a>\t<\/div>\n<\/div>\n\n\n<div class=\"post-entry-content\">\n\n\t<h3 class=\"entry-title\">\n\t\t<a href=\"https:\/\/brno-filharmonie.cz\/en\/i-would-never-replace-brno-for-any-other-city\/\" title=\"&#8220;I would never replace Brno for any other city&#8221;\" rel=\"bookmark\">&#8220;I would never replace Brno for any other city&#8221;<\/a>\n\t<\/h3>\n\n\t<div class=\"entry-meta\"><span class=\"category-link\"><a href=\"https:\/\/brno-filharmonie.cz\/en\/category\/uncategorized\/\" >News<\/a>, <a href=\"https:\/\/brno-filharmonie.cz\/en\/category\/press-reviews\/\" >Press reviews<\/a><\/span><\/div>\n\t<div class=\"entry-excerpt\"><p>FlyingMag, winter edition 2018<\/p>\n<\/div>\n\t\n<\/div><\/article><\/div><div class=\"hidden wf-cell category-69 category-101\" data-post-id=\"4718\" data-date=\"2018-11-20T14:24:00+01:00\" data-name=\"CHANGE OF OPENING HOURS\"><article class=\"post project-odd visible post-4718 type-post status-publish format-standard has-post-thumbnail hentry category-uncategorized category-concerts-and-tickets category-69 category-101\" data-name=\"CHANGE OF OPENING HOURS\" data-date=\"2018-11-20T14:24:00+01:00\">\n\n<div class=\"post-thumbnail-wrap\">\n\t<div class=\"post-thumbnail\">\n\t\t\n\t\t\n\t\t<a href=\"https:\/\/brno-filharmonie.cz\/en\/change-of-opening-hours\/\" class=\"post-thumbnail-rollover layzr-bg layzr-bg\" ><img loading=\"lazy\" decoding=\"async\" class=\"iso-lazy-load preload-me iso-lazy-load\" src=\"data:image\/svg+xml,%3Csvg%20xmlns%3D&#39;http%3A%2F%2Fwww.w3.org%2F2000%2Fsvg&#39;%20viewBox%3D&#39;0%200%20768%20512&#39;%2F%3E\" data-src=\"https:\/\/brno-filharmonie.cz\/wp-content\/uploads\/preprodej1000tiny-768x512.jpg\" data-srcset=\"https:\/\/brno-filharmonie.cz\/wp-content\/uploads\/preprodej1000tiny-768x512.jpg 768w, https:\/\/brno-filharmonie.cz\/wp-content\/uploads\/preprodej1000tiny-1000x666.jpg 1000w\" alt=\"\" title=\"preprodej1000tiny\" width=\"768\" height=\"512\"  \/><\/a>\t<\/div>\n<\/div>\n\n\n<div class=\"post-entry-content\">\n\n\t<h3 class=\"entry-title\">\n\t\t<a href=\"https:\/\/brno-filharmonie.cz\/en\/change-of-opening-hours\/\" title=\"CHANGE OF OPENING HOURS\" rel=\"bookmark\">CHANGE OF OPENING HOURS<\/a>\n\t<\/h3>\n\n\t<div class=\"entry-meta\"><span class=\"category-link\"><a href=\"https:\/\/brno-filharmonie.cz\/en\/category\/uncategorized\/\" >News<\/a>, <a href=\"https:\/\/brno-filharmonie.cz\/en\/category\/concerts-and-tickets\/\" >Concerts and tickets<\/a><\/span><\/div>\n\t<div class=\"entry-excerpt\"><p>We are changing opening hours of our Sale since December 3.<\/p>\n<\/div>\n\t\n<\/div><\/article><\/div><div class=\"hidden wf-cell category-69 category-73\" data-post-id=\"4499\" data-date=\"2018-10-12T12:21:48+02:00\" data-name=\"Moravian Autumn launches its 50th years with Preview one year in advance. Next week it provides ensemble AKAMUS in both premiere and derniere.\"><article class=\"post project-odd visible post-4499 type-post status-publish format-standard has-post-thumbnail hentry category-uncategorized category-press-releases category-69 category-73\" data-name=\"Moravian Autumn launches its 50th years with Preview one year in advance. Next week it provides ensemble AKAMUS in both premiere and derniere.\" data-date=\"2018-10-12T12:21:48+02:00\">\n\n<div class=\"post-thumbnail-wrap\">\n\t<div class=\"post-thumbnail\">\n\t\t\n\t\t\n\t\t<a href=\"https:\/\/brno-filharmonie.cz\/en\/moravian-autumn-launches-its-50th-years-with-preview-one-year-in-advance-next-week-it-provides-ensemble-akamus-in-both-premiere-and-derniere\/\" class=\"post-thumbnail-rollover layzr-bg layzr-bg\" ><img loading=\"lazy\" decoding=\"async\" class=\"iso-lazy-load preload-me iso-lazy-load\" src=\"data:image\/svg+xml,%3Csvg%20xmlns%3D&#39;http%3A%2F%2Fwww.w3.org%2F2000%2Fsvg&#39;%20viewBox%3D&#39;0%200%20650%20433&#39;%2F%3E\" data-src=\"https:\/\/brno-filharmonie.cz\/wp-content\/uploads\/2018\/10\/FB_web_Alarm_650x680-px_MP-650x433.jpg\" data-srcset=\"https:\/\/brno-filharmonie.cz\/wp-content\/uploads\/2018\/10\/FB_web_Alarm_650x680-px_MP-650x433.jpg 650w\" alt=\"\" title=\"FB_web_Alarm_650x680 px_MP\" width=\"650\" height=\"433\"  \/><\/a>\t<\/div>\n<\/div>\n\n\n<div class=\"post-entry-content\">\n\n\t<h3 class=\"entry-title\">\n\t\t<a href=\"https:\/\/brno-filharmonie.cz\/en\/moravian-autumn-launches-its-50th-years-with-preview-one-year-in-advance-next-week-it-provides-ensemble-akamus-in-both-premiere-and-derniere\/\" title=\"Moravian Autumn launches its 50th years with Preview one year in advance. Next week it provides ensemble AKAMUS in both premiere and derniere.\" rel=\"bookmark\">Moravian Autumn launches its 50th years with Preview one year in advance. Next week it provides ensemble AKAMUS in both premiere and derniere.<\/a>\n\t<\/h3>\n\n\t<div class=\"entry-meta\"><span class=\"category-link\"><a href=\"https:\/\/brno-filharmonie.cz\/en\/category\/uncategorized\/\" >News<\/a>, <a href=\"https:\/\/brno-filharmonie.cz\/en\/category\/press-releases\/\" >Press releases<\/a><\/span><\/div>\n\t<div class=\"entry-excerpt\"><p>PRESS RELEASE<br \/>\nBrno, October 10, 2018<\/p>\n<\/div>\n\t\n<\/div><\/article><\/div><div class=\"hidden wf-cell category-69 category-73\" data-post-id=\"4453\" data-date=\"2018-10-05T13:34:32+02:00\" data-name=\"Jazz season starts with concert of Mat\u00fa\u0161 Jakab\u010dic. With his quintet there is also the Philharmonic\"><article class=\"post project-odd visible post-4453 type-post status-publish format-standard has-post-thumbnail hentry category-uncategorized category-press-releases category-69 category-73\" data-name=\"Jazz season starts with concert of Mat\u00fa\u0161 Jakab\u010dic. With his quintet there is also the Philharmonic\" data-date=\"2018-10-05T13:34:32+02:00\">\n\n<div class=\"post-thumbnail-wrap\">\n\t<div class=\"post-thumbnail\">\n\t\t\n\t\t\n\t\t<a href=\"https:\/\/brno-filharmonie.cz\/en\/jazz-season-starts-with-concert-of-matus-jakabcic-with-his-quintet-there-is-also-the-philharmonic\/\" class=\"post-thumbnail-rollover layzr-bg layzr-bg\" ><img loading=\"lazy\" decoding=\"async\" class=\"iso-lazy-load preload-me iso-lazy-load\" src=\"data:image\/svg+xml,%3Csvg%20xmlns%3D&#39;http%3A%2F%2Fwww.w3.org%2F2000%2Fsvg&#39;%20viewBox%3D&#39;0%200%20768%20512&#39;%2F%3E\" data-src=\"https:\/\/brno-filharmonie.cz\/wp-content\/uploads\/2018\/10\/Jakab\u010dic-web-768x512.jpg\" data-srcset=\"https:\/\/brno-filharmonie.cz\/wp-content\/uploads\/2018\/10\/Jakab\u010dic-web-768x512.jpg 768w, https:\/\/brno-filharmonie.cz\/wp-content\/uploads\/2018\/10\/Jakab\u010dic-web-800x533.jpg 800w\" alt=\"\" title=\"Jakab\u010dic web\" width=\"768\" height=\"512\"  \/><\/a>\t<\/div>\n<\/div>\n\n\n<div class=\"post-entry-content\">\n\n\t<h3 class=\"entry-title\">\n\t\t<a href=\"https:\/\/brno-filharmonie.cz\/en\/jazz-season-starts-with-concert-of-matus-jakabcic-with-his-quintet-there-is-also-the-philharmonic\/\" title=\"Jazz season starts with concert of Mat\u00fa\u0161 Jakab\u010dic. With his quintet there is also the Philharmonic\" rel=\"bookmark\">Jazz season starts with concert of Mat\u00fa\u0161 Jakab\u010dic. With his quintet there is also the Philharmonic<\/a>\n\t<\/h3>\n\n\t<div class=\"entry-meta\"><span class=\"category-link\"><a href=\"https:\/\/brno-filharmonie.cz\/en\/category\/uncategorized\/\" >News<\/a>, <a href=\"https:\/\/brno-filharmonie.cz\/en\/category\/press-releases\/\" >Press releases<\/a><\/span><\/div>\n\t<div class=\"entry-excerpt\"><p>PRESS RELEASE<br \/>\nBrno, October 4, 2018<\/p>\n<\/div>\n\t\n<\/div><\/article><\/div><div class=\"hidden wf-cell category-69 category-73\" data-post-id=\"4444\" data-date=\"2018-10-04T12:24:04+02:00\" data-name=\"Songs from a different world, a world premiere and contemplation in a former prison. The Autumn part of Exposition of New Music is about to start.\"><article class=\"post project-odd visible post-4444 type-post status-publish format-standard has-post-thumbnail hentry category-uncategorized category-press-releases category-69 category-73\" data-name=\"Songs from a different world, a world premiere and contemplation in a former prison. The Autumn part of Exposition of New Music is about to start.\" data-date=\"2018-10-04T12:24:04+02:00\">\n\n<div class=\"post-thumbnail-wrap\">\n\t<div class=\"post-thumbnail\">\n\t\t\n\t\t\n\t\t<a href=\"https:\/\/brno-filharmonie.cz\/en\/songs-from-a-different-world-a-world-premiere-and-contemplation-in-a-former-prison-the-autumn-part-of-exposition-of-new-music-is-about-to-start\/\" class=\"post-thumbnail-rollover layzr-bg layzr-bg\" ><img loading=\"lazy\" decoding=\"async\" class=\"iso-lazy-load preload-me iso-lazy-load\" src=\"data:image\/svg+xml,%3Csvg%20xmlns%3D&#39;http%3A%2F%2Fwww.w3.org%2F2000%2Fsvg&#39;%20viewBox%3D&#39;0%200%20768%20512&#39;%2F%3E\" data-src=\"https:\/\/brno-filharmonie.cz\/wp-content\/uploads\/2018\/10\/pluralensemble@silviagomezcisneros2-768x512.jpg\" data-srcset=\"https:\/\/brno-filharmonie.cz\/wp-content\/uploads\/2018\/10\/pluralensemble@silviagomezcisneros2-768x512.jpg 768w, https:\/\/brno-filharmonie.cz\/wp-content\/uploads\/2018\/10\/pluralensemble@silviagomezcisneros2-1152x768.jpg 1152w\" alt=\"\" title=\"pluralensemble@silviagomezcisneros2\" width=\"768\" height=\"512\"  \/><\/a>\t<\/div>\n<\/div>\n\n\n<div class=\"post-entry-content\">\n\n\t<h3 class=\"entry-title\">\n\t\t<a href=\"https:\/\/brno-filharmonie.cz\/en\/songs-from-a-different-world-a-world-premiere-and-contemplation-in-a-former-prison-the-autumn-part-of-exposition-of-new-music-is-about-to-start\/\" title=\"Songs from a different world, a world premiere and contemplation in a former prison. The Autumn part of Exposition of New Music is about to start.\" rel=\"bookmark\">Songs from a different world, a world premiere and contemplation in a former prison. The Autumn part of Exposition of New Music is about to start.<\/a>\n\t<\/h3>\n\n\t<div class=\"entry-meta\"><span class=\"category-link\"><a href=\"https:\/\/brno-filharmonie.cz\/en\/category\/uncategorized\/\" >News<\/a>, <a href=\"https:\/\/brno-filharmonie.cz\/en\/category\/press-releases\/\" >Press releases<\/a><\/span><\/div>\n\t<div class=\"entry-excerpt\"><p>PRESS RELEASE, Brno, October 2, 2018<\/p>\n<\/div>\n\t\n<\/div><\/article><\/div><div class=\"hidden wf-cell category-69 category-73\" data-post-id=\"4235\" data-date=\"2018-09-14T13:30:32+02:00\" data-name=\"Duality and multilayeredness. The design team introduced visualisations of the Jan\u00e1\u010dek Cultural Centre today\"><article class=\"post project-odd visible post-4235 type-post status-publish format-standard has-post-thumbnail hentry category-uncategorized category-press-releases category-69 category-73\" data-name=\"Duality and multilayeredness. The design team introduced visualisations of the Jan\u00e1\u010dek Cultural Centre today\" data-date=\"2018-09-14T13:30:32+02:00\">\n\n<div class=\"post-thumbnail-wrap\">\n\t<div class=\"post-thumbnail\">\n\t\t\n\t\t\n\t\t<a href=\"https:\/\/brno-filharmonie.cz\/en\/duality-and-multilayeredness-the-design-team-introduced-visualisations-of-the-janacek-cultural-centre-today\/\" class=\"post-thumbnail-rollover layzr-bg layzr-bg\" ><img loading=\"lazy\" decoding=\"async\" class=\"iso-lazy-load preload-me iso-lazy-load\" src=\"data:image\/svg+xml,%3Csvg%20xmlns%3D&#39;http%3A%2F%2Fwww.w3.org%2F2000%2Fsvg&#39;%20viewBox%3D&#39;0%200%20768%20512&#39;%2F%3E\" data-src=\"https:\/\/brno-filharmonie.cz\/wp-content\/uploads\/2018\/09\/3-elevation-JPG-1-768x512.png\" data-srcset=\"https:\/\/brno-filharmonie.cz\/wp-content\/uploads\/2018\/09\/3-elevation-JPG-1-768x512.png 768w, https:\/\/brno-filharmonie.cz\/wp-content\/uploads\/2018\/09\/3-elevation-JPG-1-880x586.png 880w\" alt=\"\" title=\"3 elevation JPG\" width=\"768\" height=\"512\"  \/><\/a>\t<\/div>\n<\/div>\n\n\n<div class=\"post-entry-content\">\n\n\t<h3 class=\"entry-title\">\n\t\t<a href=\"https:\/\/brno-filharmonie.cz\/en\/duality-and-multilayeredness-the-design-team-introduced-visualisations-of-the-janacek-cultural-centre-today\/\" title=\"Duality and multilayeredness. The design team introduced visualisations of the Jan\u00e1\u010dek Cultural Centre today\" rel=\"bookmark\">Duality and multilayeredness. The design team introduced visualisations of the Jan\u00e1\u010dek Cultural Centre today<\/a>\n\t<\/h3>\n\n\t<div class=\"entry-meta\"><span class=\"category-link\"><a href=\"https:\/\/brno-filharmonie.cz\/en\/category\/uncategorized\/\" >News<\/a>, <a href=\"https:\/\/brno-filharmonie.cz\/en\/category\/press-releases\/\" >Press releases<\/a><\/span><\/div>\n\t<div class=\"entry-excerpt\"><p>PRESS RELEASE, Brno, 14 September 2018<\/p>\n<\/div>\n\t\n<\/div><\/article><\/div><div class=\"hidden wf-cell category-73 category-69\" data-post-id=\"4221\" data-date=\"2018-09-12T13:13:44+02:00\" data-name=\"Dennis Russell Davies\u00b4s inagural concert: Dvo\u0159\u00e1k\u00b4s 1st symphony and Harmonielehre by John Adams. Live all over Europe\"><article class=\"post project-odd visible post-4221 type-post status-publish format-standard has-post-thumbnail hentry category-press-releases category-uncategorized category-73 category-69\" data-name=\"Dennis Russell Davies\u00b4s inagural concert: Dvo\u0159\u00e1k\u00b4s 1st symphony and Harmonielehre by John Adams. Live all over Europe\" data-date=\"2018-09-12T13:13:44+02:00\">\n\n<div class=\"post-thumbnail-wrap\">\n\t<div class=\"post-thumbnail\">\n\t\t\n\t\t\n\t\t<a href=\"https:\/\/brno-filharmonie.cz\/en\/dennis-russell-daviess-inagural-concert-dvoraks-1st-symphony-and-harmonielehre-by-john-adams-live-all-over-europe\/\" class=\"post-thumbnail-rollover layzr-bg layzr-bg\" ><img loading=\"lazy\" decoding=\"async\" class=\"iso-lazy-load preload-me iso-lazy-load\" src=\"data:image\/svg+xml,%3Csvg%20xmlns%3D&#39;http%3A%2F%2Fwww.w3.org%2F2000%2Fsvg&#39;%20viewBox%3D&#39;0%200%20768%20512&#39;%2F%3E\" data-src=\"https:\/\/brno-filharmonie.cz\/wp-content\/uploads\/2018\/09\/filharmonie_zkouska-108-z-114-768x512.jpg\" data-srcset=\"https:\/\/brno-filharmonie.cz\/wp-content\/uploads\/2018\/09\/filharmonie_zkouska-108-z-114-768x512.jpg 768w, https:\/\/brno-filharmonie.cz\/wp-content\/uploads\/2018\/09\/filharmonie_zkouska-108-z-114-1152x768.jpg 1152w\" alt=\"\" title=\"filharmonie_zkouska (108 z&nbsp;114)\" width=\"768\" height=\"512\"  \/><\/a>\t<\/div>\n<\/div>\n\n\n<div class=\"post-entry-content\">\n\n\t<h3 class=\"entry-title\">\n\t\t<a href=\"https:\/\/brno-filharmonie.cz\/en\/dennis-russell-daviess-inagural-concert-dvoraks-1st-symphony-and-harmonielehre-by-john-adams-live-all-over-europe\/\" title=\"Dennis Russell Davies\u00b4s inagural concert: Dvo\u0159\u00e1k\u00b4s 1st symphony and Harmonielehre by John Adams. Live all over Europe\" rel=\"bookmark\">Dennis Russell Davies\u00b4s inagural concert: Dvo\u0159\u00e1k\u00b4s 1st symphony and Harmonielehre by John Adams. Live all over Europe<\/a>\n\t<\/h3>\n\n\t<div class=\"entry-meta\"><span class=\"category-link\"><a href=\"https:\/\/brno-filharmonie.cz\/en\/category\/press-releases\/\" >Press releases<\/a>, <a href=\"https:\/\/brno-filharmonie.cz\/en\/category\/uncategorized\/\" >News<\/a><\/span><\/div>\n\t<div class=\"entry-excerpt\"><p>PRESS RELEASE Brno, September 12, 2018<\/p>\n<\/div>\n\t\n<\/div><\/article><\/div><div class=\"hidden wf-cell category-69 category-73\" data-post-id=\"4169\" data-date=\"2018-09-05T10:19:12+02:00\" data-name=\"\u0160pilberk Festival is over. Together with topic festivals of the 62nd season it broke visitor record\"><article class=\"post project-odd visible post-4169 type-post status-publish format-standard has-post-thumbnail hentry category-uncategorized category-press-releases category-69 category-73\" data-name=\"\u0160pilberk Festival is over. Together with topic festivals of the 62nd season it broke visitor record\" data-date=\"2018-09-05T10:19:12+02:00\">\n\n<div class=\"post-thumbnail-wrap\">\n\t<div class=\"post-thumbnail\">\n\t\t\n\t\t\n\t\t<a href=\"https:\/\/brno-filharmonie.cz\/en\/spilberk-festival-is-over-together-with-topic-festivals-of-the-62nd-season-it-broke-visitor-record\/\" class=\"post-thumbnail-rollover layzr-bg layzr-bg\" ><img loading=\"lazy\" decoding=\"async\" class=\"iso-lazy-load preload-me iso-lazy-load\" src=\"data:image\/svg+xml,%3Csvg%20xmlns%3D&#39;http%3A%2F%2Fwww.w3.org%2F2000%2Fsvg&#39;%20viewBox%3D&#39;0%200%20768%20512&#39;%2F%3E\" data-src=\"https:\/\/brno-filharmonie.cz\/wp-content\/uploads\/2018\/08\/\u0161pilberk-publikum-768x512.jpg\" data-srcset=\"https:\/\/brno-filharmonie.cz\/wp-content\/uploads\/2018\/08\/\u0161pilberk-publikum-768x512.jpg 768w, https:\/\/brno-filharmonie.cz\/wp-content\/uploads\/2018\/08\/\u0161pilberk-publikum-1152x768.jpg 1152w\" alt=\"\" title=\"\u0161pilberk publikum\" width=\"768\" height=\"512\"  \/><\/a>\t<\/div>\n<\/div>\n\n\n<div class=\"post-entry-content\">\n\n\t<h3 class=\"entry-title\">\n\t\t<a href=\"https:\/\/brno-filharmonie.cz\/en\/spilberk-festival-is-over-together-with-topic-festivals-of-the-62nd-season-it-broke-visitor-record\/\" title=\"\u0160pilberk Festival is over. Together with topic festivals of the 62nd season it broke visitor record\" rel=\"bookmark\">\u0160pilberk Festival is over. Together with topic festivals of the 62nd season it broke visitor record<\/a>\n\t<\/h3>\n\n\t<div class=\"entry-meta\"><span class=\"category-link\"><a href=\"https:\/\/brno-filharmonie.cz\/en\/category\/uncategorized\/\" >News<\/a>, <a href=\"https:\/\/brno-filharmonie.cz\/en\/category\/press-releases\/\" >Press releases<\/a><\/span><\/div>\n\t<div class=\"entry-excerpt\"><p>PRESS RELEASE, August 27&nbsp;2018<\/p>\n<\/div>\n\t\n<\/div><\/article><\/div><div class=\"hidden wf-cell category-69 category-73\" data-post-id=\"3850\" data-date=\"2018-06-12T14:22:15+02:00\" data-name=\"How will Charlemagne Palestine transform the carillon at \u0160pilberk castle? The 31st year of the Exposition of New Music begins\"><article class=\"post project-odd visible post-3850 type-post status-publish format-standard has-post-thumbnail hentry category-uncategorized category-press-releases category-69 category-73\" data-name=\"How will Charlemagne Palestine transform the carillon at \u0160pilberk castle? The 31st year of the Exposition of New Music begins\" data-date=\"2018-06-12T14:22:15+02:00\">\n\n<div class=\"post-thumbnail-wrap\">\n\t<div class=\"post-thumbnail\">\n\t\t\n\t\t\n\t\t<a href=\"https:\/\/brno-filharmonie.cz\/en\/how-will-charlemagne-palestine-transform-the-carillon-at-spilberk-castle-the-31st-year-of-the-exposition-of-new-music-begins\/\" class=\"post-thumbnail-rollover layzr-bg layzr-bg\" ><img loading=\"lazy\" decoding=\"async\" class=\"iso-lazy-load preload-me iso-lazy-load\" src=\"data:image\/svg+xml,%3Csvg%20xmlns%3D&#39;http%3A%2F%2Fwww.w3.org%2F2000%2Fsvg&#39;%20viewBox%3D&#39;0%200%20600%20400&#39;%2F%3E\" data-src=\"https:\/\/brno-filharmonie.cz\/wp-content\/uploads\/Charlemagne-nov\u00fd.jpg\" data-srcset=\"https:\/\/brno-filharmonie.cz\/wp-content\/uploads\/Charlemagne-nov\u00fd.jpg 600w\" alt=\"\" title=\"Charlemagne nov\u00fd\" width=\"600\" height=\"400\"  \/><\/a>\t<\/div>\n<\/div>\n\n\n<div class=\"post-entry-content\">\n\n\t<h3 class=\"entry-title\">\n\t\t<a href=\"https:\/\/brno-filharmonie.cz\/en\/how-will-charlemagne-palestine-transform-the-carillon-at-spilberk-castle-the-31st-year-of-the-exposition-of-new-music-begins\/\" title=\"How will Charlemagne Palestine transform the carillon at \u0160pilberk castle? The 31st year of the Exposition of New Music begins\" rel=\"bookmark\">How will Charlemagne Palestine transform the carillon at \u0160pilberk castle? The 31st year of the Exposition of New Music begins<\/a>\n\t<\/h3>\n\n\t<div class=\"entry-meta\"><span class=\"category-link\"><a href=\"https:\/\/brno-filharmonie.cz\/en\/category\/uncategorized\/\" >News<\/a>, <a href=\"https:\/\/brno-filharmonie.cz\/en\/category\/press-releases\/\" >Press releases<\/a><\/span><\/div>\n\t<div class=\"entry-excerpt\"><p>Can\u2019t you keep up? Then slow down. That\u2019s the spirit of the 31st year of the Exposition of New Music, starting this Friday. \u201cSometimes you may feel that you can\u2019t keep up at all, that nothing works out, that you simply won\u2019t make it; but then you stop, take some time off and find that&hellip;<\/p>\n<\/div>\n\t\n<\/div><\/article><\/div><div class=\"hidden wf-cell category-73 category-101 category-69\" data-post-id=\"3554\" data-date=\"2018-05-22T12:37:25+02:00\" data-name=\"Mozart\u00b4s children is celebrating the emergence of Czechoslovakia with a return to N\u00e1m\u011bst\u00ed Svobody.\"><article class=\"post project-odd visible no-img post-3554 type-post status-publish format-standard hentry category-press-releases category-concerts-and-tickets category-uncategorized category-73 category-101 category-69\" data-name=\"Mozart\u00b4s children is celebrating the emergence of Czechoslovakia with a return to N\u00e1m\u011bst\u00ed Svobody.\" data-date=\"2018-05-22T12:37:25+02:00\">\n\n<div class=\"post-entry-content\">\n\n\t<h3 class=\"entry-title\">\n\t\t<a href=\"https:\/\/brno-filharmonie.cz\/en\/mozarts-children-is-celebrating-the-emergence-of-czechoslovakia-with-a-return-to-namesti-svobody\/\" title=\"Mozart\u00b4s children is celebrating the emergence of Czechoslovakia with a return to N\u00e1m\u011bst\u00ed Svobody.\" rel=\"bookmark\">Mozart\u00b4s children is celebrating the emergence of Czechoslovakia with a return to N\u00e1m\u011bst\u00ed Svobody.<\/a>\n\t<\/h3>\n\n\t<div class=\"entry-meta\"><span class=\"category-link\"><a href=\"https:\/\/brno-filharmonie.cz\/en\/category\/press-releases\/\" >Press releases<\/a>, <a href=\"https:\/\/brno-filharmonie.cz\/en\/category\/concerts-and-tickets\/\" >Concerts and tickets<\/a>, <a href=\"https:\/\/brno-filharmonie.cz\/en\/category\/uncategorized\/\" >News<\/a><\/span><\/div>\n\t<div class=\"entry-excerpt\"><p>PRESS REALEASE <br \/> Brno, May 22, 2018<\/p>\n<\/div>\n\t\n<\/div><\/article><\/div><div class=\"hidden wf-cell category-69 category-73\" data-post-id=\"3759\" data-date=\"2018-05-15T12:26:40+02:00\" data-name=\"Even after additional seating was added more than one third of the season exceeded audience capacity. That is an ending 62nd season of Filharmonie Brno. The orchestra is now preparing for festivals.\"><article class=\"post project-odd visible post-3759 type-post status-publish format-standard has-post-thumbnail hentry category-uncategorized category-press-releases category-69 category-73\" data-name=\"Even after additional seating was added more than one third of the season exceeded audience capacity. That is an ending 62nd season of Filharmonie Brno. The orchestra is now preparing for festivals.\" data-date=\"2018-05-15T12:26:40+02:00\">\n\n<div class=\"post-thumbnail-wrap\">\n\t<div class=\"post-thumbnail\">\n\t\t\n\t\t\n\t\t<a href=\"https:\/\/brno-filharmonie.cz\/en\/even-after-additional-seating-was-added-more-than-one-third-of-the-season-exceeded-audience-capacity-that-is-an-ending-62nd-season-of-filharmonie-brno-the-orchestra-is-now-preparing-for-festivals\/\" class=\"post-thumbnail-rollover layzr-bg layzr-bg\" ><img loading=\"lazy\" decoding=\"async\" class=\"iso-lazy-load preload-me iso-lazy-load\" src=\"data:image\/svg+xml,%3Csvg%20xmlns%3D&#39;http%3A%2F%2Fwww.w3.org%2F2000%2Fsvg&#39;%20viewBox%3D&#39;0%200%20768%20512&#39;%2F%3E\" data-src=\"https:\/\/brno-filharmonie.cz\/wp-content\/uploads\/kamion-na-n\u00e1dvo\u0159\u00ed-768x512.jpg\" data-srcset=\"https:\/\/brno-filharmonie.cz\/wp-content\/uploads\/kamion-na-n\u00e1dvo\u0159\u00ed-768x512.jpg 768w, https:\/\/brno-filharmonie.cz\/wp-content\/uploads\/kamion-na-n\u00e1dvo\u0159\u00ed-1152x768.jpg 1152w\" alt=\"\" title=\"kamion na n\u00e1dvo\u0159\u00ed\" width=\"768\" height=\"512\"  \/><\/a>\t<\/div>\n<\/div>\n\n\n<div class=\"post-entry-content\">\n\n\t<h3 class=\"entry-title\">\n\t\t<a href=\"https:\/\/brno-filharmonie.cz\/en\/even-after-additional-seating-was-added-more-than-one-third-of-the-season-exceeded-audience-capacity-that-is-an-ending-62nd-season-of-filharmonie-brno-the-orchestra-is-now-preparing-for-festivals\/\" title=\"Even after additional seating was added more than one third of the season exceeded audience capacity. That is an ending 62nd season of Filharmonie Brno. The orchestra is now preparing for festivals.\" rel=\"bookmark\">Even after additional seating was added more than one third of the season exceeded audience capacity. That is an ending 62nd season of Filharmonie Brno. The orchestra is now preparing for festivals.<\/a>\n\t<\/h3>\n\n\t<div class=\"entry-meta\"><span class=\"category-link\"><a href=\"https:\/\/brno-filharmonie.cz\/en\/category\/uncategorized\/\" >News<\/a>, <a href=\"https:\/\/brno-filharmonie.cz\/en\/category\/press-releases\/\" >Press releases<\/a><\/span><\/div>\n\t<div class=\"entry-excerpt\"><p>PRESS REALEASE <br \/> Brno, May 15, 2018<\/p>\n<\/div>\n\t\n<\/div><\/article><\/div><div class=\"hidden wf-cell category-69 category-73 category-101\" data-post-id=\"3763\" data-date=\"2018-04-27T12:29:57+02:00\" data-name=\"With the arrival of Dennis Russell Davies, new Chief Conductor, the concerts of the 63rd season of Filharmonie Brno surmounts artistic expectation\"><article class=\"post project-odd visible post-3763 type-post status-publish format-standard has-post-thumbnail hentry category-uncategorized category-press-releases category-concerts-and-tickets category-69 category-73 category-101\" data-name=\"With the arrival of Dennis Russell Davies, new Chief Conductor, the concerts of the 63rd season of Filharmonie Brno surmounts artistic expectation\" data-date=\"2018-04-27T12:29:57+02:00\">\n\n<div class=\"post-thumbnail-wrap\">\n\t<div class=\"post-thumbnail\">\n\t\t\n\t\t\n\t\t<a href=\"https:\/\/brno-filharmonie.cz\/en\/with-the-arrival-of-dennis-russell-davies-new-chief-conductor-the-concerts-of-the-63rd-season-of-filharmonie-brno-surmounts-artistic-expectation\/\" class=\"post-thumbnail-rollover layzr-bg layzr-bg\" ><img loading=\"lazy\" decoding=\"async\" class=\"iso-lazy-load preload-me iso-lazy-load\" src=\"data:image\/svg+xml,%3Csvg%20xmlns%3D&#39;http%3A%2F%2Fwww.w3.org%2F2000%2Fsvg&#39;%20viewBox%3D&#39;0%200%20768%20512&#39;%2F%3E\" data-src=\"https:\/\/brno-filharmonie.cz\/wp-content\/uploads\/Besedn\u00ed-d\u016fm-3-768x512.jpg\" data-srcset=\"https:\/\/brno-filharmonie.cz\/wp-content\/uploads\/Besedn\u00ed-d\u016fm-3-768x512.jpg 768w, https:\/\/brno-filharmonie.cz\/wp-content\/uploads\/Besedn\u00ed-d\u016fm-3-1152x768.jpg 1152w\" alt=\"\" title=\"Besedn\u00ed d\u016fm 3\" width=\"768\" height=\"512\"  \/><\/a>\t<\/div>\n<\/div>\n\n\n<div class=\"post-entry-content\">\n\n\t<h3 class=\"entry-title\">\n\t\t<a href=\"https:\/\/brno-filharmonie.cz\/en\/with-the-arrival-of-dennis-russell-davies-new-chief-conductor-the-concerts-of-the-63rd-season-of-filharmonie-brno-surmounts-artistic-expectation\/\" title=\"With the arrival of Dennis Russell Davies, new Chief Conductor, the concerts of the 63rd season of Filharmonie Brno surmounts artistic expectation\" rel=\"bookmark\">With the arrival of Dennis Russell Davies, new Chief Conductor, the concerts of the 63rd season of Filharmonie Brno surmounts artistic expectation<\/a>\n\t<\/h3>\n\n\t<div class=\"entry-meta\"><span class=\"category-link\"><a href=\"https:\/\/brno-filharmonie.cz\/en\/category\/uncategorized\/\" >News<\/a>, <a href=\"https:\/\/brno-filharmonie.cz\/en\/category\/press-releases\/\" >Press releases<\/a>, <a href=\"https:\/\/brno-filharmonie.cz\/en\/category\/concerts-and-tickets\/\" >Concerts and tickets<\/a><\/span><\/div>\n\t<div class=\"entry-excerpt\"><p>PRESS REALEASE <br \/>Brno, April 27, 2018<\/p>\n<\/div>\n\t\n<\/div><\/article><\/div><div class=\"hidden wf-cell category-69 category-73\" data-post-id=\"2471\" data-date=\"2018-03-26T13:00:15+02:00\" data-name=\"An acoustical engineer of the new concert hall in Brno is Nagata company\"><article class=\"post project-odd visible post-2471 type-post status-publish format-standard has-post-thumbnail hentry category-uncategorized category-press-releases category-69 category-73\" data-name=\"An acoustical engineer of the new concert hall in Brno is Nagata company\" data-date=\"2018-03-26T13:00:15+02:00\">\n\n<div class=\"post-thumbnail-wrap\">\n\t<div class=\"post-thumbnail\">\n\t\t\n\t\t\n\t\t<a href=\"https:\/\/brno-filharmonie.cz\/en\/an-acoustical-engineer-of-the-new-concert-hall-in-brno-is-nagata-company\/\" class=\"post-thumbnail-rollover layzr-bg layzr-bg\" ><img loading=\"lazy\" decoding=\"async\" class=\"iso-lazy-load preload-me iso-lazy-load\" src=\"data:image\/svg+xml,%3Csvg%20xmlns%3D&#39;http%3A%2F%2Fwww.w3.org%2F2000%2Fsvg&#39;%20viewBox%3D&#39;0%200%20768%20512&#39;%2F%3E\" data-src=\"https:\/\/brno-filharmonie.cz\/wp-content\/uploads\/podpis-1-768x512.jpg\" data-srcset=\"https:\/\/brno-filharmonie.cz\/wp-content\/uploads\/podpis-1-768x512.jpg 768w, https:\/\/brno-filharmonie.cz\/wp-content\/uploads\/podpis-1-800x533.jpg 800w\" alt=\"\" title=\"podpis-1\" width=\"768\" height=\"512\"  \/><\/a>\t<\/div>\n<\/div>\n\n\n<div class=\"post-entry-content\">\n\n\t<h3 class=\"entry-title\">\n\t\t<a href=\"https:\/\/brno-filharmonie.cz\/en\/an-acoustical-engineer-of-the-new-concert-hall-in-brno-is-nagata-company\/\" title=\"An acoustical engineer of the new concert hall in Brno is Nagata company\" rel=\"bookmark\">An acoustical engineer of the new concert hall in Brno is Nagata company<\/a>\n\t<\/h3>\n\n\t<div class=\"entry-meta\"><span class=\"category-link\"><a href=\"https:\/\/brno-filharmonie.cz\/en\/category\/uncategorized\/\" >News<\/a>, <a href=\"https:\/\/brno-filharmonie.cz\/en\/category\/press-releases\/\" >Press releases<\/a><\/span><\/div>\n\t<div class=\"entry-excerpt\"><p>Nagata Acoustics America, Konior Studio and Architekti Hr\u016f\u0161a &#038; spol., Atelier Brno. That is the team which will supply a project documentation for building permit and a project documentation for the above-ground part of Jan\u00e1\u010dek Cultural Centre \u2013 the new home for Brno Philharmonic.<\/p>\n<\/div>\n\t\n<\/div><\/article><\/div><div class=\"hidden wf-cell category-69 category-73\" data-post-id=\"3484\" data-date=\"2017-09-27T11:59:30+02:00\" data-name=\"Dennis Russell Davies - The new Chief Conductor and Artistic Director\"><article class=\"post project-odd visible post-3484 type-post status-publish format-standard has-post-thumbnail hentry category-uncategorized category-press-releases category-69 category-73\" data-name=\"Dennis Russell Davies &#8211; The new Chief Conductor and Artistic Director\" data-date=\"2017-09-27T11:59:30+02:00\">\n\n<div class=\"post-thumbnail-wrap\">\n\t<div class=\"post-thumbnail\">\n\t\t\n\t\t\n\t\t<a href=\"https:\/\/brno-filharmonie.cz\/en\/dennis-russell-davies-the-new-chief-conductor-and-artistic-director\/\" class=\"post-thumbnail-rollover layzr-bg layzr-bg\" ><img loading=\"lazy\" decoding=\"async\" class=\"iso-lazy-load preload-me iso-lazy-load\" src=\"data:image\/svg+xml,%3Csvg%20xmlns%3D&#39;http%3A%2F%2Fwww.w3.org%2F2000%2Fsvg&#39;%20viewBox%3D&#39;0%200%20768%20512&#39;%2F%3E\" data-src=\"https:\/\/brno-filharmonie.cz\/wp-content\/uploads\/Davies1-768x512.jpg\" data-srcset=\"https:\/\/brno-filharmonie.cz\/wp-content\/uploads\/Davies1-768x512.jpg 768w, https:\/\/brno-filharmonie.cz\/wp-content\/uploads\/Davies1-800x533.jpg 800w\" alt=\"\" title=\"Davies1\" width=\"768\" height=\"512\"  \/><\/a>\t<\/div>\n<\/div>\n\n\n<div class=\"post-entry-content\">\n\n\t<h3 class=\"entry-title\">\n\t\t<a href=\"https:\/\/brno-filharmonie.cz\/en\/dennis-russell-davies-the-new-chief-conductor-and-artistic-director\/\" title=\"Dennis Russell Davies &#8211; The new Chief Conductor and Artistic Director\" rel=\"bookmark\">Dennis Russell Davies &#8211; The new Chief Conductor and Artistic Director<\/a>\n\t<\/h3>\n\n\t<div class=\"entry-meta\"><span class=\"category-link\"><a href=\"https:\/\/brno-filharmonie.cz\/en\/category\/uncategorized\/\" >News<\/a>, <a href=\"https:\/\/brno-filharmonie.cz\/en\/category\/press-releases\/\" >Press releases<\/a><\/span><\/div>\n\t<div class=\"entry-excerpt\"><p>[vc_row][vc_column][vc_column_text] Brno, 27th September 2017 Conductor Dennis Russell Davies has been named Artistic Director and Principal Conductor of the Brno Philharmonic Orchestra (Brno, Czech Republic). Davies\u2019 contract starts with the 2018-19 season and runs through 2022.\u00a0 The timing coincides with the initiation of the construction phase of the Jan\u00e1\u010dek Cultural Centre in Brno, a state-of-the-art&hellip;<\/p>\n<\/div>\n\t\n<\/div><\/article><\/div><\/div><!-- iso-container|iso-grid --><div class=\"paginator\" role=\"navigation\"><\/div><\/div>[\/vc_column][\/vc_row]<\/p>\n","protected":false},"excerpt":{"rendered":"<p>[vc_row][vc_column][\/vc_column][\/vc_row]<\/p>\n","protected":false},"author":1,"featured_media":0,"parent":0,"menu_order":0,"comment_status":"closed","ping_status":"closed","template":"","meta":{"footnotes":""},"class_list":["post-2466","page","type-page","status-publish","hentry","description-off"],"_links":{"self":[{"href":"https:\/\/brno-filharmonie.cz\/en\/wp-json\/wp\/v2\/pages\/2466"}],"collection":[{"href":"https:\/\/brno-filharmonie.cz\/en\/wp-json\/wp\/v2\/pages"}],"about":[{"href":"https:\/\/brno-filharmonie.cz\/en\/wp-json\/wp\/v2\/types\/page"}],"author":[{"embeddable":true,"href":"https:\/\/brno-filharmonie.cz\/en\/wp-json\/wp\/v2\/users\/1"}],"replies":[{"embeddable":true,"href":"https:\/\/brno-filharmonie.cz\/en\/wp-json\/wp\/v2\/comments?post=2466"}],"version-history":[{"count":1,"href":"https:\/\/brno-filharmonie.cz\/en\/wp-json\/wp\/v2\/pages\/2466\/revisions"}],"predecessor-version":[{"id":27517,"href":"https:\/\/brno-filharmonie.cz\/en\/wp-json\/wp\/v2\/pages\/2466\/revisions\/27517"}],"wp:attachment":[{"href":"https:\/\/brno-filharmonie.cz\/en\/wp-json\/wp\/v2\/media?parent=2466"}],"curies":[{"name":"wp","href":"https:\/\/api.w.org\/{rel}","templated":true}]}}